{"id":39070,"date":"2024-09-02T18:48:07","date_gmt":"2024-09-02T16:48:07","guid":{"rendered":"https:\/\/afc.cat\/?post_type=class&#038;p=39070"},"modified":"2024-09-04T10:23:54","modified_gmt":"2024-09-04T08:23:54","slug":"visita-guiada-a-la-exposicion-fotografica-louis-stettner-kbr-fundacio-mapfre","status":"publish","type":"class","link":"https:\/\/afc.cat\/es\/activitat\/visita-guiada-a-la-exposicion-fotografica-louis-stettner-kbr-fundacio-mapfre\/","title":{"rendered":"Visita guiada a la exposici\u00f3n fotogr\u00e1fica LOUIS STETTNER \/ KBr FUNDACI\u00d3 MAPFRE"},"content":{"rendered":"<p><div class=\"fusion-fullwidth fullwidth-box fusion-builder-row-1 fusion-flex-container nonhundred-percent-fullwidth non-hundred-percent-height-scrolling\" style=\"background-color: rgba(255,255,255,0);background-position: center center;background-repeat: no-repeat;border-width: 0px 15px 0px 0px;border-color:#ffffff;border-style:solid;\" ><div class=\"fusion-builder-row fusion-row fusion-flex-align-items-flex-start\" style=\"max-width:1300px;margin-left: calc(-4% \/ 2 );margin-right: calc(-4% \/ 2 );\"><div class=\"fusion-layout-column fusion_builder_column fusion-builder-column-0 fusion_builder_column_1_1 1_1 fusion-flex-column\"><div class=\"fusion-column-wrapper fusion-flex-justify-content-flex-start fusion-content-layout-column\" style=\"background-position:left top;background-repeat:no-repeat;-webkit-background-size:cover;-moz-background-size:cover;-o-background-size:cover;background-size:cover;padding: 0px 0px 0px 0px;\"><div class=\"fusion-text fusion-text-1\"><h2>ACTIVIDAD: VISITA GUIADA GRATUITA A EXPOSICI\u00d3N FOTOGR\u00c1FICA<\/h2>\n<h3><strong>Las plazas para esta actividad est\u00e1n agotadas<\/strong><\/h3>\n<p>T\u00cdTULO: LOUIS STETTNER<\/p>\n<p>LUGAR: KBr FUNDACI\u00d3 MAPFRE<br \/>\nAv. Litoral, 30. 08005 Barcelona.<br \/>\nTfn: 93.272.31.80<\/p>\n<p>COMO LLEGAR? Metro: L4 i L1. Bus: 59-136-V21-H16-47-V23<\/p>\n<p>FECHA: jueves, 12 de septiembre de 2024<\/p>\n<p>HORA: 18:00<\/p>\n<p>PUNTO ENCUENTRO: En la puerta principal de la Fundaci\u00f3 a las 17:45 horas<\/p>\n<p>PRECIO: Gratuita. Dentro del convenio firmado con KBr Fundaci\u00f3 Mapfre<\/p>\n<p>INSCRIPCI\u00d3N: M\u00e1ximo 15 plazas. <a href=\"https:\/\/afc.playoffinformatica.com\/actividad\/108\/Visita-guiada-gratuita-a-exposicio-fotografica-LOUIS-STETTNER\/\"><strong>Para inscripciones haz clic aqu\u00ed<\/strong><\/a><\/p>\n<p><u>DESCRIPCI\u00d3N ACTIVIDAD<\/u><\/p>\n<p>Louis Stettner (1922-2016) conceb\u00eda la fotograf\u00eda como un instrumento de cambio social a trav\u00e9s del cual celebrar la vida y mostrar la valent\u00eda del ser humano para afrontar con plenitud las bondades y adversidades de la existencia.<\/p>\n<p>Sus vivencias como fot\u00f3grafo durante la Segunda Guerra Mundial y su s\u00f3lida fe en la humanidad tuvieron un impacto significativo en su fotograf\u00eda, social y comprometida. Su relaci\u00f3n con la Photo League, en particular con fot\u00f3grafos como Sid Grossman y Weegee, y su pasi\u00f3n por la literatura y la filosof\u00eda influyeron de manera muy relevante en su obra. Con esa visi\u00f3n celebradora de la condici\u00f3n humana como hilo conductor, la obra de Stettner abarca multitud de temas, desde entornos urbanos casi vac\u00edos hasta bulliciosas escenas del metro de Nueva York, la rutina de trabajadores y obreros o los paisajes monta\u00f1osos del macizo franc\u00e9s de los Alpilles, ya en su \u00faltima \u00e9poca.<\/p>\n<p>Organizada de forma cronol\u00f3gica, la exposici\u00f3n presenta m\u00e1s de 190 fotograf\u00edas, entre ellas algunas im\u00e1genes in\u00e9ditas y parte de su obra en color, casi desconocida, para ofrecer, en definitiva, una completa retrospectiva de su obra y el reconocimiento que su trayectoria merece.<\/p>\n<\/div><\/div><style type=\"text\/css\">.fusion-body .fusion-builder-column-0{width:100% !important;margin-top : 0px;margin-bottom : 0px;}.fusion-builder-column-0 > .fusion-column-wrapper {padding-top : 0px !important;padding-right : 0px !important;margin-right : 1.92%;padding-bottom : 0px !important;padding-left : 0px !important;margin-left : 1.92%;}@media only screen and (max-width:1024px) {.fusion-body .fusion-builder-column-0{width:100% !important;}.fusion-builder-column-0 > .fusion-column-wrapper {margin-right : 1.92%;margin-left : 1.92%;}}@media only screen and (max-width:640px) {.fusion-body .fusion-builder-column-0{width:100% !important;}.fusion-builder-column-0 > .fusion-column-wrapper {margin-right : 1.92%;margin-left : 1.92%;}}<\/style><\/div><\/div><style type=\"text\/css\">.fusion-body .fusion-flex-container.fusion-builder-row-1{ padding-top : 0px;margin-top : 0px;padding-right : 0px;padding-bottom : 0px;margin-bottom : 0px;padding-left : 0px;}<\/style><\/div><div class=\"fusion-fullwidth fullwidth-box fusion-builder-row-2 fusion-flex-container nonhundred-percent-fullwidth non-hundred-percent-height-scrolling\" style=\"background-color: rgba(255,255,255,0);background-position: center center;background-repeat: no-repeat;border-width: 0px 0px 0px 0px;border-color:#ffffff;border-style:solid;\" ><div class=\"fusion-builder-row fusion-row fusion-flex-align-items-flex-start\" style=\"max-width:1300px;margin-left: calc(-4% \/ 2 );margin-right: calc(-4% \/ 2 );\"><div class=\"fusion-layout-column fusion_builder_column fusion-builder-column-1 fusion_builder_column_1_2 1_2 fusion-flex-column\"><div class=\"fusion-column-wrapper fusion-flex-justify-content-flex-start fusion-content-layout-column\" style=\"background-position:left top;background-repeat:no-repeat;-webkit-background-size:cover;-moz-background-size:cover;-o-background-size:cover;background-size:cover;padding: 0px 0px 0px 0px;\"><div style=\"text-align:center;\"><span class=\" fusion-imageframe imageframe-none imageframe-1 hover-type-none\"><img decoding=\"async\" width=\"245\" height=\"300\" title=\"LOUIS STETTNER 1\" src=\"https:\/\/afc.cat\/wp-content\/uploads\/2024\/09\/LOUIS-STETTNER-1-245x300.jpeg\" alt class=\"img-responsive wp-image-39069\" srcset=\"https:\/\/afc.cat\/wp-content\/uploads\/2024\/09\/LOUIS-STETTNER-1-200x245.jpeg 200w, https:\/\/afc.cat\/wp-content\/uploads\/2024\/09\/LOUIS-STETTNER-1-400x490.jpeg 400w, https:\/\/afc.cat\/wp-content\/uploads\/2024\/09\/LOUIS-STETTNER-1-600x735.jpeg 600w, https:\/\/afc.cat\/wp-content\/uploads\/2024\/09\/LOUIS-STETTNER-1.jpeg 718w\" sizes=\"(max-width: 640px) 100vw, 600px\" \/><\/span><\/div><div class=\"fusion-text fusion-text-2\"><p style=\"text-align: center;\"><strong>\u00a9 Louis Stettner<\/strong><\/p>\n<\/div><\/div><style type=\"text\/css\">.fusion-body .fusion-builder-column-1{width:50% !important;margin-top : 0px;margin-bottom : 20px;}.fusion-builder-column-1 > .fusion-column-wrapper {padding-top : 0px !important;padding-right : 0px !important;margin-right : 3.84%;padding-bottom : 0px !important;padding-left : 0px !important;margin-left : 3.84%;}@media only screen and (max-width:1024px) {.fusion-body .fusion-builder-column-1{width:50% !important;order : 0;}.fusion-builder-column-1 > .fusion-column-wrapper {margin-right : 3.84%;margin-left : 3.84%;}}@media only screen and (max-width:640px) {.fusion-body .fusion-builder-column-1{width:100% !important;order : 0;}.fusion-builder-column-1 > .fusion-column-wrapper {margin-right : 1.92%;margin-left : 1.92%;}}<\/style><\/div><div class=\"fusion-layout-column fusion_builder_column fusion-builder-column-2 fusion_builder_column_1_2 1_2 fusion-flex-column\"><div class=\"fusion-column-wrapper fusion-flex-justify-content-flex-start fusion-content-layout-column\" style=\"background-position:left top;background-repeat:no-repeat;-webkit-background-size:cover;-moz-background-size:cover;-o-background-size:cover;background-size:cover;padding: 0px 0px 0px 0px;\"><\/div><style type=\"text\/css\">.fusion-body .fusion-builder-column-2{width:50% !important;margin-top : 0px;margin-bottom : 20px;}.fusion-builder-column-2 > .fusion-column-wrapper {padding-top : 0px !important;padding-right : 0px !important;margin-right : 3.84%;padding-bottom : 0px !important;padding-left : 0px !important;margin-left : 3.84%;}@media only screen and (max-width:1024px) {.fusion-body .fusion-builder-column-2{width:50% !important;order : 0;}.fusion-builder-column-2 > .fusion-column-wrapper {margin-right : 3.84%;margin-left : 3.84%;}}@media only screen and (max-width:640px) {.fusion-body .fusion-builder-column-2{width:100% !important;order : 0;}.fusion-builder-column-2 > .fusion-column-wrapper {margin-right : 1.92%;margin-left : 1.92%;}}<\/style><\/div><\/div><style type=\"text\/css\">.fusion-body .fusion-flex-container.fusion-builder-row-2{ padding-top : 0px;margin-top : 0px;padding-right : 0px;padding-bottom : 0px;margin-bottom : 0px;padding-left : 0px;}<\/style><\/div><\/p>\n","protected":false},"excerpt":{"rendered":"","protected":false},"template":"","meta":{"_acf_changed":false},"wcs-type":[129],"wcs-room":[417],"wcs-instructor":[592],"class_list":["post-39070","class","type-class","status-publish","hentry","wcs-type-salidas-a-exposiciones","wcs-room-kbr-fundacion-mapfre","wcs-instructor-vocalia-cultura-francesc-soldevila"],"acf":[],"yoast_head":"<!-- This site is optimized with the Yoast SEO plugin v27.5 - https:\/\/yoast.com\/product\/yoast-seo-wordpress\/ -->\n<title>Visita guiada a la exposici\u00f3n fotogr\u00e1fica LOUIS STETTNER \/ KBr FUNDACI\u00d3 MAPFRE - Agrupaci\u00f3 Fotogr\u00e0fica de Catalunya<\/title>\n<meta name=\"robots\" content=\"index, follow, max-snippet:-1, max-image-preview:large, max-video-preview:-1\" \/>\n<link rel=\"canonical\" href=\"https:\/\/afc.cat\/es\/activitat\/visita-guiada-a-la-exposicion-fotografica-louis-stettner-kbr-fundacio-mapfre\/\" \/>\n<meta property=\"og:locale\" content=\"es_ES\" \/>\n<meta property=\"og:type\" content=\"article\" \/>\n<meta property=\"og:title\" content=\"Visita guiada a la exposici\u00f3n fotogr\u00e1fica LOUIS STETTNER \/ KBr FUNDACI\u00d3 MAPFRE - Agrupaci\u00f3 Fotogr\u00e0fica de Catalunya\" \/>\n<meta property=\"og:url\" content=\"https:\/\/afc.cat\/es\/activitat\/visita-guiada-a-la-exposicion-fotografica-louis-stettner-kbr-fundacio-mapfre\/\" \/>\n<meta property=\"og:site_name\" content=\"Agrupaci\u00f3 Fotogr\u00e0fica de Catalunya\" \/>\n<meta property=\"article:modified_time\" content=\"2024-09-04T08:23:54+00:00\" \/>\n<meta name=\"twitter:card\" content=\"summary_large_image\" \/>\n<meta name=\"twitter:label1\" content=\"Tiempo de lectura\" \/>\n\t<meta name=\"twitter:data1\" content=\"9 minutos\" \/>\n<script type=\"application\/ld+json\" class=\"yoast-schema-graph\">{\"@context\":\"https:\\\/\\\/schema.org\",\"@graph\":[{\"@type\":\"WebPage\",\"@id\":\"https:\\\/\\\/afc.cat\\\/es\\\/activitat\\\/visita-guiada-a-la-exposicion-fotografica-louis-stettner-kbr-fundacio-mapfre\\\/\",\"url\":\"https:\\\/\\\/afc.cat\\\/es\\\/activitat\\\/visita-guiada-a-la-exposicion-fotografica-louis-stettner-kbr-fundacio-mapfre\\\/\",\"name\":\"Visita guiada a la exposici\u00f3n fotogr\u00e1fica LOUIS STETTNER \\\/ KBr FUNDACI\u00d3 MAPFRE - Agrupaci\u00f3 Fotogr\u00e0fica de Catalunya\",\"isPartOf\":{\"@id\":\"https:\\\/\\\/afc.cat\\\/es\\\/#website\"},\"datePublished\":\"2024-09-02T16:48:07+00:00\",\"dateModified\":\"2024-09-04T08:23:54+00:00\",\"breadcrumb\":{\"@id\":\"https:\\\/\\\/afc.cat\\\/es\\\/activitat\\\/visita-guiada-a-la-exposicion-fotografica-louis-stettner-kbr-fundacio-mapfre\\\/#breadcrumb\"},\"inLanguage\":\"es\",\"potentialAction\":[{\"@type\":\"ReadAction\",\"target\":[\"https:\\\/\\\/afc.cat\\\/es\\\/activitat\\\/visita-guiada-a-la-exposicion-fotografica-louis-stettner-kbr-fundacio-mapfre\\\/\"]}]},{\"@type\":\"BreadcrumbList\",\"@id\":\"https:\\\/\\\/afc.cat\\\/es\\\/activitat\\\/visita-guiada-a-la-exposicion-fotografica-louis-stettner-kbr-fundacio-mapfre\\\/#breadcrumb\",\"itemListElement\":[{\"@type\":\"ListItem\",\"position\":1,\"name\":\"Inicio\",\"item\":\"https:\\\/\\\/afc.cat\\\/es\\\/\"},{\"@type\":\"ListItem\",\"position\":2,\"name\":\"Visita guiada a la exposici\u00f3n fotogr\u00e1fica LOUIS STETTNER \\\/ KBr FUNDACI\u00d3 MAPFRE\"}]},{\"@type\":\"WebSite\",\"@id\":\"https:\\\/\\\/afc.cat\\\/es\\\/#website\",\"url\":\"https:\\\/\\\/afc.cat\\\/es\\\/\",\"name\":\"Agrupaci\u00f3 Fotogr\u00e0fica de Catalunya\",\"description\":\"Fomento y divulgaci\u00f3n de la fotograf\u00eda en todas sus variedades\",\"potentialAction\":[{\"@type\":\"SearchAction\",\"target\":{\"@type\":\"EntryPoint\",\"urlTemplate\":\"https:\\\/\\\/afc.cat\\\/es\\\/?s={search_term_string}\"},\"query-input\":{\"@type\":\"PropertyValueSpecification\",\"valueRequired\":true,\"valueName\":\"search_term_string\"}}],\"inLanguage\":\"es\"}]}<\/script>\n<!-- \/ Yoast SEO plugin. -->","yoast_head_json":{"title":"Visita guiada a la exposici\u00f3n fotogr\u00e1fica LOUIS STETTNER \/ KBr FUNDACI\u00d3 MAPFRE - Agrupaci\u00f3 Fotogr\u00e0fica de Catalunya","robots":{"index":"index","follow":"follow","max-snippet":"max-snippet:-1","max-image-preview":"max-image-preview:large","max-video-preview":"max-video-preview:-1"},"canonical":"https:\/\/afc.cat\/es\/activitat\/visita-guiada-a-la-exposicion-fotografica-louis-stettner-kbr-fundacio-mapfre\/","og_locale":"es_ES","og_type":"article","og_title":"Visita guiada a la exposici\u00f3n fotogr\u00e1fica LOUIS STETTNER \/ KBr FUNDACI\u00d3 MAPFRE - Agrupaci\u00f3 Fotogr\u00e0fica de Catalunya","og_url":"https:\/\/afc.cat\/es\/activitat\/visita-guiada-a-la-exposicion-fotografica-louis-stettner-kbr-fundacio-mapfre\/","og_site_name":"Agrupaci\u00f3 Fotogr\u00e0fica de Catalunya","article_modified_time":"2024-09-04T08:23:54+00:00","twitter_card":"summary_large_image","twitter_misc":{"Tiempo de lectura":"9 minutos"},"schema":{"@context":"https:\/\/schema.org","@graph":[{"@type":"WebPage","@id":"https:\/\/afc.cat\/es\/activitat\/visita-guiada-a-la-exposicion-fotografica-louis-stettner-kbr-fundacio-mapfre\/","url":"https:\/\/afc.cat\/es\/activitat\/visita-guiada-a-la-exposicion-fotografica-louis-stettner-kbr-fundacio-mapfre\/","name":"Visita guiada a la exposici\u00f3n fotogr\u00e1fica LOUIS STETTNER \/ KBr FUNDACI\u00d3 MAPFRE - Agrupaci\u00f3 Fotogr\u00e0fica de Catalunya","isPartOf":{"@id":"https:\/\/afc.cat\/es\/#website"},"datePublished":"2024-09-02T16:48:07+00:00","dateModified":"2024-09-04T08:23:54+00:00","breadcrumb":{"@id":"https:\/\/afc.cat\/es\/activitat\/visita-guiada-a-la-exposicion-fotografica-louis-stettner-kbr-fundacio-mapfre\/#breadcrumb"},"inLanguage":"es","potentialAction":[{"@type":"ReadAction","target":["https:\/\/afc.cat\/es\/activitat\/visita-guiada-a-la-exposicion-fotografica-louis-stettner-kbr-fundacio-mapfre\/"]}]},{"@type":"BreadcrumbList","@id":"https:\/\/afc.cat\/es\/activitat\/visita-guiada-a-la-exposicion-fotografica-louis-stettner-kbr-fundacio-mapfre\/#breadcrumb","itemListElement":[{"@type":"ListItem","position":1,"name":"Inicio","item":"https:\/\/afc.cat\/es\/"},{"@type":"ListItem","position":2,"name":"Visita guiada a la exposici\u00f3n fotogr\u00e1fica LOUIS STETTNER \/ KBr FUNDACI\u00d3 MAPFRE"}]},{"@type":"WebSite","@id":"https:\/\/afc.cat\/es\/#website","url":"https:\/\/afc.cat\/es\/","name":"Agrupaci\u00f3 Fotogr\u00e0fica de Catalunya","description":"Fomento y divulgaci\u00f3n de la fotograf\u00eda en todas sus variedades","potentialAction":[{"@type":"SearchAction","target":{"@type":"EntryPoint","urlTemplate":"https:\/\/afc.cat\/es\/?s={search_term_string}"},"query-input":{"@type":"PropertyValueSpecification","valueRequired":true,"valueName":"search_term_string"}}],"inLanguage":"es"}]}},"_links":{"self":[{"href":"https:\/\/afc.cat\/es\/wp-json\/wp\/v2\/class\/39070","targetHints":{"allow":["GET"]}}],"collection":[{"href":"https:\/\/afc.cat\/es\/wp-json\/wp\/v2\/class"}],"about":[{"href":"https:\/\/afc.cat\/es\/wp-json\/wp\/v2\/types\/class"}],"wp:attachment":[{"href":"https:\/\/afc.cat\/es\/wp-json\/wp\/v2\/media?parent=39070"}],"wp:term":[{"taxonomy":"wcs-type","embeddable":true,"href":"https:\/\/afc.cat\/es\/wp-json\/wp\/v2\/wcs-type?post=39070"},{"taxonomy":"wcs-room","embeddable":true,"href":"https:\/\/afc.cat\/es\/wp-json\/wp\/v2\/wcs-room?post=39070"},{"taxonomy":"wcs-instructor","embeddable":true,"href":"https:\/\/afc.cat\/es\/wp-json\/wp\/v2\/wcs-instructor?post=39070"}],"curies":[{"name":"wp","href":"https:\/\/api.w.org\/{rel}","templated":true}]}}