{"id":39160,"date":"2024-09-05T20:30:05","date_gmt":"2024-09-05T18:30:05","guid":{"rendered":"https:\/\/afc.cat\/?post_type=class&#038;p=39160"},"modified":"2024-09-13T17:02:26","modified_gmt":"2024-09-13T15:02:26","slug":"salida-fotografica-grup-de-fotografia-dstreet-14-09","status":"publish","type":"class","link":"https:\/\/afc.cat\/es\/activitat\/salida-fotografica-grup-de-fotografia-dstreet-14-09\/","title":{"rendered":"Salida fotogr\u00e1fica Grup de Fotografia d&#8217;Street \/ 14\/09"},"content":{"rendered":"<p><div class=\"fusion-fullwidth fullwidth-box fusion-builder-row-1 fusion-flex-container nonhundred-percent-fullwidth non-hundred-percent-height-scrolling\" style=\"background-color: rgba(255,255,255,0);background-position: center center;background-repeat: no-repeat;border-width: 0px 15px 0px 0px;border-color:#ffffff;border-style:solid;\" ><div class=\"fusion-builder-row fusion-row fusion-flex-align-items-flex-start\" style=\"max-width:1300px;margin-left: calc(-4% \/ 2 );margin-right: calc(-4% \/ 2 );\"><div class=\"fusion-layout-column fusion_builder_column fusion-builder-column-0 fusion_builder_column_1_1 1_1 fusion-flex-column\"><div class=\"fusion-column-wrapper fusion-flex-justify-content-flex-start fusion-content-layout-column\" style=\"background-position:left top;background-repeat:no-repeat;-webkit-background-size:cover;-moz-background-size:cover;-o-background-size:cover;background-size:cover;padding: 0px 0px 0px 0px;\"><div class=\"fusion-text fusion-text-1\"><h2><strong>MIRAMAR Y ENTORNO DE MONTJU\u00cfC<\/strong><\/h2>\n<h2>(ACTIVIDAD SUSPENDIDA)<\/h2>\n<p>En la reuni\u00f3n del grupo de julio, como era la \u00faltima del curso, no se trat\u00f3 el tema de la siguiente salida fotogr\u00e1fica. De manera que en agosto pregunt\u00e9 a trav\u00e9s del chat si iba bien comenzar la temporada pasando un d\u00eda entero en Girona. Pero acordamos posponerlo y planificar mejor la salida para despu\u00e9s del verano. En ese contexto, el compa\u00f1ero que en primer lugar propuso un destino por si se descartaba el de Girona, fue Josep Vicente: MIRAMAR Y PROXIMIDADES EN MONTJU\u00cfC. No s\u00e9 si lo record\u00e1is. Y no habi\u00e9ndose hablado m\u00e1s del asunto, al margen de otra propuesta posterior (creo recordar que de Pep Vinyals, que podr\u00edamos dejar para octubre: Plazas de Gracia), <strong>MIRAMAR es la que haremos. SER\u00c1 EL S\u00c1BADO 14 DE SEPTIEMBRE.<\/strong><\/p>\n<p><strong>El punto de reuni\u00f3n se ha convocado en el mismo MIRAMAR, concretamente junto al mirador que hay al lado de la estaci\u00f3n del telef\u00e9rico, frente al Hotel Miramar. HORA: 9:30 h.<br \/>\n<\/strong><br \/>\nPara acceder al lugar de encuentro la mejor opci\u00f3n es el autob\u00fas 150, que tiene la parada de principio y final junto a la plaza de Espa\u00f1a, al lado de la Feria de Barcelona, Passeig Maria Cristina. Este bus conduce hasta el Castillo, pero de bajada da una ligera vuelta y pasa por Miramar, donde tiene una parada al lado del hotel. Tambi\u00e9n se puede subir en funicular, pero despu\u00e9s se ha de caminar un poco m\u00e1s.<\/p>\n<p>Edificaciones en Montju\u00efc hay pocas, como ya sab\u00e9is. No es un barrio urbano al uso, es un parque ajardinado, pero que contiene rincones curiosos y aprovechables. La foto que acompa\u00f1a este escrito la hice justamente al lado del mirador. As\u00ed, que, improvisando un poco, podr\u00edamos permanecer en primer lugar en lo que puramente es Miramar, alrededor del hotel, que tiene diferentes recovecos atractivos. Cerca hay un t\u00fanel para coches interesante, por el que se accede a la carretera que ya baja a la Ronda del Litoral, aunque hay que ir con cuidado por all\u00ed. Se tratar\u00eda de bajar por detr\u00e1s del restaurante que hay a los jardines de Moss\u00e8n Costa Llobera para volver despu\u00e9s por el mismo camino. No hay que olvidar que en todo momento tenemos muy buenas vistas sobre la ciudad y el puerto. Panor\u00e1micas interesantes. Bajando por la misma Carretera de Montju\u00efc, podemos entrar en el parque del mirador, con magn\u00edficas vistas. Llegando abajo, hay una zona grafitera aprovechable. Es un paraje especial que nos apartar\u00e1 de lo acostumbrado.<\/p>\n<p>Pienso que como m\u00e1ximo puede alargarse la salida hasta las 13.30 h, aunque cualquiera puede abandonarla cuando lo considere necesario.<\/p>\n<p>Como siempre, aquellos miembros del grupo que por el motivo que sea no asistan a la salida, pueden acceder por separado a posteriori cuando lo deseen, y participar igualmente en todos los actos, charlas y publicaciones habituales posteriores, en la siguiente reuni\u00f3n presencial del grupo en la agrupaci\u00f3n. En esa reuni\u00f3n podr\u00edamos hablar de las siguientes salidas para a\u00f1adir temas que las incentiven m\u00e1s (tratamiento del color, claroscuros, siluetas, claroscuros, etc.). Podemos ir pensando propuestas.<\/p>\n<p>Por el tipo de salida no es necesario material especial, a salvo de un teleobjetivo para quienes tengan inter\u00e9s en hacer fotos panor\u00e1micas desde lo alto.<\/p>\n<p>Una vez m\u00e1s, insisto en que antes de ponernos en marcha con nuestras c\u00e1maras, quiz\u00e1s valdr\u00eda la pena plantearnos si durante la ma\u00f1ana podemos aprovechar para hacer alguna pr\u00e1ctica o t\u00e9cnica fotograf\u00eda. Sobre el terreno lo vemos.<\/p>\n<p>Hasta pronto.<strong><br \/>\n<\/strong><\/p>\n<p><b>Fotograf\u00eda: \u00a9 Diego Pastor<\/b><\/p>\n<\/div><\/div><style type=\"text\/css\">.fusion-body .fusion-builder-column-0{width:100% !important;margin-top : 0px;margin-bottom : 0px;}.fusion-builder-column-0 > .fusion-column-wrapper {padding-top : 0px !important;padding-right : 0px !important;margin-right : 1.92%;padding-bottom : 0px !important;padding-left : 0px !important;margin-left : 1.92%;}@media only screen and (max-width:1024px) {.fusion-body .fusion-builder-column-0{width:100% !important;}.fusion-builder-column-0 > .fusion-column-wrapper {margin-right : 1.92%;margin-left : 1.92%;}}@media only screen and (max-width:640px) {.fusion-body .fusion-builder-column-0{width:100% !important;}.fusion-builder-column-0 > .fusion-column-wrapper {margin-right : 1.92%;margin-left : 1.92%;}}<\/style><\/div><\/div><style type=\"text\/css\">.fusion-body .fusion-flex-container.fusion-builder-row-1{ padding-top : 0px;margin-top : 0px;padding-right : 0px;padding-bottom : 0px;margin-bottom : 0px;padding-left : 0px;}<\/style><\/div><div class=\"fusion-fullwidth fullwidth-box fusion-builder-row-2 fusion-flex-container nonhundred-percent-fullwidth non-hundred-percent-height-scrolling\" style=\"background-color: rgba(255,255,255,0);background-position: center center;background-repeat: no-repeat;border-width: 0px 0px 0px 0px;border-color:#ffffff;border-style:solid;\" ><div class=\"fusion-builder-row fusion-row fusion-flex-align-items-flex-start\" style=\"max-width:1300px;margin-left: calc(-4% \/ 2 );margin-right: calc(-4% \/ 2 );\"><div class=\"fusion-layout-column fusion_builder_column fusion-builder-column-1 fusion_builder_column_1_2 1_2 fusion-flex-column\"><div class=\"fusion-column-wrapper fusion-flex-justify-content-flex-start fusion-content-layout-column\" style=\"background-position:left top;background-repeat:no-repeat;-webkit-background-size:cover;-moz-background-size:cover;-o-background-size:cover;background-size:cover;padding: 0px 0px 0px 0px;\"><\/div><style type=\"text\/css\">.fusion-body .fusion-builder-column-1{width:50% !important;margin-top : 0px;margin-bottom : 20px;}.fusion-builder-column-1 > .fusion-column-wrapper {padding-top : 0px !important;padding-right : 0px !important;margin-right : 3.84%;padding-bottom : 0px !important;padding-left : 0px !important;margin-left : 3.84%;}@media only screen and (max-width:1024px) {.fusion-body .fusion-builder-column-1{width:50% !important;order : 0;}.fusion-builder-column-1 > .fusion-column-wrapper {margin-right : 3.84%;margin-left : 3.84%;}}@media only screen and (max-width:640px) {.fusion-body .fusion-builder-column-1{width:100% !important;order : 0;}.fusion-builder-column-1 > .fusion-column-wrapper {margin-right : 1.92%;margin-left : 1.92%;}}<\/style><\/div><div class=\"fusion-layout-column fusion_builder_column fusion-builder-column-2 fusion_builder_column_1_2 1_2 fusion-flex-column\"><div class=\"fusion-column-wrapper fusion-flex-justify-content-flex-start fusion-content-layout-column\" style=\"background-position:left top;background-repeat:no-repeat;-webkit-background-size:cover;-moz-background-size:cover;-o-background-size:cover;background-size:cover;padding: 0px 0px 0px 0px;\"><\/div><style type=\"text\/css\">.fusion-body .fusion-builder-column-2{width:50% !important;margin-top : 0px;margin-bottom : 20px;}.fusion-builder-column-2 > .fusion-column-wrapper {padding-top : 0px !important;padding-right : 0px !important;margin-right : 3.84%;padding-bottom : 0px !important;padding-left : 0px !important;margin-left : 3.84%;}@media only screen and (max-width:1024px) {.fusion-body .fusion-builder-column-2{width:50% !important;order : 0;}.fusion-builder-column-2 > .fusion-column-wrapper {margin-right : 3.84%;margin-left : 3.84%;}}@media only screen and (max-width:640px) {.fusion-body .fusion-builder-column-2{width:100% !important;order : 0;}.fusion-builder-column-2 > .fusion-column-wrapper {margin-right : 1.92%;margin-left : 1.92%;}}<\/style><\/div><\/div><style type=\"text\/css\">.fusion-body .fusion-flex-container.fusion-builder-row-2{ padding-top : 0px;margin-top : 0px;padding-right : 0px;padding-bottom : 0px;margin-bottom : 0px;padding-left : 0px;}<\/style><\/div><\/p>\n","protected":false},"excerpt":{"rendered":"","protected":false},"template":"","meta":{"_acf_changed":false},"wcs-type":[128],"wcs-room":[633],"wcs-instructor":[434],"class_list":["post-39160","class","type-class","status-publish","hentry","wcs-type-salidas-fotograficas","wcs-room-punt-de-reunio-sha-assenyalat-al-mateix-miramar","wcs-instructor-diego-pastor"],"acf":[],"yoast_head":"<!-- This site is optimized with the Yoast SEO plugin v27.2 - https:\/\/yoast.com\/product\/yoast-seo-wordpress\/ -->\n<title>Salida fotogr\u00e1fica Grup de Fotografia d&#039;Street \/ 14\/09 - Agrupaci\u00f3 Fotogr\u00e0fica de Catalunya<\/title>\n<meta name=\"robots\" content=\"index, follow, max-snippet:-1, max-image-preview:large, max-video-preview:-1\" \/>\n<link rel=\"canonical\" href=\"https:\/\/afc.cat\/es\/activitat\/salida-fotografica-grup-de-fotografia-dstreet-14-09\/\" \/>\n<meta property=\"og:locale\" content=\"es_ES\" \/>\n<meta property=\"og:type\" content=\"article\" \/>\n<meta property=\"og:title\" content=\"Salida fotogr\u00e1fica Grup de Fotografia d&#039;Street \/ 14\/09 - Agrupaci\u00f3 Fotogr\u00e0fica de Catalunya\" \/>\n<meta property=\"og:url\" content=\"https:\/\/afc.cat\/es\/activitat\/salida-fotografica-grup-de-fotografia-dstreet-14-09\/\" \/>\n<meta property=\"og:site_name\" content=\"Agrupaci\u00f3 Fotogr\u00e0fica de Catalunya\" \/>\n<meta property=\"article:modified_time\" content=\"2024-09-13T15:02:26+00:00\" \/>\n<meta name=\"twitter:card\" content=\"summary_large_image\" \/>\n<meta name=\"twitter:label1\" content=\"Tiempo de lectura\" \/>\n\t<meta name=\"twitter:data1\" content=\"10 minutos\" \/>\n<script type=\"application\/ld+json\" class=\"yoast-schema-graph\">{\"@context\":\"https:\/\/schema.org\",\"@graph\":[{\"@type\":\"WebPage\",\"@id\":\"https:\/\/afc.cat\/es\/activitat\/salida-fotografica-grup-de-fotografia-dstreet-14-09\/\",\"url\":\"https:\/\/afc.cat\/es\/activitat\/salida-fotografica-grup-de-fotografia-dstreet-14-09\/\",\"name\":\"Salida fotogr\u00e1fica Grup de Fotografia d'Street \/ 14\/09 - Agrupaci\u00f3 Fotogr\u00e0fica de Catalunya\",\"isPartOf\":{\"@id\":\"https:\/\/afc.cat\/es\/#website\"},\"datePublished\":\"2024-09-05T18:30:05+00:00\",\"dateModified\":\"2024-09-13T15:02:26+00:00\",\"breadcrumb\":{\"@id\":\"https:\/\/afc.cat\/es\/activitat\/salida-fotografica-grup-de-fotografia-dstreet-14-09\/#breadcrumb\"},\"inLanguage\":\"es\",\"potentialAction\":[{\"@type\":\"ReadAction\",\"target\":[\"https:\/\/afc.cat\/es\/activitat\/salida-fotografica-grup-de-fotografia-dstreet-14-09\/\"]}]},{\"@type\":\"BreadcrumbList\",\"@id\":\"https:\/\/afc.cat\/es\/activitat\/salida-fotografica-grup-de-fotografia-dstreet-14-09\/#breadcrumb\",\"itemListElement\":[{\"@type\":\"ListItem\",\"position\":1,\"name\":\"Inicio\",\"item\":\"https:\/\/afc.cat\/es\/\"},{\"@type\":\"ListItem\",\"position\":2,\"name\":\"Salida fotogr\u00e1fica Grup de Fotografia d&#8217;Street \/ 14\/09\"}]},{\"@type\":\"WebSite\",\"@id\":\"https:\/\/afc.cat\/es\/#website\",\"url\":\"https:\/\/afc.cat\/es\/\",\"name\":\"Agrupaci\u00f3 Fotogr\u00e0fica de Catalunya\",\"description\":\"Fomento y divulgaci\u00f3n de la fotograf\u00eda en todas sus variedades\",\"potentialAction\":[{\"@type\":\"SearchAction\",\"target\":{\"@type\":\"EntryPoint\",\"urlTemplate\":\"https:\/\/afc.cat\/es\/?s={search_term_string}\"},\"query-input\":{\"@type\":\"PropertyValueSpecification\",\"valueRequired\":true,\"valueName\":\"search_term_string\"}}],\"inLanguage\":\"es\"}]}<\/script>\n<!-- \/ Yoast SEO plugin. -->","yoast_head_json":{"title":"Salida fotogr\u00e1fica Grup de Fotografia d'Street \/ 14\/09 - Agrupaci\u00f3 Fotogr\u00e0fica de Catalunya","robots":{"index":"index","follow":"follow","max-snippet":"max-snippet:-1","max-image-preview":"max-image-preview:large","max-video-preview":"max-video-preview:-1"},"canonical":"https:\/\/afc.cat\/es\/activitat\/salida-fotografica-grup-de-fotografia-dstreet-14-09\/","og_locale":"es_ES","og_type":"article","og_title":"Salida fotogr\u00e1fica Grup de Fotografia d'Street \/ 14\/09 - Agrupaci\u00f3 Fotogr\u00e0fica de Catalunya","og_url":"https:\/\/afc.cat\/es\/activitat\/salida-fotografica-grup-de-fotografia-dstreet-14-09\/","og_site_name":"Agrupaci\u00f3 Fotogr\u00e0fica de Catalunya","article_modified_time":"2024-09-13T15:02:26+00:00","twitter_card":"summary_large_image","twitter_misc":{"Tiempo de lectura":"10 minutos"},"schema":{"@context":"https:\/\/schema.org","@graph":[{"@type":"WebPage","@id":"https:\/\/afc.cat\/es\/activitat\/salida-fotografica-grup-de-fotografia-dstreet-14-09\/","url":"https:\/\/afc.cat\/es\/activitat\/salida-fotografica-grup-de-fotografia-dstreet-14-09\/","name":"Salida fotogr\u00e1fica Grup de Fotografia d'Street \/ 14\/09 - Agrupaci\u00f3 Fotogr\u00e0fica de Catalunya","isPartOf":{"@id":"https:\/\/afc.cat\/es\/#website"},"datePublished":"2024-09-05T18:30:05+00:00","dateModified":"2024-09-13T15:02:26+00:00","breadcrumb":{"@id":"https:\/\/afc.cat\/es\/activitat\/salida-fotografica-grup-de-fotografia-dstreet-14-09\/#breadcrumb"},"inLanguage":"es","potentialAction":[{"@type":"ReadAction","target":["https:\/\/afc.cat\/es\/activitat\/salida-fotografica-grup-de-fotografia-dstreet-14-09\/"]}]},{"@type":"BreadcrumbList","@id":"https:\/\/afc.cat\/es\/activitat\/salida-fotografica-grup-de-fotografia-dstreet-14-09\/#breadcrumb","itemListElement":[{"@type":"ListItem","position":1,"name":"Inicio","item":"https:\/\/afc.cat\/es\/"},{"@type":"ListItem","position":2,"name":"Salida fotogr\u00e1fica Grup de Fotografia d&#8217;Street \/ 14\/09"}]},{"@type":"WebSite","@id":"https:\/\/afc.cat\/es\/#website","url":"https:\/\/afc.cat\/es\/","name":"Agrupaci\u00f3 Fotogr\u00e0fica de Catalunya","description":"Fomento y divulgaci\u00f3n de la fotograf\u00eda en todas sus variedades","potentialAction":[{"@type":"SearchAction","target":{"@type":"EntryPoint","urlTemplate":"https:\/\/afc.cat\/es\/?s={search_term_string}"},"query-input":{"@type":"PropertyValueSpecification","valueRequired":true,"valueName":"search_term_string"}}],"inLanguage":"es"}]}},"_links":{"self":[{"href":"https:\/\/afc.cat\/es\/wp-json\/wp\/v2\/class\/39160","targetHints":{"allow":["GET"]}}],"collection":[{"href":"https:\/\/afc.cat\/es\/wp-json\/wp\/v2\/class"}],"about":[{"href":"https:\/\/afc.cat\/es\/wp-json\/wp\/v2\/types\/class"}],"wp:attachment":[{"href":"https:\/\/afc.cat\/es\/wp-json\/wp\/v2\/media?parent=39160"}],"wp:term":[{"taxonomy":"wcs-type","embeddable":true,"href":"https:\/\/afc.cat\/es\/wp-json\/wp\/v2\/wcs-type?post=39160"},{"taxonomy":"wcs-room","embeddable":true,"href":"https:\/\/afc.cat\/es\/wp-json\/wp\/v2\/wcs-room?post=39160"},{"taxonomy":"wcs-instructor","embeddable":true,"href":"https:\/\/afc.cat\/es\/wp-json\/wp\/v2\/wcs-instructor?post=39160"}],"curies":[{"name":"wp","href":"https:\/\/api.w.org\/{rel}","templated":true}]}}