{"id":39303,"date":"2024-09-21T12:01:08","date_gmt":"2024-09-21T10:01:08","guid":{"rendered":"https:\/\/afc.cat\/?post_type=class&#038;p=39303"},"modified":"2024-09-30T19:07:04","modified_gmt":"2024-09-30T17:07:04","slug":"port-i-fotografia-la-imatge-fotografica-del-port-de-barcelona-el-museu-maritim-de-barcelona-segunda-parada-de-la-itinerancia-de-la-exposicion","status":"publish","type":"class","link":"https:\/\/afc.cat\/es\/activitat\/port-i-fotografia-la-imatge-fotografica-del-port-de-barcelona-el-museu-maritim-de-barcelona-segunda-parada-de-la-itinerancia-de-la-exposicion\/","title":{"rendered":"Port i Fotografia. La imatge fotogr\u00e0fica del Port de Barcelona \/ El Museu Mar\u00edtim de Barcelona. Segunda parada de la itinerancia de la exposici\u00f3n"},"content":{"rendered":"<p><div class=\"fusion-fullwidth fullwidth-box fusion-builder-row-1 fusion-flex-container nonhundred-percent-fullwidth non-hundred-percent-height-scrolling\" style=\"background-color: rgba(255,255,255,0);background-position: center center;background-repeat: no-repeat;border-width: 0px 15px 0px 0px;border-color:#ffffff;border-style:solid;\" ><div class=\"fusion-builder-row fusion-row fusion-flex-align-items-flex-start\" style=\"max-width:1300px;margin-left: calc(-4% \/ 2 );margin-right: calc(-4% \/ 2 );\"><div class=\"fusion-layout-column fusion_builder_column fusion-builder-column-0 fusion_builder_column_1_1 1_1 fusion-flex-column\"><div class=\"fusion-column-wrapper fusion-flex-justify-content-flex-start fusion-content-layout-column\" style=\"background-position:left top;background-repeat:no-repeat;-webkit-background-size:cover;-moz-background-size:cover;-o-background-size:cover;background-size:cover;padding: 0px 0px 0px 0px;\"><div class=\"fusion-text fusion-text-1\"><h2>El Museu Mar\u00edtim de Barcelona. Segona parada de la itiner\u00e0ncia de l\u2019exposici\u00f3<\/h2>\n<h3>El Port de Barcelona y la Agrupaci\u00f3 Fotogr\u00e0fica de Catalunya continuan con la muestra compuesta de cuarenta fotograf\u00edas de los \u00faltimos 170 a\u00f1os con el puerto como protagonista.<\/h3>\n<p>Los puertos son uno de los espacios m\u00e1s interesantes y fotog\u00e9nicos. As\u00ed, no sorprende que el puerto de Barcelona haya sido objeto de atenci\u00f3n de fot\u00f3grafos, casi desde el mismo d\u00eda que se hizo la primera fotograf\u00eda en Espa\u00f1a.<\/p>\n<p><strong>Del d\u00eda 2 de agosto al 20 de octubre de 2024<\/strong>, coincidiendo con la Copa Am\u00e9rica de Vela, podr\u00e1s ver gratuitamente al vest\u00edbulo que se accede desde el patio del Museo Mar\u00edtimo de Barcelona, la exposici\u00f3n que organizaron el Puerto de Barcelona en colaboraci\u00f3n con la Agrupaci\u00f3 Fotogr\u00e0fica de Catalunya, como acto de conclusi\u00f3n del centenario de esta agrupaci\u00f3n (1923-2023).<\/p>\n<p><a href=\"https:\/\/www.mmb.cat\/exposicions\/port-i-fotografia\/\">Enlace en la web del Museo Mar\u00edtimo<\/a><\/p>\n<p><a href=\"https:\/\/www.portdebarcelona.cat\/ca\/port-vell\/patrimoni-cultural\/exposicions\/exposicions-passades\">Enlace a la exposici\u00f3n<\/a><\/p>\n<p>Una exposici\u00f3n peque\u00f1a, pero contundente sobre el Puerto de Barcelona, que recoge, de la mano del comisario, <strong>Joan Alemany<\/strong>, 40 fotograf\u00edas de profesionales y amateurs que han inmortalizado los espacios portuarios a lo largo del tiempo. La muestra se complementa con una proyecci\u00f3n de im\u00e1genes hist\u00f3ricas del Puerto, seleccionadas del fondo del Archivo de la Autoridad Portuaria de Barcelona<\/p>\n<\/div><\/div><style type=\"text\/css\">.fusion-body .fusion-builder-column-0{width:100% !important;margin-top : 0px;margin-bottom : 0px;}.fusion-builder-column-0 > .fusion-column-wrapper {padding-top : 0px !important;padding-right : 0px !important;margin-right : 1.92%;padding-bottom : 0px !important;padding-left : 0px !important;margin-left : 1.92%;}@media only screen and (max-width:1024px) {.fusion-body .fusion-builder-column-0{width:100% !important;}.fusion-builder-column-0 > .fusion-column-wrapper {margin-right : 1.92%;margin-left : 1.92%;}}@media only screen and (max-width:640px) {.fusion-body .fusion-builder-column-0{width:100% !important;}.fusion-builder-column-0 > .fusion-column-wrapper {margin-right : 1.92%;margin-left : 1.92%;}}<\/style><\/div><\/div><style type=\"text\/css\">.fusion-body .fusion-flex-container.fusion-builder-row-1{ padding-top : 0px;margin-top : 0px;padding-right : 0px;padding-bottom : 0px;margin-bottom : 0px;padding-left : 0px;}<\/style><\/div><div class=\"fusion-fullwidth fullwidth-box fusion-builder-row-2 fusion-flex-container nonhundred-percent-fullwidth non-hundred-percent-height-scrolling\" style=\"background-color: rgba(255,255,255,0);background-position: center center;background-repeat: no-repeat;border-width: 0px 0px 0px 0px;border-color:#ffffff;border-style:solid;\" ><div class=\"fusion-builder-row fusion-row fusion-flex-align-items-flex-start\" style=\"max-width:1300px;margin-left: calc(-4% \/ 2 );margin-right: calc(-4% \/ 2 );\"><div class=\"fusion-layout-column fusion_builder_column fusion-builder-column-1 fusion_builder_column_1_2 1_2 fusion-flex-column\"><div class=\"fusion-column-wrapper fusion-flex-justify-content-flex-start fusion-content-layout-column\" style=\"background-position:left top;background-repeat:no-repeat;-webkit-background-size:cover;-moz-background-size:cover;-o-background-size:cover;background-size:cover;padding: 0px 0px 0px 0px;\"><\/div><style type=\"text\/css\">.fusion-body .fusion-builder-column-1{width:50% !important;margin-top : 0px;margin-bottom : 20px;}.fusion-builder-column-1 > .fusion-column-wrapper {padding-top : 0px !important;padding-right : 0px !important;margin-right : 3.84%;padding-bottom : 0px !important;padding-left : 0px !important;margin-left : 3.84%;}@media only screen and (max-width:1024px) {.fusion-body .fusion-builder-column-1{width:50% !important;order : 0;}.fusion-builder-column-1 > .fusion-column-wrapper {margin-right : 3.84%;margin-left : 3.84%;}}@media only screen and (max-width:640px) {.fusion-body .fusion-builder-column-1{width:100% !important;order : 0;}.fusion-builder-column-1 > .fusion-column-wrapper {margin-right : 1.92%;margin-left : 1.92%;}}<\/style><\/div><div class=\"fusion-layout-column fusion_builder_column fusion-builder-column-2 fusion_builder_column_1_2 1_2 fusion-flex-column\"><div class=\"fusion-column-wrapper fusion-flex-justify-content-flex-start fusion-content-layout-column\" style=\"background-position:left top;background-repeat:no-repeat;-webkit-background-size:cover;-moz-background-size:cover;-o-background-size:cover;background-size:cover;padding: 0px 0px 0px 0px;\"><\/div><style type=\"text\/css\">.fusion-body .fusion-builder-column-2{width:50% !important;margin-top : 0px;margin-bottom : 20px;}.fusion-builder-column-2 > .fusion-column-wrapper {padding-top : 0px !important;padding-right : 0px !important;margin-right : 3.84%;padding-bottom : 0px !important;padding-left : 0px !important;margin-left : 3.84%;}@media only screen and (max-width:1024px) {.fusion-body .fusion-builder-column-2{width:50% !important;order : 0;}.fusion-builder-column-2 > .fusion-column-wrapper {margin-right : 3.84%;margin-left : 3.84%;}}@media only screen and (max-width:640px) {.fusion-body .fusion-builder-column-2{width:100% !important;order : 0;}.fusion-builder-column-2 > .fusion-column-wrapper {margin-right : 1.92%;margin-left : 1.92%;}}<\/style><\/div><\/div><style type=\"text\/css\">.fusion-body .fusion-flex-container.fusion-builder-row-2{ padding-top : 0px;margin-top : 0px;padding-right : 0px;padding-bottom : 0px;margin-bottom : 0px;padding-left : 0px;}<\/style><\/div><\/p>\n","protected":false},"excerpt":{"rendered":"","protected":false},"template":"","meta":{"_acf_changed":false},"wcs-type":[113],"wcs-room":[639],"wcs-instructor":[640],"class_list":["post-39303","class","type-class","status-publish","hentry","wcs-type-exposiciones-externas","wcs-room-mmb-botigues-de-la-generalitat","wcs-instructor-port-de-barcelona-afc"],"acf":[],"yoast_head":"<!-- This site is optimized with the Yoast SEO plugin v27.2 - https:\/\/yoast.com\/product\/yoast-seo-wordpress\/ -->\n<title>Port i Fotografia. La imatge fotogr\u00e0fica del Port de Barcelona \/ El Museu Mar\u00edtim de Barcelona. Segunda parada de la itinerancia de la exposici\u00f3n - Agrupaci\u00f3 Fotogr\u00e0fica de Catalunya<\/title>\n<meta name=\"robots\" content=\"index, follow, max-snippet:-1, max-image-preview:large, max-video-preview:-1\" \/>\n<link rel=\"canonical\" href=\"https:\/\/afc.cat\/es\/activitat\/port-i-fotografia-la-imatge-fotografica-del-port-de-barcelona-el-museu-maritim-de-barcelona-segunda-parada-de-la-itinerancia-de-la-exposicion\/\" \/>\n<meta property=\"og:locale\" content=\"es_ES\" \/>\n<meta property=\"og:type\" content=\"article\" \/>\n<meta property=\"og:title\" content=\"Port i Fotografia. La imatge fotogr\u00e0fica del Port de Barcelona \/ El Museu Mar\u00edtim de Barcelona. Segunda parada de la itinerancia de la exposici\u00f3n - Agrupaci\u00f3 Fotogr\u00e0fica de Catalunya\" \/>\n<meta property=\"og:url\" content=\"https:\/\/afc.cat\/es\/activitat\/port-i-fotografia-la-imatge-fotografica-del-port-de-barcelona-el-museu-maritim-de-barcelona-segunda-parada-de-la-itinerancia-de-la-exposicion\/\" \/>\n<meta property=\"og:site_name\" content=\"Agrupaci\u00f3 Fotogr\u00e0fica de Catalunya\" \/>\n<meta property=\"article:modified_time\" content=\"2024-09-30T17:07:04+00:00\" \/>\n<meta name=\"twitter:card\" content=\"summary_large_image\" \/>\n<meta name=\"twitter:label1\" content=\"Tiempo de lectura\" \/>\n\t<meta name=\"twitter:data1\" content=\"9 minutos\" \/>\n<script type=\"application\/ld+json\" class=\"yoast-schema-graph\">{\"@context\":\"https:\/\/schema.org\",\"@graph\":[{\"@type\":\"WebPage\",\"@id\":\"https:\/\/afc.cat\/es\/activitat\/port-i-fotografia-la-imatge-fotografica-del-port-de-barcelona-el-museu-maritim-de-barcelona-segunda-parada-de-la-itinerancia-de-la-exposicion\/\",\"url\":\"https:\/\/afc.cat\/es\/activitat\/port-i-fotografia-la-imatge-fotografica-del-port-de-barcelona-el-museu-maritim-de-barcelona-segunda-parada-de-la-itinerancia-de-la-exposicion\/\",\"name\":\"Port i Fotografia. La imatge fotogr\u00e0fica del Port de Barcelona \/ El Museu Mar\u00edtim de Barcelona. Segunda parada de la itinerancia de la exposici\u00f3n - Agrupaci\u00f3 Fotogr\u00e0fica de Catalunya\",\"isPartOf\":{\"@id\":\"https:\/\/afc.cat\/es\/#website\"},\"datePublished\":\"2024-09-21T10:01:08+00:00\",\"dateModified\":\"2024-09-30T17:07:04+00:00\",\"breadcrumb\":{\"@id\":\"https:\/\/afc.cat\/es\/activitat\/port-i-fotografia-la-imatge-fotografica-del-port-de-barcelona-el-museu-maritim-de-barcelona-segunda-parada-de-la-itinerancia-de-la-exposicion\/#breadcrumb\"},\"inLanguage\":\"es\",\"potentialAction\":[{\"@type\":\"ReadAction\",\"target\":[\"https:\/\/afc.cat\/es\/activitat\/port-i-fotografia-la-imatge-fotografica-del-port-de-barcelona-el-museu-maritim-de-barcelona-segunda-parada-de-la-itinerancia-de-la-exposicion\/\"]}]},{\"@type\":\"BreadcrumbList\",\"@id\":\"https:\/\/afc.cat\/es\/activitat\/port-i-fotografia-la-imatge-fotografica-del-port-de-barcelona-el-museu-maritim-de-barcelona-segunda-parada-de-la-itinerancia-de-la-exposicion\/#breadcrumb\",\"itemListElement\":[{\"@type\":\"ListItem\",\"position\":1,\"name\":\"Inicio\",\"item\":\"https:\/\/afc.cat\/es\/\"},{\"@type\":\"ListItem\",\"position\":2,\"name\":\"Port i Fotografia. La imatge fotogr\u00e0fica del Port de Barcelona \/ El Museu Mar\u00edtim de Barcelona. Segunda parada de la itinerancia de la exposici\u00f3n\"}]},{\"@type\":\"WebSite\",\"@id\":\"https:\/\/afc.cat\/es\/#website\",\"url\":\"https:\/\/afc.cat\/es\/\",\"name\":\"Agrupaci\u00f3 Fotogr\u00e0fica de Catalunya\",\"description\":\"Fomento y divulgaci\u00f3n de la fotograf\u00eda en todas sus variedades\",\"potentialAction\":[{\"@type\":\"SearchAction\",\"target\":{\"@type\":\"EntryPoint\",\"urlTemplate\":\"https:\/\/afc.cat\/es\/?s={search_term_string}\"},\"query-input\":{\"@type\":\"PropertyValueSpecification\",\"valueRequired\":true,\"valueName\":\"search_term_string\"}}],\"inLanguage\":\"es\"}]}<\/script>\n<!-- \/ Yoast SEO plugin. -->","yoast_head_json":{"title":"Port i Fotografia. La imatge fotogr\u00e0fica del Port de Barcelona \/ El Museu Mar\u00edtim de Barcelona. Segunda parada de la itinerancia de la exposici\u00f3n - Agrupaci\u00f3 Fotogr\u00e0fica de Catalunya","robots":{"index":"index","follow":"follow","max-snippet":"max-snippet:-1","max-image-preview":"max-image-preview:large","max-video-preview":"max-video-preview:-1"},"canonical":"https:\/\/afc.cat\/es\/activitat\/port-i-fotografia-la-imatge-fotografica-del-port-de-barcelona-el-museu-maritim-de-barcelona-segunda-parada-de-la-itinerancia-de-la-exposicion\/","og_locale":"es_ES","og_type":"article","og_title":"Port i Fotografia. La imatge fotogr\u00e0fica del Port de Barcelona \/ El Museu Mar\u00edtim de Barcelona. Segunda parada de la itinerancia de la exposici\u00f3n - Agrupaci\u00f3 Fotogr\u00e0fica de Catalunya","og_url":"https:\/\/afc.cat\/es\/activitat\/port-i-fotografia-la-imatge-fotografica-del-port-de-barcelona-el-museu-maritim-de-barcelona-segunda-parada-de-la-itinerancia-de-la-exposicion\/","og_site_name":"Agrupaci\u00f3 Fotogr\u00e0fica de Catalunya","article_modified_time":"2024-09-30T17:07:04+00:00","twitter_card":"summary_large_image","twitter_misc":{"Tiempo de lectura":"9 minutos"},"schema":{"@context":"https:\/\/schema.org","@graph":[{"@type":"WebPage","@id":"https:\/\/afc.cat\/es\/activitat\/port-i-fotografia-la-imatge-fotografica-del-port-de-barcelona-el-museu-maritim-de-barcelona-segunda-parada-de-la-itinerancia-de-la-exposicion\/","url":"https:\/\/afc.cat\/es\/activitat\/port-i-fotografia-la-imatge-fotografica-del-port-de-barcelona-el-museu-maritim-de-barcelona-segunda-parada-de-la-itinerancia-de-la-exposicion\/","name":"Port i Fotografia. La imatge fotogr\u00e0fica del Port de Barcelona \/ El Museu Mar\u00edtim de Barcelona. Segunda parada de la itinerancia de la exposici\u00f3n - Agrupaci\u00f3 Fotogr\u00e0fica de Catalunya","isPartOf":{"@id":"https:\/\/afc.cat\/es\/#website"},"datePublished":"2024-09-21T10:01:08+00:00","dateModified":"2024-09-30T17:07:04+00:00","breadcrumb":{"@id":"https:\/\/afc.cat\/es\/activitat\/port-i-fotografia-la-imatge-fotografica-del-port-de-barcelona-el-museu-maritim-de-barcelona-segunda-parada-de-la-itinerancia-de-la-exposicion\/#breadcrumb"},"inLanguage":"es","potentialAction":[{"@type":"ReadAction","target":["https:\/\/afc.cat\/es\/activitat\/port-i-fotografia-la-imatge-fotografica-del-port-de-barcelona-el-museu-maritim-de-barcelona-segunda-parada-de-la-itinerancia-de-la-exposicion\/"]}]},{"@type":"BreadcrumbList","@id":"https:\/\/afc.cat\/es\/activitat\/port-i-fotografia-la-imatge-fotografica-del-port-de-barcelona-el-museu-maritim-de-barcelona-segunda-parada-de-la-itinerancia-de-la-exposicion\/#breadcrumb","itemListElement":[{"@type":"ListItem","position":1,"name":"Inicio","item":"https:\/\/afc.cat\/es\/"},{"@type":"ListItem","position":2,"name":"Port i Fotografia. La imatge fotogr\u00e0fica del Port de Barcelona \/ El Museu Mar\u00edtim de Barcelona. Segunda parada de la itinerancia de la exposici\u00f3n"}]},{"@type":"WebSite","@id":"https:\/\/afc.cat\/es\/#website","url":"https:\/\/afc.cat\/es\/","name":"Agrupaci\u00f3 Fotogr\u00e0fica de Catalunya","description":"Fomento y divulgaci\u00f3n de la fotograf\u00eda en todas sus variedades","potentialAction":[{"@type":"SearchAction","target":{"@type":"EntryPoint","urlTemplate":"https:\/\/afc.cat\/es\/?s={search_term_string}"},"query-input":{"@type":"PropertyValueSpecification","valueRequired":true,"valueName":"search_term_string"}}],"inLanguage":"es"}]}},"_links":{"self":[{"href":"https:\/\/afc.cat\/es\/wp-json\/wp\/v2\/class\/39303","targetHints":{"allow":["GET"]}}],"collection":[{"href":"https:\/\/afc.cat\/es\/wp-json\/wp\/v2\/class"}],"about":[{"href":"https:\/\/afc.cat\/es\/wp-json\/wp\/v2\/types\/class"}],"wp:attachment":[{"href":"https:\/\/afc.cat\/es\/wp-json\/wp\/v2\/media?parent=39303"}],"wp:term":[{"taxonomy":"wcs-type","embeddable":true,"href":"https:\/\/afc.cat\/es\/wp-json\/wp\/v2\/wcs-type?post=39303"},{"taxonomy":"wcs-room","embeddable":true,"href":"https:\/\/afc.cat\/es\/wp-json\/wp\/v2\/wcs-room?post=39303"},{"taxonomy":"wcs-instructor","embeddable":true,"href":"https:\/\/afc.cat\/es\/wp-json\/wp\/v2\/wcs-instructor?post=39303"}],"curies":[{"name":"wp","href":"https:\/\/api.w.org\/{rel}","templated":true}]}}