{"id":39355,"date":"2024-10-07T16:23:33","date_gmt":"2024-10-07T14:23:33","guid":{"rendered":"https:\/\/afc.cat\/?post_type=class&#038;p=39355"},"modified":"2024-10-07T16:32:53","modified_gmt":"2024-10-07T14:32:53","slug":"doble-visita-a-exposiciones-de-fotografia-tomosu-yamamoto-masaso-otra-imaginacion-jordi-ortiz-373-arboles","status":"publish","type":"class","link":"https:\/\/afc.cat\/es\/activitat\/doble-visita-a-exposiciones-de-fotografia-tomosu-yamamoto-masaso-otra-imaginacion-jordi-ortiz-373-arboles\/","title":{"rendered":"Doble visita a exposiciones de fotograf\u00eda \u201cTOMOSU\u201d YAMAMOTO MASASO \/ \u201cOTRA IMAGINACI\u00d3N\u201d JORDI ORTIZ + 373 \u00c1RBOLES"},"content":{"rendered":"<p><div class=\"fusion-fullwidth fullwidth-box fusion-builder-row-1 fusion-flex-container nonhundred-percent-fullwidth non-hundred-percent-height-scrolling\" style=\"background-color: rgba(255,255,255,0);background-position: center center;background-repeat: no-repeat;border-width: 0px 15px 0px 0px;border-color:#ffffff;border-style:solid;\" ><div class=\"fusion-builder-row fusion-row fusion-flex-align-items-flex-start\" style=\"max-width:1300px;margin-left: calc(-4% \/ 2 );margin-right: calc(-4% \/ 2 );\"><div class=\"fusion-layout-column fusion_builder_column fusion-builder-column-0 fusion_builder_column_1_1 1_1 fusion-flex-column\"><div class=\"fusion-column-wrapper fusion-flex-justify-content-flex-start fusion-content-layout-column\" style=\"background-position:left top;background-repeat:no-repeat;-webkit-background-size:cover;-moz-background-size:cover;-o-background-size:cover;background-size:cover;padding: 0px 0px 0px 0px;\"><div class=\"fusion-text fusion-text-1\"><h2>DOBLE VISITA GRATUITA A EXPOSICIONES DE FOTOGRAF\u00cdA<\/h2>\n<p><strong>\u201cTOMOSU\u201d YAMAMOTO MASASO<\/strong><br \/>\nGALER\u00cdA VALID FOTO<br \/>\nBuenaventura Mu\u00f1oz, 6. 08018 Barcelona<\/p>\n<p><strong>\u201cOTRA IMAGINACI\u00d3N\u201d JORDI ORTIZ + 373 \u00c1RBOLES<\/strong><br \/>\nARTUR RAMON ESPAI De ARTE<br \/>\nBail\u00e9n, 19. 08010 Barcelona<\/p>\n<p>COMO LLEGAR? Metro: L1 Arco del <em>Triomf<\/em>. Bus: V19<\/p>\n<p>FECHA: mi\u00e9rcoles 16 de octubre de 2024<\/p>\n<p>HORA: 17:30 VALID FOTO y 19:00 ARTUR RAMON<\/p>\n<p>PUNTO ENCONTRADA: A la puerta de la galer\u00eda VALID FOTO a las 17:15 horas<\/p>\n<p>PRECIO: Actividad gratuita para socios y simpatizantes<\/p>\n<p>INSCRIPCI\u00d3N: <a href=\"https:\/\/afc.playoffinformatica.com\/actividad\/116\/Doble-visita-a-exposicions-de-fotografia-TOMOSU-YAMAMOTO-MASASO-UNA-ALTRA-IMAGINACIO-JORDI-ORTIZ-373-ARBRES\/\"><strong>ONLINE<\/strong><\/a><\/p>\n<p><strong>DESCRIPCI\u00d3N ACTIVIDAD<\/strong><\/p>\n<p>Te proponemos una jornada doble que nos permitir\u00e1 disfrutar de dos fot\u00f3grafos muy diferentes.<\/p>\n<p>Yamamoto Masao, nos presenta a la Galer\u00eda Valid Photo fotograf\u00edas de sus \u00faltimas series. Trabajos delicados y sensibles con t\u00e9cnicas anal\u00f3gicas. Tradici\u00f3n y modernidad para disfrutar de fotograf\u00edas originales, sensibles y minimalistas. La figura humana, el paisaje las formas abstractas nos adentrar\u00e1n en el universo personal del autor.<\/p>\n<p>Jordi Ortiz, atra\u00eddo por las cortezas de los troncos de los \u00e1rboles que podemos encontrar en la ciudad de Barcelona presenta en Artur Ramon Espai d&#8217;Art un mundo de formas, texturas y colores que formar\u00e1n composiciones abstractas a trav\u00e9s de selecci\u00f3n que su mirada fotogr\u00e1fica sabe captar y encuadrar.<\/p>\n<p><strong>\u00a9<\/strong> <strong>YAMAMOTO MASASO<\/strong><\/p>\n<\/div><\/div><style type=\"text\/css\">.fusion-body .fusion-builder-column-0{width:100% !important;margin-top : 0px;margin-bottom : 0px;}.fusion-builder-column-0 > .fusion-column-wrapper {padding-top : 0px !important;padding-right : 0px !important;margin-right : 1.92%;padding-bottom : 0px !important;padding-left : 0px !important;margin-left : 1.92%;}@media only screen and (max-width:1024px) {.fusion-body .fusion-builder-column-0{width:100% !important;}.fusion-builder-column-0 > .fusion-column-wrapper {margin-right : 1.92%;margin-left : 1.92%;}}@media only screen and (max-width:640px) {.fusion-body .fusion-builder-column-0{width:100% !important;}.fusion-builder-column-0 > .fusion-column-wrapper {margin-right : 1.92%;margin-left : 1.92%;}}<\/style><\/div><\/div><style type=\"text\/css\">.fusion-body .fusion-flex-container.fusion-builder-row-1{ padding-top : 0px;margin-top : 0px;padding-right : 0px;padding-bottom : 0px;margin-bottom : 0px;padding-left : 0px;}<\/style><\/div><div class=\"fusion-fullwidth fullwidth-box fusion-builder-row-2 fusion-flex-container nonhundred-percent-fullwidth non-hundred-percent-height-scrolling\" style=\"background-color: rgba(255,255,255,0);background-position: center center;background-repeat: no-repeat;border-width: 0px 0px 0px 0px;border-color:#ffffff;border-style:solid;\" ><div class=\"fusion-builder-row fusion-row fusion-flex-align-items-flex-start\" style=\"max-width:1300px;margin-left: calc(-4% \/ 2 );margin-right: calc(-4% \/ 2 );\"><div class=\"fusion-layout-column fusion_builder_column fusion-builder-column-1 fusion_builder_column_1_2 1_2 fusion-flex-column\"><div class=\"fusion-column-wrapper fusion-flex-justify-content-flex-start fusion-content-layout-column\" style=\"background-position:left top;background-repeat:no-repeat;-webkit-background-size:cover;-moz-background-size:cover;-o-background-size:cover;background-size:cover;padding: 0px 0px 0px 0px;\"><\/div><style type=\"text\/css\">.fusion-body .fusion-builder-column-1{width:50% !important;margin-top : 0px;margin-bottom : 20px;}.fusion-builder-column-1 > .fusion-column-wrapper {padding-top : 0px !important;padding-right : 0px !important;margin-right : 3.84%;padding-bottom : 0px !important;padding-left : 0px !important;margin-left : 3.84%;}@media only screen and (max-width:1024px) {.fusion-body .fusion-builder-column-1{width:50% !important;order : 0;}.fusion-builder-column-1 > .fusion-column-wrapper {margin-right : 3.84%;margin-left : 3.84%;}}@media only screen and (max-width:640px) {.fusion-body .fusion-builder-column-1{width:100% !important;order : 0;}.fusion-builder-column-1 > .fusion-column-wrapper {margin-right : 1.92%;margin-left : 1.92%;}}<\/style><\/div><div class=\"fusion-layout-column fusion_builder_column fusion-builder-column-2 fusion_builder_column_1_2 1_2 fusion-flex-column\"><div class=\"fusion-column-wrapper fusion-flex-justify-content-flex-start fusion-content-layout-column\" style=\"background-position:left top;background-repeat:no-repeat;-webkit-background-size:cover;-moz-background-size:cover;-o-background-size:cover;background-size:cover;padding: 0px 0px 0px 0px;\"><\/div><style type=\"text\/css\">.fusion-body .fusion-builder-column-2{width:50% !important;margin-top : 0px;margin-bottom : 20px;}.fusion-builder-column-2 > .fusion-column-wrapper {padding-top : 0px !important;padding-right : 0px !important;margin-right : 3.84%;padding-bottom : 0px !important;padding-left : 0px !important;margin-left : 3.84%;}@media only screen and (max-width:1024px) {.fusion-body .fusion-builder-column-2{width:50% !important;order : 0;}.fusion-builder-column-2 > .fusion-column-wrapper {margin-right : 3.84%;margin-left : 3.84%;}}@media only screen and (max-width:640px) {.fusion-body .fusion-builder-column-2{width:100% !important;order : 0;}.fusion-builder-column-2 > .fusion-column-wrapper {margin-right : 1.92%;margin-left : 1.92%;}}<\/style><\/div><\/div><style type=\"text\/css\">.fusion-body .fusion-flex-container.fusion-builder-row-2{ padding-top : 0px;margin-top : 0px;padding-right : 0px;padding-bottom : 0px;margin-bottom : 0px;padding-left : 0px;}<\/style><\/div><\/p>\n","protected":false},"excerpt":{"rendered":"","protected":false},"template":"","meta":{"_acf_changed":false},"wcs-type":[129],"wcs-room":[647,646,645,587],"wcs-instructor":[648],"class_list":["post-39355","class","type-class","status-publish","hentry","wcs-type-salidas-a-exposiciones","wcs-room-08018-barcelona","wcs-room-646","wcs-room-carrer-de-buenaventura-munoz","wcs-room-ciutat-vella","wcs-instructor-vocalia-cultura"],"acf":[],"yoast_head":"<!-- This site is optimized with the Yoast SEO plugin v27.2 - https:\/\/yoast.com\/product\/yoast-seo-wordpress\/ -->\n<title>Doble visita a exposiciones de fotograf\u00eda \u201cTOMOSU\u201d YAMAMOTO MASASO \/ \u201cOTRA IMAGINACI\u00d3N\u201d JORDI ORTIZ + 373 \u00c1RBOLES - Agrupaci\u00f3 Fotogr\u00e0fica de Catalunya<\/title>\n<meta name=\"robots\" content=\"index, follow, max-snippet:-1, max-image-preview:large, max-video-preview:-1\" \/>\n<link rel=\"canonical\" href=\"https:\/\/afc.cat\/es\/activitat\/doble-visita-a-exposiciones-de-fotografia-tomosu-yamamoto-masaso-otra-imaginacion-jordi-ortiz-373-arboles\/\" \/>\n<meta property=\"og:locale\" content=\"es_ES\" \/>\n<meta property=\"og:type\" content=\"article\" \/>\n<meta property=\"og:title\" content=\"Doble visita a exposiciones de fotograf\u00eda \u201cTOMOSU\u201d YAMAMOTO MASASO \/ \u201cOTRA IMAGINACI\u00d3N\u201d JORDI ORTIZ + 373 \u00c1RBOLES - Agrupaci\u00f3 Fotogr\u00e0fica de Catalunya\" \/>\n<meta property=\"og:url\" content=\"https:\/\/afc.cat\/es\/activitat\/doble-visita-a-exposiciones-de-fotografia-tomosu-yamamoto-masaso-otra-imaginacion-jordi-ortiz-373-arboles\/\" \/>\n<meta property=\"og:site_name\" content=\"Agrupaci\u00f3 Fotogr\u00e0fica de Catalunya\" \/>\n<meta property=\"article:modified_time\" content=\"2024-10-07T14:32:53+00:00\" \/>\n<meta name=\"twitter:card\" content=\"summary_large_image\" \/>\n<meta name=\"twitter:label1\" content=\"Tiempo de lectura\" \/>\n\t<meta name=\"twitter:data1\" content=\"8 minutos\" \/>\n<script type=\"application\/ld+json\" class=\"yoast-schema-graph\">{\"@context\":\"https:\/\/schema.org\",\"@graph\":[{\"@type\":\"WebPage\",\"@id\":\"https:\/\/afc.cat\/es\/activitat\/doble-visita-a-exposiciones-de-fotografia-tomosu-yamamoto-masaso-otra-imaginacion-jordi-ortiz-373-arboles\/\",\"url\":\"https:\/\/afc.cat\/es\/activitat\/doble-visita-a-exposiciones-de-fotografia-tomosu-yamamoto-masaso-otra-imaginacion-jordi-ortiz-373-arboles\/\",\"name\":\"Doble visita a exposiciones de fotograf\u00eda \u201cTOMOSU\u201d YAMAMOTO MASASO \/ \u201cOTRA IMAGINACI\u00d3N\u201d JORDI ORTIZ + 373 \u00c1RBOLES - Agrupaci\u00f3 Fotogr\u00e0fica de Catalunya\",\"isPartOf\":{\"@id\":\"https:\/\/afc.cat\/es\/#website\"},\"datePublished\":\"2024-10-07T14:23:33+00:00\",\"dateModified\":\"2024-10-07T14:32:53+00:00\",\"breadcrumb\":{\"@id\":\"https:\/\/afc.cat\/es\/activitat\/doble-visita-a-exposiciones-de-fotografia-tomosu-yamamoto-masaso-otra-imaginacion-jordi-ortiz-373-arboles\/#breadcrumb\"},\"inLanguage\":\"es\",\"potentialAction\":[{\"@type\":\"ReadAction\",\"target\":[\"https:\/\/afc.cat\/es\/activitat\/doble-visita-a-exposiciones-de-fotografia-tomosu-yamamoto-masaso-otra-imaginacion-jordi-ortiz-373-arboles\/\"]}]},{\"@type\":\"BreadcrumbList\",\"@id\":\"https:\/\/afc.cat\/es\/activitat\/doble-visita-a-exposiciones-de-fotografia-tomosu-yamamoto-masaso-otra-imaginacion-jordi-ortiz-373-arboles\/#breadcrumb\",\"itemListElement\":[{\"@type\":\"ListItem\",\"position\":1,\"name\":\"Inicio\",\"item\":\"https:\/\/afc.cat\/es\/\"},{\"@type\":\"ListItem\",\"position\":2,\"name\":\"Doble visita a exposiciones de fotograf\u00eda \u201cTOMOSU\u201d YAMAMOTO MASASO \/ \u201cOTRA IMAGINACI\u00d3N\u201d JORDI ORTIZ + 373 \u00c1RBOLES\"}]},{\"@type\":\"WebSite\",\"@id\":\"https:\/\/afc.cat\/es\/#website\",\"url\":\"https:\/\/afc.cat\/es\/\",\"name\":\"Agrupaci\u00f3 Fotogr\u00e0fica de Catalunya\",\"description\":\"Fomento y divulgaci\u00f3n de la fotograf\u00eda en todas sus variedades\",\"potentialAction\":[{\"@type\":\"SearchAction\",\"target\":{\"@type\":\"EntryPoint\",\"urlTemplate\":\"https:\/\/afc.cat\/es\/?s={search_term_string}\"},\"query-input\":{\"@type\":\"PropertyValueSpecification\",\"valueRequired\":true,\"valueName\":\"search_term_string\"}}],\"inLanguage\":\"es\"}]}<\/script>\n<!-- \/ Yoast SEO plugin. -->","yoast_head_json":{"title":"Doble visita a exposiciones de fotograf\u00eda \u201cTOMOSU\u201d YAMAMOTO MASASO \/ \u201cOTRA IMAGINACI\u00d3N\u201d JORDI ORTIZ + 373 \u00c1RBOLES - Agrupaci\u00f3 Fotogr\u00e0fica de Catalunya","robots":{"index":"index","follow":"follow","max-snippet":"max-snippet:-1","max-image-preview":"max-image-preview:large","max-video-preview":"max-video-preview:-1"},"canonical":"https:\/\/afc.cat\/es\/activitat\/doble-visita-a-exposiciones-de-fotografia-tomosu-yamamoto-masaso-otra-imaginacion-jordi-ortiz-373-arboles\/","og_locale":"es_ES","og_type":"article","og_title":"Doble visita a exposiciones de fotograf\u00eda \u201cTOMOSU\u201d YAMAMOTO MASASO \/ \u201cOTRA IMAGINACI\u00d3N\u201d JORDI ORTIZ + 373 \u00c1RBOLES - Agrupaci\u00f3 Fotogr\u00e0fica de Catalunya","og_url":"https:\/\/afc.cat\/es\/activitat\/doble-visita-a-exposiciones-de-fotografia-tomosu-yamamoto-masaso-otra-imaginacion-jordi-ortiz-373-arboles\/","og_site_name":"Agrupaci\u00f3 Fotogr\u00e0fica de Catalunya","article_modified_time":"2024-10-07T14:32:53+00:00","twitter_card":"summary_large_image","twitter_misc":{"Tiempo de lectura":"8 minutos"},"schema":{"@context":"https:\/\/schema.org","@graph":[{"@type":"WebPage","@id":"https:\/\/afc.cat\/es\/activitat\/doble-visita-a-exposiciones-de-fotografia-tomosu-yamamoto-masaso-otra-imaginacion-jordi-ortiz-373-arboles\/","url":"https:\/\/afc.cat\/es\/activitat\/doble-visita-a-exposiciones-de-fotografia-tomosu-yamamoto-masaso-otra-imaginacion-jordi-ortiz-373-arboles\/","name":"Doble visita a exposiciones de fotograf\u00eda \u201cTOMOSU\u201d YAMAMOTO MASASO \/ \u201cOTRA IMAGINACI\u00d3N\u201d JORDI ORTIZ + 373 \u00c1RBOLES - Agrupaci\u00f3 Fotogr\u00e0fica de Catalunya","isPartOf":{"@id":"https:\/\/afc.cat\/es\/#website"},"datePublished":"2024-10-07T14:23:33+00:00","dateModified":"2024-10-07T14:32:53+00:00","breadcrumb":{"@id":"https:\/\/afc.cat\/es\/activitat\/doble-visita-a-exposiciones-de-fotografia-tomosu-yamamoto-masaso-otra-imaginacion-jordi-ortiz-373-arboles\/#breadcrumb"},"inLanguage":"es","potentialAction":[{"@type":"ReadAction","target":["https:\/\/afc.cat\/es\/activitat\/doble-visita-a-exposiciones-de-fotografia-tomosu-yamamoto-masaso-otra-imaginacion-jordi-ortiz-373-arboles\/"]}]},{"@type":"BreadcrumbList","@id":"https:\/\/afc.cat\/es\/activitat\/doble-visita-a-exposiciones-de-fotografia-tomosu-yamamoto-masaso-otra-imaginacion-jordi-ortiz-373-arboles\/#breadcrumb","itemListElement":[{"@type":"ListItem","position":1,"name":"Inicio","item":"https:\/\/afc.cat\/es\/"},{"@type":"ListItem","position":2,"name":"Doble visita a exposiciones de fotograf\u00eda \u201cTOMOSU\u201d YAMAMOTO MASASO \/ \u201cOTRA IMAGINACI\u00d3N\u201d JORDI ORTIZ + 373 \u00c1RBOLES"}]},{"@type":"WebSite","@id":"https:\/\/afc.cat\/es\/#website","url":"https:\/\/afc.cat\/es\/","name":"Agrupaci\u00f3 Fotogr\u00e0fica de Catalunya","description":"Fomento y divulgaci\u00f3n de la fotograf\u00eda en todas sus variedades","potentialAction":[{"@type":"SearchAction","target":{"@type":"EntryPoint","urlTemplate":"https:\/\/afc.cat\/es\/?s={search_term_string}"},"query-input":{"@type":"PropertyValueSpecification","valueRequired":true,"valueName":"search_term_string"}}],"inLanguage":"es"}]}},"_links":{"self":[{"href":"https:\/\/afc.cat\/es\/wp-json\/wp\/v2\/class\/39355","targetHints":{"allow":["GET"]}}],"collection":[{"href":"https:\/\/afc.cat\/es\/wp-json\/wp\/v2\/class"}],"about":[{"href":"https:\/\/afc.cat\/es\/wp-json\/wp\/v2\/types\/class"}],"wp:attachment":[{"href":"https:\/\/afc.cat\/es\/wp-json\/wp\/v2\/media?parent=39355"}],"wp:term":[{"taxonomy":"wcs-type","embeddable":true,"href":"https:\/\/afc.cat\/es\/wp-json\/wp\/v2\/wcs-type?post=39355"},{"taxonomy":"wcs-room","embeddable":true,"href":"https:\/\/afc.cat\/es\/wp-json\/wp\/v2\/wcs-room?post=39355"},{"taxonomy":"wcs-instructor","embeddable":true,"href":"https:\/\/afc.cat\/es\/wp-json\/wp\/v2\/wcs-instructor?post=39355"}],"curies":[{"name":"wp","href":"https:\/\/api.w.org\/{rel}","templated":true}]}}