{"id":39380,"date":"2024-10-09T19:30:44","date_gmt":"2024-10-09T17:30:44","guid":{"rendered":"https:\/\/afc.cat\/?post_type=class&#038;p=39380"},"modified":"2024-10-09T19:54:30","modified_gmt":"2024-10-09T17:54:30","slug":"salida-fotografica-les-tres-xemeneies-sant-adria-del-besos-grupo-de-cultura","status":"publish","type":"class","link":"https:\/\/afc.cat\/es\/activitat\/salida-fotografica-les-tres-xemeneies-sant-adria-del-besos-grupo-de-cultura\/","title":{"rendered":"Salida fotogr\u00e1fica: \u201cLES TRES XEMENEIES\u201d Sant Adri\u00e0 del Bes\u00f2s \/ Grupo de Cultura"},"content":{"rendered":"<p><div class=\"fusion-fullwidth fullwidth-box fusion-builder-row-1 fusion-flex-container nonhundred-percent-fullwidth non-hundred-percent-height-scrolling\" style=\"background-color: rgba(255,255,255,0);background-position: center center;background-repeat: no-repeat;border-width: 0px 15px 0px 0px;border-color:#ffffff;border-style:solid;\" ><div class=\"fusion-builder-row fusion-row fusion-flex-align-items-flex-start\" style=\"max-width:1300px;margin-left: calc(-4% \/ 2 );margin-right: calc(-4% \/ 2 );\"><div class=\"fusion-layout-column fusion_builder_column fusion-builder-column-0 fusion_builder_column_1_1 1_1 fusion-flex-column\"><div class=\"fusion-column-wrapper fusion-flex-justify-content-flex-start fusion-content-layout-column\" style=\"background-position:left top;background-repeat:no-repeat;-webkit-background-size:cover;-moz-background-size:cover;-o-background-size:cover;background-size:cover;padding: 0px 0px 0px 0px;\"><div class=\"fusion-text fusion-text-1\"><h2><strong>SALIDA FOTOGR\u00c1FICA: \u00abLAS TRES CHIMENEAS\u00bb Sant Adri\u00e0 del Bes\u00f2s \/ Grupo de Cultura<\/strong><\/h2>\n<p>FECHA: MI\u00c9RCOLES, 23 de octubre<\/p>\n<p>HORA: 10:00 h<\/p>\n<p>PRECIO: 15\u20ac (consulta descuentos)<\/p>\n<p>PUNTO DE ENCUENTRO: estaci\u00f3n RENFE de St. Adri\u00e0 del Bes\u00f2s<\/p>\n<p><strong>INSCRIPCIONES<\/strong>: env\u00eda un correo electr\u00f3nico a: <a href=\"mailto:sortides@afc.cat\">sortides@afc.cat<\/a> \/ \u00a0Indica tu\u00a0 nombre, apellidos y n\u00famero de asociado<\/p>\n<p><strong>DESCRIPCI\u00d3N DE LA ACTIVIDAD<\/strong><\/p>\n<p>Os invitamos a visitar un edificio emblem\u00e1tico del skyline de Barcelona. Se trata de la central t\u00e9rmica de Sant Adri\u00e0 del Bes\u00f2s, un edificio en desuso de la periferia de la capital catalana, que desde su desmantelamiento ha sido cerrado al p\u00fablico.<\/p>\n<p>Las Tres Chimeneas nombre con se conoce el edificio, fue construido en los a\u00f1os setenta ubicado en la orilla izquierda del Bes\u00f2s. La central cerr\u00f3 en 2011 y hoy en d\u00eda contin\u00faa inoperativa.<\/p>\n<p>Este icono del patrimonio industrial de casi 4.000 m2 es la sede de una de las actividades del Festival Manifiesta 15, una bienal de arte contempor\u00e1neo de las m\u00e1s relevantes de Europa.<\/p>\n<p>En este lugar, donde confluyen el patrimonio industrial y el natural, el p\u00fablico se encontrar\u00e1 con una serie de intervenciones art\u00edsticas interrelacionadas con documentos de archivo de movimientos sociales y memorias personales de las comunidades vecinas. Aqu\u00ed no s\u00f3lo se invita al p\u00fablico a imaginar nuevos paisajes urbanos, sino tambi\u00e9n a enfrentarse al pasado colonial de Catalunya, vinculado a la industria textil.<\/p>\n<p>En el \u00e1mbito fotogr\u00e1fico, esta salida ofrece la posibilidad de fotografiar unos espacios in\u00e9ditos de arquitectura gigantesca, tanto del interior del edificio como del exterior de las emblem\u00e1ticas tres chimeneas de muy cerca.<\/p>\n<p>La entrada tiene un precio de 15\u20ac pero oferta muchos descuentos. Es una entrada que permite visitar otras sedes del Festival en diferentes lugares de Catalunya, todos ellos con gran atractivo fotogr\u00e1fico.<\/p>\n<p>Os dejamos varios enlaces donde podr\u00e9is encontrar informaci\u00f3n variada sobre el edificio, el festival y los precios de las entradas<\/p>\n<p><a href=\"https:\/\/ca.wikipedia.org\/wiki\/Central_t%C3%A8rmica_de_Sant_Adri%C3%A0_de_Bes%C3%B2s\">https:\/\/ca.wikipedia.org\/wiki\/Central_t%C3%A8rmica_de_Sant_Adri%C3%A0_de_Bes%C3%B2s<\/a><\/p>\n<p><a href=\"https:\/\/elpais.com\/espana\/catalunya\/2024-09-12\/los-vecinos-entran-por-primera-vez-en-las-tres-chimeneas-desde-dentro-es-incluso-mas-grande.html\">https:\/\/elpais.com\/espana\/catalunya\/2024-09-12\/los-vecinos-entran-por-primera-vez-en-las-tres-chimeneas-desde-dentro-es-incluso-mas-grande.html<\/a><\/p>\n<p><a href=\"https:\/\/cronicaglobal.elespanol.com\/viajes\/20240909\/como-cuando-entrar-tres-chimeneas-sant-adria-manifesta\/884661575_0.html#:~:text=Con%20un%20enfoque%20en%20la%20descentralizaci%C3%B3n%20y%20la%20periferia,%20el\">https:\/\/cronicaglobal.elespanol.com\/viajes\/20240909\/como-cuando-entrar-tres-chimeneas-sant-adria-manifesta\/884661575_0.html#:~:text=Con%20un%20enfoque%20en%20la%20descentralizaci%C3%B3n%20y%20la%20periferia,%20el<\/a><\/p>\n<p>Deseamos que esta propuesta sea de vuestro gusto. \u00a1Os esperamos!<\/p>\n<p><strong>\u00a0Fotograf\u00eda: \u00a9 Josep Soler Vendrell<\/strong><\/p>\n<\/div><\/div><style type=\"text\/css\">.fusion-body .fusion-builder-column-0{width:100% !important;margin-top : 0px;margin-bottom : 0px;}.fusion-builder-column-0 > .fusion-column-wrapper {padding-top : 0px !important;padding-right : 0px !important;margin-right : 1.92%;padding-bottom : 0px !important;padding-left : 0px !important;margin-left : 1.92%;}@media only screen and (max-width:1024px) {.fusion-body .fusion-builder-column-0{width:100% !important;}.fusion-builder-column-0 > .fusion-column-wrapper {margin-right : 1.92%;margin-left : 1.92%;}}@media only screen and (max-width:640px) {.fusion-body .fusion-builder-column-0{width:100% !important;}.fusion-builder-column-0 > .fusion-column-wrapper {margin-right : 1.92%;margin-left : 1.92%;}}<\/style><\/div><\/div><style type=\"text\/css\">.fusion-body .fusion-flex-container.fusion-builder-row-1{ padding-top : 0px;margin-top : 0px;padding-right : 0px;padding-bottom : 0px;margin-bottom : 0px;padding-left : 0px;}<\/style><\/div><div class=\"fusion-fullwidth fullwidth-box fusion-builder-row-2 fusion-flex-container nonhundred-percent-fullwidth non-hundred-percent-height-scrolling\" style=\"background-color: rgba(255,255,255,0);background-position: center center;background-repeat: no-repeat;border-width: 0px 0px 0px 0px;border-color:#ffffff;border-style:solid;\" ><div class=\"fusion-builder-row fusion-row fusion-flex-align-items-flex-start\" style=\"max-width:1300px;margin-left: calc(-4% \/ 2 );margin-right: calc(-4% \/ 2 );\"><div class=\"fusion-layout-column fusion_builder_column fusion-builder-column-1 fusion_builder_column_1_2 1_2 fusion-flex-column\"><div class=\"fusion-column-wrapper fusion-flex-justify-content-flex-start fusion-content-layout-column\" style=\"background-position:left top;background-repeat:no-repeat;-webkit-background-size:cover;-moz-background-size:cover;-o-background-size:cover;background-size:cover;padding: 0px 0px 0px 0px;\"><\/div><style type=\"text\/css\">.fusion-body .fusion-builder-column-1{width:50% !important;margin-top : 0px;margin-bottom : 20px;}.fusion-builder-column-1 > .fusion-column-wrapper {padding-top : 0px !important;padding-right : 0px !important;margin-right : 3.84%;padding-bottom : 0px !important;padding-left : 0px !important;margin-left : 3.84%;}@media only screen and (max-width:1024px) {.fusion-body .fusion-builder-column-1{width:50% !important;order : 0;}.fusion-builder-column-1 > .fusion-column-wrapper {margin-right : 3.84%;margin-left : 3.84%;}}@media only screen and (max-width:640px) {.fusion-body .fusion-builder-column-1{width:100% !important;order : 0;}.fusion-builder-column-1 > .fusion-column-wrapper {margin-right : 1.92%;margin-left : 1.92%;}}<\/style><\/div><div class=\"fusion-layout-column fusion_builder_column fusion-builder-column-2 fusion_builder_column_1_2 1_2 fusion-flex-column\"><div class=\"fusion-column-wrapper fusion-flex-justify-content-flex-start fusion-content-layout-column\" style=\"background-position:left top;background-repeat:no-repeat;-webkit-background-size:cover;-moz-background-size:cover;-o-background-size:cover;background-size:cover;padding: 0px 0px 0px 0px;\"><\/div><style type=\"text\/css\">.fusion-body .fusion-builder-column-2{width:50% !important;margin-top : 0px;margin-bottom : 20px;}.fusion-builder-column-2 > .fusion-column-wrapper {padding-top : 0px !important;padding-right : 0px !important;margin-right : 3.84%;padding-bottom : 0px !important;padding-left : 0px !important;margin-left : 3.84%;}@media only screen and (max-width:1024px) {.fusion-body .fusion-builder-column-2{width:50% !important;order : 0;}.fusion-builder-column-2 > .fusion-column-wrapper {margin-right : 3.84%;margin-left : 3.84%;}}@media only screen and (max-width:640px) {.fusion-body .fusion-builder-column-2{width:100% !important;order : 0;}.fusion-builder-column-2 > .fusion-column-wrapper {margin-right : 1.92%;margin-left : 1.92%;}}<\/style><\/div><\/div><style type=\"text\/css\">.fusion-body .fusion-flex-container.fusion-builder-row-2{ padding-top : 0px;margin-top : 0px;padding-right : 0px;padding-bottom : 0px;margin-bottom : 0px;padding-left : 0px;}<\/style><\/div><\/p>\n","protected":false},"excerpt":{"rendered":"","protected":false},"template":"","meta":{"_acf_changed":false},"wcs-type":[128],"wcs-room":[651],"wcs-instructor":[394],"class_list":["post-39380","class","type-class","status-publish","hentry","wcs-type-salidas-fotograficas","wcs-room-punt-de-trobada-estacio-renfe-de-st-adria-del-besos","wcs-instructor-a-barnes-a-sales-j-soler"],"acf":[],"yoast_head":"<!-- This site is optimized with the Yoast SEO plugin v27.2 - https:\/\/yoast.com\/product\/yoast-seo-wordpress\/ -->\n<title>Salida fotogr\u00e1fica: \u201cLES TRES XEMENEIES\u201d Sant Adri\u00e0 del Bes\u00f2s \/ Grupo de Cultura - Agrupaci\u00f3 Fotogr\u00e0fica de Catalunya<\/title>\n<meta name=\"robots\" content=\"index, follow, max-snippet:-1, max-image-preview:large, max-video-preview:-1\" \/>\n<link rel=\"canonical\" href=\"https:\/\/afc.cat\/es\/activitat\/salida-fotografica-les-tres-xemeneies-sant-adria-del-besos-grupo-de-cultura\/\" \/>\n<meta property=\"og:locale\" content=\"es_ES\" \/>\n<meta property=\"og:type\" content=\"article\" \/>\n<meta property=\"og:title\" content=\"Salida fotogr\u00e1fica: \u201cLES TRES XEMENEIES\u201d Sant Adri\u00e0 del Bes\u00f2s \/ Grupo de Cultura - Agrupaci\u00f3 Fotogr\u00e0fica de Catalunya\" \/>\n<meta property=\"og:url\" content=\"https:\/\/afc.cat\/es\/activitat\/salida-fotografica-les-tres-xemeneies-sant-adria-del-besos-grupo-de-cultura\/\" \/>\n<meta property=\"og:site_name\" content=\"Agrupaci\u00f3 Fotogr\u00e0fica de Catalunya\" \/>\n<meta property=\"article:modified_time\" content=\"2024-10-09T17:54:30+00:00\" \/>\n<meta name=\"twitter:card\" content=\"summary_large_image\" \/>\n<meta name=\"twitter:label1\" content=\"Tiempo de lectura\" \/>\n\t<meta name=\"twitter:data1\" content=\"9 minutos\" \/>\n<script type=\"application\/ld+json\" class=\"yoast-schema-graph\">{\"@context\":\"https:\/\/schema.org\",\"@graph\":[{\"@type\":\"WebPage\",\"@id\":\"https:\/\/afc.cat\/es\/activitat\/salida-fotografica-les-tres-xemeneies-sant-adria-del-besos-grupo-de-cultura\/\",\"url\":\"https:\/\/afc.cat\/es\/activitat\/salida-fotografica-les-tres-xemeneies-sant-adria-del-besos-grupo-de-cultura\/\",\"name\":\"Salida fotogr\u00e1fica: \u201cLES TRES XEMENEIES\u201d Sant Adri\u00e0 del Bes\u00f2s \/ Grupo de Cultura - Agrupaci\u00f3 Fotogr\u00e0fica de Catalunya\",\"isPartOf\":{\"@id\":\"https:\/\/afc.cat\/es\/#website\"},\"datePublished\":\"2024-10-09T17:30:44+00:00\",\"dateModified\":\"2024-10-09T17:54:30+00:00\",\"breadcrumb\":{\"@id\":\"https:\/\/afc.cat\/es\/activitat\/salida-fotografica-les-tres-xemeneies-sant-adria-del-besos-grupo-de-cultura\/#breadcrumb\"},\"inLanguage\":\"es\",\"potentialAction\":[{\"@type\":\"ReadAction\",\"target\":[\"https:\/\/afc.cat\/es\/activitat\/salida-fotografica-les-tres-xemeneies-sant-adria-del-besos-grupo-de-cultura\/\"]}]},{\"@type\":\"BreadcrumbList\",\"@id\":\"https:\/\/afc.cat\/es\/activitat\/salida-fotografica-les-tres-xemeneies-sant-adria-del-besos-grupo-de-cultura\/#breadcrumb\",\"itemListElement\":[{\"@type\":\"ListItem\",\"position\":1,\"name\":\"Inicio\",\"item\":\"https:\/\/afc.cat\/es\/\"},{\"@type\":\"ListItem\",\"position\":2,\"name\":\"Salida fotogr\u00e1fica: \u201cLES TRES XEMENEIES\u201d Sant Adri\u00e0 del Bes\u00f2s \/ Grupo de Cultura\"}]},{\"@type\":\"WebSite\",\"@id\":\"https:\/\/afc.cat\/es\/#website\",\"url\":\"https:\/\/afc.cat\/es\/\",\"name\":\"Agrupaci\u00f3 Fotogr\u00e0fica de Catalunya\",\"description\":\"Fomento y divulgaci\u00f3n de la fotograf\u00eda en todas sus variedades\",\"potentialAction\":[{\"@type\":\"SearchAction\",\"target\":{\"@type\":\"EntryPoint\",\"urlTemplate\":\"https:\/\/afc.cat\/es\/?s={search_term_string}\"},\"query-input\":{\"@type\":\"PropertyValueSpecification\",\"valueRequired\":true,\"valueName\":\"search_term_string\"}}],\"inLanguage\":\"es\"}]}<\/script>\n<!-- \/ Yoast SEO plugin. -->","yoast_head_json":{"title":"Salida fotogr\u00e1fica: \u201cLES TRES XEMENEIES\u201d Sant Adri\u00e0 del Bes\u00f2s \/ Grupo de Cultura - Agrupaci\u00f3 Fotogr\u00e0fica de Catalunya","robots":{"index":"index","follow":"follow","max-snippet":"max-snippet:-1","max-image-preview":"max-image-preview:large","max-video-preview":"max-video-preview:-1"},"canonical":"https:\/\/afc.cat\/es\/activitat\/salida-fotografica-les-tres-xemeneies-sant-adria-del-besos-grupo-de-cultura\/","og_locale":"es_ES","og_type":"article","og_title":"Salida fotogr\u00e1fica: \u201cLES TRES XEMENEIES\u201d Sant Adri\u00e0 del Bes\u00f2s \/ Grupo de Cultura - Agrupaci\u00f3 Fotogr\u00e0fica de Catalunya","og_url":"https:\/\/afc.cat\/es\/activitat\/salida-fotografica-les-tres-xemeneies-sant-adria-del-besos-grupo-de-cultura\/","og_site_name":"Agrupaci\u00f3 Fotogr\u00e0fica de Catalunya","article_modified_time":"2024-10-09T17:54:30+00:00","twitter_card":"summary_large_image","twitter_misc":{"Tiempo de lectura":"9 minutos"},"schema":{"@context":"https:\/\/schema.org","@graph":[{"@type":"WebPage","@id":"https:\/\/afc.cat\/es\/activitat\/salida-fotografica-les-tres-xemeneies-sant-adria-del-besos-grupo-de-cultura\/","url":"https:\/\/afc.cat\/es\/activitat\/salida-fotografica-les-tres-xemeneies-sant-adria-del-besos-grupo-de-cultura\/","name":"Salida fotogr\u00e1fica: \u201cLES TRES XEMENEIES\u201d Sant Adri\u00e0 del Bes\u00f2s \/ Grupo de Cultura - Agrupaci\u00f3 Fotogr\u00e0fica de Catalunya","isPartOf":{"@id":"https:\/\/afc.cat\/es\/#website"},"datePublished":"2024-10-09T17:30:44+00:00","dateModified":"2024-10-09T17:54:30+00:00","breadcrumb":{"@id":"https:\/\/afc.cat\/es\/activitat\/salida-fotografica-les-tres-xemeneies-sant-adria-del-besos-grupo-de-cultura\/#breadcrumb"},"inLanguage":"es","potentialAction":[{"@type":"ReadAction","target":["https:\/\/afc.cat\/es\/activitat\/salida-fotografica-les-tres-xemeneies-sant-adria-del-besos-grupo-de-cultura\/"]}]},{"@type":"BreadcrumbList","@id":"https:\/\/afc.cat\/es\/activitat\/salida-fotografica-les-tres-xemeneies-sant-adria-del-besos-grupo-de-cultura\/#breadcrumb","itemListElement":[{"@type":"ListItem","position":1,"name":"Inicio","item":"https:\/\/afc.cat\/es\/"},{"@type":"ListItem","position":2,"name":"Salida fotogr\u00e1fica: \u201cLES TRES XEMENEIES\u201d Sant Adri\u00e0 del Bes\u00f2s \/ Grupo de Cultura"}]},{"@type":"WebSite","@id":"https:\/\/afc.cat\/es\/#website","url":"https:\/\/afc.cat\/es\/","name":"Agrupaci\u00f3 Fotogr\u00e0fica de Catalunya","description":"Fomento y divulgaci\u00f3n de la fotograf\u00eda en todas sus variedades","potentialAction":[{"@type":"SearchAction","target":{"@type":"EntryPoint","urlTemplate":"https:\/\/afc.cat\/es\/?s={search_term_string}"},"query-input":{"@type":"PropertyValueSpecification","valueRequired":true,"valueName":"search_term_string"}}],"inLanguage":"es"}]}},"_links":{"self":[{"href":"https:\/\/afc.cat\/es\/wp-json\/wp\/v2\/class\/39380","targetHints":{"allow":["GET"]}}],"collection":[{"href":"https:\/\/afc.cat\/es\/wp-json\/wp\/v2\/class"}],"about":[{"href":"https:\/\/afc.cat\/es\/wp-json\/wp\/v2\/types\/class"}],"wp:attachment":[{"href":"https:\/\/afc.cat\/es\/wp-json\/wp\/v2\/media?parent=39380"}],"wp:term":[{"taxonomy":"wcs-type","embeddable":true,"href":"https:\/\/afc.cat\/es\/wp-json\/wp\/v2\/wcs-type?post=39380"},{"taxonomy":"wcs-room","embeddable":true,"href":"https:\/\/afc.cat\/es\/wp-json\/wp\/v2\/wcs-room?post=39380"},{"taxonomy":"wcs-instructor","embeddable":true,"href":"https:\/\/afc.cat\/es\/wp-json\/wp\/v2\/wcs-instructor?post=39380"}],"curies":[{"name":"wp","href":"https:\/\/api.w.org\/{rel}","templated":true}]}}