{"id":39549,"date":"2024-10-22T18:44:09","date_gmt":"2024-10-22T16:44:09","guid":{"rendered":"https:\/\/afc.cat\/?post_type=class&#038;p=39549"},"modified":"2025-01-23T01:26:34","modified_gmt":"2025-01-22T23:26:34","slug":"exposicion-fotografica-temporal-picados-fotograficos-autors-rawx3","status":"publish","type":"class","link":"https:\/\/afc.cat\/es\/activitat\/exposicion-fotografica-temporal-picados-fotograficos-autors-rawx3\/","title":{"rendered":"Exposici\u00f3n fotogr\u00e1fica temporal \u201cPicados fotogr\u00e1ficos\u201d\/ Autors: Rawx3"},"content":{"rendered":"<p><div class=\"fusion-fullwidth fullwidth-box fusion-builder-row-1 fusion-flex-container nonhundred-percent-fullwidth non-hundred-percent-height-scrolling\" style=\"background-color: rgba(255,255,255,0);background-position: center center;background-repeat: no-repeat;border-width: 0px 15px 0px 0px;border-color:#ffffff;border-style:solid;\" ><div class=\"fusion-builder-row fusion-row fusion-flex-align-items-flex-start\" style=\"max-width:1300px;margin-left: calc(-4% \/ 2 );margin-right: calc(-4% \/ 2 );\"><div class=\"fusion-layout-column fusion_builder_column fusion-builder-column-0 fusion_builder_column_1_1 1_1 fusion-flex-column\"><div class=\"fusion-column-wrapper fusion-flex-justify-content-flex-start fusion-content-layout-column\" style=\"background-position:left top;background-repeat:no-repeat;-webkit-background-size:cover;-moz-background-size:cover;-o-background-size:cover;background-size:cover;padding: 0px 0px 0px 0px;\"><div class=\"fusion-text fusion-text-1\"><div class=\"traductor-textarea form-group\">\n<div class=\"textarea-desti col-xs-12 col-sm-6\">\n<h2 class=\"form-control second-textarea\">El grupo\u00a0RAWx3<\/h2>\n<div class=\"form-control second-textarea\">El grupo RAWx3 est\u00e1 formado por tres socios que nos conocimos a la Agrupaci\u00f3 Fotogr\u00e0fica de Catalunya. Unidos por nuestra pasi\u00f3n por la fotograf\u00eda, hemos salido a menudo juntos con la c\u00e1mara, compartiendo conocimientos y aprendizajes. A pesar de tener tres visiones diferentes de la fotograf\u00eda, estas perspectivas se complementan para formar un conjunto armonioso. El nombre del grupo, RAWx3, refleja tanto nuestra conexi\u00f3n con la fotograf\u00eda digital (RAW) como el n\u00famero de miembros (x3).<\/div>\n<div><\/div>\n<div class=\"form-control second-textarea\"><strong>Exposiciones virtuales: Origen del proyecto<\/strong><\/div>\n<div><\/div>\n<div class=\"form-control second-textarea\">El verano del 2021, decidimos trabajar una serie de temas fotogr\u00e1ficos con el objetivo de mantener la motivaci\u00f3n y afrontar nuevos retos para crecer en nuestra afici\u00f3n.<\/div>\n<div><\/div>\n<div class=\"form-control second-textarea\">Inicialmente, no ten\u00edamos planes concretos para las obras producidas, pero nuestro amigo y profesor, Daniel Rivera, nos anim\u00f3 a crear formatos audiovisuales para las mejores fotos de cada tema. Inspirados por las nuevas tendencias en galer\u00edas de arte, vimos que las exposiciones f\u00edsicas a menudo se complementan con formatos audiovisuales que explican la obra del fot\u00f3grafo de manera innovadora e impactante.<\/div>\n<div><\/div>\n<div class=\"form-control second-textarea\">As\u00ed naci\u00f3 la idea de crear formatos audiovisuales para acompa\u00f1ar futuras exposiciones tradicionales, ofreciendo una experiencia m\u00e1s rica y adaptada a los tiempos actuales.<\/div>\n<div><\/div>\n<div class=\"form-control second-textarea\">Las Exposiciones Virtuales de\u00a0RAWx3\u00a0presentan alrededor de 30 fotograf\u00edas de los tres miembros del grupo, en formato audiovisual. Estas exposiciones se muestran en un video con banda sonora y t\u00edtulos de cr\u00e9dito, con una duraci\u00f3n de 7 a 10 minutos.<\/div>\n<div><\/div>\n<div class=\"form-control second-textarea\">La primera exposici\u00f3n, centrada en lo tema \u201cCOLORES\u201d, se present\u00f3 en la sala Rinc\u00f3n del Socio de la AFC en noviembre del 2022. Ahora, os presentamos nuestra segunda exposici\u00f3n virtual, que incluye el video proyectado en la pantalla del vest\u00edbulo y 18 fotograf\u00edas impresas de las 30 que aparecen al video expuestas en la sala Rac\u00f3 del Soci, bajo el tema<strong> \u201cPICADOS FOTOGR\u00c1FICOS\u201d.<\/strong><\/div>\n<div><\/div>\n<div class=\"form-control second-textarea\">Un picado fotogr\u00e1fico se produce cuando la c\u00e1mara se coloca por encima del sujeto u objeto, orientada ligeramente hacia abajo. Este tipo de encuadre crea una sensaci\u00f3n de vulnerabilidad o inferioridad en el objeto fotografiado, puesto que el \u00e1ngulo superior tiende a disminuir su presencia y a hacerlo parecer m\u00e1s peque\u00f1o o indefenso. Esta t\u00e9cnica es a menudo utilizada para transmitir emociones espec\u00edficas y para a\u00f1adir una dimensi\u00f3n psicol\u00f3gica a la imagen. Esperamos que disfrut\u00e9is de esta iniciativa que hemos preparado con mucha ilusi\u00f3n.<\/div>\n<div><\/div>\n<div class=\"form-control second-textarea\">RAWx3: Noviembre 2024<\/div>\n<div><\/div>\n<div class=\"form-control second-textarea\"><strong> Anna\u00a0Barn\u00e9s<\/strong><\/div>\n<div class=\"form-control second-textarea\"><strong>\u00a0\u00c0ngel\u00a0Colado<\/strong><\/div>\n<div class=\"form-control second-textarea\"><strong>\u00a0Santiago Garc\u00eda<\/strong><\/div>\n<\/div>\n<\/div>\n<div class=\"traductor-checkbox form-group\">\n<div class=\"row\">\n<div class=\"col-sm-5\"><\/div>\n<\/div>\n<\/div>\n<\/div><div ><style>.fusion-imageframe.imageframe-1{ margin-top : 30px;}<\/style><span class=\" fusion-imageframe imageframe-none imageframe-1 hover-type-none\"><img decoding=\"async\" width=\"420\" height=\"79\" title=\"cultura\" src=\"https:\/\/afc.cat\/wp-content\/uploads\/2025\/01\/logos_generalitat_-ajuntament-bcn.jpg\" alt class=\"img-responsive wp-image-41129\" srcset=\"https:\/\/afc.cat\/wp-content\/uploads\/2025\/01\/logos_generalitat_-ajuntament-bcn-200x38.jpg 200w, https:\/\/afc.cat\/wp-content\/uploads\/2025\/01\/logos_generalitat_-ajuntament-bcn-400x75.jpg 400w, https:\/\/afc.cat\/wp-content\/uploads\/2025\/01\/logos_generalitat_-ajuntament-bcn.jpg 420w\" sizes=\"(max-width: 640px) 100vw, 420px\" \/><\/span><\/div><div ><span class=\" fusion-imageframe imageframe-none imageframe-2 hover-type-none\"><img decoding=\"async\" width=\"2264\" height=\"561\" title=\"Logos colaboradors\" src=\"https:\/\/afc.cat\/wp-content\/uploads\/2025\/01\/Logos-colaboradors.jpg\" alt class=\"img-responsive wp-image-40956\" srcset=\"https:\/\/afc.cat\/wp-content\/uploads\/2025\/01\/Logos-colaboradors-200x50.jpg 200w, https:\/\/afc.cat\/wp-content\/uploads\/2025\/01\/Logos-colaboradors-400x99.jpg 400w, https:\/\/afc.cat\/wp-content\/uploads\/2025\/01\/Logos-colaboradors-600x149.jpg 600w, https:\/\/afc.cat\/wp-content\/uploads\/2025\/01\/Logos-colaboradors-800x198.jpg 800w, https:\/\/afc.cat\/wp-content\/uploads\/2025\/01\/Logos-colaboradors-1200x297.jpg 1200w, https:\/\/afc.cat\/wp-content\/uploads\/2025\/01\/Logos-colaboradors.jpg 2264w\" sizes=\"(max-width: 640px) 100vw, 2264px\" \/><\/span><\/div><\/div><style type=\"text\/css\">.fusion-body .fusion-builder-column-0{width:100% !important;margin-top : 0px;margin-bottom : 0px;}.fusion-builder-column-0 > .fusion-column-wrapper {padding-top : 0px !important;padding-right : 0px !important;margin-right : 1.92%;padding-bottom : 0px !important;padding-left : 0px !important;margin-left : 1.92%;}@media only screen and (max-width:1024px) {.fusion-body .fusion-builder-column-0{width:100% !important;}.fusion-builder-column-0 > .fusion-column-wrapper {margin-right : 1.92%;margin-left : 1.92%;}}@media only screen and (max-width:640px) {.fusion-body .fusion-builder-column-0{width:100% !important;}.fusion-builder-column-0 > .fusion-column-wrapper {margin-right : 1.92%;margin-left : 1.92%;}}<\/style><\/div><\/div><style type=\"text\/css\">.fusion-body .fusion-flex-container.fusion-builder-row-1{ padding-top : 0px;margin-top : 0px;padding-right : 0px;padding-bottom : 0px;margin-bottom : 0px;padding-left : 0px;}<\/style><\/div><div class=\"fusion-fullwidth fullwidth-box fusion-builder-row-2 fusion-flex-container nonhundred-percent-fullwidth non-hundred-percent-height-scrolling\" style=\"background-color: rgba(255,255,255,0);background-position: center center;background-repeat: no-repeat;border-width: 0px 0px 0px 0px;border-color:#ffffff;border-style:solid;\" ><div class=\"fusion-builder-row fusion-row fusion-flex-align-items-flex-start\" style=\"max-width:1300px;margin-left: calc(-4% \/ 2 );margin-right: calc(-4% \/ 2 );\"><div class=\"fusion-layout-column fusion_builder_column fusion-builder-column-1 fusion_builder_column_1_2 1_2 fusion-flex-column\"><div class=\"fusion-column-wrapper fusion-flex-justify-content-flex-start fusion-content-layout-column\" style=\"background-position:left top;background-repeat:no-repeat;-webkit-background-size:cover;-moz-background-size:cover;-o-background-size:cover;background-size:cover;padding: 0px 0px 0px 0px;\"><\/div><style type=\"text\/css\">.fusion-body .fusion-builder-column-1{width:50% !important;margin-top : 0px;margin-bottom : 20px;}.fusion-builder-column-1 > .fusion-column-wrapper {padding-top : 0px !important;padding-right : 0px !important;margin-right : 3.84%;padding-bottom : 0px !important;padding-left : 0px !important;margin-left : 3.84%;}@media only screen and (max-width:1024px) {.fusion-body .fusion-builder-column-1{width:50% !important;order : 0;}.fusion-builder-column-1 > .fusion-column-wrapper {margin-right : 3.84%;margin-left : 3.84%;}}@media only screen and (max-width:640px) {.fusion-body .fusion-builder-column-1{width:100% !important;order : 0;}.fusion-builder-column-1 > .fusion-column-wrapper {margin-right : 1.92%;margin-left : 1.92%;}}<\/style><\/div><div class=\"fusion-layout-column fusion_builder_column fusion-builder-column-2 fusion_builder_column_1_2 1_2 fusion-flex-column\"><div class=\"fusion-column-wrapper fusion-flex-justify-content-flex-start fusion-content-layout-column\" style=\"background-position:left top;background-repeat:no-repeat;-webkit-background-size:cover;-moz-background-size:cover;-o-background-size:cover;background-size:cover;padding: 0px 0px 0px 0px;\"><\/div><style type=\"text\/css\">.fusion-body .fusion-builder-column-2{width:50% !important;margin-top : 0px;margin-bottom : 20px;}.fusion-builder-column-2 > .fusion-column-wrapper {padding-top : 0px !important;padding-right : 0px !important;margin-right : 3.84%;padding-bottom : 0px !important;padding-left : 0px !important;margin-left : 3.84%;}@media only screen and (max-width:1024px) {.fusion-body .fusion-builder-column-2{width:50% !important;order : 0;}.fusion-builder-column-2 > .fusion-column-wrapper {margin-right : 3.84%;margin-left : 3.84%;}}@media only screen and (max-width:640px) {.fusion-body .fusion-builder-column-2{width:100% !important;order : 0;}.fusion-builder-column-2 > .fusion-column-wrapper {margin-right : 1.92%;margin-left : 1.92%;}}<\/style><\/div><\/div><style type=\"text\/css\">.fusion-body .fusion-flex-container.fusion-builder-row-2{ padding-top : 0px;margin-top : 0px;padding-right : 0px;padding-bottom : 0px;margin-bottom : 0px;padding-left : 0px;}<\/style><\/div><\/p>\n","protected":false},"excerpt":{"rendered":"","protected":false},"template":"","meta":{"_acf_changed":false},"wcs-type":[112],"wcs-room":[421],"wcs-instructor":[447],"class_list":["post-39549","class","type-class","status-publish","hentry","wcs-type-exposiciones-afc","wcs-room-agrupacio-fotografica-de-catalunya-raco-del-soci","wcs-instructor-vocalia-de-exposicions-aleix-torrents"],"acf":[],"yoast_head":"<!-- This site is optimized with the Yoast SEO plugin v27.2 - https:\/\/yoast.com\/product\/yoast-seo-wordpress\/ -->\n<title>Exposici\u00f3n fotogr\u00e1fica temporal \u201cPicados fotogr\u00e1ficos\u201d\/ Autors: Rawx3 - Agrupaci\u00f3 Fotogr\u00e0fica de Catalunya<\/title>\n<meta name=\"robots\" content=\"index, follow, max-snippet:-1, max-image-preview:large, max-video-preview:-1\" \/>\n<link rel=\"canonical\" href=\"https:\/\/afc.cat\/es\/activitat\/exposicion-fotografica-temporal-picados-fotograficos-autors-rawx3\/\" \/>\n<meta property=\"og:locale\" content=\"es_ES\" \/>\n<meta property=\"og:type\" content=\"article\" \/>\n<meta property=\"og:title\" content=\"Exposici\u00f3n fotogr\u00e1fica temporal \u201cPicados fotogr\u00e1ficos\u201d\/ Autors: Rawx3 - Agrupaci\u00f3 Fotogr\u00e0fica de Catalunya\" \/>\n<meta property=\"og:url\" content=\"https:\/\/afc.cat\/es\/activitat\/exposicion-fotografica-temporal-picados-fotograficos-autors-rawx3\/\" \/>\n<meta property=\"og:site_name\" content=\"Agrupaci\u00f3 Fotogr\u00e0fica de Catalunya\" \/>\n<meta property=\"article:modified_time\" content=\"2025-01-22T23:26:34+00:00\" \/>\n<meta name=\"twitter:card\" content=\"summary_large_image\" \/>\n<meta name=\"twitter:label1\" content=\"Tiempo de lectura\" \/>\n\t<meta name=\"twitter:data1\" content=\"12 minutos\" \/>\n<script type=\"application\/ld+json\" class=\"yoast-schema-graph\">{\"@context\":\"https:\/\/schema.org\",\"@graph\":[{\"@type\":\"WebPage\",\"@id\":\"https:\/\/afc.cat\/es\/activitat\/exposicion-fotografica-temporal-picados-fotograficos-autors-rawx3\/\",\"url\":\"https:\/\/afc.cat\/es\/activitat\/exposicion-fotografica-temporal-picados-fotograficos-autors-rawx3\/\",\"name\":\"Exposici\u00f3n fotogr\u00e1fica temporal \u201cPicados fotogr\u00e1ficos\u201d\/ Autors: Rawx3 - Agrupaci\u00f3 Fotogr\u00e0fica de Catalunya\",\"isPartOf\":{\"@id\":\"https:\/\/afc.cat\/es\/#website\"},\"datePublished\":\"2024-10-22T16:44:09+00:00\",\"dateModified\":\"2025-01-22T23:26:34+00:00\",\"breadcrumb\":{\"@id\":\"https:\/\/afc.cat\/es\/activitat\/exposicion-fotografica-temporal-picados-fotograficos-autors-rawx3\/#breadcrumb\"},\"inLanguage\":\"es\",\"potentialAction\":[{\"@type\":\"ReadAction\",\"target\":[\"https:\/\/afc.cat\/es\/activitat\/exposicion-fotografica-temporal-picados-fotograficos-autors-rawx3\/\"]}]},{\"@type\":\"BreadcrumbList\",\"@id\":\"https:\/\/afc.cat\/es\/activitat\/exposicion-fotografica-temporal-picados-fotograficos-autors-rawx3\/#breadcrumb\",\"itemListElement\":[{\"@type\":\"ListItem\",\"position\":1,\"name\":\"Inicio\",\"item\":\"https:\/\/afc.cat\/es\/\"},{\"@type\":\"ListItem\",\"position\":2,\"name\":\"Exposici\u00f3n fotogr\u00e1fica temporal \u201cPicados fotogr\u00e1ficos\u201d\/ Autors: Rawx3\"}]},{\"@type\":\"WebSite\",\"@id\":\"https:\/\/afc.cat\/es\/#website\",\"url\":\"https:\/\/afc.cat\/es\/\",\"name\":\"Agrupaci\u00f3 Fotogr\u00e0fica de Catalunya\",\"description\":\"Fomento y divulgaci\u00f3n de la fotograf\u00eda en todas sus variedades\",\"potentialAction\":[{\"@type\":\"SearchAction\",\"target\":{\"@type\":\"EntryPoint\",\"urlTemplate\":\"https:\/\/afc.cat\/es\/?s={search_term_string}\"},\"query-input\":{\"@type\":\"PropertyValueSpecification\",\"valueRequired\":true,\"valueName\":\"search_term_string\"}}],\"inLanguage\":\"es\"}]}<\/script>\n<!-- \/ Yoast SEO plugin. -->","yoast_head_json":{"title":"Exposici\u00f3n fotogr\u00e1fica temporal \u201cPicados fotogr\u00e1ficos\u201d\/ Autors: Rawx3 - Agrupaci\u00f3 Fotogr\u00e0fica de Catalunya","robots":{"index":"index","follow":"follow","max-snippet":"max-snippet:-1","max-image-preview":"max-image-preview:large","max-video-preview":"max-video-preview:-1"},"canonical":"https:\/\/afc.cat\/es\/activitat\/exposicion-fotografica-temporal-picados-fotograficos-autors-rawx3\/","og_locale":"es_ES","og_type":"article","og_title":"Exposici\u00f3n fotogr\u00e1fica temporal \u201cPicados fotogr\u00e1ficos\u201d\/ Autors: Rawx3 - Agrupaci\u00f3 Fotogr\u00e0fica de Catalunya","og_url":"https:\/\/afc.cat\/es\/activitat\/exposicion-fotografica-temporal-picados-fotograficos-autors-rawx3\/","og_site_name":"Agrupaci\u00f3 Fotogr\u00e0fica de Catalunya","article_modified_time":"2025-01-22T23:26:34+00:00","twitter_card":"summary_large_image","twitter_misc":{"Tiempo de lectura":"12 minutos"},"schema":{"@context":"https:\/\/schema.org","@graph":[{"@type":"WebPage","@id":"https:\/\/afc.cat\/es\/activitat\/exposicion-fotografica-temporal-picados-fotograficos-autors-rawx3\/","url":"https:\/\/afc.cat\/es\/activitat\/exposicion-fotografica-temporal-picados-fotograficos-autors-rawx3\/","name":"Exposici\u00f3n fotogr\u00e1fica temporal \u201cPicados fotogr\u00e1ficos\u201d\/ Autors: Rawx3 - Agrupaci\u00f3 Fotogr\u00e0fica de Catalunya","isPartOf":{"@id":"https:\/\/afc.cat\/es\/#website"},"datePublished":"2024-10-22T16:44:09+00:00","dateModified":"2025-01-22T23:26:34+00:00","breadcrumb":{"@id":"https:\/\/afc.cat\/es\/activitat\/exposicion-fotografica-temporal-picados-fotograficos-autors-rawx3\/#breadcrumb"},"inLanguage":"es","potentialAction":[{"@type":"ReadAction","target":["https:\/\/afc.cat\/es\/activitat\/exposicion-fotografica-temporal-picados-fotograficos-autors-rawx3\/"]}]},{"@type":"BreadcrumbList","@id":"https:\/\/afc.cat\/es\/activitat\/exposicion-fotografica-temporal-picados-fotograficos-autors-rawx3\/#breadcrumb","itemListElement":[{"@type":"ListItem","position":1,"name":"Inicio","item":"https:\/\/afc.cat\/es\/"},{"@type":"ListItem","position":2,"name":"Exposici\u00f3n fotogr\u00e1fica temporal \u201cPicados fotogr\u00e1ficos\u201d\/ Autors: Rawx3"}]},{"@type":"WebSite","@id":"https:\/\/afc.cat\/es\/#website","url":"https:\/\/afc.cat\/es\/","name":"Agrupaci\u00f3 Fotogr\u00e0fica de Catalunya","description":"Fomento y divulgaci\u00f3n de la fotograf\u00eda en todas sus variedades","potentialAction":[{"@type":"SearchAction","target":{"@type":"EntryPoint","urlTemplate":"https:\/\/afc.cat\/es\/?s={search_term_string}"},"query-input":{"@type":"PropertyValueSpecification","valueRequired":true,"valueName":"search_term_string"}}],"inLanguage":"es"}]}},"_links":{"self":[{"href":"https:\/\/afc.cat\/es\/wp-json\/wp\/v2\/class\/39549","targetHints":{"allow":["GET"]}}],"collection":[{"href":"https:\/\/afc.cat\/es\/wp-json\/wp\/v2\/class"}],"about":[{"href":"https:\/\/afc.cat\/es\/wp-json\/wp\/v2\/types\/class"}],"wp:attachment":[{"href":"https:\/\/afc.cat\/es\/wp-json\/wp\/v2\/media?parent=39549"}],"wp:term":[{"taxonomy":"wcs-type","embeddable":true,"href":"https:\/\/afc.cat\/es\/wp-json\/wp\/v2\/wcs-type?post=39549"},{"taxonomy":"wcs-room","embeddable":true,"href":"https:\/\/afc.cat\/es\/wp-json\/wp\/v2\/wcs-room?post=39549"},{"taxonomy":"wcs-instructor","embeddable":true,"href":"https:\/\/afc.cat\/es\/wp-json\/wp\/v2\/wcs-instructor?post=39549"}],"curies":[{"name":"wp","href":"https:\/\/api.w.org\/{rel}","templated":true}]}}