{"id":39876,"date":"2024-11-07T17:37:53","date_gmt":"2024-11-07T15:37:53","guid":{"rendered":"https:\/\/afc.cat\/?post_type=class&#038;p=39876"},"modified":"2024-12-19T19:01:21","modified_gmt":"2024-12-19T17:01:21","slug":"tour-fotografic-a-la-camarga","status":"publish","type":"class","link":"https:\/\/afc.cat\/es\/activitat\/tour-fotografic-a-la-camarga\/","title":{"rendered":"Tour fotogr\u00e0fic a la Camarga"},"content":{"rendered":"<p><div class=\"fusion-fullwidth fullwidth-box fusion-builder-row-1 fusion-flex-container nonhundred-percent-fullwidth non-hundred-percent-height-scrolling\" style=\"background-color: rgba(255,255,255,0);background-position: center center;background-repeat: no-repeat;border-width: 0px 15px 0px 0px;border-color:#ffffff;border-style:solid;\" ><div class=\"fusion-builder-row fusion-row fusion-flex-align-items-flex-start\" style=\"max-width:1300px;margin-left: calc(-4% \/ 2 );margin-right: calc(-4% \/ 2 );\"><div class=\"fusion-layout-column fusion_builder_column fusion-builder-column-0 fusion_builder_column_1_1 1_1 fusion-flex-column\"><div class=\"fusion-column-wrapper fusion-flex-justify-content-flex-start fusion-content-layout-column\" style=\"background-position:left top;background-repeat:no-repeat;-webkit-background-size:cover;-moz-background-size:cover;-o-background-size:cover;background-size:cover;padding: 0px 0px 0px 0px;\"><div class=\"fusion-text fusion-text-1\"><h2>Tour fotogr\u00e1fico a la Camarga<\/h2>\n<h2>Plazas agotadas<\/h2>\n<h3>Athenea Birding &#8211;\u00a0 Sortides ornitol\u00f2giques<\/h3>\n<p>Este<strong> tour a la\u00a0Camarga<\/strong>\u00a0tiene una duraci\u00f3n de tres d\u00edas y est\u00e1 dise\u00f1ado para poder fotografiar los p\u00e1jaros de zonas h\u00famedas y el espectacular paisaje de la\u00a0Camarga\u00a0situado a la misma desembocadura del r\u00edo Mala.<\/p>\n<p><strong>CALENDARIO<\/strong><\/p>\n<p>27, 28 y 29 de enero<\/p>\n<p><strong>Como ser\u00e1n las jornadas?:<\/strong><\/p>\n<p>D\u00eda 1. Nos reuniremos ante La Pedrera (coordenadas: 41\u00b023\u201942.1\u201dN 2\u00b009\u201942.1\u201dE), hacia a las 07:00\u202fh y marcharemos hacia la Provenza. El primer punto ser\u00e1 el museo de la\u00a0Camarga. Despu\u00e9s nos dirigiremos al esta\u00f1o de Mas de\u00a0Agon. Intentaremos hacer la puesta de sol la\u00a0\u00c9tang\u00a0de\u00a0Vaccar\u00e8s\u00a0si el tiempo nos lo permite.<\/p>\n<p>D\u00eda 2. Saldremos del hotel antes de las 08:00\u202fh para estar en las primeras luces del d\u00eda en la playa de\u00a0Saintes-Mar\u00edas-de-la-Mero\u00a0y fotografiar varios p\u00e1jaros. Hacia las 10:30\u202fh \u00a0iremos a la reserva natural de Pont de\u00a0Gau\u00a0donde pasaremos la mayor parte del d\u00eda. Por la tarde marcharemos hacia el noroeste en una zona de salinas.<\/p>\n<p>D\u00eda 3. Una vez hecha lo\u00a0check-out\u00a0nos dirigiremos y perfilaremos la zona oeste del\u00a0\u00c9tang\u00a0de\u00a0Vaccar\u00e8s\u00a0hasta llegar a las salinas de\u00a0Giraud\u00a0y su playa donde se pueden encontrar variedad de lim\u00edcolas y flamencos. Hacia las 17:00 iniciaremos el camino de vuelta en Barcelona y daremos por finalizado nuestro tour.<\/p>\n<p>El precio por el tour de 3 d\u00edas es de 453,75\u20ac<\/p>\n<p><strong>Este precio incluye:<\/strong><\/p>\n<p>&#8211; Alojamiento de tres d\u00edas y dos noches en hotel con habitaci\u00f3n doble (con un suplemento de 45\u202f\u20ac si se quiere habitaci\u00f3n individual).<br \/>\n&#8211; Transporte de los tres d\u00edas en veh\u00edculo de 9 plazas desde Barcelona.<br \/>\n&#8211; Seguro de viaje.<br \/>\n&#8211; Entrada a la reserva natural de Pont de\u00a0Gau.<br \/>\n&#8211; Guiaje ornitol\u00f3gico.<br \/>\n&#8211; Telescopio\u00a030&#215;60.<br \/>\n&#8211; Reportaje en PDF y listado de especies observadas enviado por correo electr\u00f3nico en los d\u00edas posteriores al tour.<\/p>\n<p><strong>Cosas a tener en cuenta:<\/strong><\/p>\n<p>&#8211; Hay un<strong> m\u00ednimo de 4 plazas<\/strong> para realizar el tour y un <strong>m\u00e1ximo de 6.<\/strong><br \/>\n&#8211; El precio del tour de 3 d\u00edas es de 453,75\u202f\u20ac y el pago se har\u00e1 a trav\u00e9s de transferencia bancaria a: ES92 2100 0849 5102 0087 8802 (titular ARS\u00a0ATTACKS\u00a0S.L.) con el concepto \u201cCamarga\u201d.<br \/>\n&#8211; Se ha de traer ropa de abrigo, ya que puede hacer fr\u00edo y viento.<br \/>\n&#8211; La comida del primer d\u00eda lo podemos traer o se puede comprar en la Jonquera, el resto de los d\u00edas se tendr\u00e1 que comprar donde se almuerce.<br \/>\n&#8211; Cenaremos en un restaurant cerca del hotel.<\/p>\n<p>Para mayor informaci\u00f3n contact\u00e1is con<strong> athenea.birding@gmail.com<\/strong><\/p>\n<p><strong>\u00a9 Jordi Jover<\/strong><\/p>\n<\/div><\/div><style type=\"text\/css\">.fusion-body .fusion-builder-column-0{width:100% !important;margin-top : 0px;margin-bottom : 0px;}.fusion-builder-column-0 > .fusion-column-wrapper {padding-top : 0px !important;padding-right : 0px !important;margin-right : 1.92%;padding-bottom : 0px !important;padding-left : 0px !important;margin-left : 1.92%;}@media only screen and (max-width:1024px) {.fusion-body .fusion-builder-column-0{width:100% !important;}.fusion-builder-column-0 > .fusion-column-wrapper {margin-right : 1.92%;margin-left : 1.92%;}}@media only screen and (max-width:640px) {.fusion-body .fusion-builder-column-0{width:100% !important;}.fusion-builder-column-0 > .fusion-column-wrapper {margin-right : 1.92%;margin-left : 1.92%;}}<\/style><\/div><\/div><style type=\"text\/css\">.fusion-body .fusion-flex-container.fusion-builder-row-1{ padding-top : 0px;margin-top : 0px;padding-right : 0px;padding-bottom : 0px;margin-bottom : 0px;padding-left : 0px;}<\/style><\/div><div class=\"fusion-fullwidth fullwidth-box fusion-builder-row-2 fusion-flex-container nonhundred-percent-fullwidth non-hundred-percent-height-scrolling\" style=\"background-color: rgba(255,255,255,0);background-position: center center;background-repeat: no-repeat;border-width: 0px 0px 0px 0px;border-color:#ffffff;border-style:solid;\" ><div class=\"fusion-builder-row fusion-row fusion-flex-align-items-flex-start\" style=\"max-width:1300px;margin-left: calc(-4% \/ 2 );margin-right: calc(-4% \/ 2 );\"><div class=\"fusion-layout-column fusion_builder_column fusion-builder-column-1 fusion_builder_column_1_2 1_2 fusion-flex-column\"><div class=\"fusion-column-wrapper fusion-flex-justify-content-flex-start fusion-content-layout-column\" style=\"background-position:left top;background-repeat:no-repeat;-webkit-background-size:cover;-moz-background-size:cover;-o-background-size:cover;background-size:cover;padding: 0px 0px 0px 0px;\"><\/div><style type=\"text\/css\">.fusion-body .fusion-builder-column-1{width:50% !important;margin-top : 0px;margin-bottom : 20px;}.fusion-builder-column-1 > .fusion-column-wrapper {padding-top : 0px !important;padding-right : 0px !important;margin-right : 3.84%;padding-bottom : 0px !important;padding-left : 0px !important;margin-left : 3.84%;}@media only screen and (max-width:1024px) {.fusion-body .fusion-builder-column-1{width:50% !important;order : 0;}.fusion-builder-column-1 > .fusion-column-wrapper {margin-right : 3.84%;margin-left : 3.84%;}}@media only screen and (max-width:640px) {.fusion-body .fusion-builder-column-1{width:100% !important;order : 0;}.fusion-builder-column-1 > .fusion-column-wrapper {margin-right : 1.92%;margin-left : 1.92%;}}<\/style><\/div><div class=\"fusion-layout-column fusion_builder_column fusion-builder-column-2 fusion_builder_column_1_2 1_2 fusion-flex-column\"><div class=\"fusion-column-wrapper fusion-flex-justify-content-flex-start fusion-content-layout-column\" style=\"background-position:left top;background-repeat:no-repeat;-webkit-background-size:cover;-moz-background-size:cover;-o-background-size:cover;background-size:cover;padding: 0px 0px 0px 0px;\"><\/div><style type=\"text\/css\">.fusion-body .fusion-builder-column-2{width:50% !important;margin-top : 0px;margin-bottom : 20px;}.fusion-builder-column-2 > .fusion-column-wrapper {padding-top : 0px !important;padding-right : 0px !important;margin-right : 3.84%;padding-bottom : 0px !important;padding-left : 0px !important;margin-left : 3.84%;}@media only screen and (max-width:1024px) {.fusion-body .fusion-builder-column-2{width:50% !important;order : 0;}.fusion-builder-column-2 > .fusion-column-wrapper {margin-right : 3.84%;margin-left : 3.84%;}}@media only screen and (max-width:640px) {.fusion-body .fusion-builder-column-2{width:100% !important;order : 0;}.fusion-builder-column-2 > .fusion-column-wrapper {margin-right : 1.92%;margin-left : 1.92%;}}<\/style><\/div><\/div><style type=\"text\/css\">.fusion-body .fusion-flex-container.fusion-builder-row-2{ padding-top : 0px;margin-top : 0px;padding-right : 0px;padding-bottom : 0px;margin-bottom : 0px;padding-left : 0px;}<\/style><\/div><\/p>\n","protected":false},"excerpt":{"rendered":"","protected":false},"template":"","meta":{"_acf_changed":false},"wcs-type":[127,128],"wcs-room":[659],"wcs-instructor":[624],"class_list":["post-39876","class","type-class","status-publish","hentry","wcs-type-salidas","wcs-type-salidas-fotograficas","wcs-room-camarga-situat-a-la-mateixa-desembocadura-del-riu-roina","wcs-instructor-athenea-birding"],"acf":[],"yoast_head":"<!-- This site is optimized with the Yoast SEO plugin v27.5 - https:\/\/yoast.com\/product\/yoast-seo-wordpress\/ -->\n<title>Tour fotogr\u00e0fic a la Camarga - Agrupaci\u00f3 Fotogr\u00e0fica de Catalunya<\/title>\n<meta name=\"robots\" content=\"index, follow, max-snippet:-1, max-image-preview:large, max-video-preview:-1\" \/>\n<link rel=\"canonical\" href=\"https:\/\/afc.cat\/es\/activitat\/tour-fotografic-a-la-camarga\/\" \/>\n<meta property=\"og:locale\" content=\"es_ES\" \/>\n<meta property=\"og:type\" content=\"article\" \/>\n<meta property=\"og:title\" content=\"Tour fotogr\u00e0fic a la Camarga - Agrupaci\u00f3 Fotogr\u00e0fica de Catalunya\" \/>\n<meta property=\"og:url\" content=\"https:\/\/afc.cat\/es\/activitat\/tour-fotografic-a-la-camarga\/\" \/>\n<meta property=\"og:site_name\" content=\"Agrupaci\u00f3 Fotogr\u00e0fica de Catalunya\" \/>\n<meta property=\"article:modified_time\" content=\"2024-12-19T17:01:21+00:00\" \/>\n<meta name=\"twitter:card\" content=\"summary_large_image\" \/>\n<meta name=\"twitter:label1\" content=\"Tiempo de lectura\" \/>\n\t<meta name=\"twitter:data1\" content=\"10 minutos\" \/>\n<script type=\"application\/ld+json\" class=\"yoast-schema-graph\">{\"@context\":\"https:\\\/\\\/schema.org\",\"@graph\":[{\"@type\":\"WebPage\",\"@id\":\"https:\\\/\\\/afc.cat\\\/es\\\/activitat\\\/tour-fotografic-a-la-camarga\\\/\",\"url\":\"https:\\\/\\\/afc.cat\\\/es\\\/activitat\\\/tour-fotografic-a-la-camarga\\\/\",\"name\":\"Tour fotogr\u00e0fic a la Camarga - Agrupaci\u00f3 Fotogr\u00e0fica de Catalunya\",\"isPartOf\":{\"@id\":\"https:\\\/\\\/afc.cat\\\/es\\\/#website\"},\"datePublished\":\"2024-11-07T15:37:53+00:00\",\"dateModified\":\"2024-12-19T17:01:21+00:00\",\"breadcrumb\":{\"@id\":\"https:\\\/\\\/afc.cat\\\/es\\\/activitat\\\/tour-fotografic-a-la-camarga\\\/#breadcrumb\"},\"inLanguage\":\"es\",\"potentialAction\":[{\"@type\":\"ReadAction\",\"target\":[\"https:\\\/\\\/afc.cat\\\/es\\\/activitat\\\/tour-fotografic-a-la-camarga\\\/\"]}]},{\"@type\":\"BreadcrumbList\",\"@id\":\"https:\\\/\\\/afc.cat\\\/es\\\/activitat\\\/tour-fotografic-a-la-camarga\\\/#breadcrumb\",\"itemListElement\":[{\"@type\":\"ListItem\",\"position\":1,\"name\":\"Inicio\",\"item\":\"https:\\\/\\\/afc.cat\\\/es\\\/\"},{\"@type\":\"ListItem\",\"position\":2,\"name\":\"Tour fotogr\u00e0fic a la Camarga\"}]},{\"@type\":\"WebSite\",\"@id\":\"https:\\\/\\\/afc.cat\\\/es\\\/#website\",\"url\":\"https:\\\/\\\/afc.cat\\\/es\\\/\",\"name\":\"Agrupaci\u00f3 Fotogr\u00e0fica de Catalunya\",\"description\":\"Fomento y divulgaci\u00f3n de la fotograf\u00eda en todas sus variedades\",\"potentialAction\":[{\"@type\":\"SearchAction\",\"target\":{\"@type\":\"EntryPoint\",\"urlTemplate\":\"https:\\\/\\\/afc.cat\\\/es\\\/?s={search_term_string}\"},\"query-input\":{\"@type\":\"PropertyValueSpecification\",\"valueRequired\":true,\"valueName\":\"search_term_string\"}}],\"inLanguage\":\"es\"}]}<\/script>\n<!-- \/ Yoast SEO plugin. -->","yoast_head_json":{"title":"Tour fotogr\u00e0fic a la Camarga - Agrupaci\u00f3 Fotogr\u00e0fica de Catalunya","robots":{"index":"index","follow":"follow","max-snippet":"max-snippet:-1","max-image-preview":"max-image-preview:large","max-video-preview":"max-video-preview:-1"},"canonical":"https:\/\/afc.cat\/es\/activitat\/tour-fotografic-a-la-camarga\/","og_locale":"es_ES","og_type":"article","og_title":"Tour fotogr\u00e0fic a la Camarga - Agrupaci\u00f3 Fotogr\u00e0fica de Catalunya","og_url":"https:\/\/afc.cat\/es\/activitat\/tour-fotografic-a-la-camarga\/","og_site_name":"Agrupaci\u00f3 Fotogr\u00e0fica de Catalunya","article_modified_time":"2024-12-19T17:01:21+00:00","twitter_card":"summary_large_image","twitter_misc":{"Tiempo de lectura":"10 minutos"},"schema":{"@context":"https:\/\/schema.org","@graph":[{"@type":"WebPage","@id":"https:\/\/afc.cat\/es\/activitat\/tour-fotografic-a-la-camarga\/","url":"https:\/\/afc.cat\/es\/activitat\/tour-fotografic-a-la-camarga\/","name":"Tour fotogr\u00e0fic a la Camarga - Agrupaci\u00f3 Fotogr\u00e0fica de Catalunya","isPartOf":{"@id":"https:\/\/afc.cat\/es\/#website"},"datePublished":"2024-11-07T15:37:53+00:00","dateModified":"2024-12-19T17:01:21+00:00","breadcrumb":{"@id":"https:\/\/afc.cat\/es\/activitat\/tour-fotografic-a-la-camarga\/#breadcrumb"},"inLanguage":"es","potentialAction":[{"@type":"ReadAction","target":["https:\/\/afc.cat\/es\/activitat\/tour-fotografic-a-la-camarga\/"]}]},{"@type":"BreadcrumbList","@id":"https:\/\/afc.cat\/es\/activitat\/tour-fotografic-a-la-camarga\/#breadcrumb","itemListElement":[{"@type":"ListItem","position":1,"name":"Inicio","item":"https:\/\/afc.cat\/es\/"},{"@type":"ListItem","position":2,"name":"Tour fotogr\u00e0fic a la Camarga"}]},{"@type":"WebSite","@id":"https:\/\/afc.cat\/es\/#website","url":"https:\/\/afc.cat\/es\/","name":"Agrupaci\u00f3 Fotogr\u00e0fica de Catalunya","description":"Fomento y divulgaci\u00f3n de la fotograf\u00eda en todas sus variedades","potentialAction":[{"@type":"SearchAction","target":{"@type":"EntryPoint","urlTemplate":"https:\/\/afc.cat\/es\/?s={search_term_string}"},"query-input":{"@type":"PropertyValueSpecification","valueRequired":true,"valueName":"search_term_string"}}],"inLanguage":"es"}]}},"_links":{"self":[{"href":"https:\/\/afc.cat\/es\/wp-json\/wp\/v2\/class\/39876","targetHints":{"allow":["GET"]}}],"collection":[{"href":"https:\/\/afc.cat\/es\/wp-json\/wp\/v2\/class"}],"about":[{"href":"https:\/\/afc.cat\/es\/wp-json\/wp\/v2\/types\/class"}],"wp:attachment":[{"href":"https:\/\/afc.cat\/es\/wp-json\/wp\/v2\/media?parent=39876"}],"wp:term":[{"taxonomy":"wcs-type","embeddable":true,"href":"https:\/\/afc.cat\/es\/wp-json\/wp\/v2\/wcs-type?post=39876"},{"taxonomy":"wcs-room","embeddable":true,"href":"https:\/\/afc.cat\/es\/wp-json\/wp\/v2\/wcs-room?post=39876"},{"taxonomy":"wcs-instructor","embeddable":true,"href":"https:\/\/afc.cat\/es\/wp-json\/wp\/v2\/wcs-instructor?post=39876"}],"curies":[{"name":"wp","href":"https:\/\/api.w.org\/{rel}","templated":true}]}}