{"id":39986,"date":"2024-11-12T20:30:16","date_gmt":"2024-11-12T18:30:16","guid":{"rendered":"https:\/\/afc.cat\/?post_type=class&#038;p=39986"},"modified":"2025-01-16T13:59:58","modified_gmt":"2025-01-16T11:59:58","slug":"exposicion-fotografica-temporal-exposicio-no-1-grupo-fotografia-de-retrato","status":"publish","type":"class","link":"https:\/\/afc.cat\/es\/activitat\/exposicion-fotografica-temporal-exposicio-no-1-grupo-fotografia-de-retrato\/","title":{"rendered":"Exposici\u00f3n fotogr\u00e1fica temporal \u201cExposici\u00f3 n\u00ba 1\u201d\/ Grupo Fotograf\u00eda de Retrato"},"content":{"rendered":"<p><div class=\"fusion-fullwidth fullwidth-box fusion-builder-row-1 fusion-flex-container nonhundred-percent-fullwidth non-hundred-percent-height-scrolling\" style=\"background-color: rgba(255,255,255,0);background-position: center center;background-repeat: no-repeat;border-width: 0px 15px 0px 0px;border-color:#ffffff;border-style:solid;\" ><div class=\"fusion-builder-row fusion-row fusion-flex-align-items-flex-start\" style=\"max-width:1300px;margin-left: calc(-4% \/ 2 );margin-right: calc(-4% \/ 2 );\"><div class=\"fusion-layout-column fusion_builder_column fusion-builder-column-0 fusion_builder_column_1_1 1_1 fusion-flex-column\"><div class=\"fusion-column-wrapper fusion-flex-justify-content-flex-start fusion-content-layout-column\" style=\"background-position:left top;background-repeat:no-repeat;-webkit-background-size:cover;-moz-background-size:cover;-o-background-size:cover;background-size:cover;padding: 0px 0px 0px 0px;\"><div class=\"fusion-text fusion-text-1\"><h2>UNA\u00a0 BREVE\u00a0\u00a0INTRODUCCI\u00d3N<\/h2>\n<p>Bienvenido visitante.<\/p>\n<p>El grupo de retrato, actualmente formado por 16 miembros, presenta en forma de exposici\u00f3n, un resumen de su trabajo durante el \u00faltimo a\u00f1o 2023 (cuando solo \u00e9ramos 9). No es un concurso y seguramente\u00a0 no son las mejores fotos que se han hecho, pero s\u00ed que son las que cada cual ha querido presentar a este acontecimiento con la idea\u00a0 de proponer unas l\u00edneas de trabajo m\u00e1s que unos resultados ya conseguidos.<\/p>\n<p>Aqu\u00ed, los fot\u00f3grafos reconocidos (algunos internacionalmente) no han tenido ning\u00fan problema a exponer junto a los ne\u00f3fitos, reconociendo, de este modo, que todos hemos aprendido algo de los otros, de fotograf\u00eda, pero tambi\u00e9n de la vida, del arte, de las varias maneras de ver y de vivir\u00a0 el mundo. \u00a0Esta posibilidad de compartir ideas, consecuencia directa de las largas esperas de las sesiones de estudio, nos ha permitido\u00a0 acceder a una experiencia \u00a0colectiva importante, especialmente en un contexto en que suele predominar cierto esp\u00edritu de competencia y, por lo tanto, \u00a0\u00a0generador de individualidades.<\/p>\n<p>El observador de esta exposici\u00f3n se dar\u00e1 cuenta que \u00a0los miembros del grupo no tienen ning\u00fan problema a realizar y, por lo tanto, al representar el desnudo. Buena parte de su trabajo se ha dirigido hacia la mejor expresi\u00f3n posible de este aspecto del arte que ha tenido un papel\u00a0 preponderante\u00a0 desde mucho antes de en\u00a0Fidias.<\/p>\n<p>La mejor\u00a0 representaci\u00f3n del cuerpo humano quiz\u00e1s todav\u00eda es un hito para lograr, es una utop\u00eda en la cual creemos que \u00a0merece la pena trabajar permanentemente.<\/p>\n<p>Por el mismo motivo es una exposici\u00f3n que podr\u00eda afectar a personas relativamente sensibles a estos temas o a personas j\u00f3venes \u00a0poco formadas, en ambos casos recomendamos que se abstengan de asistir.<\/p>\n<p>Cuando la mirada\u00a0 no ha dejado de ser \u201cpura y brillando\u201d (del\u00a0bunker\u00a0de en\u00a0Peyu), siempre el\u00a0 mejor traje ha sido la misma piel. Puede ser que en este contexto sea oportuno recordar la frase de Emma\u00a0Goldman: \u201d\u00a0It\u00a0requires\u00a0less\u00a0mental\u00a0effort\u00a0tono\u00a0condemn\u00a0than\u00a0tono\u00a0think\u00a0(Condenar\u00a0 requiere menos esfuerzo intelectual que pensar).<\/p>\n<p>Alg\u00fan d\u00eda tendremos que aclarar de una vez por todas si culturalmente somos Darwinianos o todav\u00eda son Genesistas. Si somos racionales o todav\u00eda son v\u00edctimas de miedos ancestrales transformados en mitos.<\/p>\n<p>Disfruta de la exposici\u00f3n, compa\u00f1ero.<\/p>\n<p><strong>Fructu\u00f3s (coordinador)<\/strong><\/p>\n<p>Foto: \u00a9 Ricard Garnier<\/p>\n<p><strong>INAUGURACI\u00d3N<\/strong><\/p>\n<p>Martes\u00a0 3\/12\/2024 , a las 19h<\/p>\n<p>Puedes visitar la muestra hasta el 24 diciembre de 2024<\/p>\n<p><strong>Entrada libre y gratuita<\/strong><\/p>\n<p><strong>HORARI<\/strong><\/p>\n<p>Sala polivalente: abierta martes y viernes tarde y s\u00e1bados ma\u00f1anas. Consulta las diferentes <a href=\"https:\/\/afc.cat\/activitats\/\">activitats<\/a> de la Sala de exposiciones<\/p>\n<\/div><div ><span class=\" fusion-imageframe imageframe-none imageframe-1 hover-type-none\"><img decoding=\"async\" width=\"799\" height=\"142\" title=\"Logo Gene-Ajuntament\" src=\"https:\/\/afc.cat\/wp-content\/uploads\/2025\/01\/Logo-Gene-Ajuntament.jpg\" alt class=\"img-responsive wp-image-40954\" srcset=\"https:\/\/afc.cat\/wp-content\/uploads\/2025\/01\/Logo-Gene-Ajuntament-200x36.jpg 200w, https:\/\/afc.cat\/wp-content\/uploads\/2025\/01\/Logo-Gene-Ajuntament-400x71.jpg 400w, https:\/\/afc.cat\/wp-content\/uploads\/2025\/01\/Logo-Gene-Ajuntament-600x107.jpg 600w, https:\/\/afc.cat\/wp-content\/uploads\/2025\/01\/Logo-Gene-Ajuntament.jpg 799w\" sizes=\"(max-width: 640px) 100vw, 799px\" \/><\/span><\/div><div ><span class=\" fusion-imageframe imageframe-none imageframe-2 hover-type-none\"><img decoding=\"async\" width=\"2264\" height=\"561\" title=\"Logos colaboradors\" src=\"https:\/\/afc.cat\/wp-content\/uploads\/2025\/01\/Logos-colaboradors.jpg\" alt class=\"img-responsive wp-image-40956\" srcset=\"https:\/\/afc.cat\/wp-content\/uploads\/2025\/01\/Logos-colaboradors-200x50.jpg 200w, https:\/\/afc.cat\/wp-content\/uploads\/2025\/01\/Logos-colaboradors-400x99.jpg 400w, https:\/\/afc.cat\/wp-content\/uploads\/2025\/01\/Logos-colaboradors-600x149.jpg 600w, https:\/\/afc.cat\/wp-content\/uploads\/2025\/01\/Logos-colaboradors-800x198.jpg 800w, https:\/\/afc.cat\/wp-content\/uploads\/2025\/01\/Logos-colaboradors-1200x297.jpg 1200w, https:\/\/afc.cat\/wp-content\/uploads\/2025\/01\/Logos-colaboradors.jpg 2264w\" sizes=\"(max-width: 640px) 100vw, 2264px\" \/><\/span><\/div><\/div><style type=\"text\/css\">.fusion-body .fusion-builder-column-0{width:100% !important;margin-top : 0px;margin-bottom : 0px;}.fusion-builder-column-0 > .fusion-column-wrapper {padding-top : 0px !important;padding-right : 0px !important;margin-right : 1.92%;padding-bottom : 0px !important;padding-left : 0px !important;margin-left : 1.92%;}@media only screen and (max-width:1024px) {.fusion-body .fusion-builder-column-0{width:100% !important;}.fusion-builder-column-0 > .fusion-column-wrapper {margin-right : 1.92%;margin-left : 1.92%;}}@media only screen and (max-width:640px) {.fusion-body .fusion-builder-column-0{width:100% !important;}.fusion-builder-column-0 > .fusion-column-wrapper {margin-right : 1.92%;margin-left : 1.92%;}}<\/style><\/div><\/div><style type=\"text\/css\">.fusion-body .fusion-flex-container.fusion-builder-row-1{ padding-top : 0px;margin-top : 0px;padding-right : 0px;padding-bottom : 0px;margin-bottom : 0px;padding-left : 0px;}<\/style><\/div><div class=\"fusion-fullwidth fullwidth-box fusion-builder-row-2 fusion-flex-container nonhundred-percent-fullwidth non-hundred-percent-height-scrolling\" style=\"background-color: rgba(255,255,255,0);background-position: center center;background-repeat: no-repeat;border-width: 0px 0px 0px 0px;border-color:#ffffff;border-style:solid;\" ><div class=\"fusion-builder-row fusion-row fusion-flex-align-items-flex-start\" style=\"max-width:1300px;margin-left: calc(-4% \/ 2 );margin-right: calc(-4% \/ 2 );\"><div class=\"fusion-layout-column fusion_builder_column fusion-builder-column-1 fusion_builder_column_1_2 1_2 fusion-flex-column\"><div class=\"fusion-column-wrapper fusion-flex-justify-content-flex-start fusion-content-layout-column\" style=\"background-position:left top;background-repeat:no-repeat;-webkit-background-size:cover;-moz-background-size:cover;-o-background-size:cover;background-size:cover;padding: 0px 0px 0px 0px;\"><\/div><style type=\"text\/css\">.fusion-body .fusion-builder-column-1{width:50% !important;margin-top : 0px;margin-bottom : 20px;}.fusion-builder-column-1 > .fusion-column-wrapper {padding-top : 0px !important;padding-right : 0px !important;margin-right : 3.84%;padding-bottom : 0px !important;padding-left : 0px !important;margin-left : 3.84%;}@media only screen and (max-width:1024px) {.fusion-body .fusion-builder-column-1{width:50% !important;order : 0;}.fusion-builder-column-1 > .fusion-column-wrapper {margin-right : 3.84%;margin-left : 3.84%;}}@media only screen and (max-width:640px) {.fusion-body .fusion-builder-column-1{width:100% !important;order : 0;}.fusion-builder-column-1 > .fusion-column-wrapper {margin-right : 1.92%;margin-left : 1.92%;}}<\/style><\/div><div class=\"fusion-layout-column fusion_builder_column fusion-builder-column-2 fusion_builder_column_1_2 1_2 fusion-flex-column\"><div class=\"fusion-column-wrapper fusion-flex-justify-content-flex-start fusion-content-layout-column\" style=\"background-position:left top;background-repeat:no-repeat;-webkit-background-size:cover;-moz-background-size:cover;-o-background-size:cover;background-size:cover;padding: 0px 0px 0px 0px;\"><\/div><style type=\"text\/css\">.fusion-body .fusion-builder-column-2{width:50% !important;margin-top : 0px;margin-bottom : 20px;}.fusion-builder-column-2 > .fusion-column-wrapper {padding-top : 0px !important;padding-right : 0px !important;margin-right : 3.84%;padding-bottom : 0px !important;padding-left : 0px !important;margin-left : 3.84%;}@media only screen and (max-width:1024px) {.fusion-body .fusion-builder-column-2{width:50% !important;order : 0;}.fusion-builder-column-2 > .fusion-column-wrapper {margin-right : 3.84%;margin-left : 3.84%;}}@media only screen and (max-width:640px) {.fusion-body .fusion-builder-column-2{width:100% !important;order : 0;}.fusion-builder-column-2 > .fusion-column-wrapper {margin-right : 1.92%;margin-left : 1.92%;}}<\/style><\/div><\/div><style type=\"text\/css\">.fusion-body .fusion-flex-container.fusion-builder-row-2{ padding-top : 0px;margin-top : 0px;padding-right : 0px;padding-bottom : 0px;margin-bottom : 0px;padding-left : 0px;}<\/style><\/div><\/p>\n","protected":false},"excerpt":{"rendered":"","protected":false},"template":"","meta":{"_acf_changed":false},"wcs-type":[695,112],"wcs-room":[131],"wcs-instructor":[437],"class_list":["post-39986","class","type-class","status-publish","hentry","wcs-type-estudio","wcs-type-exposiciones-afc","wcs-room-agrupacio-fotografica-de-catalunya","wcs-instructor-vocalia-exposicions-aleix-torrents"],"acf":[],"yoast_head":"<!-- This site is optimized with the Yoast SEO plugin v27.5 - https:\/\/yoast.com\/product\/yoast-seo-wordpress\/ -->\n<title>Exposici\u00f3n fotogr\u00e1fica temporal \u201cExposici\u00f3 n\u00ba 1\u201d\/ Grupo Fotograf\u00eda de Retrato - Agrupaci\u00f3 Fotogr\u00e0fica de Catalunya<\/title>\n<meta name=\"robots\" content=\"index, follow, max-snippet:-1, max-image-preview:large, max-video-preview:-1\" \/>\n<link rel=\"canonical\" href=\"https:\/\/afc.cat\/es\/activitat\/exposicion-fotografica-temporal-exposicio-no-1-grupo-fotografia-de-retrato\/\" \/>\n<meta property=\"og:locale\" content=\"es_ES\" \/>\n<meta property=\"og:type\" content=\"article\" \/>\n<meta property=\"og:title\" content=\"Exposici\u00f3n fotogr\u00e1fica temporal \u201cExposici\u00f3 n\u00ba 1\u201d\/ Grupo Fotograf\u00eda de Retrato - Agrupaci\u00f3 Fotogr\u00e0fica de Catalunya\" \/>\n<meta property=\"og:url\" content=\"https:\/\/afc.cat\/es\/activitat\/exposicion-fotografica-temporal-exposicio-no-1-grupo-fotografia-de-retrato\/\" \/>\n<meta property=\"og:site_name\" content=\"Agrupaci\u00f3 Fotogr\u00e0fica de Catalunya\" \/>\n<meta property=\"article:modified_time\" content=\"2025-01-16T11:59:58+00:00\" \/>\n<meta name=\"twitter:card\" content=\"summary_large_image\" \/>\n<meta name=\"twitter:label1\" content=\"Tiempo de lectura\" \/>\n\t<meta name=\"twitter:data1\" content=\"12 minutos\" \/>\n<script type=\"application\/ld+json\" class=\"yoast-schema-graph\">{\"@context\":\"https:\\\/\\\/schema.org\",\"@graph\":[{\"@type\":\"WebPage\",\"@id\":\"https:\\\/\\\/afc.cat\\\/es\\\/activitat\\\/exposicion-fotografica-temporal-exposicio-no-1-grupo-fotografia-de-retrato\\\/\",\"url\":\"https:\\\/\\\/afc.cat\\\/es\\\/activitat\\\/exposicion-fotografica-temporal-exposicio-no-1-grupo-fotografia-de-retrato\\\/\",\"name\":\"Exposici\u00f3n fotogr\u00e1fica temporal \u201cExposici\u00f3 n\u00ba 1\u201d\\\/ Grupo Fotograf\u00eda de Retrato - Agrupaci\u00f3 Fotogr\u00e0fica de Catalunya\",\"isPartOf\":{\"@id\":\"https:\\\/\\\/afc.cat\\\/es\\\/#website\"},\"datePublished\":\"2024-11-12T18:30:16+00:00\",\"dateModified\":\"2025-01-16T11:59:58+00:00\",\"breadcrumb\":{\"@id\":\"https:\\\/\\\/afc.cat\\\/es\\\/activitat\\\/exposicion-fotografica-temporal-exposicio-no-1-grupo-fotografia-de-retrato\\\/#breadcrumb\"},\"inLanguage\":\"es\",\"potentialAction\":[{\"@type\":\"ReadAction\",\"target\":[\"https:\\\/\\\/afc.cat\\\/es\\\/activitat\\\/exposicion-fotografica-temporal-exposicio-no-1-grupo-fotografia-de-retrato\\\/\"]}]},{\"@type\":\"BreadcrumbList\",\"@id\":\"https:\\\/\\\/afc.cat\\\/es\\\/activitat\\\/exposicion-fotografica-temporal-exposicio-no-1-grupo-fotografia-de-retrato\\\/#breadcrumb\",\"itemListElement\":[{\"@type\":\"ListItem\",\"position\":1,\"name\":\"Inicio\",\"item\":\"https:\\\/\\\/afc.cat\\\/es\\\/\"},{\"@type\":\"ListItem\",\"position\":2,\"name\":\"Exposici\u00f3n fotogr\u00e1fica temporal \u201cExposici\u00f3 n\u00ba 1\u201d\\\/ Grupo Fotograf\u00eda de Retrato\"}]},{\"@type\":\"WebSite\",\"@id\":\"https:\\\/\\\/afc.cat\\\/es\\\/#website\",\"url\":\"https:\\\/\\\/afc.cat\\\/es\\\/\",\"name\":\"Agrupaci\u00f3 Fotogr\u00e0fica de Catalunya\",\"description\":\"Fomento y divulgaci\u00f3n de la fotograf\u00eda en todas sus variedades\",\"potentialAction\":[{\"@type\":\"SearchAction\",\"target\":{\"@type\":\"EntryPoint\",\"urlTemplate\":\"https:\\\/\\\/afc.cat\\\/es\\\/?s={search_term_string}\"},\"query-input\":{\"@type\":\"PropertyValueSpecification\",\"valueRequired\":true,\"valueName\":\"search_term_string\"}}],\"inLanguage\":\"es\"}]}<\/script>\n<!-- \/ Yoast SEO plugin. -->","yoast_head_json":{"title":"Exposici\u00f3n fotogr\u00e1fica temporal \u201cExposici\u00f3 n\u00ba 1\u201d\/ Grupo Fotograf\u00eda de Retrato - Agrupaci\u00f3 Fotogr\u00e0fica de Catalunya","robots":{"index":"index","follow":"follow","max-snippet":"max-snippet:-1","max-image-preview":"max-image-preview:large","max-video-preview":"max-video-preview:-1"},"canonical":"https:\/\/afc.cat\/es\/activitat\/exposicion-fotografica-temporal-exposicio-no-1-grupo-fotografia-de-retrato\/","og_locale":"es_ES","og_type":"article","og_title":"Exposici\u00f3n fotogr\u00e1fica temporal \u201cExposici\u00f3 n\u00ba 1\u201d\/ Grupo Fotograf\u00eda de Retrato - Agrupaci\u00f3 Fotogr\u00e0fica de Catalunya","og_url":"https:\/\/afc.cat\/es\/activitat\/exposicion-fotografica-temporal-exposicio-no-1-grupo-fotografia-de-retrato\/","og_site_name":"Agrupaci\u00f3 Fotogr\u00e0fica de Catalunya","article_modified_time":"2025-01-16T11:59:58+00:00","twitter_card":"summary_large_image","twitter_misc":{"Tiempo de lectura":"12 minutos"},"schema":{"@context":"https:\/\/schema.org","@graph":[{"@type":"WebPage","@id":"https:\/\/afc.cat\/es\/activitat\/exposicion-fotografica-temporal-exposicio-no-1-grupo-fotografia-de-retrato\/","url":"https:\/\/afc.cat\/es\/activitat\/exposicion-fotografica-temporal-exposicio-no-1-grupo-fotografia-de-retrato\/","name":"Exposici\u00f3n fotogr\u00e1fica temporal \u201cExposici\u00f3 n\u00ba 1\u201d\/ Grupo Fotograf\u00eda de Retrato - Agrupaci\u00f3 Fotogr\u00e0fica de Catalunya","isPartOf":{"@id":"https:\/\/afc.cat\/es\/#website"},"datePublished":"2024-11-12T18:30:16+00:00","dateModified":"2025-01-16T11:59:58+00:00","breadcrumb":{"@id":"https:\/\/afc.cat\/es\/activitat\/exposicion-fotografica-temporal-exposicio-no-1-grupo-fotografia-de-retrato\/#breadcrumb"},"inLanguage":"es","potentialAction":[{"@type":"ReadAction","target":["https:\/\/afc.cat\/es\/activitat\/exposicion-fotografica-temporal-exposicio-no-1-grupo-fotografia-de-retrato\/"]}]},{"@type":"BreadcrumbList","@id":"https:\/\/afc.cat\/es\/activitat\/exposicion-fotografica-temporal-exposicio-no-1-grupo-fotografia-de-retrato\/#breadcrumb","itemListElement":[{"@type":"ListItem","position":1,"name":"Inicio","item":"https:\/\/afc.cat\/es\/"},{"@type":"ListItem","position":2,"name":"Exposici\u00f3n fotogr\u00e1fica temporal \u201cExposici\u00f3 n\u00ba 1\u201d\/ Grupo Fotograf\u00eda de Retrato"}]},{"@type":"WebSite","@id":"https:\/\/afc.cat\/es\/#website","url":"https:\/\/afc.cat\/es\/","name":"Agrupaci\u00f3 Fotogr\u00e0fica de Catalunya","description":"Fomento y divulgaci\u00f3n de la fotograf\u00eda en todas sus variedades","potentialAction":[{"@type":"SearchAction","target":{"@type":"EntryPoint","urlTemplate":"https:\/\/afc.cat\/es\/?s={search_term_string}"},"query-input":{"@type":"PropertyValueSpecification","valueRequired":true,"valueName":"search_term_string"}}],"inLanguage":"es"}]}},"_links":{"self":[{"href":"https:\/\/afc.cat\/es\/wp-json\/wp\/v2\/class\/39986","targetHints":{"allow":["GET"]}}],"collection":[{"href":"https:\/\/afc.cat\/es\/wp-json\/wp\/v2\/class"}],"about":[{"href":"https:\/\/afc.cat\/es\/wp-json\/wp\/v2\/types\/class"}],"wp:attachment":[{"href":"https:\/\/afc.cat\/es\/wp-json\/wp\/v2\/media?parent=39986"}],"wp:term":[{"taxonomy":"wcs-type","embeddable":true,"href":"https:\/\/afc.cat\/es\/wp-json\/wp\/v2\/wcs-type?post=39986"},{"taxonomy":"wcs-room","embeddable":true,"href":"https:\/\/afc.cat\/es\/wp-json\/wp\/v2\/wcs-room?post=39986"},{"taxonomy":"wcs-instructor","embeddable":true,"href":"https:\/\/afc.cat\/es\/wp-json\/wp\/v2\/wcs-instructor?post=39986"}],"curies":[{"name":"wp","href":"https:\/\/api.w.org\/{rel}","templated":true}]}}