{"id":40035,"date":"2024-11-14T19:51:09","date_gmt":"2024-11-14T17:51:09","guid":{"rendered":"https:\/\/afc.cat\/?post_type=class&#038;p=40035"},"modified":"2025-01-23T01:11:30","modified_gmt":"2025-01-22T23:11:30","slug":"reunion-grup-de-fotografia-dstreet-22-11","status":"publish","type":"class","link":"https:\/\/afc.cat\/es\/activitat\/reunion-grup-de-fotografia-dstreet-22-11\/","title":{"rendered":"Reuni\u00f3n Grup de Fotografia d&#8217;Street \/ 22\/11"},"content":{"rendered":"<p><div class=\"fusion-fullwidth fullwidth-box fusion-builder-row-1 fusion-flex-container nonhundred-percent-fullwidth non-hundred-percent-height-scrolling\" style=\"background-color: rgba(255,255,255,0);background-position: center center;background-repeat: no-repeat;border-width: 0px 15px 0px 0px;border-color:#ffffff;border-style:solid;\" ><div class=\"fusion-builder-row fusion-row fusion-flex-align-items-flex-start\" style=\"max-width:1300px;margin-left: calc(-4% \/ 2 );margin-right: calc(-4% \/ 2 );\"><div class=\"fusion-layout-column fusion_builder_column fusion-builder-column-0 fusion_builder_column_1_1 1_1 fusion-flex-column\"><div class=\"fusion-column-wrapper fusion-flex-justify-content-flex-start fusion-content-layout-column\" style=\"background-position:left top;background-repeat:no-repeat;-webkit-background-size:cover;-moz-background-size:cover;-o-background-size:cover;background-size:cover;padding: 0px 0px 0px 0px;\"><div class=\"fusion-text fusion-text-1\"><p>El viernes, d\u00eda 22 de noviembre de 2024, de 18.30 a 20.30 horas, se celebrar\u00e1 la reuni\u00f3n mensual del grupo en la sede de la agrupaci\u00f3n.<\/p>\n<p>El orden del d\u00eda versar\u00e1, principalmente, sobre dos puntos:<\/p>\n<p>1.- La exposici\u00f3n. Estoy en contacto con Aleix y en la reuni\u00f3n os podr\u00e9 facilitar todos los detalles de la preparaci\u00f3n y organizaci\u00f3n de la misma. El modus operandi nos lo marcar\u00e1 el propio Aleix, que no diferir\u00e1 mucho al de las otras exposiciones. De modo que quien haya participado en alguna ya contar\u00e1 con m\u00e1s experiencia. Con todo, a medida que Aleix me vaya diciendo cosas antes del d\u00eda de la reuni\u00f3n, os las ir\u00e9 trasladando para que as\u00ed asistamos con la m\u00e1xima informaci\u00f3n posible y nos centremos cuanto antes en el tema. Hemos de concretar muchos puntos.<\/p>\n<p>De momento ya os avanzo que las fotograf\u00edas deber\u00edan estar ya elegidas por cada uno de nosotros el d\u00eda 22, o como m\u00e1ximo a final de mes. Aunque a\u00fan no s\u00e9, dado el n\u00famero de participantes, cu\u00e1ntas fotos colgaremos cada uno, si 2 de 30 x 40 como dijimos, 1 de 30 x 40 y otra m\u00e1s peque\u00f1a, o solo 1. Nos lo ha de confirmar Aleix. No hace falta que se diga nada de la elecci\u00f3n en la reuni\u00f3n. Cada uno sabr\u00e1 lo que expondr\u00e1.<\/p>\n<p>2.- Las opiniones de las novedades de este nuevo curso: las pocas que ya se han producido, y las que a\u00fan est\u00e1n por implantarse o desarrollarse, que son la mayor\u00eda. Estamos en ello. Puede parecer lo contrario, porque desde que comenz\u00f3 el nuevo curso, sea por el motivo que fuere, aparte de la climatolog\u00eda, las actividades est\u00e1n muy paradas, pero estamos por la labor, todo ser\u00e1 coger el ritmo. Tenemos pendiente la salida a Gr\u00e0cia, que finalmente no se realiz\u00f3 en grupo; el curso de David Escobosa, que est\u00e1 por concretar por su parte. David ya sabe qui\u00e9nes estamos interesados, si bien condicionados a horarios y fechas por parte de todos.<\/p>\n<p>Si alguien ha ido a Gr\u00e0cia a hacer fotos individualmente, como se dijo cuando se suspendi\u00f3, puede traerlas para su visionado y dem\u00e1s rutina, si queda tiempo (m\u00e1ximo 5).<\/p>\n<p>Asimismo, se fijar\u00e1 la fecha de la pr\u00f3xima salida fotogr\u00e1fica, que ya est\u00e1 determinada. Consta en el resumen de la \u00fanica comisi\u00f3n celebrada.<\/p>\n<p>Y, por \u00faltimo, se expondr\u00e1n las inquietudes, ideas y proyectos de los miembros que las tengan.<\/p>\n<p><strong>\u00a9 Diego Pastor<\/strong><\/p>\n<\/div><div ><style>.fusion-imageframe.imageframe-1{ margin-top : 30px;}<\/style><span class=\" fusion-imageframe imageframe-none imageframe-1 hover-type-none\"><img decoding=\"async\" width=\"420\" height=\"79\" title=\"cultura\" src=\"https:\/\/afc.cat\/wp-content\/uploads\/2025\/01\/logos_generalitat_-ajuntament-bcn.jpg\" alt class=\"img-responsive wp-image-41129\" srcset=\"https:\/\/afc.cat\/wp-content\/uploads\/2025\/01\/logos_generalitat_-ajuntament-bcn-200x38.jpg 200w, https:\/\/afc.cat\/wp-content\/uploads\/2025\/01\/logos_generalitat_-ajuntament-bcn-400x75.jpg 400w, https:\/\/afc.cat\/wp-content\/uploads\/2025\/01\/logos_generalitat_-ajuntament-bcn.jpg 420w\" sizes=\"(max-width: 640px) 100vw, 420px\" \/><\/span><\/div><div ><span class=\" fusion-imageframe imageframe-none imageframe-2 hover-type-none\"><img decoding=\"async\" width=\"2264\" height=\"561\" title=\"Logos colaboradors\" src=\"https:\/\/afc.cat\/wp-content\/uploads\/2025\/01\/Logos-colaboradors.jpg\" alt class=\"img-responsive wp-image-40956\" srcset=\"https:\/\/afc.cat\/wp-content\/uploads\/2025\/01\/Logos-colaboradors-200x50.jpg 200w, https:\/\/afc.cat\/wp-content\/uploads\/2025\/01\/Logos-colaboradors-400x99.jpg 400w, https:\/\/afc.cat\/wp-content\/uploads\/2025\/01\/Logos-colaboradors-600x149.jpg 600w, https:\/\/afc.cat\/wp-content\/uploads\/2025\/01\/Logos-colaboradors-800x198.jpg 800w, https:\/\/afc.cat\/wp-content\/uploads\/2025\/01\/Logos-colaboradors-1200x297.jpg 1200w, https:\/\/afc.cat\/wp-content\/uploads\/2025\/01\/Logos-colaboradors.jpg 2264w\" sizes=\"(max-width: 640px) 100vw, 2264px\" \/><\/span><\/div><\/div><style type=\"text\/css\">.fusion-body .fusion-builder-column-0{width:100% !important;margin-top : 0px;margin-bottom : 0px;}.fusion-builder-column-0 > .fusion-column-wrapper {padding-top : 0px !important;padding-right : 0px !important;margin-right : 1.92%;padding-bottom : 0px !important;padding-left : 0px !important;margin-left : 1.92%;}@media only screen and (max-width:1024px) {.fusion-body .fusion-builder-column-0{width:100% !important;}.fusion-builder-column-0 > .fusion-column-wrapper {margin-right : 1.92%;margin-left : 1.92%;}}@media only screen and (max-width:640px) {.fusion-body .fusion-builder-column-0{width:100% !important;}.fusion-builder-column-0 > .fusion-column-wrapper {margin-right : 1.92%;margin-left : 1.92%;}}<\/style><\/div><\/div><style type=\"text\/css\">.fusion-body .fusion-flex-container.fusion-builder-row-1{ padding-top : 0px;margin-top : 0px;padding-right : 0px;padding-bottom : 0px;margin-bottom : 0px;padding-left : 0px;}<\/style><\/div><div class=\"fusion-fullwidth fullwidth-box fusion-builder-row-2 fusion-flex-container nonhundred-percent-fullwidth non-hundred-percent-height-scrolling\" style=\"background-color: rgba(255,255,255,0);background-position: center center;background-repeat: no-repeat;border-width: 0px 0px 0px 0px;border-color:#ffffff;border-style:solid;\" ><div class=\"fusion-builder-row fusion-row fusion-flex-align-items-flex-start\" style=\"max-width:1300px;margin-left: calc(-4% \/ 2 );margin-right: calc(-4% \/ 2 );\"><div class=\"fusion-layout-column fusion_builder_column fusion-builder-column-1 fusion_builder_column_1_2 1_2 fusion-flex-column\"><div class=\"fusion-column-wrapper fusion-flex-justify-content-flex-start fusion-content-layout-column\" style=\"background-position:left top;background-repeat:no-repeat;-webkit-background-size:cover;-moz-background-size:cover;-o-background-size:cover;background-size:cover;padding: 0px 0px 0px 0px;\"><\/div><style type=\"text\/css\">.fusion-body .fusion-builder-column-1{width:50% !important;margin-top : 0px;margin-bottom : 20px;}.fusion-builder-column-1 > .fusion-column-wrapper {padding-top : 0px !important;padding-right : 0px !important;margin-right : 3.84%;padding-bottom : 0px !important;padding-left : 0px !important;margin-left : 3.84%;}@media only screen and (max-width:1024px) {.fusion-body .fusion-builder-column-1{width:50% !important;order : 0;}.fusion-builder-column-1 > .fusion-column-wrapper {margin-right : 3.84%;margin-left : 3.84%;}}@media only screen and (max-width:640px) {.fusion-body .fusion-builder-column-1{width:100% !important;order : 0;}.fusion-builder-column-1 > .fusion-column-wrapper {margin-right : 1.92%;margin-left : 1.92%;}}<\/style><\/div><div class=\"fusion-layout-column fusion_builder_column fusion-builder-column-2 fusion_builder_column_1_2 1_2 fusion-flex-column\"><div class=\"fusion-column-wrapper fusion-flex-justify-content-flex-start fusion-content-layout-column\" style=\"background-position:left top;background-repeat:no-repeat;-webkit-background-size:cover;-moz-background-size:cover;-o-background-size:cover;background-size:cover;padding: 0px 0px 0px 0px;\"><\/div><style type=\"text\/css\">.fusion-body .fusion-builder-column-2{width:50% !important;margin-top : 0px;margin-bottom : 20px;}.fusion-builder-column-2 > .fusion-column-wrapper {padding-top : 0px !important;padding-right : 0px !important;margin-right : 3.84%;padding-bottom : 0px !important;padding-left : 0px !important;margin-left : 3.84%;}@media only screen and (max-width:1024px) {.fusion-body .fusion-builder-column-2{width:50% !important;order : 0;}.fusion-builder-column-2 > .fusion-column-wrapper {margin-right : 3.84%;margin-left : 3.84%;}}@media only screen and (max-width:640px) {.fusion-body .fusion-builder-column-2{width:100% !important;order : 0;}.fusion-builder-column-2 > .fusion-column-wrapper {margin-right : 1.92%;margin-left : 1.92%;}}<\/style><\/div><\/div><style type=\"text\/css\">.fusion-body .fusion-flex-container.fusion-builder-row-2{ padding-top : 0px;margin-top : 0px;padding-right : 0px;padding-bottom : 0px;margin-bottom : 0px;padding-left : 0px;}<\/style><\/div><\/p>\n","protected":false},"excerpt":{"rendered":"","protected":false},"template":"","meta":{"_acf_changed":false},"wcs-type":[119,693],"wcs-room":[131],"wcs-instructor":[434],"class_list":["post-40035","class","type-class","status-publish","hentry","wcs-type-charla","wcs-type-street-es","wcs-room-agrupacio-fotografica-de-catalunya","wcs-instructor-diego-pastor"],"acf":[],"yoast_head":"<!-- This site is optimized with the Yoast SEO plugin v27.5 - https:\/\/yoast.com\/product\/yoast-seo-wordpress\/ -->\n<title>Reuni\u00f3n Grup de Fotografia d&#039;Street \/ 22\/11 - Agrupaci\u00f3 Fotogr\u00e0fica de Catalunya<\/title>\n<meta name=\"robots\" content=\"index, follow, max-snippet:-1, max-image-preview:large, max-video-preview:-1\" \/>\n<link rel=\"canonical\" href=\"https:\/\/afc.cat\/es\/activitat\/reunion-grup-de-fotografia-dstreet-22-11\/\" \/>\n<meta property=\"og:locale\" content=\"es_ES\" \/>\n<meta property=\"og:type\" content=\"article\" \/>\n<meta property=\"og:title\" content=\"Reuni\u00f3n Grup de Fotografia d&#039;Street \/ 22\/11 - Agrupaci\u00f3 Fotogr\u00e0fica de Catalunya\" \/>\n<meta property=\"og:url\" content=\"https:\/\/afc.cat\/es\/activitat\/reunion-grup-de-fotografia-dstreet-22-11\/\" \/>\n<meta property=\"og:site_name\" content=\"Agrupaci\u00f3 Fotogr\u00e0fica de Catalunya\" \/>\n<meta property=\"article:modified_time\" content=\"2025-01-22T23:11:30+00:00\" \/>\n<meta name=\"twitter:card\" content=\"summary_large_image\" \/>\n<meta name=\"twitter:label1\" content=\"Tiempo de lectura\" \/>\n\t<meta name=\"twitter:data1\" content=\"12 minutos\" \/>\n<script type=\"application\/ld+json\" class=\"yoast-schema-graph\">{\"@context\":\"https:\\\/\\\/schema.org\",\"@graph\":[{\"@type\":\"WebPage\",\"@id\":\"https:\\\/\\\/afc.cat\\\/es\\\/activitat\\\/reunion-grup-de-fotografia-dstreet-22-11\\\/\",\"url\":\"https:\\\/\\\/afc.cat\\\/es\\\/activitat\\\/reunion-grup-de-fotografia-dstreet-22-11\\\/\",\"name\":\"Reuni\u00f3n Grup de Fotografia d'Street \\\/ 22\\\/11 - Agrupaci\u00f3 Fotogr\u00e0fica de Catalunya\",\"isPartOf\":{\"@id\":\"https:\\\/\\\/afc.cat\\\/es\\\/#website\"},\"datePublished\":\"2024-11-14T17:51:09+00:00\",\"dateModified\":\"2025-01-22T23:11:30+00:00\",\"breadcrumb\":{\"@id\":\"https:\\\/\\\/afc.cat\\\/es\\\/activitat\\\/reunion-grup-de-fotografia-dstreet-22-11\\\/#breadcrumb\"},\"inLanguage\":\"es\",\"potentialAction\":[{\"@type\":\"ReadAction\",\"target\":[\"https:\\\/\\\/afc.cat\\\/es\\\/activitat\\\/reunion-grup-de-fotografia-dstreet-22-11\\\/\"]}]},{\"@type\":\"BreadcrumbList\",\"@id\":\"https:\\\/\\\/afc.cat\\\/es\\\/activitat\\\/reunion-grup-de-fotografia-dstreet-22-11\\\/#breadcrumb\",\"itemListElement\":[{\"@type\":\"ListItem\",\"position\":1,\"name\":\"Inicio\",\"item\":\"https:\\\/\\\/afc.cat\\\/es\\\/\"},{\"@type\":\"ListItem\",\"position\":2,\"name\":\"Reuni\u00f3n Grup de Fotografia d&#8217;Street \\\/ 22\\\/11\"}]},{\"@type\":\"WebSite\",\"@id\":\"https:\\\/\\\/afc.cat\\\/es\\\/#website\",\"url\":\"https:\\\/\\\/afc.cat\\\/es\\\/\",\"name\":\"Agrupaci\u00f3 Fotogr\u00e0fica de Catalunya\",\"description\":\"Fomento y divulgaci\u00f3n de la fotograf\u00eda en todas sus variedades\",\"potentialAction\":[{\"@type\":\"SearchAction\",\"target\":{\"@type\":\"EntryPoint\",\"urlTemplate\":\"https:\\\/\\\/afc.cat\\\/es\\\/?s={search_term_string}\"},\"query-input\":{\"@type\":\"PropertyValueSpecification\",\"valueRequired\":true,\"valueName\":\"search_term_string\"}}],\"inLanguage\":\"es\"}]}<\/script>\n<!-- \/ Yoast SEO plugin. -->","yoast_head_json":{"title":"Reuni\u00f3n Grup de Fotografia d'Street \/ 22\/11 - Agrupaci\u00f3 Fotogr\u00e0fica de Catalunya","robots":{"index":"index","follow":"follow","max-snippet":"max-snippet:-1","max-image-preview":"max-image-preview:large","max-video-preview":"max-video-preview:-1"},"canonical":"https:\/\/afc.cat\/es\/activitat\/reunion-grup-de-fotografia-dstreet-22-11\/","og_locale":"es_ES","og_type":"article","og_title":"Reuni\u00f3n Grup de Fotografia d'Street \/ 22\/11 - Agrupaci\u00f3 Fotogr\u00e0fica de Catalunya","og_url":"https:\/\/afc.cat\/es\/activitat\/reunion-grup-de-fotografia-dstreet-22-11\/","og_site_name":"Agrupaci\u00f3 Fotogr\u00e0fica de Catalunya","article_modified_time":"2025-01-22T23:11:30+00:00","twitter_card":"summary_large_image","twitter_misc":{"Tiempo de lectura":"12 minutos"},"schema":{"@context":"https:\/\/schema.org","@graph":[{"@type":"WebPage","@id":"https:\/\/afc.cat\/es\/activitat\/reunion-grup-de-fotografia-dstreet-22-11\/","url":"https:\/\/afc.cat\/es\/activitat\/reunion-grup-de-fotografia-dstreet-22-11\/","name":"Reuni\u00f3n Grup de Fotografia d'Street \/ 22\/11 - Agrupaci\u00f3 Fotogr\u00e0fica de Catalunya","isPartOf":{"@id":"https:\/\/afc.cat\/es\/#website"},"datePublished":"2024-11-14T17:51:09+00:00","dateModified":"2025-01-22T23:11:30+00:00","breadcrumb":{"@id":"https:\/\/afc.cat\/es\/activitat\/reunion-grup-de-fotografia-dstreet-22-11\/#breadcrumb"},"inLanguage":"es","potentialAction":[{"@type":"ReadAction","target":["https:\/\/afc.cat\/es\/activitat\/reunion-grup-de-fotografia-dstreet-22-11\/"]}]},{"@type":"BreadcrumbList","@id":"https:\/\/afc.cat\/es\/activitat\/reunion-grup-de-fotografia-dstreet-22-11\/#breadcrumb","itemListElement":[{"@type":"ListItem","position":1,"name":"Inicio","item":"https:\/\/afc.cat\/es\/"},{"@type":"ListItem","position":2,"name":"Reuni\u00f3n Grup de Fotografia d&#8217;Street \/ 22\/11"}]},{"@type":"WebSite","@id":"https:\/\/afc.cat\/es\/#website","url":"https:\/\/afc.cat\/es\/","name":"Agrupaci\u00f3 Fotogr\u00e0fica de Catalunya","description":"Fomento y divulgaci\u00f3n de la fotograf\u00eda en todas sus variedades","potentialAction":[{"@type":"SearchAction","target":{"@type":"EntryPoint","urlTemplate":"https:\/\/afc.cat\/es\/?s={search_term_string}"},"query-input":{"@type":"PropertyValueSpecification","valueRequired":true,"valueName":"search_term_string"}}],"inLanguage":"es"}]}},"_links":{"self":[{"href":"https:\/\/afc.cat\/es\/wp-json\/wp\/v2\/class\/40035","targetHints":{"allow":["GET"]}}],"collection":[{"href":"https:\/\/afc.cat\/es\/wp-json\/wp\/v2\/class"}],"about":[{"href":"https:\/\/afc.cat\/es\/wp-json\/wp\/v2\/types\/class"}],"wp:attachment":[{"href":"https:\/\/afc.cat\/es\/wp-json\/wp\/v2\/media?parent=40035"}],"wp:term":[{"taxonomy":"wcs-type","embeddable":true,"href":"https:\/\/afc.cat\/es\/wp-json\/wp\/v2\/wcs-type?post=40035"},{"taxonomy":"wcs-room","embeddable":true,"href":"https:\/\/afc.cat\/es\/wp-json\/wp\/v2\/wcs-room?post=40035"},{"taxonomy":"wcs-instructor","embeddable":true,"href":"https:\/\/afc.cat\/es\/wp-json\/wp\/v2\/wcs-instructor?post=40035"}],"curies":[{"name":"wp","href":"https:\/\/api.w.org\/{rel}","templated":true}]}}