{"id":40689,"date":"2024-12-24T11:18:27","date_gmt":"2024-12-24T09:18:27","guid":{"rendered":"https:\/\/afc.cat\/?post_type=class&#038;p=40689"},"modified":"2025-01-23T00:20:21","modified_gmt":"2025-01-22T22:20:21","slug":"exposicion-colectiva-temporal-grup-fotografia-dstreet","status":"publish","type":"class","link":"https:\/\/afc.cat\/es\/activitat\/exposicion-colectiva-temporal-grup-fotografia-dstreet\/","title":{"rendered":"Exposici\u00f3n colectiva temporal \u201cGrup Fotografia d&#8217;Street\u201d"},"content":{"rendered":"<p><div class=\"fusion-fullwidth fullwidth-box fusion-builder-row-1 fusion-flex-container nonhundred-percent-fullwidth non-hundred-percent-height-scrolling\" style=\"background-color: rgba(255,255,255,0);background-position: center center;background-repeat: no-repeat;border-width: 0px 15px 0px 0px;border-color:#ffffff;border-style:solid;\" ><div class=\"fusion-builder-row fusion-row fusion-flex-align-items-flex-start\" style=\"max-width:1300px;margin-left: calc(-4% \/ 2 );margin-right: calc(-4% \/ 2 );\"><div class=\"fusion-layout-column fusion_builder_column fusion-builder-column-0 fusion_builder_column_1_1 1_1 fusion-flex-column\"><div class=\"fusion-column-wrapper fusion-flex-justify-content-flex-start fusion-content-layout-column\" style=\"background-position:left top;background-repeat:no-repeat;-webkit-background-size:cover;-moz-background-size:cover;-o-background-size:cover;background-size:cover;padding: 0px 0px 0px 0px;\"><div class=\"fusion-text fusion-text-1\"><p>Unos buenos zapatos; un buen abrigo; una gorra para protegerse del sol; mucha paciencia; atrevimiento y desobediencia; curiosidad; imaginaci\u00f3n; anticipaci\u00f3n; una sonrisa amable; esperar y esperar; mirar y mirar; volver a mirar; saber perder cuando el instante no espera; decisi\u00f3n; vocaci\u00f3n; observar la realidad y la cotidianidad; instinto; espontaneidad; y poner mucho de amor a la fotograf\u00eda hasta convertirla en pasi\u00f3n.<\/p>\n<p>Esta exposici\u00f3n es fruto de todo esto, del imaginario de la fotograf\u00eda de calle. El que nos lleva a captar aquello que nos llama la atenci\u00f3n en el foro p\u00fablico donde todo pasa, incluso el m\u00e1s anodino. Pero cuando aquello anodino se viste de fiesta por un rayo de luz inesperada, o cuando recibe la visita sorprendida en forma de gesto, de mirada o de una presencia ins\u00f3lita, provoca que se abre el tel\u00f3n del escenario que nuestras c\u00e1maras pretenden capturar. Seguramente, la cotidianidad se disfraza a menudo del entorno anodino que decimos, y es entonces cuando pasa desapercibido si no lo rescatamos del olvido del d\u00eda a d\u00eda. A pesar de esto, bienvenido sean, est\u00e1 claro, bienvenidos sean, como no, los sucesos infrecuentes y extraordinarios, hay quien pagar\u00eda por ellos; todav\u00eda que estos acostumbran a estar inmersos en acontecimientos o eventos m\u00e1s organizados\u2026\u201d No tienen demasiado m\u00e9rito nuestras fotograf\u00edas, m\u00e1s all\u00e1 de la cuesti\u00f3n t\u00e9cnica que despacio y con el paso del tiempo vayamos aprendiz. Simplemente, nos apropiamos de aquello que nos rodea, en las plazas solitarias o en las avenidas prietas de gente. Una vez m\u00e1s, simplemente, modelos gratuitos al servicio de nuestros ojos llenan de sentido a nuestro objetivo.<\/p>\n<p>La fotograf\u00eda de calle se sirve del hombre y la mujer que la recorren, de manera activa cuando interact\u00faan, o de manera pasiva cuando solo forman parte de una est\u00e9tica de luces, sombras, colores, blancos y negros, del paisaje urbano con el cual se fusionan por nosotros sin ellos saberlo, como adorables mu\u00f1ecos a nuestro servicio. Aunque, a veces, la ausencia, incluso de mu\u00f1ecos, se convierte en presencia. Cada uno interpreta la realidad para mostrarla a su manera, y es as\u00ed como se expresa. Cada fot\u00f3grafo y fot\u00f3grafa tiene su mirada, su inter\u00e9s al servicio de su mundo singular e interior, que despu\u00e9s traslada a su obra visual. A veces, con \u00e9xito y otros sin \u00e9l.<\/p>\n<p>Pero puede ser, el \u00e9xito m\u00e1s grande y asegurado es disfrutar de la pasi\u00f3n que compartimos los y las participantes de esta exposici\u00f3n que os queremos mostrar de la mano de la Agrupaci\u00f3 Fotogr\u00e0fica de Catalunya. Una pasi\u00f3n que, en muchas ocasiones, sencillamente, consiste a vivir y observar la vida a trav\u00e9s del visor de nuestras c\u00e1maras.<\/p>\n<p><strong>Foto: \u00a9 Albert Adroer<\/strong><\/p>\n<p><strong>INAUGURACI\u00d3N<\/strong><\/p>\n<p>Martes 14 de enero a las 19 h<\/p>\n<p>Puedes visitar la muestra hasta el 4 de febrero de 2025<\/p>\n<p><strong>Entrada libre y gratuita<\/strong><\/p>\n<p><strong>HORARIO<\/strong><\/p>\n<p>Sala polivalente: abierta martes y viernes tarde y s\u00e1bados ma\u00f1anas. Consulta las diferentes <a href=\"https:\/\/afc.cat\/es\/actividades\/\">actividades<\/a> de la Sala de exposiciones.<\/p>\n<\/div><div ><style>.fusion-imageframe.imageframe-1{ margin-top : 30px;}<\/style><span class=\" fusion-imageframe imageframe-none imageframe-1 hover-type-none\"><img decoding=\"async\" width=\"420\" height=\"79\" title=\"cultura\" src=\"https:\/\/afc.cat\/wp-content\/uploads\/2025\/01\/logos_generalitat_-ajuntament-bcn.jpg\" alt class=\"img-responsive wp-image-41129\" srcset=\"https:\/\/afc.cat\/wp-content\/uploads\/2025\/01\/logos_generalitat_-ajuntament-bcn-200x38.jpg 200w, https:\/\/afc.cat\/wp-content\/uploads\/2025\/01\/logos_generalitat_-ajuntament-bcn-400x75.jpg 400w, https:\/\/afc.cat\/wp-content\/uploads\/2025\/01\/logos_generalitat_-ajuntament-bcn.jpg 420w\" sizes=\"(max-width: 640px) 100vw, 420px\" \/><\/span><\/div><div ><span class=\" fusion-imageframe imageframe-none imageframe-2 hover-type-none\"><img decoding=\"async\" width=\"2264\" height=\"561\" title=\"Logos colaboradors\" src=\"https:\/\/afc.cat\/wp-content\/uploads\/2025\/01\/Logos-colaboradors.jpg\" alt class=\"img-responsive wp-image-40956\" srcset=\"https:\/\/afc.cat\/wp-content\/uploads\/2025\/01\/Logos-colaboradors-200x50.jpg 200w, https:\/\/afc.cat\/wp-content\/uploads\/2025\/01\/Logos-colaboradors-400x99.jpg 400w, https:\/\/afc.cat\/wp-content\/uploads\/2025\/01\/Logos-colaboradors-600x149.jpg 600w, https:\/\/afc.cat\/wp-content\/uploads\/2025\/01\/Logos-colaboradors-800x198.jpg 800w, https:\/\/afc.cat\/wp-content\/uploads\/2025\/01\/Logos-colaboradors-1200x297.jpg 1200w, https:\/\/afc.cat\/wp-content\/uploads\/2025\/01\/Logos-colaboradors.jpg 2264w\" sizes=\"(max-width: 640px) 100vw, 2264px\" \/><\/span><\/div><\/div><style type=\"text\/css\">.fusion-body .fusion-builder-column-0{width:100% !important;margin-top : 0px;margin-bottom : 0px;}.fusion-builder-column-0 > .fusion-column-wrapper {padding-top : 0px !important;padding-right : 0px !important;margin-right : 1.92%;padding-bottom : 0px !important;padding-left : 0px !important;margin-left : 1.92%;}@media only screen and (max-width:1024px) {.fusion-body .fusion-builder-column-0{width:100% !important;}.fusion-builder-column-0 > .fusion-column-wrapper {margin-right : 1.92%;margin-left : 1.92%;}}@media only screen and (max-width:640px) {.fusion-body .fusion-builder-column-0{width:100% !important;}.fusion-builder-column-0 > .fusion-column-wrapper {margin-right : 1.92%;margin-left : 1.92%;}}<\/style><\/div><\/div><style type=\"text\/css\">.fusion-body .fusion-flex-container.fusion-builder-row-1{ padding-top : 0px;margin-top : 0px;padding-right : 0px;padding-bottom : 0px;margin-bottom : 0px;padding-left : 0px;}<\/style><\/div><div class=\"fusion-fullwidth fullwidth-box fusion-builder-row-2 fusion-flex-container nonhundred-percent-fullwidth non-hundred-percent-height-scrolling\" style=\"background-color: rgba(255,255,255,0);background-position: center center;background-repeat: no-repeat;border-width: 0px 0px 0px 0px;border-color:#ffffff;border-style:solid;\" ><div class=\"fusion-builder-row fusion-row fusion-flex-align-items-flex-start\" style=\"max-width:1300px;margin-left: calc(-4% \/ 2 );margin-right: calc(-4% \/ 2 );\"><div class=\"fusion-layout-column fusion_builder_column fusion-builder-column-1 fusion_builder_column_1_2 1_2 fusion-flex-column\"><div class=\"fusion-column-wrapper fusion-flex-justify-content-flex-start fusion-content-layout-column\" style=\"background-position:left top;background-repeat:no-repeat;-webkit-background-size:cover;-moz-background-size:cover;-o-background-size:cover;background-size:cover;padding: 0px 0px 0px 0px;\"><\/div><style type=\"text\/css\">.fusion-body .fusion-builder-column-1{width:50% !important;margin-top : 0px;margin-bottom : 20px;}.fusion-builder-column-1 > .fusion-column-wrapper {padding-top : 0px !important;padding-right : 0px !important;margin-right : 3.84%;padding-bottom : 0px !important;padding-left : 0px !important;margin-left : 3.84%;}@media only screen and (max-width:1024px) {.fusion-body .fusion-builder-column-1{width:50% !important;order : 0;}.fusion-builder-column-1 > .fusion-column-wrapper {margin-right : 3.84%;margin-left : 3.84%;}}@media only screen and (max-width:640px) {.fusion-body .fusion-builder-column-1{width:100% !important;order : 0;}.fusion-builder-column-1 > .fusion-column-wrapper {margin-right : 1.92%;margin-left : 1.92%;}}<\/style><\/div><div class=\"fusion-layout-column fusion_builder_column fusion-builder-column-2 fusion_builder_column_1_2 1_2 fusion-flex-column\"><div class=\"fusion-column-wrapper fusion-flex-justify-content-flex-start fusion-content-layout-column\" style=\"background-position:left top;background-repeat:no-repeat;-webkit-background-size:cover;-moz-background-size:cover;-o-background-size:cover;background-size:cover;padding: 0px 0px 0px 0px;\"><\/div><style type=\"text\/css\">.fusion-body .fusion-builder-column-2{width:50% !important;margin-top : 0px;margin-bottom : 20px;}.fusion-builder-column-2 > .fusion-column-wrapper {padding-top : 0px !important;padding-right : 0px !important;margin-right : 3.84%;padding-bottom : 0px !important;padding-left : 0px !important;margin-left : 3.84%;}@media only screen and (max-width:1024px) {.fusion-body .fusion-builder-column-2{width:50% !important;order : 0;}.fusion-builder-column-2 > .fusion-column-wrapper {margin-right : 3.84%;margin-left : 3.84%;}}@media only screen and (max-width:640px) {.fusion-body .fusion-builder-column-2{width:100% !important;order : 0;}.fusion-builder-column-2 > .fusion-column-wrapper {margin-right : 1.92%;margin-left : 1.92%;}}<\/style><\/div><\/div><style type=\"text\/css\">.fusion-body .fusion-flex-container.fusion-builder-row-2{ padding-top : 0px;margin-top : 0px;padding-right : 0px;padding-bottom : 0px;margin-bottom : 0px;padding-left : 0px;}<\/style><\/div><\/p>\n","protected":false},"excerpt":{"rendered":"","protected":false},"template":"","meta":{"_acf_changed":false},"wcs-type":[111,112,693],"wcs-room":[446],"wcs-instructor":[675],"class_list":["post-40689","class","type-class","status-publish","hentry","wcs-type-exposiciones","wcs-type-exposiciones-afc","wcs-type-street-es","wcs-room-agrupacio-fotografica-de-catalunya-sala-bruno-argemi","wcs-instructor-grup-de-fotografia-dstreet"],"acf":[],"yoast_head":"<!-- This site is optimized with the Yoast SEO plugin v27.2 - https:\/\/yoast.com\/product\/yoast-seo-wordpress\/ -->\n<title>Exposici\u00f3n colectiva temporal \u201cGrup Fotografia d&#039;Street\u201d - Agrupaci\u00f3 Fotogr\u00e0fica de Catalunya<\/title>\n<meta name=\"robots\" content=\"index, follow, max-snippet:-1, max-image-preview:large, max-video-preview:-1\" \/>\n<link rel=\"canonical\" href=\"https:\/\/afc.cat\/es\/activitat\/exposicion-colectiva-temporal-grup-fotografia-dstreet\/\" \/>\n<meta property=\"og:locale\" content=\"es_ES\" \/>\n<meta property=\"og:type\" content=\"article\" \/>\n<meta property=\"og:title\" content=\"Exposici\u00f3n colectiva temporal \u201cGrup Fotografia d&#039;Street\u201d - Agrupaci\u00f3 Fotogr\u00e0fica de Catalunya\" \/>\n<meta property=\"og:url\" content=\"https:\/\/afc.cat\/es\/activitat\/exposicion-colectiva-temporal-grup-fotografia-dstreet\/\" \/>\n<meta property=\"og:site_name\" content=\"Agrupaci\u00f3 Fotogr\u00e0fica de Catalunya\" \/>\n<meta property=\"article:modified_time\" content=\"2025-01-22T22:20:21+00:00\" \/>\n<meta name=\"twitter:card\" content=\"summary_large_image\" \/>\n<meta name=\"twitter:label1\" content=\"Tiempo de lectura\" \/>\n\t<meta name=\"twitter:data1\" content=\"13 minutos\" \/>\n<script type=\"application\/ld+json\" class=\"yoast-schema-graph\">{\"@context\":\"https:\/\/schema.org\",\"@graph\":[{\"@type\":\"WebPage\",\"@id\":\"https:\/\/afc.cat\/es\/activitat\/exposicion-colectiva-temporal-grup-fotografia-dstreet\/\",\"url\":\"https:\/\/afc.cat\/es\/activitat\/exposicion-colectiva-temporal-grup-fotografia-dstreet\/\",\"name\":\"Exposici\u00f3n colectiva temporal \u201cGrup Fotografia d'Street\u201d - Agrupaci\u00f3 Fotogr\u00e0fica de Catalunya\",\"isPartOf\":{\"@id\":\"https:\/\/afc.cat\/es\/#website\"},\"datePublished\":\"2024-12-24T09:18:27+00:00\",\"dateModified\":\"2025-01-22T22:20:21+00:00\",\"breadcrumb\":{\"@id\":\"https:\/\/afc.cat\/es\/activitat\/exposicion-colectiva-temporal-grup-fotografia-dstreet\/#breadcrumb\"},\"inLanguage\":\"es\",\"potentialAction\":[{\"@type\":\"ReadAction\",\"target\":[\"https:\/\/afc.cat\/es\/activitat\/exposicion-colectiva-temporal-grup-fotografia-dstreet\/\"]}]},{\"@type\":\"BreadcrumbList\",\"@id\":\"https:\/\/afc.cat\/es\/activitat\/exposicion-colectiva-temporal-grup-fotografia-dstreet\/#breadcrumb\",\"itemListElement\":[{\"@type\":\"ListItem\",\"position\":1,\"name\":\"Inicio\",\"item\":\"https:\/\/afc.cat\/es\/\"},{\"@type\":\"ListItem\",\"position\":2,\"name\":\"Exposici\u00f3n colectiva temporal \u201cGrup Fotografia d&#8217;Street\u201d\"}]},{\"@type\":\"WebSite\",\"@id\":\"https:\/\/afc.cat\/es\/#website\",\"url\":\"https:\/\/afc.cat\/es\/\",\"name\":\"Agrupaci\u00f3 Fotogr\u00e0fica de Catalunya\",\"description\":\"Fomento y divulgaci\u00f3n de la fotograf\u00eda en todas sus variedades\",\"potentialAction\":[{\"@type\":\"SearchAction\",\"target\":{\"@type\":\"EntryPoint\",\"urlTemplate\":\"https:\/\/afc.cat\/es\/?s={search_term_string}\"},\"query-input\":{\"@type\":\"PropertyValueSpecification\",\"valueRequired\":true,\"valueName\":\"search_term_string\"}}],\"inLanguage\":\"es\"}]}<\/script>\n<!-- \/ Yoast SEO plugin. -->","yoast_head_json":{"title":"Exposici\u00f3n colectiva temporal \u201cGrup Fotografia d'Street\u201d - Agrupaci\u00f3 Fotogr\u00e0fica de Catalunya","robots":{"index":"index","follow":"follow","max-snippet":"max-snippet:-1","max-image-preview":"max-image-preview:large","max-video-preview":"max-video-preview:-1"},"canonical":"https:\/\/afc.cat\/es\/activitat\/exposicion-colectiva-temporal-grup-fotografia-dstreet\/","og_locale":"es_ES","og_type":"article","og_title":"Exposici\u00f3n colectiva temporal \u201cGrup Fotografia d'Street\u201d - Agrupaci\u00f3 Fotogr\u00e0fica de Catalunya","og_url":"https:\/\/afc.cat\/es\/activitat\/exposicion-colectiva-temporal-grup-fotografia-dstreet\/","og_site_name":"Agrupaci\u00f3 Fotogr\u00e0fica de Catalunya","article_modified_time":"2025-01-22T22:20:21+00:00","twitter_card":"summary_large_image","twitter_misc":{"Tiempo de lectura":"13 minutos"},"schema":{"@context":"https:\/\/schema.org","@graph":[{"@type":"WebPage","@id":"https:\/\/afc.cat\/es\/activitat\/exposicion-colectiva-temporal-grup-fotografia-dstreet\/","url":"https:\/\/afc.cat\/es\/activitat\/exposicion-colectiva-temporal-grup-fotografia-dstreet\/","name":"Exposici\u00f3n colectiva temporal \u201cGrup Fotografia d'Street\u201d - Agrupaci\u00f3 Fotogr\u00e0fica de Catalunya","isPartOf":{"@id":"https:\/\/afc.cat\/es\/#website"},"datePublished":"2024-12-24T09:18:27+00:00","dateModified":"2025-01-22T22:20:21+00:00","breadcrumb":{"@id":"https:\/\/afc.cat\/es\/activitat\/exposicion-colectiva-temporal-grup-fotografia-dstreet\/#breadcrumb"},"inLanguage":"es","potentialAction":[{"@type":"ReadAction","target":["https:\/\/afc.cat\/es\/activitat\/exposicion-colectiva-temporal-grup-fotografia-dstreet\/"]}]},{"@type":"BreadcrumbList","@id":"https:\/\/afc.cat\/es\/activitat\/exposicion-colectiva-temporal-grup-fotografia-dstreet\/#breadcrumb","itemListElement":[{"@type":"ListItem","position":1,"name":"Inicio","item":"https:\/\/afc.cat\/es\/"},{"@type":"ListItem","position":2,"name":"Exposici\u00f3n colectiva temporal \u201cGrup Fotografia d&#8217;Street\u201d"}]},{"@type":"WebSite","@id":"https:\/\/afc.cat\/es\/#website","url":"https:\/\/afc.cat\/es\/","name":"Agrupaci\u00f3 Fotogr\u00e0fica de Catalunya","description":"Fomento y divulgaci\u00f3n de la fotograf\u00eda en todas sus variedades","potentialAction":[{"@type":"SearchAction","target":{"@type":"EntryPoint","urlTemplate":"https:\/\/afc.cat\/es\/?s={search_term_string}"},"query-input":{"@type":"PropertyValueSpecification","valueRequired":true,"valueName":"search_term_string"}}],"inLanguage":"es"}]}},"_links":{"self":[{"href":"https:\/\/afc.cat\/es\/wp-json\/wp\/v2\/class\/40689","targetHints":{"allow":["GET"]}}],"collection":[{"href":"https:\/\/afc.cat\/es\/wp-json\/wp\/v2\/class"}],"about":[{"href":"https:\/\/afc.cat\/es\/wp-json\/wp\/v2\/types\/class"}],"wp:attachment":[{"href":"https:\/\/afc.cat\/es\/wp-json\/wp\/v2\/media?parent=40689"}],"wp:term":[{"taxonomy":"wcs-type","embeddable":true,"href":"https:\/\/afc.cat\/es\/wp-json\/wp\/v2\/wcs-type?post=40689"},{"taxonomy":"wcs-room","embeddable":true,"href":"https:\/\/afc.cat\/es\/wp-json\/wp\/v2\/wcs-room?post=40689"},{"taxonomy":"wcs-instructor","embeddable":true,"href":"https:\/\/afc.cat\/es\/wp-json\/wp\/v2\/wcs-instructor?post=40689"}],"curies":[{"name":"wp","href":"https:\/\/api.w.org\/{rel}","templated":true}]}}