{"id":40900,"date":"2025-01-07T00:01:39","date_gmt":"2025-01-06T22:01:39","guid":{"rendered":"https:\/\/afc.cat\/?post_type=class&#038;p=40900"},"modified":"2025-01-23T00:13:55","modified_gmt":"2025-01-22T22:13:55","slug":"exposicio-collectiva-i-visita-guiada-a-la-casa-de-laigua-de-la-trinitat-nova","status":"publish","type":"class","link":"https:\/\/afc.cat\/es\/activitat\/exposicio-collectiva-i-visita-guiada-a-la-casa-de-laigua-de-la-trinitat-nova\/","title":{"rendered":"Exposici\u00f3n colectiva y visita guiada a la Casa de L&#8217;Aigua de la Trinitat Nova"},"content":{"rendered":"<p><div class=\"fusion-fullwidth fullwidth-box fusion-builder-row-1 fusion-flex-container nonhundred-percent-fullwidth non-hundred-percent-height-scrolling\" style=\"background-color: rgba(255,255,255,0);background-position: center center;background-repeat: no-repeat;border-width: 0px 15px 0px 0px;border-color:#ffffff;border-style:solid;\" ><div class=\"fusion-builder-row fusion-row fusion-flex-align-items-flex-start\" style=\"max-width:1300px;margin-left: calc(-4% \/ 2 );margin-right: calc(-4% \/ 2 );\"><div class=\"fusion-layout-column fusion_builder_column fusion-builder-column-0 fusion_builder_column_1_1 1_1 fusion-flex-column\"><div class=\"fusion-column-wrapper fusion-flex-justify-content-flex-start fusion-content-layout-column\" style=\"background-position:left top;background-repeat:no-repeat;-webkit-background-size:cover;-moz-background-size:cover;-o-background-size:cover;background-size:cover;padding: 0px 0px 0px 0px;\"><div class=\"fusion-text fusion-text-1\"><h2>Exposici\u00f3n colectiva temporal externa y visita guiada a la Casa de l&#8217;Aigua de la Trinitat Nova<\/h2>\n<h3>Exposici\u00f3n \u00ab<strong>L\u2019Ahir i l\u2019Avui de Nou Barris. Interpretaci\u00f3 fotogr\u00e0fica de l\u2019espai\u00bb<\/strong><\/h3>\n<p><strong>Exposici\u00f3n<\/strong>: Del 17\/01\/2025 al 27\/03\/2025<br \/>\n<strong>Inauguraci\u00f3n<\/strong>: 17\/01\/2025 11h<br \/>\n<strong>Visita guiada<\/strong>: 17\/01\/2025 10h (reservar plazas al correo: sortides@afc.cat )<\/p>\n<p>Concebida dentro del contexto del <strong>Centenario de la Agrupaci\u00f3n Fotogr\u00e1fica de Catalu\u00f1a<\/strong> y en colaboraci\u00f3n con el <strong>Arxiu Hist\u00f2ric Popular Roquetes Nou Barris<\/strong>, esta exposici\u00f3n se traslada a la <strong>Casa de l&#8217;Aigua de la Trinitat Nova<\/strong> despu\u00e9s de la buena acogida recibida en las dos ediciones anteriormente realizadas. Es intenci\u00f3n de las dos entidades volver a divulgar esta muestra entre la ciudadan\u00eda de Barcelona y en especial la de <strong>Nou Barris<\/strong>.<br \/>\nEn esta ocasi\u00f3n las <strong>18 im\u00e1genes antiguas, parte del fondo del AHNB<\/strong>, acompa\u00f1adas de las <strong>36 im\u00e1genes actuales del fondo del AFC<\/strong>, fruto de la mirada reciente de los socios y socias que participaron durante el transcurso de 2023 en este proyecto alentador, ser\u00e1n expuestas en la Casa de l&#8217;Aigua para mostrar el paso del tiempo en ubicaciones concretas que permiten dar visibilidad y descubrir las transformaciones, remodelaciones y adaptaciones acontecidas en el barrio.<br \/>\nComo parte de la muestra y anim\u00e1ndoos a descubrir espacios de la ciudad, la inauguraci\u00f3n ir\u00e1 acompa\u00f1ada de una visita guiada de las instalaciones subterr\u00e1neas, a cargo de la Casa de l&#8217;Aigua de la Trinitat Nova, como visita previa a una pr\u00f3xima salida fotogr\u00e1fica exclusiva para la AFC, que nos permitir\u00e1 disfrutar de un espacio altamente atractivo para capturar im\u00e1genes.<\/p>\n<\/div><div ><span class=\" fusion-imageframe imageframe-none imageframe-1 hover-type-none\"><img decoding=\"async\" width=\"400\" height=\"267\" title=\"ca1\" src=\"https:\/\/afc.cat\/wp-content\/uploads\/2025\/01\/ca1-1.jpg\" alt class=\"img-responsive wp-image-40710\" srcset=\"https:\/\/afc.cat\/wp-content\/uploads\/2025\/01\/ca1-1-200x134.jpg 200w, https:\/\/afc.cat\/wp-content\/uploads\/2025\/01\/ca1-1.jpg 400w\" sizes=\"(max-width: 640px) 100vw, 400px\" \/><\/span><\/div><div class=\"fusion-text fusion-text-2\" style=\"font-size:13px;\"><p style=\"text-align: left;\"><strong>Edificio Apolo (edificio actualmente derruido)<\/strong><br \/>\nLocalizaci\u00f3n: Torre Bar\u00f3. Nou Barris (Bcn)<br \/>\nAutor: Arnaldo Gil Albacete<br \/>\nA\u00f1o: 1990<\/p>\n<\/div><div ><span class=\" fusion-imageframe imageframe-none imageframe-2 hover-type-none\"><img decoding=\"async\" width=\"450\" height=\"600\" title=\"ca2\" src=\"https:\/\/afc.cat\/wp-content\/uploads\/2025\/01\/ca2.jpg\" alt class=\"img-responsive wp-image-40712\" srcset=\"https:\/\/afc.cat\/wp-content\/uploads\/2025\/01\/ca2-200x267.jpg 200w, https:\/\/afc.cat\/wp-content\/uploads\/2025\/01\/ca2-400x533.jpg 400w, https:\/\/afc.cat\/wp-content\/uploads\/2025\/01\/ca2.jpg 450w\" sizes=\"(max-width: 640px) 100vw, 450px\" \/><\/span><\/div><div class=\"fusion-text fusion-text-3 fusion-text-no-margin\" style=\"font-size:13px;margin-bottom:50px;\"><p><strong>Casa de l\u2019Aigua. Trinitat Nova. Nou Barris (Bcn)<\/strong><br \/>\nAutora: Carmen Casademont Ribot (2024)<\/p>\n<\/div><style type=\"text\/css\">.fusion-gallery-1 .fusion-gallery-image {border:0px solid #e2e2e2;}<\/style><div class=\"fusion-gallery fusion-gallery-container fusion-grid-3 fusion-columns-total-8 fusion-gallery-layout-grid fusion-gallery-1\" style=\"margin:-5px;\"><div style=\"padding:5px;\" class=\"fusion-grid-column fusion-gallery-column fusion-gallery-column-3 hover-type-none\"><div class=\"fusion-gallery-image\"><a href=\"https:\/\/afc.cat\/wp-content\/uploads\/2025\/01\/ca3.jpg\" rel=\"noreferrer\" data-rel=\"iLightbox[gallery_image_1]\" class=\"fusion-lightbox\" target=\"_self\"><img decoding=\"async\" src=\"https:\/\/afc.cat\/wp-content\/uploads\/2025\/01\/ca3.jpg\" width=\"125\" height=\"100\" alt=\"\" title=\"ca3\" aria-label=\"ca3\" class=\"img-responsive wp-image-40730 fusion-gallery-image-size-fixed\" \/><\/a><\/div><\/div><div style=\"padding:5px;\" class=\"fusion-grid-column fusion-gallery-column fusion-gallery-column-3 hover-type-none\"><div class=\"fusion-gallery-image\"><a href=\"https:\/\/afc.cat\/wp-content\/uploads\/2025\/01\/ca40.jpg\" rel=\"noreferrer\" data-rel=\"iLightbox[gallery_image_1]\" class=\"fusion-lightbox\" target=\"_self\"><img decoding=\"async\" src=\"https:\/\/afc.cat\/wp-content\/uploads\/2025\/01\/ca40.jpg\" width=\"228\" height=\"100\" alt=\"\" title=\"ca40\" aria-label=\"ca40\" class=\"img-responsive wp-image-40744 fusion-gallery-image-size-fixed\" srcset=\"https:\/\/afc.cat\/wp-content\/uploads\/2025\/01\/ca40-200x88.jpg 200w, https:\/\/afc.cat\/wp-content\/uploads\/2025\/01\/ca40.jpg 228w\" sizes=\"(min-width: 2200px) 100vw, (min-width: 832px) 413px, (min-width: 736px) 620px, (min-width: 640px) 736px, \" \/><\/a><\/div><\/div><div style=\"padding:5px;\" class=\"fusion-grid-column fusion-gallery-column fusion-gallery-column-3 hover-type-none\"><div class=\"fusion-gallery-image\"><a href=\"https:\/\/afc.cat\/wp-content\/uploads\/2025\/01\/ca4-e1735858405614.jpg\" rel=\"noreferrer\" data-rel=\"iLightbox[gallery_image_1]\" class=\"fusion-lightbox\" target=\"_self\"><img decoding=\"async\" src=\"https:\/\/afc.cat\/wp-content\/uploads\/2025\/01\/ca4-e1735858405614.jpg\" width=\"144\" height=\"144\" alt=\"\" title=\"ca4\" aria-label=\"ca4\" class=\"img-responsive wp-image-40732 fusion-gallery-image-size-fixed\" \/><\/a><\/div><\/div><div class=\"clearfix\"><\/div><div style=\"padding:5px;\" class=\"fusion-grid-column fusion-gallery-column fusion-gallery-column-3 hover-type-none\"><div class=\"fusion-gallery-image\"><a href=\"https:\/\/afc.cat\/wp-content\/uploads\/2025\/01\/ca66.jpg\" rel=\"noreferrer\" data-rel=\"iLightbox[gallery_image_1]\" class=\"fusion-lightbox\" target=\"_self\"><img decoding=\"async\" src=\"https:\/\/afc.cat\/wp-content\/uploads\/2025\/01\/ca66.jpg\" width=\"309\" height=\"100\" alt=\"\" title=\"ca66\" aria-label=\"ca66\" class=\"img-responsive wp-image-40746 fusion-gallery-image-size-fixed\" srcset=\"https:\/\/afc.cat\/wp-content\/uploads\/2025\/01\/ca66-200x65.jpg 200w, https:\/\/afc.cat\/wp-content\/uploads\/2025\/01\/ca66.jpg 309w\" sizes=\"(min-width: 2200px) 100vw, (min-width: 832px) 413px, (min-width: 736px) 620px, (min-width: 640px) 736px, \" \/><\/a><\/div><\/div><div style=\"padding:5px;\" class=\"fusion-grid-column fusion-gallery-column fusion-gallery-column-3 hover-type-none\"><div class=\"fusion-gallery-image\"><a href=\"https:\/\/afc.cat\/wp-content\/uploads\/2025\/01\/ca5.jpg\" rel=\"noreferrer\" data-rel=\"iLightbox[gallery_image_1]\" class=\"fusion-lightbox\" target=\"_self\"><img decoding=\"async\" src=\"https:\/\/afc.cat\/wp-content\/uploads\/2025\/01\/ca5.jpg\" width=\"264\" height=\"100\" alt=\"\" title=\"ca5\" aria-label=\"ca5\" class=\"img-responsive wp-image-40734 fusion-gallery-image-size-fixed\" srcset=\"https:\/\/afc.cat\/wp-content\/uploads\/2025\/01\/ca5-200x76.jpg 200w, https:\/\/afc.cat\/wp-content\/uploads\/2025\/01\/ca5.jpg 264w\" sizes=\"(min-width: 2200px) 100vw, (min-width: 832px) 413px, (min-width: 736px) 620px, (min-width: 640px) 736px, \" \/><\/a><\/div><\/div><div style=\"padding:5px;\" class=\"fusion-grid-column fusion-gallery-column fusion-gallery-column-3 hover-type-none\"><div class=\"fusion-gallery-image\"><a href=\"https:\/\/afc.cat\/wp-content\/uploads\/2025\/01\/ca7.jpg\" rel=\"noreferrer\" data-rel=\"iLightbox[gallery_image_1]\" class=\"fusion-lightbox\" target=\"_self\"><img decoding=\"async\" src=\"https:\/\/afc.cat\/wp-content\/uploads\/2025\/01\/ca7.jpg\" width=\"125\" height=\"100\" alt=\"\" title=\"ca7\" aria-label=\"ca7\" class=\"img-responsive wp-image-40738 fusion-gallery-image-size-fixed\" \/><\/a><\/div><\/div><div class=\"clearfix\"><\/div><div style=\"padding:5px;\" class=\"fusion-grid-column fusion-gallery-column fusion-gallery-column-3 hover-type-none\"><div class=\"fusion-gallery-image\"><a href=\"https:\/\/afc.cat\/wp-content\/uploads\/2025\/01\/ca8.jpg\" rel=\"noreferrer\" data-rel=\"iLightbox[gallery_image_1]\" class=\"fusion-lightbox\" target=\"_self\"><img decoding=\"async\" src=\"https:\/\/afc.cat\/wp-content\/uploads\/2025\/01\/ca8.jpg\" width=\"125\" height=\"100\" alt=\"\" title=\"ca8\" aria-label=\"ca8\" class=\"img-responsive wp-image-40740 fusion-gallery-image-size-fixed\" \/><\/a><\/div><\/div><div style=\"padding:5px;\" class=\"fusion-grid-column fusion-gallery-column fusion-gallery-column-3 hover-type-none\"><div class=\"fusion-gallery-image\"><a href=\"https:\/\/afc.cat\/wp-content\/uploads\/2025\/01\/ca9-e1735858493607.jpg\" rel=\"noreferrer\" data-rel=\"iLightbox[gallery_image_1]\" class=\"fusion-lightbox\" target=\"_self\"><img decoding=\"async\" src=\"https:\/\/afc.cat\/wp-content\/uploads\/2025\/01\/ca9-e1735858493607.jpg\" width=\"193\" height=\"160\" alt=\"\" title=\"ca9\" aria-label=\"ca9\" class=\"img-responsive wp-image-40742 fusion-gallery-image-size-fixed\" \/><\/a><\/div><\/div><\/div><\/div><style type=\"text\/css\">.fusion-body .fusion-builder-column-0{width:100% !important;margin-top : 0px;margin-bottom : 0px;}.fusion-builder-column-0 > .fusion-column-wrapper {padding-top : 0px !important;padding-right : 0px !important;margin-right : 1.92%;padding-bottom : 0px !important;padding-left : 0px !important;margin-left : 1.92%;}@media only screen and (max-width:1024px) {.fusion-body .fusion-builder-column-0{width:100% !important;}.fusion-builder-column-0 > .fusion-column-wrapper {margin-right : 1.92%;margin-left : 1.92%;}}@media only screen and (max-width:640px) {.fusion-body .fusion-builder-column-0{width:100% !important;}.fusion-builder-column-0 > .fusion-column-wrapper {margin-right : 1.92%;margin-left : 1.92%;}}<\/style><\/div><\/div><style type=\"text\/css\">.fusion-body .fusion-flex-container.fusion-builder-row-1{ padding-top : 0px;margin-top : 0px;padding-right : 0px;padding-bottom : 0px;margin-bottom : 0px;padding-left : 0px;}<\/style><\/div><div class=\"fusion-fullwidth fullwidth-box fusion-builder-row-2 fusion-flex-container nonhundred-percent-fullwidth non-hundred-percent-height-scrolling\" style=\"background-color: rgba(255,255,255,0);background-position: center center;background-repeat: no-repeat;border-width: 0px 0px 0px 0px;border-color:#ffffff;border-style:solid;\" ><div class=\"fusion-builder-row fusion-row fusion-flex-align-items-flex-start\" style=\"max-width:1300px;margin-left: calc(-4% \/ 2 );margin-right: calc(-4% \/ 2 );\"><div class=\"fusion-layout-column fusion_builder_column fusion-builder-column-1 fusion_builder_column_1_1 1_1 fusion-flex-column\"><div class=\"fusion-column-wrapper fusion-flex-justify-content-flex-start fusion-content-layout-column\" style=\"background-position:left top;background-repeat:no-repeat;-webkit-background-size:cover;-moz-background-size:cover;-o-background-size:cover;background-size:cover;padding: 0px 0px 0px 0px;\"><\/div><style type=\"text\/css\">.fusion-body .fusion-builder-column-1{width:100% !important;margin-top : 0px;margin-bottom : 20px;}.fusion-builder-column-1 > .fusion-column-wrapper {padding-top : 0px !important;padding-right : 0px !important;margin-right : 1.92%;padding-bottom : 0px !important;padding-left : 0px !important;margin-left : 1.92%;}@media only screen and (max-width:1024px) {.fusion-body .fusion-builder-column-1{width:100% !important;order : 0;}.fusion-builder-column-1 > .fusion-column-wrapper {margin-right : 1.92%;margin-left : 1.92%;}}@media only screen and (max-width:640px) {.fusion-body .fusion-builder-column-1{width:100% !important;order : 0;}.fusion-builder-column-1 > .fusion-column-wrapper {margin-right : 1.92%;margin-left : 1.92%;}}<\/style><\/div><\/div><style type=\"text\/css\">.fusion-body .fusion-flex-container.fusion-builder-row-2{ padding-top : 0px;margin-top : 0px;padding-right : 0px;padding-bottom : 0px;margin-bottom : 0px;padding-left : 0px;}<\/style><\/div><\/p>\n","protected":false},"excerpt":{"rendered":"","protected":false},"template":"","meta":{"_acf_changed":false},"wcs-type":[111,127],"wcs-room":[],"wcs-instructor":[696],"class_list":["post-40900","class","type-class","status-publish","hentry","wcs-type-exposiciones","wcs-type-salidas","wcs-instructor-patrimoni"],"acf":[],"yoast_head":"<!-- This site is optimized with the Yoast SEO plugin v27.2 - https:\/\/yoast.com\/product\/yoast-seo-wordpress\/ -->\n<title>Exposici\u00f3n colectiva y visita guiada a la Casa de L&#039;Aigua de la Trinitat Nova - Agrupaci\u00f3 Fotogr\u00e0fica de Catalunya<\/title>\n<meta name=\"robots\" content=\"index, follow, max-snippet:-1, max-image-preview:large, max-video-preview:-1\" \/>\n<link rel=\"canonical\" href=\"https:\/\/afc.cat\/es\/activitat\/exposicio-collectiva-i-visita-guiada-a-la-casa-de-laigua-de-la-trinitat-nova\/\" \/>\n<meta property=\"og:locale\" content=\"es_ES\" \/>\n<meta property=\"og:type\" content=\"article\" \/>\n<meta property=\"og:title\" content=\"Exposici\u00f3n colectiva y visita guiada a la Casa de L&#039;Aigua de la Trinitat Nova - Agrupaci\u00f3 Fotogr\u00e0fica de Catalunya\" \/>\n<meta property=\"og:url\" content=\"https:\/\/afc.cat\/es\/activitat\/exposicio-collectiva-i-visita-guiada-a-la-casa-de-laigua-de-la-trinitat-nova\/\" \/>\n<meta property=\"og:site_name\" content=\"Agrupaci\u00f3 Fotogr\u00e0fica de Catalunya\" \/>\n<meta property=\"article:modified_time\" content=\"2025-01-22T22:13:55+00:00\" \/>\n<meta name=\"twitter:card\" content=\"summary_large_image\" \/>\n<meta name=\"twitter:label1\" content=\"Tiempo de lectura\" \/>\n\t<meta name=\"twitter:data1\" content=\"10 minutos\" \/>\n<script type=\"application\/ld+json\" class=\"yoast-schema-graph\">{\"@context\":\"https:\/\/schema.org\",\"@graph\":[{\"@type\":\"WebPage\",\"@id\":\"https:\/\/afc.cat\/es\/activitat\/exposicio-collectiva-i-visita-guiada-a-la-casa-de-laigua-de-la-trinitat-nova\/\",\"url\":\"https:\/\/afc.cat\/es\/activitat\/exposicio-collectiva-i-visita-guiada-a-la-casa-de-laigua-de-la-trinitat-nova\/\",\"name\":\"Exposici\u00f3n colectiva y visita guiada a la Casa de L'Aigua de la Trinitat Nova - Agrupaci\u00f3 Fotogr\u00e0fica de Catalunya\",\"isPartOf\":{\"@id\":\"https:\/\/afc.cat\/es\/#website\"},\"datePublished\":\"2025-01-06T22:01:39+00:00\",\"dateModified\":\"2025-01-22T22:13:55+00:00\",\"breadcrumb\":{\"@id\":\"https:\/\/afc.cat\/es\/activitat\/exposicio-collectiva-i-visita-guiada-a-la-casa-de-laigua-de-la-trinitat-nova\/#breadcrumb\"},\"inLanguage\":\"es\",\"potentialAction\":[{\"@type\":\"ReadAction\",\"target\":[\"https:\/\/afc.cat\/es\/activitat\/exposicio-collectiva-i-visita-guiada-a-la-casa-de-laigua-de-la-trinitat-nova\/\"]}]},{\"@type\":\"BreadcrumbList\",\"@id\":\"https:\/\/afc.cat\/es\/activitat\/exposicio-collectiva-i-visita-guiada-a-la-casa-de-laigua-de-la-trinitat-nova\/#breadcrumb\",\"itemListElement\":[{\"@type\":\"ListItem\",\"position\":1,\"name\":\"Inicio\",\"item\":\"https:\/\/afc.cat\/es\/\"},{\"@type\":\"ListItem\",\"position\":2,\"name\":\"Exposici\u00f3n colectiva y visita guiada a la Casa de L&#8217;Aigua de la Trinitat Nova\"}]},{\"@type\":\"WebSite\",\"@id\":\"https:\/\/afc.cat\/es\/#website\",\"url\":\"https:\/\/afc.cat\/es\/\",\"name\":\"Agrupaci\u00f3 Fotogr\u00e0fica de Catalunya\",\"description\":\"Fomento y divulgaci\u00f3n de la fotograf\u00eda en todas sus variedades\",\"potentialAction\":[{\"@type\":\"SearchAction\",\"target\":{\"@type\":\"EntryPoint\",\"urlTemplate\":\"https:\/\/afc.cat\/es\/?s={search_term_string}\"},\"query-input\":{\"@type\":\"PropertyValueSpecification\",\"valueRequired\":true,\"valueName\":\"search_term_string\"}}],\"inLanguage\":\"es\"}]}<\/script>\n<!-- \/ Yoast SEO plugin. -->","yoast_head_json":{"title":"Exposici\u00f3n colectiva y visita guiada a la Casa de L'Aigua de la Trinitat Nova - Agrupaci\u00f3 Fotogr\u00e0fica de Catalunya","robots":{"index":"index","follow":"follow","max-snippet":"max-snippet:-1","max-image-preview":"max-image-preview:large","max-video-preview":"max-video-preview:-1"},"canonical":"https:\/\/afc.cat\/es\/activitat\/exposicio-collectiva-i-visita-guiada-a-la-casa-de-laigua-de-la-trinitat-nova\/","og_locale":"es_ES","og_type":"article","og_title":"Exposici\u00f3n colectiva y visita guiada a la Casa de L'Aigua de la Trinitat Nova - Agrupaci\u00f3 Fotogr\u00e0fica de Catalunya","og_url":"https:\/\/afc.cat\/es\/activitat\/exposicio-collectiva-i-visita-guiada-a-la-casa-de-laigua-de-la-trinitat-nova\/","og_site_name":"Agrupaci\u00f3 Fotogr\u00e0fica de Catalunya","article_modified_time":"2025-01-22T22:13:55+00:00","twitter_card":"summary_large_image","twitter_misc":{"Tiempo de lectura":"10 minutos"},"schema":{"@context":"https:\/\/schema.org","@graph":[{"@type":"WebPage","@id":"https:\/\/afc.cat\/es\/activitat\/exposicio-collectiva-i-visita-guiada-a-la-casa-de-laigua-de-la-trinitat-nova\/","url":"https:\/\/afc.cat\/es\/activitat\/exposicio-collectiva-i-visita-guiada-a-la-casa-de-laigua-de-la-trinitat-nova\/","name":"Exposici\u00f3n colectiva y visita guiada a la Casa de L'Aigua de la Trinitat Nova - Agrupaci\u00f3 Fotogr\u00e0fica de Catalunya","isPartOf":{"@id":"https:\/\/afc.cat\/es\/#website"},"datePublished":"2025-01-06T22:01:39+00:00","dateModified":"2025-01-22T22:13:55+00:00","breadcrumb":{"@id":"https:\/\/afc.cat\/es\/activitat\/exposicio-collectiva-i-visita-guiada-a-la-casa-de-laigua-de-la-trinitat-nova\/#breadcrumb"},"inLanguage":"es","potentialAction":[{"@type":"ReadAction","target":["https:\/\/afc.cat\/es\/activitat\/exposicio-collectiva-i-visita-guiada-a-la-casa-de-laigua-de-la-trinitat-nova\/"]}]},{"@type":"BreadcrumbList","@id":"https:\/\/afc.cat\/es\/activitat\/exposicio-collectiva-i-visita-guiada-a-la-casa-de-laigua-de-la-trinitat-nova\/#breadcrumb","itemListElement":[{"@type":"ListItem","position":1,"name":"Inicio","item":"https:\/\/afc.cat\/es\/"},{"@type":"ListItem","position":2,"name":"Exposici\u00f3n colectiva y visita guiada a la Casa de L&#8217;Aigua de la Trinitat Nova"}]},{"@type":"WebSite","@id":"https:\/\/afc.cat\/es\/#website","url":"https:\/\/afc.cat\/es\/","name":"Agrupaci\u00f3 Fotogr\u00e0fica de Catalunya","description":"Fomento y divulgaci\u00f3n de la fotograf\u00eda en todas sus variedades","potentialAction":[{"@type":"SearchAction","target":{"@type":"EntryPoint","urlTemplate":"https:\/\/afc.cat\/es\/?s={search_term_string}"},"query-input":{"@type":"PropertyValueSpecification","valueRequired":true,"valueName":"search_term_string"}}],"inLanguage":"es"}]}},"_links":{"self":[{"href":"https:\/\/afc.cat\/es\/wp-json\/wp\/v2\/class\/40900","targetHints":{"allow":["GET"]}}],"collection":[{"href":"https:\/\/afc.cat\/es\/wp-json\/wp\/v2\/class"}],"about":[{"href":"https:\/\/afc.cat\/es\/wp-json\/wp\/v2\/types\/class"}],"wp:attachment":[{"href":"https:\/\/afc.cat\/es\/wp-json\/wp\/v2\/media?parent=40900"}],"wp:term":[{"taxonomy":"wcs-type","embeddable":true,"href":"https:\/\/afc.cat\/es\/wp-json\/wp\/v2\/wcs-type?post=40900"},{"taxonomy":"wcs-room","embeddable":true,"href":"https:\/\/afc.cat\/es\/wp-json\/wp\/v2\/wcs-room?post=40900"},{"taxonomy":"wcs-instructor","embeddable":true,"href":"https:\/\/afc.cat\/es\/wp-json\/wp\/v2\/wcs-instructor?post=40900"}],"curies":[{"name":"wp","href":"https:\/\/api.w.org\/{rel}","templated":true}]}}