{"id":41036,"date":"2024-11-25T20:49:17","date_gmt":"2024-11-25T18:49:17","guid":{"rendered":"https:\/\/afc.cat\/activitat\/taller-de-fotografia-moviment-de-camera-i-llums-de-ciutat\/"},"modified":"2025-01-23T01:01:53","modified_gmt":"2025-01-22T23:01:53","slug":"taller-de-fotografia-movimiento-de-camara-y-luces-de-ciudad","status":"publish","type":"class","link":"https:\/\/afc.cat\/es\/activitat\/taller-de-fotografia-movimiento-de-camara-y-luces-de-ciudad\/","title":{"rendered":"Taller de fotograf\u00eda: movimiento de c\u00e1mara y luces de ciudad"},"content":{"rendered":"<p><div class=\"fusion-fullwidth fullwidth-box fusion-builder-row-1 fusion-flex-container nonhundred-percent-fullwidth non-hundred-percent-height-scrolling\" style=\"background-color: rgba(255,255,255,0);background-position: center center;background-repeat: no-repeat;border-width: 0px 15px 0px 0px;border-color:#ffffff;border-style:solid;\" ><div class=\"fusion-builder-row fusion-row fusion-flex-align-items-flex-start\" style=\"max-width:1300px;margin-left: calc(-4% \/ 2 );margin-right: calc(-4% \/ 2 );\"><div class=\"fusion-layout-column fusion_builder_column fusion-builder-column-0 fusion_builder_column_1_1 1_1 fusion-flex-column\"><div class=\"fusion-column-wrapper fusion-flex-justify-content-flex-start fusion-content-layout-column\" style=\"background-position:left top;background-repeat:no-repeat;-webkit-background-size:cover;-moz-background-size:cover;-o-background-size:cover;background-size:cover;padding: 0px 0px 0px 0px;\"><div class=\"fusion-text fusion-text-1\"><h2>Taller de fotograf\u00eda: movimiento de c\u00e1mara, luces de ciudad y como componer<\/h2>\n<p>En este taller practicaremos los movimientos que podemos realizar con nuestra c\u00e1mara para dar dinamismo a nuestras fotograf\u00edas, tambi\u00e9n aprenderemos a componer con las <strong>luces de ciudad y el entorno urbano<\/strong>.<br \/>\nEl taller constar\u00e1 de 5 horas repartidas en 2 d\u00edas.<\/p>\n<p><strong>D\u00eda 1:<\/strong> teor\u00eda del movimiento (1h) pr\u00e1ctica de movimiento y luz (2h)<\/p>\n<p><strong>D\u00eda 2<\/strong>: revisi\u00f3n de los trabajos fotogr\u00e1ficos (2h)<\/p>\n<p><strong>Fechas:<\/strong><br \/>\nD\u00eda 1 &#8211; Viernes 13 de diciembre de 16-19h (AFC)<br \/>\nD\u00eda 2 &#8211; Viernes 10 de enero de 17-19h (AFC)<\/p>\n<p>Precio: 15\u20ac.<\/p>\n<p><a href=\"https:\/\/afc.playoffinformatica.com\/actividad\/119\/Taller-de-fotografia:-moviment-de-camera-i-llums-de-ciutat\/\">INSCRIPCI\u00d3N Y PAGO ONLINE<\/a><\/p>\n<p><strong>T\u00e9cnica del Movimiento de la C\u00e1mara y luces de ciudad<\/strong><\/p>\n<p>T\u00e9cnicas de Movimiento de la C\u00e1mara: c\u00f3mo seguir el movimiento del sujeto.<\/p>\n<p>Larga exposici\u00f3n: capturando rastros de luz y movimiento.<\/p>\n<p>Efecto bokeh y c\u00f3mo aprovechar las luces de la ciudad.<\/p>\n<p>Equipos recomendados (tr\u00edpodas, estabilizadores, lentes).<\/p>\n<p><strong>Pr\u00e1ctica del Movimiento de la C\u00e1mara<\/strong><\/p>\n<p>Ejercicio 1: Paneo, Girochi, zoom in\/out \u2013 Practicar con peatones o veh\u00edculos en movimiento.<\/p>\n<p>Ejercicio 2: Larga exposici\u00f3n \u2013 Capturar el movimiento de las luces por la noche.<\/p>\n<p>Ejercicio 3: Bokeh \u2013 Experimentar con las luces de la ciudad y diferentes aberturas y distancias.<\/p>\n<p><strong>Teor\u00eda de las Luces Urbanas<\/strong><br \/>\nC\u00f3mo interpretar y aprovechar la luz natural y artificial en la calle.<\/p>\n<p>Utilizaci\u00f3n de luces de ne\u00f3n y carteles luminosos.<\/p>\n<p><strong>El papel de la hora dorada y la hora azul en la fotograf\u00eda urbana.<\/strong><\/p>\n<p><strong>Balance de blancos<\/strong> y c\u00f3mo afectan a la atm\u00f3sfera de la foto.<\/p>\n<p><strong>Pr\u00e1ctica con las Luces Urbanas<\/strong><\/p>\n<p>Ejercicio 1: Fotograf\u00eda en la hora dorada \u2013 Capturar el ambiente c\u00e1lido de la ciudad.<\/p>\n<p>Ejercicio 2: Fotograf\u00eda en la hora azul \u2013 Crear atm\u00f3sferas misteriosas y dram\u00e1ticas.<\/p>\n<p>Ejercicio 3: Uso de luces de ne\u00f3n \u2013 Enfocar y desenfocar luces para efectos creativos.<\/p>\n<p><strong>An\u00e1lisis de los resultados<\/strong><\/p>\n<p>Revisi\u00f3n de las fotos tomadas por los alumnos.<\/p>\n<p>Comentarios constructivos y sugerencias para mejorar.<\/p>\n<p>Responder a preguntas y resolver dudas t\u00e9cnicas.<\/p>\n<p><strong>Conclusi\u00f3n y Consejos Finales<\/strong><\/p>\n<p>Recapitulaci\u00f3n de los puntos principales aprendidos durante la clase.<br \/>\nConsejos pr\u00e1cticos para seguir practicando.<\/p>\n<\/div><div ><style>.fusion-imageframe.imageframe-1{ margin-top : 30px;}<\/style><span class=\" fusion-imageframe imageframe-none imageframe-1 hover-type-none\"><img decoding=\"async\" width=\"420\" height=\"79\" title=\"cultura\" src=\"https:\/\/afc.cat\/wp-content\/uploads\/2025\/01\/logos_generalitat_-ajuntament-bcn.jpg\" alt class=\"img-responsive wp-image-41129\" srcset=\"https:\/\/afc.cat\/wp-content\/uploads\/2025\/01\/logos_generalitat_-ajuntament-bcn-200x38.jpg 200w, https:\/\/afc.cat\/wp-content\/uploads\/2025\/01\/logos_generalitat_-ajuntament-bcn-400x75.jpg 400w, https:\/\/afc.cat\/wp-content\/uploads\/2025\/01\/logos_generalitat_-ajuntament-bcn.jpg 420w\" sizes=\"(max-width: 640px) 100vw, 420px\" \/><\/span><\/div><div ><span class=\" fusion-imageframe imageframe-none imageframe-2 hover-type-none\"><img decoding=\"async\" width=\"2264\" height=\"561\" title=\"Logos colaboradors\" src=\"https:\/\/afc.cat\/wp-content\/uploads\/2025\/01\/Logos-colaboradors.jpg\" alt class=\"img-responsive wp-image-40956\" srcset=\"https:\/\/afc.cat\/wp-content\/uploads\/2025\/01\/Logos-colaboradors-200x50.jpg 200w, https:\/\/afc.cat\/wp-content\/uploads\/2025\/01\/Logos-colaboradors-400x99.jpg 400w, https:\/\/afc.cat\/wp-content\/uploads\/2025\/01\/Logos-colaboradors-600x149.jpg 600w, https:\/\/afc.cat\/wp-content\/uploads\/2025\/01\/Logos-colaboradors-800x198.jpg 800w, https:\/\/afc.cat\/wp-content\/uploads\/2025\/01\/Logos-colaboradors-1200x297.jpg 1200w, https:\/\/afc.cat\/wp-content\/uploads\/2025\/01\/Logos-colaboradors.jpg 2264w\" sizes=\"(max-width: 640px) 100vw, 2264px\" \/><\/span><\/div><\/div><style type=\"text\/css\">.fusion-body .fusion-builder-column-0{width:100% !important;margin-top : 0px;margin-bottom : 0px;}.fusion-builder-column-0 > .fusion-column-wrapper {padding-top : 0px !important;padding-right : 0px !important;margin-right : 1.92%;padding-bottom : 0px !important;padding-left : 0px !important;margin-left : 1.92%;}@media only screen and (max-width:1024px) {.fusion-body .fusion-builder-column-0{width:100% !important;}.fusion-builder-column-0 > .fusion-column-wrapper {margin-right : 1.92%;margin-left : 1.92%;}}@media only screen and (max-width:640px) {.fusion-body .fusion-builder-column-0{width:100% !important;}.fusion-builder-column-0 > .fusion-column-wrapper {margin-right : 1.92%;margin-left : 1.92%;}}<\/style><\/div><\/div><style type=\"text\/css\">.fusion-body .fusion-flex-container.fusion-builder-row-1{ padding-top : 0px;margin-top : 0px;padding-right : 0px;padding-bottom : 0px;margin-bottom : 0px;padding-left : 0px;}<\/style><\/div><div class=\"fusion-fullwidth fullwidth-box fusion-builder-row-2 fusion-flex-container nonhundred-percent-fullwidth non-hundred-percent-height-scrolling\" style=\"background-color: rgba(255,255,255,0);background-position: center center;background-repeat: no-repeat;border-width: 0px 0px 0px 0px;border-color:#ffffff;border-style:solid;\" ><div class=\"fusion-builder-row fusion-row fusion-flex-align-items-flex-start\" style=\"max-width:1300px;margin-left: calc(-4% \/ 2 );margin-right: calc(-4% \/ 2 );\"><div class=\"fusion-layout-column fusion_builder_column fusion-builder-column-1 fusion_builder_column_1_1 1_1 fusion-flex-column\"><div class=\"fusion-column-wrapper fusion-flex-justify-content-flex-start fusion-content-layout-column\" style=\"background-position:left top;background-repeat:no-repeat;-webkit-background-size:cover;-moz-background-size:cover;-o-background-size:cover;background-size:cover;padding: 0px 0px 0px 0px;\"><\/div><style type=\"text\/css\">.fusion-body .fusion-builder-column-1{width:100% !important;margin-top : 0px;margin-bottom : 20px;}.fusion-builder-column-1 > .fusion-column-wrapper {padding-top : 0px !important;padding-right : 0px !important;margin-right : 1.92%;padding-bottom : 0px !important;padding-left : 0px !important;margin-left : 1.92%;}@media only screen and (max-width:1024px) {.fusion-body .fusion-builder-column-1{width:100% !important;order : 0;}.fusion-builder-column-1 > .fusion-column-wrapper {margin-right : 1.92%;margin-left : 1.92%;}}@media only screen and (max-width:640px) {.fusion-body .fusion-builder-column-1{width:100% !important;order : 0;}.fusion-builder-column-1 > .fusion-column-wrapper {margin-right : 1.92%;margin-left : 1.92%;}}<\/style><\/div><\/div><style type=\"text\/css\">.fusion-body .fusion-flex-container.fusion-builder-row-2{ padding-top : 0px;margin-top : 0px;padding-right : 0px;padding-bottom : 0px;margin-bottom : 0px;padding-left : 0px;}<\/style><\/div><\/p>\n","protected":false},"excerpt":{"rendered":"","protected":false},"template":"","meta":{"_acf_changed":false},"wcs-type":[114,118],"wcs-room":[131],"wcs-instructor":[675],"class_list":["post-41036","class","type-class","status-publish","hentry","wcs-type-formacion","wcs-type-taller-es","wcs-room-agrupacio-fotografica-de-catalunya","wcs-instructor-grup-de-fotografia-dstreet"],"acf":[],"yoast_head":"<!-- This site is optimized with the Yoast SEO plugin v27.2 - https:\/\/yoast.com\/product\/yoast-seo-wordpress\/ -->\n<title>Taller de fotograf\u00eda: movimiento de c\u00e1mara y luces de ciudad - Agrupaci\u00f3 Fotogr\u00e0fica de Catalunya<\/title>\n<meta name=\"robots\" content=\"index, follow, max-snippet:-1, max-image-preview:large, max-video-preview:-1\" \/>\n<link rel=\"canonical\" href=\"https:\/\/afc.cat\/es\/activitat\/taller-de-fotografia-movimiento-de-camara-y-luces-de-ciudad\/\" \/>\n<meta property=\"og:locale\" content=\"es_ES\" \/>\n<meta property=\"og:type\" content=\"article\" \/>\n<meta property=\"og:title\" content=\"Taller de fotograf\u00eda: movimiento de c\u00e1mara y luces de ciudad - Agrupaci\u00f3 Fotogr\u00e0fica de Catalunya\" \/>\n<meta property=\"og:url\" content=\"https:\/\/afc.cat\/es\/activitat\/taller-de-fotografia-movimiento-de-camara-y-luces-de-ciudad\/\" \/>\n<meta property=\"og:site_name\" content=\"Agrupaci\u00f3 Fotogr\u00e0fica de Catalunya\" \/>\n<meta property=\"article:modified_time\" content=\"2025-01-22T23:01:53+00:00\" \/>\n<meta name=\"twitter:card\" content=\"summary_large_image\" \/>\n<meta name=\"twitter:label1\" content=\"Tiempo de lectura\" \/>\n\t<meta name=\"twitter:data1\" content=\"8 minutos\" \/>\n<script type=\"application\/ld+json\" class=\"yoast-schema-graph\">{\"@context\":\"https:\/\/schema.org\",\"@graph\":[{\"@type\":\"WebPage\",\"@id\":\"https:\/\/afc.cat\/es\/activitat\/taller-de-fotografia-movimiento-de-camara-y-luces-de-ciudad\/\",\"url\":\"https:\/\/afc.cat\/es\/activitat\/taller-de-fotografia-movimiento-de-camara-y-luces-de-ciudad\/\",\"name\":\"Taller de fotograf\u00eda: movimiento de c\u00e1mara y luces de ciudad - Agrupaci\u00f3 Fotogr\u00e0fica de Catalunya\",\"isPartOf\":{\"@id\":\"https:\/\/afc.cat\/es\/#website\"},\"datePublished\":\"2024-11-25T18:49:17+00:00\",\"dateModified\":\"2025-01-22T23:01:53+00:00\",\"breadcrumb\":{\"@id\":\"https:\/\/afc.cat\/es\/activitat\/taller-de-fotografia-movimiento-de-camara-y-luces-de-ciudad\/#breadcrumb\"},\"inLanguage\":\"es\",\"potentialAction\":[{\"@type\":\"ReadAction\",\"target\":[\"https:\/\/afc.cat\/es\/activitat\/taller-de-fotografia-movimiento-de-camara-y-luces-de-ciudad\/\"]}]},{\"@type\":\"BreadcrumbList\",\"@id\":\"https:\/\/afc.cat\/es\/activitat\/taller-de-fotografia-movimiento-de-camara-y-luces-de-ciudad\/#breadcrumb\",\"itemListElement\":[{\"@type\":\"ListItem\",\"position\":1,\"name\":\"Inicio\",\"item\":\"https:\/\/afc.cat\/es\/\"},{\"@type\":\"ListItem\",\"position\":2,\"name\":\"Taller de fotograf\u00eda: movimiento de c\u00e1mara y luces de ciudad\"}]},{\"@type\":\"WebSite\",\"@id\":\"https:\/\/afc.cat\/es\/#website\",\"url\":\"https:\/\/afc.cat\/es\/\",\"name\":\"Agrupaci\u00f3 Fotogr\u00e0fica de Catalunya\",\"description\":\"Fomento y divulgaci\u00f3n de la fotograf\u00eda en todas sus variedades\",\"potentialAction\":[{\"@type\":\"SearchAction\",\"target\":{\"@type\":\"EntryPoint\",\"urlTemplate\":\"https:\/\/afc.cat\/es\/?s={search_term_string}\"},\"query-input\":{\"@type\":\"PropertyValueSpecification\",\"valueRequired\":true,\"valueName\":\"search_term_string\"}}],\"inLanguage\":\"es\"}]}<\/script>\n<!-- \/ Yoast SEO plugin. -->","yoast_head_json":{"title":"Taller de fotograf\u00eda: movimiento de c\u00e1mara y luces de ciudad - Agrupaci\u00f3 Fotogr\u00e0fica de Catalunya","robots":{"index":"index","follow":"follow","max-snippet":"max-snippet:-1","max-image-preview":"max-image-preview:large","max-video-preview":"max-video-preview:-1"},"canonical":"https:\/\/afc.cat\/es\/activitat\/taller-de-fotografia-movimiento-de-camara-y-luces-de-ciudad\/","og_locale":"es_ES","og_type":"article","og_title":"Taller de fotograf\u00eda: movimiento de c\u00e1mara y luces de ciudad - Agrupaci\u00f3 Fotogr\u00e0fica de Catalunya","og_url":"https:\/\/afc.cat\/es\/activitat\/taller-de-fotografia-movimiento-de-camara-y-luces-de-ciudad\/","og_site_name":"Agrupaci\u00f3 Fotogr\u00e0fica de Catalunya","article_modified_time":"2025-01-22T23:01:53+00:00","twitter_card":"summary_large_image","twitter_misc":{"Tiempo de lectura":"8 minutos"},"schema":{"@context":"https:\/\/schema.org","@graph":[{"@type":"WebPage","@id":"https:\/\/afc.cat\/es\/activitat\/taller-de-fotografia-movimiento-de-camara-y-luces-de-ciudad\/","url":"https:\/\/afc.cat\/es\/activitat\/taller-de-fotografia-movimiento-de-camara-y-luces-de-ciudad\/","name":"Taller de fotograf\u00eda: movimiento de c\u00e1mara y luces de ciudad - Agrupaci\u00f3 Fotogr\u00e0fica de Catalunya","isPartOf":{"@id":"https:\/\/afc.cat\/es\/#website"},"datePublished":"2024-11-25T18:49:17+00:00","dateModified":"2025-01-22T23:01:53+00:00","breadcrumb":{"@id":"https:\/\/afc.cat\/es\/activitat\/taller-de-fotografia-movimiento-de-camara-y-luces-de-ciudad\/#breadcrumb"},"inLanguage":"es","potentialAction":[{"@type":"ReadAction","target":["https:\/\/afc.cat\/es\/activitat\/taller-de-fotografia-movimiento-de-camara-y-luces-de-ciudad\/"]}]},{"@type":"BreadcrumbList","@id":"https:\/\/afc.cat\/es\/activitat\/taller-de-fotografia-movimiento-de-camara-y-luces-de-ciudad\/#breadcrumb","itemListElement":[{"@type":"ListItem","position":1,"name":"Inicio","item":"https:\/\/afc.cat\/es\/"},{"@type":"ListItem","position":2,"name":"Taller de fotograf\u00eda: movimiento de c\u00e1mara y luces de ciudad"}]},{"@type":"WebSite","@id":"https:\/\/afc.cat\/es\/#website","url":"https:\/\/afc.cat\/es\/","name":"Agrupaci\u00f3 Fotogr\u00e0fica de Catalunya","description":"Fomento y divulgaci\u00f3n de la fotograf\u00eda en todas sus variedades","potentialAction":[{"@type":"SearchAction","target":{"@type":"EntryPoint","urlTemplate":"https:\/\/afc.cat\/es\/?s={search_term_string}"},"query-input":{"@type":"PropertyValueSpecification","valueRequired":true,"valueName":"search_term_string"}}],"inLanguage":"es"}]}},"_links":{"self":[{"href":"https:\/\/afc.cat\/es\/wp-json\/wp\/v2\/class\/41036","targetHints":{"allow":["GET"]}}],"collection":[{"href":"https:\/\/afc.cat\/es\/wp-json\/wp\/v2\/class"}],"about":[{"href":"https:\/\/afc.cat\/es\/wp-json\/wp\/v2\/types\/class"}],"wp:attachment":[{"href":"https:\/\/afc.cat\/es\/wp-json\/wp\/v2\/media?parent=41036"}],"wp:term":[{"taxonomy":"wcs-type","embeddable":true,"href":"https:\/\/afc.cat\/es\/wp-json\/wp\/v2\/wcs-type?post=41036"},{"taxonomy":"wcs-room","embeddable":true,"href":"https:\/\/afc.cat\/es\/wp-json\/wp\/v2\/wcs-room?post=41036"},{"taxonomy":"wcs-instructor","embeddable":true,"href":"https:\/\/afc.cat\/es\/wp-json\/wp\/v2\/wcs-instructor?post=41036"}],"curies":[{"name":"wp","href":"https:\/\/api.w.org\/{rel}","templated":true}]}}