{"id":41188,"date":"2025-01-27T17:05:44","date_gmt":"2025-01-27T15:05:44","guid":{"rendered":"https:\/\/afc.cat\/activitat\/sortida-fotografica-grup-de-fotografia-dstreet-07-02\/"},"modified":"2025-01-27T17:16:13","modified_gmt":"2025-01-27T15:16:13","slug":"sortida-fotografica-grup-de-fotografia-dstreet-07-02","status":"publish","type":"class","link":"https:\/\/afc.cat\/es\/activitat\/sortida-fotografica-grup-de-fotografia-dstreet-07-02\/","title":{"rendered":"Salida fotogr\u00e1fica Grup de Fotografia d&#8217;Street \/ 07\/02"},"content":{"rendered":"<div class=\"fusion-fullwidth fullwidth-box fusion-builder-row-1 fusion-flex-container nonhundred-percent-fullwidth non-hundred-percent-height-scrolling\" style=\"background-color: rgba(255,255,255,0);background-position: center center;background-repeat: no-repeat;border-width: 0px 15px 0px 0px;border-color:#ffffff;border-style:solid;\" ><div class=\"fusion-builder-row fusion-row fusion-flex-align-items-flex-start\" style=\"max-width:1300px;margin-left: calc(-4% \/ 2 );margin-right: calc(-4% \/ 2 );\"><div class=\"fusion-layout-column fusion_builder_column fusion-builder-column-0 fusion_builder_column_1_1 1_1 fusion-flex-column\"><div class=\"fusion-column-wrapper fusion-flex-justify-content-flex-start fusion-content-layout-column\" style=\"background-position:left top;background-repeat:no-repeat;-webkit-background-size:cover;-moz-background-size:cover;-o-background-size:cover;background-size:cover;padding: 0px 0px 0px 0px;\"><div class=\"fusion-text fusion-text-1\"><h2 style=\"font-weight: 400;\"><strong>PLACES DE GR\u00c0CIA<\/strong><\/h2>\n<p style=\"font-weight: 400;\"><strong>CALENDARIO Y HORARIO<\/strong><\/p>\n<p style=\"font-weight: 400;\"><strong>7 DE FEBRERO<\/strong><\/p>\n<p style=\"font-weight: 400;\">Se relaciona a continuaci\u00f3n:<\/p>\n<p><strong>El punto de reuni\u00f3n ha sido se\u00f1alado a las 10 h.<\/strong><\/p>\n<p style=\"font-weight: 400;\">Se advierte a todos aquellos que quieran ir antes, sobre las 8 h., si el tiempo lo permite, que desde la calle Gran de Gr\u00e0cia hacia el mar se ven unos albores muy interesantes para ser fotografiados.<\/p>\n<p>El objetivo de la salida consistir\u00e1 en intentar captar la personalidad de los vecinos, el dinamismo comercial de las tiendas y el ocio que transcurre en las m\u00faltiples terrazas al aire libre y en los bares emblem\u00e1ticos. Todo ello encaminado a plasmar el esp\u00edritu asociativo y participativo de la gente del barrio. Puede aprovecharse cualquier actividad que se realice en calles y plazas durante nuestro recorrido para captarlo. Se har\u00e1 todo lo posible.<\/p>\n<p style=\"font-weight: 400;\">El <strong>punto de encuentro ser\u00e1 en la Pla\u00e7a Lesseps<\/strong>, junto a la parada del metro, l\u00ednea verde, frente a la Casa Ramos.<\/p>\n<p style=\"font-weight: 400;\">Podemos aprovechar para empezar, las construcciones y figuras geom\u00e9tricas que est\u00e1n esparcidas por la plaza como elemento decorativo urbano, y retratar las composiciones que creamos oportunas. Hay muchas vigas que suben en diagonal en una desarmon\u00eda para todos los gustos que visualmente se puede retratar.<\/p>\n<p style=\"font-weight: 400;\">Llegando despu\u00e9s a la calle Gran de Gr\u00e0cia, casi junto a Lesseps, tenemos una cafeter\u00eda muy grande donde se puede desayunar, y otros bares cercanos.<\/p>\n<p style=\"font-weight: 400;\">Podr\u00edamos proseguir por la calle Gran de Gr\u00e0cia, eje comercial del barrio, hasta llegar a la estaci\u00f3n de metro de Fontana, y continuar por la calle Asturias, que es peatonal y tiene mucha vida comercial, donde podemos practicar fotograf\u00eda de personas en movimiento con las t\u00e9cnicas que creemos oportunas. Al final de esta calle llegaremos a las dos plazas siguientes:<\/p>\n<p style=\"font-weight: 400;\"><strong>Pla\u00e7a del Diamant:<\/strong> su elemento m\u00e1s emblem\u00e1tico es la estatua de la Colometa, ubicada all\u00ed en honor de la escritora Merc\u00e8 Rodoreda, autora de la novela\u00bb La Pla\u00e7a del Diamant\u00bb. Es conocida asimismo por su refugio antia\u00e9reo.<\/p>\n<p style=\"font-weight: 400;\"><strong>Pla\u00e7a de la Virreina:<\/strong> Tiene inter\u00e9s la iglesia de San Juan. Y, adem\u00e1s, en la plaza a menudo se realizan mercados de ropa y bisuter\u00eda.<\/p>\n<p style=\"font-weight: 400;\">Resto de plazas:<\/p>\n<p style=\"font-weight: 400;\"><strong>Pla\u00e7a del Nord:<\/strong> es muy tranquila. All\u00ed se encuentra la sede de los Llu\u00efsos de Gr\u00e0cia y el colegio La Salle de Gr\u00e0cia. De camino a la siguiente plaza pasaremos por la calle Verdi, famosa por su cine de autor del mismo nombre, y sus m\u00faltiples restaurantes con comida de otros pa\u00edses, principalmente orientales, y tiendas de moda de dise\u00f1o moderno y algo alternativo.<\/p>\n<p><strong>Pla\u00e7a de la Revoluci\u00f3:<\/strong> con mucha vida, bares y terrazas. Tiene un refugio antia\u00e9reo al que en ocasiones se puede acceder a trav\u00e9s del parking que hay en el subsuelo.<\/p>\n<p><strong>Pla\u00e7a del Sol<\/strong>: es una de las m\u00e1s bonitas y emblem\u00e1ticas del barrio. Las terrazas y bares son un punto de reuni\u00f3n constante durante todo el d\u00eda. Las tapas del caf\u00e9 del Sol son un cl\u00e1sico. Y por la noche es pr\u00e1cticamente imposible encontrar un agujero en el suelo para sentarse: otro cl\u00e1sico.<\/p>\n<p><strong>Pla\u00e7a de la Vila de Gr\u00e0cia:<\/strong> se encuentra a tres minutos de la plaza del Sol. El campanario, el Ayuntamiento y las terrazas de los bares son sus elementos m\u00e1s atractivos.<\/p>\n<p><strong>Pla\u00e7a de Raspall:<\/strong> en las calles que la circundan y en s\u00ed misma se concentr\u00f3 durante muchos a\u00f1os la poblaci\u00f3n gitana \u00abrica\u00bb de Barcelona. Se dice que ah\u00ed naci\u00f3 la rumba catalana.<\/p>\n<p style=\"font-weight: 400;\">Pienso que como m\u00e1ximo puede alargarse la salida hasta las 13.30 h, aunque cualquiera puede abandonarla cuando lo considere necesario.<\/p>\n<p>Como siempre, aquellos miembros del grupo que por el motivo que sea no asistan a la salida, pueden acceder por separado a posteriori cuando lo deseen, y participar igualmente en todos los actos, charlas y publicaciones habituales posteriores, en la siguiente reuni\u00f3n presencial del grupo en la agrupaci\u00f3n.<\/p>\n<p>El tipo de salida no requiere material especial.<\/p>\n<p>Hasta pronto.<\/p>\n<p><strong>Foto: \u00a9 Diego Pastor.<\/strong><\/p>\n<\/div><div ><style>.fusion-imageframe.imageframe-2{ margin-top : 30px;}<\/style><span class=\" fusion-imageframe imageframe-none imageframe-2 hover-type-none\"><img decoding=\"async\" width=\"420\" height=\"79\" title=\"cultura\" src=\"https:\/\/afc.cat\/wp-content\/uploads\/2025\/01\/logos_generalitat_-ajuntament-bcn.jpg\" alt class=\"img-responsive wp-image-41129\" srcset=\"https:\/\/afc.cat\/wp-content\/uploads\/2025\/01\/logos_generalitat_-ajuntament-bcn-200x38.jpg 200w, https:\/\/afc.cat\/wp-content\/uploads\/2025\/01\/logos_generalitat_-ajuntament-bcn-400x75.jpg 400w, https:\/\/afc.cat\/wp-content\/uploads\/2025\/01\/logos_generalitat_-ajuntament-bcn.jpg 420w\" sizes=\"(max-width: 640px) 100vw, 420px\" \/><\/span><\/div><div ><span class=\" fusion-imageframe imageframe-none imageframe-3 hover-type-none\"><img decoding=\"async\" width=\"2264\" height=\"561\" title=\"Logos colaboradors\" src=\"https:\/\/afc.cat\/wp-content\/uploads\/2025\/01\/Logos-colaboradors.jpg\" alt class=\"img-responsive wp-image-40956\" srcset=\"https:\/\/afc.cat\/wp-content\/uploads\/2025\/01\/Logos-colaboradors-200x50.jpg 200w, https:\/\/afc.cat\/wp-content\/uploads\/2025\/01\/Logos-colaboradors-400x99.jpg 400w, https:\/\/afc.cat\/wp-content\/uploads\/2025\/01\/Logos-colaboradors-600x149.jpg 600w, https:\/\/afc.cat\/wp-content\/uploads\/2025\/01\/Logos-colaboradors-800x198.jpg 800w, https:\/\/afc.cat\/wp-content\/uploads\/2025\/01\/Logos-colaboradors-1200x297.jpg 1200w, https:\/\/afc.cat\/wp-content\/uploads\/2025\/01\/Logos-colaboradors.jpg 2264w\" sizes=\"(max-width: 640px) 100vw, 2264px\" \/><\/span><\/div><\/div><style type=\"text\/css\">.fusion-body .fusion-builder-column-0{width:100% !important;margin-top : 0px;margin-bottom : 0px;}.fusion-builder-column-0 > .fusion-column-wrapper {padding-top : 0px !important;padding-right : 0px !important;margin-right : 1.92%;padding-bottom : 0px !important;padding-left : 0px !important;margin-left : 1.92%;}@media only screen and (max-width:1024px) {.fusion-body .fusion-builder-column-0{width:100% !important;}.fusion-builder-column-0 > .fusion-column-wrapper {margin-right : 1.92%;margin-left : 1.92%;}}@media only screen and (max-width:640px) {.fusion-body .fusion-builder-column-0{width:100% !important;}.fusion-builder-column-0 > .fusion-column-wrapper {margin-right : 1.92%;margin-left : 1.92%;}}<\/style><\/div><\/div><style type=\"text\/css\">.fusion-body .fusion-flex-container.fusion-builder-row-1{ padding-top : 0px;margin-top : 0px;padding-right : 0px;padding-bottom : 0px;margin-bottom : 0px;padding-left : 0px;}<\/style><\/div>\n","protected":false},"excerpt":{"rendered":"","protected":false},"template":"","meta":{"_acf_changed":false},"wcs-type":[128,693],"wcs-room":[653,652],"wcs-instructor":[434],"class_list":["post-41188","class","type-class","status-publish","hentry","wcs-type-salidas-fotograficas","wcs-type-street-es","wcs-room-al-costat-de-la-parada-del-metro","wcs-room-placa-lesseps","wcs-instructor-diego-pastor"],"acf":[],"yoast_head":"<!-- This site is optimized with the Yoast SEO plugin v27.2 - https:\/\/yoast.com\/product\/yoast-seo-wordpress\/ -->\n<title>Salida fotogr\u00e1fica Grup de Fotografia d&#039;Street \/ 07\/02 - Agrupaci\u00f3 Fotogr\u00e0fica de Catalunya<\/title>\n<meta name=\"robots\" content=\"index, follow, max-snippet:-1, max-image-preview:large, max-video-preview:-1\" \/>\n<link rel=\"canonical\" href=\"https:\/\/afc.cat\/es\/activitat\/sortida-fotografica-grup-de-fotografia-dstreet-07-02\/\" \/>\n<meta property=\"og:locale\" content=\"es_ES\" \/>\n<meta property=\"og:type\" content=\"article\" \/>\n<meta property=\"og:title\" content=\"Salida fotogr\u00e1fica Grup de Fotografia d&#039;Street \/ 07\/02 - Agrupaci\u00f3 Fotogr\u00e0fica de Catalunya\" \/>\n<meta property=\"og:url\" content=\"https:\/\/afc.cat\/es\/activitat\/sortida-fotografica-grup-de-fotografia-dstreet-07-02\/\" \/>\n<meta property=\"og:site_name\" content=\"Agrupaci\u00f3 Fotogr\u00e0fica de Catalunya\" \/>\n<meta property=\"article:modified_time\" content=\"2025-01-27T15:16:13+00:00\" \/>\n<meta name=\"twitter:card\" content=\"summary_large_image\" \/>\n<meta name=\"twitter:label1\" content=\"Tiempo de lectura\" \/>\n\t<meta name=\"twitter:data1\" content=\"8 minutos\" \/>\n<script type=\"application\/ld+json\" class=\"yoast-schema-graph\">{\"@context\":\"https:\/\/schema.org\",\"@graph\":[{\"@type\":\"WebPage\",\"@id\":\"https:\/\/afc.cat\/es\/activitat\/sortida-fotografica-grup-de-fotografia-dstreet-07-02\/\",\"url\":\"https:\/\/afc.cat\/es\/activitat\/sortida-fotografica-grup-de-fotografia-dstreet-07-02\/\",\"name\":\"Salida fotogr\u00e1fica Grup de Fotografia d'Street \/ 07\/02 - Agrupaci\u00f3 Fotogr\u00e0fica de Catalunya\",\"isPartOf\":{\"@id\":\"https:\/\/afc.cat\/es\/#website\"},\"datePublished\":\"2025-01-27T15:05:44+00:00\",\"dateModified\":\"2025-01-27T15:16:13+00:00\",\"breadcrumb\":{\"@id\":\"https:\/\/afc.cat\/es\/activitat\/sortida-fotografica-grup-de-fotografia-dstreet-07-02\/#breadcrumb\"},\"inLanguage\":\"es\",\"potentialAction\":[{\"@type\":\"ReadAction\",\"target\":[\"https:\/\/afc.cat\/es\/activitat\/sortida-fotografica-grup-de-fotografia-dstreet-07-02\/\"]}]},{\"@type\":\"BreadcrumbList\",\"@id\":\"https:\/\/afc.cat\/es\/activitat\/sortida-fotografica-grup-de-fotografia-dstreet-07-02\/#breadcrumb\",\"itemListElement\":[{\"@type\":\"ListItem\",\"position\":1,\"name\":\"Inicio\",\"item\":\"https:\/\/afc.cat\/es\/\"},{\"@type\":\"ListItem\",\"position\":2,\"name\":\"Salida fotogr\u00e1fica Grup de Fotografia d&#8217;Street \/ 07\/02\"}]},{\"@type\":\"WebSite\",\"@id\":\"https:\/\/afc.cat\/es\/#website\",\"url\":\"https:\/\/afc.cat\/es\/\",\"name\":\"Agrupaci\u00f3 Fotogr\u00e0fica de Catalunya\",\"description\":\"Fomento y divulgaci\u00f3n de la fotograf\u00eda en todas sus variedades\",\"potentialAction\":[{\"@type\":\"SearchAction\",\"target\":{\"@type\":\"EntryPoint\",\"urlTemplate\":\"https:\/\/afc.cat\/es\/?s={search_term_string}\"},\"query-input\":{\"@type\":\"PropertyValueSpecification\",\"valueRequired\":true,\"valueName\":\"search_term_string\"}}],\"inLanguage\":\"es\"}]}<\/script>\n<!-- \/ Yoast SEO plugin. -->","yoast_head_json":{"title":"Salida fotogr\u00e1fica Grup de Fotografia d'Street \/ 07\/02 - Agrupaci\u00f3 Fotogr\u00e0fica de Catalunya","robots":{"index":"index","follow":"follow","max-snippet":"max-snippet:-1","max-image-preview":"max-image-preview:large","max-video-preview":"max-video-preview:-1"},"canonical":"https:\/\/afc.cat\/es\/activitat\/sortida-fotografica-grup-de-fotografia-dstreet-07-02\/","og_locale":"es_ES","og_type":"article","og_title":"Salida fotogr\u00e1fica Grup de Fotografia d'Street \/ 07\/02 - Agrupaci\u00f3 Fotogr\u00e0fica de Catalunya","og_url":"https:\/\/afc.cat\/es\/activitat\/sortida-fotografica-grup-de-fotografia-dstreet-07-02\/","og_site_name":"Agrupaci\u00f3 Fotogr\u00e0fica de Catalunya","article_modified_time":"2025-01-27T15:16:13+00:00","twitter_card":"summary_large_image","twitter_misc":{"Tiempo de lectura":"8 minutos"},"schema":{"@context":"https:\/\/schema.org","@graph":[{"@type":"WebPage","@id":"https:\/\/afc.cat\/es\/activitat\/sortida-fotografica-grup-de-fotografia-dstreet-07-02\/","url":"https:\/\/afc.cat\/es\/activitat\/sortida-fotografica-grup-de-fotografia-dstreet-07-02\/","name":"Salida fotogr\u00e1fica Grup de Fotografia d'Street \/ 07\/02 - Agrupaci\u00f3 Fotogr\u00e0fica de Catalunya","isPartOf":{"@id":"https:\/\/afc.cat\/es\/#website"},"datePublished":"2025-01-27T15:05:44+00:00","dateModified":"2025-01-27T15:16:13+00:00","breadcrumb":{"@id":"https:\/\/afc.cat\/es\/activitat\/sortida-fotografica-grup-de-fotografia-dstreet-07-02\/#breadcrumb"},"inLanguage":"es","potentialAction":[{"@type":"ReadAction","target":["https:\/\/afc.cat\/es\/activitat\/sortida-fotografica-grup-de-fotografia-dstreet-07-02\/"]}]},{"@type":"BreadcrumbList","@id":"https:\/\/afc.cat\/es\/activitat\/sortida-fotografica-grup-de-fotografia-dstreet-07-02\/#breadcrumb","itemListElement":[{"@type":"ListItem","position":1,"name":"Inicio","item":"https:\/\/afc.cat\/es\/"},{"@type":"ListItem","position":2,"name":"Salida fotogr\u00e1fica Grup de Fotografia d&#8217;Street \/ 07\/02"}]},{"@type":"WebSite","@id":"https:\/\/afc.cat\/es\/#website","url":"https:\/\/afc.cat\/es\/","name":"Agrupaci\u00f3 Fotogr\u00e0fica de Catalunya","description":"Fomento y divulgaci\u00f3n de la fotograf\u00eda en todas sus variedades","potentialAction":[{"@type":"SearchAction","target":{"@type":"EntryPoint","urlTemplate":"https:\/\/afc.cat\/es\/?s={search_term_string}"},"query-input":{"@type":"PropertyValueSpecification","valueRequired":true,"valueName":"search_term_string"}}],"inLanguage":"es"}]}},"_links":{"self":[{"href":"https:\/\/afc.cat\/es\/wp-json\/wp\/v2\/class\/41188","targetHints":{"allow":["GET"]}}],"collection":[{"href":"https:\/\/afc.cat\/es\/wp-json\/wp\/v2\/class"}],"about":[{"href":"https:\/\/afc.cat\/es\/wp-json\/wp\/v2\/types\/class"}],"wp:attachment":[{"href":"https:\/\/afc.cat\/es\/wp-json\/wp\/v2\/media?parent=41188"}],"wp:term":[{"taxonomy":"wcs-type","embeddable":true,"href":"https:\/\/afc.cat\/es\/wp-json\/wp\/v2\/wcs-type?post=41188"},{"taxonomy":"wcs-room","embeddable":true,"href":"https:\/\/afc.cat\/es\/wp-json\/wp\/v2\/wcs-room?post=41188"},{"taxonomy":"wcs-instructor","embeddable":true,"href":"https:\/\/afc.cat\/es\/wp-json\/wp\/v2\/wcs-instructor?post=41188"}],"curies":[{"name":"wp","href":"https:\/\/api.w.org\/{rel}","templated":true}]}}