{"id":42412,"date":"2025-04-17T15:38:36","date_gmt":"2025-04-17T13:38:36","guid":{"rendered":"https:\/\/afc.cat\/activitat\/visita-guiada-a-la-exposicion-fotografica-ramon-masats-el-fotograf-silencios-foto-colectania\/"},"modified":"2025-04-17T16:14:54","modified_gmt":"2025-04-17T14:14:54","slug":"visita-guiada-a-la-exposicion-fotografica-ramon-masats-el-fotografo-silencioso-foto-colectania","status":"publish","type":"class","link":"https:\/\/afc.cat\/es\/activitat\/visita-guiada-a-la-exposicion-fotografica-ramon-masats-el-fotografo-silencioso-foto-colectania\/","title":{"rendered":"Visita guiada a la exposici\u00f3n fotogr\u00e1fica : \u00abRamon Masats. El fot\u00f3grafo silencioso\u00bb \/ Foto Colectania"},"content":{"rendered":"<div class=\"fusion-fullwidth fullwidth-box fusion-builder-row-1 fusion-flex-container nonhundred-percent-fullwidth non-hundred-percent-height-scrolling\" style=\"background-color: rgba(255,255,255,0);background-position: center center;background-repeat: no-repeat;border-width: 0px 15px 0px 0px;border-color:#ffffff;border-style:solid;\" ><div class=\"fusion-builder-row fusion-row fusion-flex-align-items-flex-start\" style=\"max-width:1300px;margin-left: calc(-4% \/ 2 );margin-right: calc(-4% \/ 2 );\"><div class=\"fusion-layout-column fusion_builder_column fusion-builder-column-0 fusion_builder_column_1_1 1_1 fusion-flex-column\"><div class=\"fusion-column-wrapper fusion-flex-justify-content-flex-start fusion-content-layout-column\" style=\"background-position:left top;background-repeat:no-repeat;-webkit-background-size:cover;-moz-background-size:cover;-o-background-size:cover;background-size:cover;padding: 0px 0px 0px 0px;\"><div class=\"fusion-text fusion-text-1\"><h2>ACTIVIDAD: VISITA GUIADA A EXPOSICI\u00d3N FOTOGR\u00c1FICA<\/h2>\n<p>T\u00cdTULO: \u00abRam\u00f3n Masats. El fot\u00f3grafo silencioso\u00bb<br \/>\nDONDE: FUNDACI\u00d3 FOTOCOLECT\u00c0NIA<br \/>\nPasseig Picasso, 14. 08003. Barcelona<\/p>\n<p>FECHA: jueves 17 de mayo<br \/>\nHORA: 17:00 h<br \/>\nENCUENTRO: en la puerta de la Fundaci\u00f3n, 16:45 h<\/p>\n<p>\u00bfC\u00d3MO LLEGAR? Metro: L4 Jaume I \/ L1 Arc de Triomf (8 minutos andando)<br \/>\nBus: B20, B25, H14, H16, V19, 51, 39, 40, 42, 120<br \/>\nTren \/ Rodal\u00edas Renfe: R1, R2, R4 Arc de Triomf \/ R2 Estaci\u00f3 de Fran\u00e7a<br \/>\n(6 minutos andando)<br \/>\n<strong>PRECIO<\/strong>: 6\u20ac por persona si somos 10 personas m\u00ednimo. Si somos menos deber\u00edamos pagar 60\u20ac a repartir entre los asistentes. Si somos m\u00e1s, sigue siendo 6\u20ac por persona.<br \/>\nPagar en efectivo antes de entrar, debo recoger yo misma el dinero y pagar a la Fundaci\u00f3n.<br \/>\nPor favor traed el dinero justo, no tendr\u00e9 cambio.<br \/>\n<strong>INSCRIPCI\u00d3N<\/strong>: <a href=\"https:\/\/afc.playoffinformatica.com\/actividad\/139\/Visita-guiada-a-l-exposicio-fotografica-:-Ramon-Masats-El-fotograf-silencios-Reprogramada\/\"><strong>ONLINE<\/strong><\/a> (25 plazas). <strong>Actividad exclusiva para asociados.<\/strong><br \/>\n<strong>ANULACIONES:<\/strong> Si alguien debe causar baja, por favor, comun\u00edquemelo a <strong>cultura@afc.cat<\/strong>\u00a0 para que otra persona pueda aprovechar la visita.<br \/>\n<strong>LISTA DE ESPERA:<\/strong> Si se llenan las 25 plazas y deseas apuntarse a la lista de espera, por favor, comun\u00edquemelo a <strong>cultura@afc.cat<\/strong><\/p>\n<p><strong>DESCRIPCI\u00d3N ACTIVIDAD<\/strong><\/p>\n<p><strong>Ramon Masats<\/strong> (Caldes de Montbui, 1931 \u2013 Madrid, 2024) es uno de los<strong> fot\u00f3grafos m\u00e1s influyentes de la generaci\u00f3n espa\u00f1ola de los sesenta<\/strong>, un reconocimiento que consigui\u00f3 gracias a la instintiva habilidad para construir sus im\u00e1genes, al enfoque radical e ir\u00f3nico sobre los t\u00f3picos de la cultura de posguerra y a la temperamental convicci\u00f3n de fotografiar con absoluta libertad.<\/p>\n<p>La exposici\u00f3n recorre una extensa selecci\u00f3n de im\u00e1genes ic\u00f3nicas, que combinamos con algunas fotograf\u00edas in\u00e9ditas, para recordar tambi\u00e9n que Masats fue <strong>cronista<\/strong> de una Espa\u00f1a que viv\u00eda en la dictadura: un <strong>documento excepcional<\/strong> que huye del estereotipo y el encasillamiento\u00a0y nos muestra como la contundente mirada del fot\u00f3grafo siempre se reservaba la empat\u00eda para la gente com\u00fan.<\/p>\n<p>\u00a1Espero que me acompa\u00f1\u00e9is, vale la pena!<\/p>\n<p><strong>M Helena Verg\u00e9<\/strong>s<br \/>\nGrupo visitas a exposiciones<\/p>\n<p><strong>Foto: \u00a9 Ramon Masats.<\/strong><\/p>\n<\/div><div ><style>.fusion-imageframe.imageframe-2{ margin-top : 30px;}<\/style><span class=\" fusion-imageframe imageframe-none imageframe-2 hover-type-none\"><img decoding=\"async\" width=\"420\" height=\"79\" title=\"cultura\" src=\"https:\/\/afc.cat\/wp-content\/uploads\/2025\/01\/logos_generalitat_-ajuntament-bcn.jpg\" alt class=\"img-responsive wp-image-41129\" srcset=\"https:\/\/afc.cat\/wp-content\/uploads\/2025\/01\/logos_generalitat_-ajuntament-bcn-200x38.jpg 200w, https:\/\/afc.cat\/wp-content\/uploads\/2025\/01\/logos_generalitat_-ajuntament-bcn-400x75.jpg 400w, https:\/\/afc.cat\/wp-content\/uploads\/2025\/01\/logos_generalitat_-ajuntament-bcn.jpg 420w\" sizes=\"(max-width: 640px) 100vw, 420px\" \/><\/span><\/div><div ><span class=\" fusion-imageframe imageframe-none imageframe-3 hover-type-none\"><img decoding=\"async\" width=\"2264\" height=\"561\" title=\"Logos colaboradors\" src=\"https:\/\/afc.cat\/wp-content\/uploads\/2025\/01\/Logos-colaboradors.jpg\" alt class=\"img-responsive wp-image-40956\" srcset=\"https:\/\/afc.cat\/wp-content\/uploads\/2025\/01\/Logos-colaboradors-200x50.jpg 200w, https:\/\/afc.cat\/wp-content\/uploads\/2025\/01\/Logos-colaboradors-400x99.jpg 400w, https:\/\/afc.cat\/wp-content\/uploads\/2025\/01\/Logos-colaboradors-600x149.jpg 600w, https:\/\/afc.cat\/wp-content\/uploads\/2025\/01\/Logos-colaboradors-800x198.jpg 800w, https:\/\/afc.cat\/wp-content\/uploads\/2025\/01\/Logos-colaboradors-1200x297.jpg 1200w, https:\/\/afc.cat\/wp-content\/uploads\/2025\/01\/Logos-colaboradors.jpg 2264w\" sizes=\"(max-width: 640px) 100vw, 2264px\" \/><\/span><\/div><\/div><style type=\"text\/css\">.fusion-body .fusion-builder-column-0{width:100% !important;margin-top : 0px;margin-bottom : 0px;}.fusion-builder-column-0 > .fusion-column-wrapper {padding-top : 0px !important;padding-right : 0px !important;margin-right : 1.92%;padding-bottom : 0px !important;padding-left : 0px !important;margin-left : 1.92%;}@media only screen and (max-width:1024px) {.fusion-body .fusion-builder-column-0{width:100% !important;}.fusion-builder-column-0 > .fusion-column-wrapper {margin-right : 1.92%;margin-left : 1.92%;}}@media only screen and (max-width:640px) {.fusion-body .fusion-builder-column-0{width:100% !important;}.fusion-builder-column-0 > .fusion-column-wrapper {margin-right : 1.92%;margin-left : 1.92%;}}<\/style><\/div><\/div><style type=\"text\/css\">.fusion-body .fusion-flex-container.fusion-builder-row-1{ padding-top : 0px;margin-top : 0px;padding-right : 0px;padding-bottom : 0px;margin-bottom : 0px;padding-left : 0px;}<\/style><\/div>\n","protected":false},"excerpt":{"rendered":"","protected":false},"template":"","meta":{"_acf_changed":false},"wcs-type":[688,747],"wcs-room":[746,745],"wcs-instructor":[715],"class_list":["post-42412","class","type-class","status-publish","hentry","wcs-type-cultura-es","wcs-type-visites-a-exposicions-es","wcs-room-14-08003-barcelona","wcs-room-fundacio-fotocolectania-passeig-picasso","wcs-instructor-ma-helena-verges"],"acf":[],"yoast_head":"<!-- This site is optimized with the Yoast SEO plugin v27.5 - https:\/\/yoast.com\/product\/yoast-seo-wordpress\/ -->\n<title>Visita guiada a la exposici\u00f3n fotogr\u00e1fica : &quot;Ramon Masats. El fot\u00f3grafo silencioso&quot; \/ Foto Colectania - Agrupaci\u00f3 Fotogr\u00e0fica de Catalunya<\/title>\n<meta name=\"robots\" content=\"index, follow, max-snippet:-1, max-image-preview:large, max-video-preview:-1\" \/>\n<link rel=\"canonical\" href=\"https:\/\/afc.cat\/es\/activitat\/visita-guiada-a-la-exposicion-fotografica-ramon-masats-el-fotografo-silencioso-foto-colectania\/\" \/>\n<meta property=\"og:locale\" content=\"es_ES\" \/>\n<meta property=\"og:type\" content=\"article\" \/>\n<meta property=\"og:title\" content=\"Visita guiada a la exposici\u00f3n fotogr\u00e1fica : &quot;Ramon Masats. El fot\u00f3grafo silencioso&quot; \/ Foto Colectania - Agrupaci\u00f3 Fotogr\u00e0fica de Catalunya\" \/>\n<meta property=\"og:url\" content=\"https:\/\/afc.cat\/es\/activitat\/visita-guiada-a-la-exposicion-fotografica-ramon-masats-el-fotografo-silencioso-foto-colectania\/\" \/>\n<meta property=\"og:site_name\" content=\"Agrupaci\u00f3 Fotogr\u00e0fica de Catalunya\" \/>\n<meta property=\"article:modified_time\" content=\"2025-04-17T14:14:54+00:00\" \/>\n<meta name=\"twitter:card\" content=\"summary_large_image\" \/>\n<meta name=\"twitter:label1\" content=\"Tiempo de lectura\" \/>\n\t<meta name=\"twitter:data1\" content=\"7 minutos\" \/>\n<script type=\"application\/ld+json\" class=\"yoast-schema-graph\">{\"@context\":\"https:\\\/\\\/schema.org\",\"@graph\":[{\"@type\":\"WebPage\",\"@id\":\"https:\\\/\\\/afc.cat\\\/es\\\/activitat\\\/visita-guiada-a-la-exposicion-fotografica-ramon-masats-el-fotografo-silencioso-foto-colectania\\\/\",\"url\":\"https:\\\/\\\/afc.cat\\\/es\\\/activitat\\\/visita-guiada-a-la-exposicion-fotografica-ramon-masats-el-fotografo-silencioso-foto-colectania\\\/\",\"name\":\"Visita guiada a la exposici\u00f3n fotogr\u00e1fica : \\\"Ramon Masats. El fot\u00f3grafo silencioso\\\" \\\/ Foto Colectania - Agrupaci\u00f3 Fotogr\u00e0fica de Catalunya\",\"isPartOf\":{\"@id\":\"https:\\\/\\\/afc.cat\\\/es\\\/#website\"},\"datePublished\":\"2025-04-17T13:38:36+00:00\",\"dateModified\":\"2025-04-17T14:14:54+00:00\",\"breadcrumb\":{\"@id\":\"https:\\\/\\\/afc.cat\\\/es\\\/activitat\\\/visita-guiada-a-la-exposicion-fotografica-ramon-masats-el-fotografo-silencioso-foto-colectania\\\/#breadcrumb\"},\"inLanguage\":\"es\",\"potentialAction\":[{\"@type\":\"ReadAction\",\"target\":[\"https:\\\/\\\/afc.cat\\\/es\\\/activitat\\\/visita-guiada-a-la-exposicion-fotografica-ramon-masats-el-fotografo-silencioso-foto-colectania\\\/\"]}]},{\"@type\":\"BreadcrumbList\",\"@id\":\"https:\\\/\\\/afc.cat\\\/es\\\/activitat\\\/visita-guiada-a-la-exposicion-fotografica-ramon-masats-el-fotografo-silencioso-foto-colectania\\\/#breadcrumb\",\"itemListElement\":[{\"@type\":\"ListItem\",\"position\":1,\"name\":\"Inicio\",\"item\":\"https:\\\/\\\/afc.cat\\\/es\\\/\"},{\"@type\":\"ListItem\",\"position\":2,\"name\":\"Visita guiada a la exposici\u00f3n fotogr\u00e1fica : &#8220;Ramon Masats. El fot\u00f3grafo silencioso&#8221; \\\/ Foto Colectania\"}]},{\"@type\":\"WebSite\",\"@id\":\"https:\\\/\\\/afc.cat\\\/es\\\/#website\",\"url\":\"https:\\\/\\\/afc.cat\\\/es\\\/\",\"name\":\"Agrupaci\u00f3 Fotogr\u00e0fica de Catalunya\",\"description\":\"Fomento y divulgaci\u00f3n de la fotograf\u00eda en todas sus variedades\",\"potentialAction\":[{\"@type\":\"SearchAction\",\"target\":{\"@type\":\"EntryPoint\",\"urlTemplate\":\"https:\\\/\\\/afc.cat\\\/es\\\/?s={search_term_string}\"},\"query-input\":{\"@type\":\"PropertyValueSpecification\",\"valueRequired\":true,\"valueName\":\"search_term_string\"}}],\"inLanguage\":\"es\"}]}<\/script>\n<!-- \/ Yoast SEO plugin. -->","yoast_head_json":{"title":"Visita guiada a la exposici\u00f3n fotogr\u00e1fica : \"Ramon Masats. El fot\u00f3grafo silencioso\" \/ Foto Colectania - Agrupaci\u00f3 Fotogr\u00e0fica de Catalunya","robots":{"index":"index","follow":"follow","max-snippet":"max-snippet:-1","max-image-preview":"max-image-preview:large","max-video-preview":"max-video-preview:-1"},"canonical":"https:\/\/afc.cat\/es\/activitat\/visita-guiada-a-la-exposicion-fotografica-ramon-masats-el-fotografo-silencioso-foto-colectania\/","og_locale":"es_ES","og_type":"article","og_title":"Visita guiada a la exposici\u00f3n fotogr\u00e1fica : \"Ramon Masats. El fot\u00f3grafo silencioso\" \/ Foto Colectania - Agrupaci\u00f3 Fotogr\u00e0fica de Catalunya","og_url":"https:\/\/afc.cat\/es\/activitat\/visita-guiada-a-la-exposicion-fotografica-ramon-masats-el-fotografo-silencioso-foto-colectania\/","og_site_name":"Agrupaci\u00f3 Fotogr\u00e0fica de Catalunya","article_modified_time":"2025-04-17T14:14:54+00:00","twitter_card":"summary_large_image","twitter_misc":{"Tiempo de lectura":"7 minutos"},"schema":{"@context":"https:\/\/schema.org","@graph":[{"@type":"WebPage","@id":"https:\/\/afc.cat\/es\/activitat\/visita-guiada-a-la-exposicion-fotografica-ramon-masats-el-fotografo-silencioso-foto-colectania\/","url":"https:\/\/afc.cat\/es\/activitat\/visita-guiada-a-la-exposicion-fotografica-ramon-masats-el-fotografo-silencioso-foto-colectania\/","name":"Visita guiada a la exposici\u00f3n fotogr\u00e1fica : \"Ramon Masats. El fot\u00f3grafo silencioso\" \/ Foto Colectania - Agrupaci\u00f3 Fotogr\u00e0fica de Catalunya","isPartOf":{"@id":"https:\/\/afc.cat\/es\/#website"},"datePublished":"2025-04-17T13:38:36+00:00","dateModified":"2025-04-17T14:14:54+00:00","breadcrumb":{"@id":"https:\/\/afc.cat\/es\/activitat\/visita-guiada-a-la-exposicion-fotografica-ramon-masats-el-fotografo-silencioso-foto-colectania\/#breadcrumb"},"inLanguage":"es","potentialAction":[{"@type":"ReadAction","target":["https:\/\/afc.cat\/es\/activitat\/visita-guiada-a-la-exposicion-fotografica-ramon-masats-el-fotografo-silencioso-foto-colectania\/"]}]},{"@type":"BreadcrumbList","@id":"https:\/\/afc.cat\/es\/activitat\/visita-guiada-a-la-exposicion-fotografica-ramon-masats-el-fotografo-silencioso-foto-colectania\/#breadcrumb","itemListElement":[{"@type":"ListItem","position":1,"name":"Inicio","item":"https:\/\/afc.cat\/es\/"},{"@type":"ListItem","position":2,"name":"Visita guiada a la exposici\u00f3n fotogr\u00e1fica : &#8220;Ramon Masats. El fot\u00f3grafo silencioso&#8221; \/ Foto Colectania"}]},{"@type":"WebSite","@id":"https:\/\/afc.cat\/es\/#website","url":"https:\/\/afc.cat\/es\/","name":"Agrupaci\u00f3 Fotogr\u00e0fica de Catalunya","description":"Fomento y divulgaci\u00f3n de la fotograf\u00eda en todas sus variedades","potentialAction":[{"@type":"SearchAction","target":{"@type":"EntryPoint","urlTemplate":"https:\/\/afc.cat\/es\/?s={search_term_string}"},"query-input":{"@type":"PropertyValueSpecification","valueRequired":true,"valueName":"search_term_string"}}],"inLanguage":"es"}]}},"_links":{"self":[{"href":"https:\/\/afc.cat\/es\/wp-json\/wp\/v2\/class\/42412","targetHints":{"allow":["GET"]}}],"collection":[{"href":"https:\/\/afc.cat\/es\/wp-json\/wp\/v2\/class"}],"about":[{"href":"https:\/\/afc.cat\/es\/wp-json\/wp\/v2\/types\/class"}],"wp:attachment":[{"href":"https:\/\/afc.cat\/es\/wp-json\/wp\/v2\/media?parent=42412"}],"wp:term":[{"taxonomy":"wcs-type","embeddable":true,"href":"https:\/\/afc.cat\/es\/wp-json\/wp\/v2\/wcs-type?post=42412"},{"taxonomy":"wcs-room","embeddable":true,"href":"https:\/\/afc.cat\/es\/wp-json\/wp\/v2\/wcs-room?post=42412"},{"taxonomy":"wcs-instructor","embeddable":true,"href":"https:\/\/afc.cat\/es\/wp-json\/wp\/v2\/wcs-instructor?post=42412"}],"curies":[{"name":"wp","href":"https:\/\/api.w.org\/{rel}","templated":true}]}}