{"id":42760,"date":"2025-04-23T20:23:10","date_gmt":"2025-04-23T18:23:10","guid":{"rendered":"https:\/\/afc.cat\/activitat\/sortida-fotografica-del-projecte-bb24-barri-de-sarria\/"},"modified":"2025-05-07T14:02:08","modified_gmt":"2025-05-07T12:02:08","slug":"salida-fotografica-del-projecte-bb24-barri-de-sarria","status":"publish","type":"class","link":"https:\/\/afc.cat\/es\/activitat\/salida-fotografica-del-projecte-bb24-barri-de-sarria\/","title":{"rendered":"Salida Fotogr\u00e0fica del projecte BB24  Barri de Sarri\u00e0"},"content":{"rendered":"<div class=\"fusion-fullwidth fullwidth-box fusion-builder-row-1 fusion-flex-container nonhundred-percent-fullwidth non-hundred-percent-height-scrolling\" style=\"background-color: rgba(255,255,255,0);background-position: center center;background-repeat: no-repeat;border-width: 0px 15px 0px 0px;border-color:#ffffff;border-style:solid;\" ><div class=\"fusion-builder-row fusion-row fusion-flex-align-items-flex-start\" style=\"max-width:1300px;margin-left: calc(-4% \/ 2 );margin-right: calc(-4% \/ 2 );\"><div class=\"fusion-layout-column fusion_builder_column fusion-builder-column-0 fusion_builder_column_1_1 1_1 fusion-flex-column\"><div class=\"fusion-column-wrapper fusion-flex-justify-content-flex-start fusion-content-layout-column\" style=\"background-position:left top;background-repeat:no-repeat;-webkit-background-size:cover;-moz-background-size:cover;-o-background-size:cover;background-size:cover;padding: 0px 0px 0px 0px;\"><div class=\"fusion-text fusion-text-1\"><h2>SALIDA FOTOGR\u00c1FICA DEL PROYECTO BB24<\/h2>\n<h2>BARRIO DE SARRI\u00c0<\/h2>\n<p><a href=\"https:\/\/afc.cat\/wp-content\/uploads\/2025\/05\/LIMITS-DEL-BARRI-DE-SARRIA.pdf\"><strong>L\u00cdMITES BARRIO DE SARRI\u00c0<\/strong><\/a><\/p>\n<p>Compa\u00f1eros y compa\u00f1eras amantes de la fotograf\u00eda y de la ciudad,<br \/>\n\u00bfEst\u00e1is preparados para continuar nuestro viaje visual por el coraz\u00f3n de<br \/>\nBarcelona?<\/p>\n<p>Despu\u00e9s del primer aperitivo del Proyecto BB24 en el barrio de Sants, ahora ponemos el foco en otro lugar cargado de historia e identidad: el barrio de<br \/>\nSarri\u00e0. Ser\u00e1 una jornada muy especial, llena de descubrimiento e inspiraci\u00f3n, en la que tendremos el privilegio de contar con MERITXELL CARRERES, Gu\u00eda<br \/>\nOficial de la Generalitat de Catalunya, que nos conducir\u00e1 por una ruta cultural por rincones aut\u00e9nticos del barrio.<br \/>\nFecha: Viernes 2 de mayo de 2025<br \/>\nHora: 10:00 h<br \/>\nDuraci\u00f3n: Aproximadamente 2 h 30 min<br \/>\nPrecio: 120 \u20ac por grupo (a repartir entre los inscritos)<br \/>\nPunto de encuentro: Plaza de Sarri\u00e0, frente a la Iglesia de Sant Vicen\u00e7<br \/>\nInscripciones: enviad un correo a proyecteBB24@afc.cat<\/p>\n<p><strong>\u00bfQu\u00e9 haremos?<\/strong><br \/>\n\u2022 Empezaremos con una breve reuni\u00f3n para repasar los objetivos del proyecto y los 4 criterios de selecci\u00f3n de las im\u00e1genes.<\/p>\n<p>\u2022 De la mano de Meritxell, recorreremos las calles y espacios m\u00e1s emblem\u00e1ticos de Sarri\u00e0, conociendo su historia, su arquitectura y la vida cotidiana que le da<br \/>\nalma.<br \/>\n\u2022 Cada fot\u00f3grafo\/a podr\u00e1 captar su propia visi\u00f3n del barrio, siempre respetando el enfoque documental del proyecto.<br \/>\nCriterios t\u00e9cnicos para la presentaci\u00f3n de fotograf\u00edas:<br \/>\n\u2022 No se aceptar\u00e1n montajes, manipulaciones ni ediciones que alteren la realidad.<br \/>\n\u2022 No se podr\u00e1n a\u00f1adir firmas ni marcas de agua.<br \/>\n\u2022 No se aceptar\u00e1n fotograf\u00edas en formato RAW.<br \/>\n\u2022 Formato obligatorio: JPG, con dimensiones m\u00e1ximas de 1920 px (lado largo) x 1080 px (lado corto) y un peso entre 0,5 y 2 Mb.<br \/>\n\u2022 El nombre del archivo debe reflejar la localizaci\u00f3n donde se tom\u00f3 la imagen,para aportar valor documental al archivo de la AFC.<br \/>\n\u2022 Las fotograf\u00edas no pueden incluir la identificaci\u00f3n del autor\/a.<br \/>\n\u2022 Se aceptan fotograf\u00edas tanto en blanco y negro como en color.<br \/>\n\u2022 En formato vertical u horizontal.<br \/>\n\u2022 Los archivos deben conservar los datos EXIF visibles (fecha, hora ,configuraci\u00f3n de la c\u00e1mara&#8230;).<br \/>\n\u2022 Puedes presentar tus fotos hasta el 31 de mayo de 2025 en la plataforma Fotogenius (https:\/\/afc.fotogenius.es\/).<\/p>\n<p><strong>Recuerda:<\/strong> Esta es una primera salida pensada para informar, descubrir e inspirar. Posteriormente, se har\u00e1 una segunda visita para continuar documentando el barrio con mayor profundidad.<\/p>\n<p><strong>\u00a1Ven, captura y comparte!<\/strong><br \/>\nEste proyecto no es solo una salida fotogr\u00e1fica: es una forma de construir, entre todos y todas, un retrato vivo y colectivo de Barcelona.<\/p>\n<p><strong>No faltes. \u00a1Nos vemos en Sarri\u00e0!<\/strong><\/p>\n<\/div><div ><style>.fusion-imageframe.imageframe-2{ margin-top : 30px;}<\/style><span class=\" fusion-imageframe imageframe-none imageframe-2 hover-type-none\"><img decoding=\"async\" width=\"420\" height=\"79\" title=\"cultura\" src=\"https:\/\/afc.cat\/wp-content\/uploads\/2025\/01\/logos_generalitat_-ajuntament-bcn.jpg\" alt class=\"img-responsive wp-image-41129\" srcset=\"https:\/\/afc.cat\/wp-content\/uploads\/2025\/01\/logos_generalitat_-ajuntament-bcn-200x38.jpg 200w, https:\/\/afc.cat\/wp-content\/uploads\/2025\/01\/logos_generalitat_-ajuntament-bcn-400x75.jpg 400w, https:\/\/afc.cat\/wp-content\/uploads\/2025\/01\/logos_generalitat_-ajuntament-bcn.jpg 420w\" sizes=\"(max-width: 640px) 100vw, 420px\" \/><\/span><\/div><div ><span class=\" fusion-imageframe imageframe-none imageframe-3 hover-type-none\"><img decoding=\"async\" width=\"2264\" height=\"561\" title=\"Logos colaboradors\" src=\"https:\/\/afc.cat\/wp-content\/uploads\/2025\/01\/Logos-colaboradors.jpg\" alt class=\"img-responsive wp-image-40956\" srcset=\"https:\/\/afc.cat\/wp-content\/uploads\/2025\/01\/Logos-colaboradors-200x50.jpg 200w, https:\/\/afc.cat\/wp-content\/uploads\/2025\/01\/Logos-colaboradors-400x99.jpg 400w, https:\/\/afc.cat\/wp-content\/uploads\/2025\/01\/Logos-colaboradors-600x149.jpg 600w, https:\/\/afc.cat\/wp-content\/uploads\/2025\/01\/Logos-colaboradors-800x198.jpg 800w, https:\/\/afc.cat\/wp-content\/uploads\/2025\/01\/Logos-colaboradors-1200x297.jpg 1200w, https:\/\/afc.cat\/wp-content\/uploads\/2025\/01\/Logos-colaboradors.jpg 2264w\" sizes=\"(max-width: 640px) 100vw, 2264px\" \/><\/span><\/div><\/div><style type=\"text\/css\">.fusion-body .fusion-builder-column-0{width:100% !important;margin-top : 0px;margin-bottom : 0px;}.fusion-builder-column-0 > .fusion-column-wrapper {padding-top : 0px !important;padding-right : 0px !important;margin-right : 1.92%;padding-bottom : 0px !important;padding-left : 0px !important;margin-left : 1.92%;}@media only screen and (max-width:1024px) {.fusion-body .fusion-builder-column-0{width:100% !important;}.fusion-builder-column-0 > .fusion-column-wrapper {margin-right : 1.92%;margin-left : 1.92%;}}@media only screen and (max-width:640px) {.fusion-body .fusion-builder-column-0{width:100% !important;}.fusion-builder-column-0 > .fusion-column-wrapper {margin-right : 1.92%;margin-left : 1.92%;}}<\/style><\/div><\/div><style type=\"text\/css\">.fusion-body .fusion-flex-container.fusion-builder-row-1{ padding-top : 0px;margin-top : 0px;padding-right : 0px;padding-bottom : 0px;margin-bottom : 0px;padding-left : 0px;}<\/style><\/div>\n","protected":false},"excerpt":{"rendered":"","protected":false},"template":"","meta":{"_acf_changed":false},"wcs-type":[128],"wcs-room":[758,757],"wcs-instructor":[742],"class_list":["post-42760","class","type-class","status-publish","hentry","wcs-type-salidas-fotograficas","wcs-room-davant-de-lesglesia-de-sant-vicenc","wcs-room-placa-de-sarria","wcs-instructor-gi-projecte-bb24"],"acf":[],"yoast_head":"<!-- This site is optimized with the Yoast SEO plugin v27.5 - https:\/\/yoast.com\/product\/yoast-seo-wordpress\/ -->\n<title>Salida Fotogr\u00e0fica del projecte BB24 Barri de Sarri\u00e0 - Agrupaci\u00f3 Fotogr\u00e0fica de Catalunya<\/title>\n<meta name=\"robots\" content=\"index, follow, max-snippet:-1, max-image-preview:large, max-video-preview:-1\" \/>\n<link rel=\"canonical\" href=\"https:\/\/afc.cat\/es\/activitat\/salida-fotografica-del-projecte-bb24-barri-de-sarria\/\" \/>\n<meta property=\"og:locale\" content=\"es_ES\" \/>\n<meta property=\"og:type\" content=\"article\" \/>\n<meta property=\"og:title\" content=\"Salida Fotogr\u00e0fica del projecte BB24 Barri de Sarri\u00e0 - Agrupaci\u00f3 Fotogr\u00e0fica de Catalunya\" \/>\n<meta property=\"og:url\" content=\"https:\/\/afc.cat\/es\/activitat\/salida-fotografica-del-projecte-bb24-barri-de-sarria\/\" \/>\n<meta property=\"og:site_name\" content=\"Agrupaci\u00f3 Fotogr\u00e0fica de Catalunya\" \/>\n<meta property=\"article:modified_time\" content=\"2025-05-07T12:02:08+00:00\" \/>\n<meta name=\"twitter:card\" content=\"summary_large_image\" \/>\n<meta name=\"twitter:label1\" content=\"Tiempo de lectura\" \/>\n\t<meta name=\"twitter:data1\" content=\"7 minutos\" \/>\n<script type=\"application\/ld+json\" class=\"yoast-schema-graph\">{\"@context\":\"https:\\\/\\\/schema.org\",\"@graph\":[{\"@type\":\"WebPage\",\"@id\":\"https:\\\/\\\/afc.cat\\\/es\\\/activitat\\\/salida-fotografica-del-projecte-bb24-barri-de-sarria\\\/\",\"url\":\"https:\\\/\\\/afc.cat\\\/es\\\/activitat\\\/salida-fotografica-del-projecte-bb24-barri-de-sarria\\\/\",\"name\":\"Salida Fotogr\u00e0fica del projecte BB24 Barri de Sarri\u00e0 - Agrupaci\u00f3 Fotogr\u00e0fica de Catalunya\",\"isPartOf\":{\"@id\":\"https:\\\/\\\/afc.cat\\\/es\\\/#website\"},\"datePublished\":\"2025-04-23T18:23:10+00:00\",\"dateModified\":\"2025-05-07T12:02:08+00:00\",\"breadcrumb\":{\"@id\":\"https:\\\/\\\/afc.cat\\\/es\\\/activitat\\\/salida-fotografica-del-projecte-bb24-barri-de-sarria\\\/#breadcrumb\"},\"inLanguage\":\"es\",\"potentialAction\":[{\"@type\":\"ReadAction\",\"target\":[\"https:\\\/\\\/afc.cat\\\/es\\\/activitat\\\/salida-fotografica-del-projecte-bb24-barri-de-sarria\\\/\"]}]},{\"@type\":\"BreadcrumbList\",\"@id\":\"https:\\\/\\\/afc.cat\\\/es\\\/activitat\\\/salida-fotografica-del-projecte-bb24-barri-de-sarria\\\/#breadcrumb\",\"itemListElement\":[{\"@type\":\"ListItem\",\"position\":1,\"name\":\"Inicio\",\"item\":\"https:\\\/\\\/afc.cat\\\/es\\\/\"},{\"@type\":\"ListItem\",\"position\":2,\"name\":\"Salida Fotogr\u00e0fica del projecte BB24 Barri de Sarri\u00e0\"}]},{\"@type\":\"WebSite\",\"@id\":\"https:\\\/\\\/afc.cat\\\/es\\\/#website\",\"url\":\"https:\\\/\\\/afc.cat\\\/es\\\/\",\"name\":\"Agrupaci\u00f3 Fotogr\u00e0fica de Catalunya\",\"description\":\"Fomento y divulgaci\u00f3n de la fotograf\u00eda en todas sus variedades\",\"potentialAction\":[{\"@type\":\"SearchAction\",\"target\":{\"@type\":\"EntryPoint\",\"urlTemplate\":\"https:\\\/\\\/afc.cat\\\/es\\\/?s={search_term_string}\"},\"query-input\":{\"@type\":\"PropertyValueSpecification\",\"valueRequired\":true,\"valueName\":\"search_term_string\"}}],\"inLanguage\":\"es\"}]}<\/script>\n<!-- \/ Yoast SEO plugin. -->","yoast_head_json":{"title":"Salida Fotogr\u00e0fica del projecte BB24 Barri de Sarri\u00e0 - Agrupaci\u00f3 Fotogr\u00e0fica de Catalunya","robots":{"index":"index","follow":"follow","max-snippet":"max-snippet:-1","max-image-preview":"max-image-preview:large","max-video-preview":"max-video-preview:-1"},"canonical":"https:\/\/afc.cat\/es\/activitat\/salida-fotografica-del-projecte-bb24-barri-de-sarria\/","og_locale":"es_ES","og_type":"article","og_title":"Salida Fotogr\u00e0fica del projecte BB24 Barri de Sarri\u00e0 - Agrupaci\u00f3 Fotogr\u00e0fica de Catalunya","og_url":"https:\/\/afc.cat\/es\/activitat\/salida-fotografica-del-projecte-bb24-barri-de-sarria\/","og_site_name":"Agrupaci\u00f3 Fotogr\u00e0fica de Catalunya","article_modified_time":"2025-05-07T12:02:08+00:00","twitter_card":"summary_large_image","twitter_misc":{"Tiempo de lectura":"7 minutos"},"schema":{"@context":"https:\/\/schema.org","@graph":[{"@type":"WebPage","@id":"https:\/\/afc.cat\/es\/activitat\/salida-fotografica-del-projecte-bb24-barri-de-sarria\/","url":"https:\/\/afc.cat\/es\/activitat\/salida-fotografica-del-projecte-bb24-barri-de-sarria\/","name":"Salida Fotogr\u00e0fica del projecte BB24 Barri de Sarri\u00e0 - Agrupaci\u00f3 Fotogr\u00e0fica de Catalunya","isPartOf":{"@id":"https:\/\/afc.cat\/es\/#website"},"datePublished":"2025-04-23T18:23:10+00:00","dateModified":"2025-05-07T12:02:08+00:00","breadcrumb":{"@id":"https:\/\/afc.cat\/es\/activitat\/salida-fotografica-del-projecte-bb24-barri-de-sarria\/#breadcrumb"},"inLanguage":"es","potentialAction":[{"@type":"ReadAction","target":["https:\/\/afc.cat\/es\/activitat\/salida-fotografica-del-projecte-bb24-barri-de-sarria\/"]}]},{"@type":"BreadcrumbList","@id":"https:\/\/afc.cat\/es\/activitat\/salida-fotografica-del-projecte-bb24-barri-de-sarria\/#breadcrumb","itemListElement":[{"@type":"ListItem","position":1,"name":"Inicio","item":"https:\/\/afc.cat\/es\/"},{"@type":"ListItem","position":2,"name":"Salida Fotogr\u00e0fica del projecte BB24 Barri de Sarri\u00e0"}]},{"@type":"WebSite","@id":"https:\/\/afc.cat\/es\/#website","url":"https:\/\/afc.cat\/es\/","name":"Agrupaci\u00f3 Fotogr\u00e0fica de Catalunya","description":"Fomento y divulgaci\u00f3n de la fotograf\u00eda en todas sus variedades","potentialAction":[{"@type":"SearchAction","target":{"@type":"EntryPoint","urlTemplate":"https:\/\/afc.cat\/es\/?s={search_term_string}"},"query-input":{"@type":"PropertyValueSpecification","valueRequired":true,"valueName":"search_term_string"}}],"inLanguage":"es"}]}},"_links":{"self":[{"href":"https:\/\/afc.cat\/es\/wp-json\/wp\/v2\/class\/42760","targetHints":{"allow":["GET"]}}],"collection":[{"href":"https:\/\/afc.cat\/es\/wp-json\/wp\/v2\/class"}],"about":[{"href":"https:\/\/afc.cat\/es\/wp-json\/wp\/v2\/types\/class"}],"wp:attachment":[{"href":"https:\/\/afc.cat\/es\/wp-json\/wp\/v2\/media?parent=42760"}],"wp:term":[{"taxonomy":"wcs-type","embeddable":true,"href":"https:\/\/afc.cat\/es\/wp-json\/wp\/v2\/wcs-type?post=42760"},{"taxonomy":"wcs-room","embeddable":true,"href":"https:\/\/afc.cat\/es\/wp-json\/wp\/v2\/wcs-room?post=42760"},{"taxonomy":"wcs-instructor","embeddable":true,"href":"https:\/\/afc.cat\/es\/wp-json\/wp\/v2\/wcs-instructor?post=42760"}],"curies":[{"name":"wp","href":"https:\/\/api.w.org\/{rel}","templated":true}]}}