{"id":43277,"date":"2025-05-16T16:44:15","date_gmt":"2025-05-16T14:44:15","guid":{"rendered":"https:\/\/afc.cat\/activitat\/convocatoria-activitat-de-retrat\/"},"modified":"2025-06-12T15:48:00","modified_gmt":"2025-06-12T13:48:00","slug":"convocatoria-actividad-de-retrato","status":"publish","type":"class","link":"https:\/\/afc.cat\/es\/activitat\/convocatoria-actividad-de-retrato\/","title":{"rendered":"Convocatoria actividad de retrato"},"content":{"rendered":"<div class=\"fusion-fullwidth fullwidth-box fusion-builder-row-1 fusion-flex-container nonhundred-percent-fullwidth non-hundred-percent-height-scrolling\" style=\"background-color: rgba(255,255,255,0);background-position: center center;background-repeat: no-repeat;border-width: 0px 15px 0px 0px;border-color:#ffffff;border-style:solid;\" ><div class=\"fusion-builder-row fusion-row fusion-flex-align-items-flex-start\" style=\"max-width:1300px;margin-left: calc(-4% \/ 2 );margin-right: calc(-4% \/ 2 );\"><div class=\"fusion-layout-column fusion_builder_column fusion-builder-column-0 fusion_builder_column_1_1 1_1 fusion-flex-column\"><div class=\"fusion-column-wrapper fusion-flex-justify-content-flex-start fusion-content-layout-column\" style=\"background-position:left top;background-repeat:no-repeat;-webkit-background-size:cover;-moz-background-size:cover;-o-background-size:cover;background-size:cover;padding: 0px 0px 0px 0px;\"><div class=\"fusion-text fusion-text-1\"><h2 class=\"form-control second-textarea\">Desarrollo de sesiones de la fotograf\u00eda en el estudio<\/h2>\n<p class=\"form-control second-textarea\"><strong>1,. Objetivos.<\/strong><\/p>\n<p>Dentro de la propuesta de mejora permanente de los que nos dedicamos al arte de la fotograf\u00eda, el\u00a0grupo de \u201cretrato en estudio\u201d propone una serie de sesiones dirigidas a un mejor conocimiento\u00a0de los antecedentes, a la mejora de la utilizaci\u00f3n de las herramientas (el set) y a la idea de promover\u00a0la aplicaci\u00f3n de la imaginaci\u00f3n mediante el proyecto previo de las im\u00e1genes.<\/p>\n<p>En principio, aqu\u00ed solo se proponen unas sesiones previas que servir\u00e1n de sesiones piloto para una propuesta m\u00e1s permanente sobre el tema de la fotograf\u00eda en el estudio.<\/p>\n<p>Estas sesiones se realizar\u00e1n durante el a\u00f1o 2025 y despu\u00e9s de una reflexi\u00f3n sobre los resultados ( y si se procede, despu\u00e9s de ajustes importantes) se propondr\u00eda su continuidad durante el a\u00f1o 2026.<\/p>\n<p>Los temas por este ejercicio son:<\/p>\n<p>El retrato: La expresi\u00f3n de un car\u00e1cter m\u00e1s all\u00e1 de la simple representaci\u00f3n f\u00edsica.<\/p>\n<p>La figura: La forma m\u00e1s all\u00e1 de la postura de pasarela.<\/p>\n<p>Sobre el suelo: m\u00e1s all\u00e1 de las\u00a0odalisques\u00a0modernistas.<\/p>\n<p>Despu\u00e9s de estos temas m\u00e1s gen\u00e9ricos y por los ejercicios siguientes, se propondr\u00eda tratar temas\u00a0m\u00e1s de detalle, tal como el an\u00e1lisis de representaciones aportadas por artes anteriores: el barroco y\u00a0todo el que nos ha influido en la iluminaci\u00f3n; las posturas en la estatuaria modernista\u2026, o\u00a0temas diversos, como las formas particulares de representaci\u00f3n de las im\u00e1genes en el teatro, en\u00a0el circo o en el burlescas,&#8230;etc.<\/p>\n<p><strong>2.- Modus operandi:<\/strong><\/p>\n<p>En principio, a cada tema, se le dedicar\u00e1n dos sesiones de 3 horas. Las dos sesiones ser\u00e1n\u00a0consecutivas y poco separadas en el tiempo (en funci\u00f3n del tema, de las aportaciones de los\u00a0asistentes y de la disponibilidad horaria).<\/p>\n<p>2.1-La primera de las sesiones de cada tema tendr\u00e1 un desarrollo tal como el siguiente:<\/p>\n<p>2.1.1.- Exposiciones previas:<\/p>\n<p>a).- antecedentes hist\u00f3ricos: Los grandes fot\u00f3grafos, intenciones, medios, resultados.<\/p>\n<p>b).- La actualidad: intenciones, medios, resultados, nuevas corrientes.<\/p>\n<p>c).- exposici\u00f3n de los medios concretos de los cuales disponemos y hasta donde se puede llegar con estos\u00a0medios.(el set, el modelo, la iluminaci\u00f3n).<\/p>\n<p>d).- Elaboraci\u00f3n de un proyecto de fotograf\u00eda: El estudio del objeto, lo encuadro, la luz, la\u00a0puestos,&#8230;<\/p>\n<p>2.1.2.- Continuar\u00e1 con una sesi\u00f3n con modelo (con adem\u00e1n fijo e iluminaci\u00f3n contin\u00faa) con\u00a0la aplicaci\u00f3n de los disparos principales que se han explicado. Todos los participantes podr\u00e1n fotografiar\u00a0libremente.<\/p>\n<p>2.2- La segunda sesi\u00f3n se dedicar\u00e1 a ejecutar las mejores ideas aportadas por los asistentes pero\u00a0se podr\u00eda adecuar al inter\u00e9s del colectivo de fot\u00f3grafos que participan.<\/p>\n<p>A cada sesi\u00f3n permanecer\u00e1n de forma permanente todos los fot\u00f3grafos inscritos. Precisamente la\u00a0observaci\u00f3n de c\u00f3mo lo hacen los otros tiene que ser uno de los factores importante de la evoluci\u00f3n.<\/p>\n<p><strong>3.- Aspectos administrativos:<\/strong><\/p>\n<p>Las convocatorias se har\u00e1n a trav\u00e9s de un proceso de preinscripci\u00f3n; de inscripci\u00f3n definitiva de los\u00a0asistentes y de cobro de los gastos de la sesi\u00f3n. (unas 5 horas de modelo y, seg\u00fan los\u00a0casos, de\u00a0maquilladora).<\/p>\n<p>El n\u00famero m\u00e1ximo de fot\u00f3grafos ser\u00e1 de 10. (si la demanda sobrepasara en mucho este n.\u00ba se\u00a0plantear\u00eda reproducir la sesi\u00f3n m\u00e1s adelante).<\/p>\n<p>Las sesiones se desarrollar\u00e1n dentro del marco del Reglamento que rige las sesiones del\u00a0 estudio y del Contrato vigente entre los fot\u00f3grafos y los modelos.<\/p>\n<p><strong>PRIMER TEMA<\/strong><\/p>\n<p>Objetivo: el retrato y sus expresiones.<\/p>\n<p>Primera sesi\u00f3n: 2<strong> de julio a las 17 horas.<\/strong><\/p>\n<p>Segunda sesi\u00f3n: a determinar en funci\u00f3n de la disponibilidad del espacio m\u00faltiple, a poder ser dentro\u00a0de la semana siguiente.<\/p>\n<p>Modelos: un actor y una actriz.<\/p>\n<p>Coste aproximado para las dos sesiones 30 euros. \/ <strong>Plazas limitadas exclusivas para asociados<\/strong>.<\/p>\n<p>INSCRIPCI\u00d3N Y PAGO <a href=\"https:\/\/afc.playoffinformatica.com\/actividad\/143\/Convocatoria-activitat-de-retrat\/\"><strong>EN L\u00cdNEA<\/strong><\/a><\/p>\n<p>SE ADJUNTA LA QUE POSIBLEMENTE ES LA IMAGEN M\u00c1S REPRESENTATIVA DEL CAR\u00c1CTER OSCURO DEL CAMPE\u00d3N DE AJEDREZ BOBBY FISHER REALIZADO POR EL GRAN PHILIPPE HALSMAN.<\/p>\n<p><strong>Foto: \u00a9 PHILIPPE\u00a0HALSMAN.<\/strong><\/p>\n<p class=\"col-sm-offset-2 col-sm-5\"><span id=\"traductor-neteja\" class=\"icon-inline\" data-trigger=\"manual\" data-placement=\"right\"><i class=\"fa fa-eraser\" aria-hidden=\"true\"><\/i>\u00a0<\/span><\/p>\n<\/div><div ><span class=\" fusion-imageframe imageframe-none imageframe-1 hover-type-none\"><img decoding=\"async\" width=\"236\" height=\"300\" title=\"BOBBY FISHER (1)\" src=\"https:\/\/afc.cat\/wp-content\/uploads\/2025\/05\/BOBBY-FISHER-1-236x300.jpg\" alt class=\"img-responsive wp-image-43276\" srcset=\"https:\/\/afc.cat\/wp-content\/uploads\/2025\/05\/BOBBY-FISHER-1-200x254.jpg 200w, https:\/\/afc.cat\/wp-content\/uploads\/2025\/05\/BOBBY-FISHER-1-400x508.jpg 400w, https:\/\/afc.cat\/wp-content\/uploads\/2025\/05\/BOBBY-FISHER-1-600x763.jpg 600w, https:\/\/afc.cat\/wp-content\/uploads\/2025\/05\/BOBBY-FISHER-1-800x1017.jpg 800w, https:\/\/afc.cat\/wp-content\/uploads\/2025\/05\/BOBBY-FISHER-1-1200x1525.jpg 1200w\" sizes=\"(max-width: 640px) 100vw, 236px\" \/><\/span><\/div><div ><style>.fusion-imageframe.imageframe-2{ margin-top : 30px;}<\/style><span class=\" fusion-imageframe imageframe-none imageframe-2 hover-type-none\"><img decoding=\"async\" width=\"420\" height=\"79\" title=\"cultura\" src=\"https:\/\/afc.cat\/wp-content\/uploads\/2025\/01\/logos_generalitat_-ajuntament-bcn.jpg\" alt class=\"img-responsive wp-image-41129\" srcset=\"https:\/\/afc.cat\/wp-content\/uploads\/2025\/01\/logos_generalitat_-ajuntament-bcn-200x38.jpg 200w, https:\/\/afc.cat\/wp-content\/uploads\/2025\/01\/logos_generalitat_-ajuntament-bcn-400x75.jpg 400w, https:\/\/afc.cat\/wp-content\/uploads\/2025\/01\/logos_generalitat_-ajuntament-bcn.jpg 420w\" sizes=\"(max-width: 640px) 100vw, 420px\" \/><\/span><\/div><div ><span class=\" fusion-imageframe imageframe-none imageframe-3 hover-type-none\"><img decoding=\"async\" width=\"2264\" height=\"561\" title=\"Logos-colaboradors 3\" src=\"https:\/\/afc.cat\/wp-content\/uploads\/2021\/02\/Logos-colaboradors-3.jpg\" alt class=\"img-responsive wp-image-43152\" srcset=\"https:\/\/afc.cat\/wp-content\/uploads\/2021\/02\/Logos-colaboradors-3-200x50.jpg 200w, https:\/\/afc.cat\/wp-content\/uploads\/2021\/02\/Logos-colaboradors-3-400x99.jpg 400w, https:\/\/afc.cat\/wp-content\/uploads\/2021\/02\/Logos-colaboradors-3-600x149.jpg 600w, https:\/\/afc.cat\/wp-content\/uploads\/2021\/02\/Logos-colaboradors-3-800x198.jpg 800w, https:\/\/afc.cat\/wp-content\/uploads\/2021\/02\/Logos-colaboradors-3-1200x297.jpg 1200w, https:\/\/afc.cat\/wp-content\/uploads\/2021\/02\/Logos-colaboradors-3.jpg 2264w\" sizes=\"(max-width: 640px) 100vw, 2264px\" \/><\/span><\/div><\/div><style type=\"text\/css\">.fusion-body .fusion-builder-column-0{width:100% !important;margin-top : 0px;margin-bottom : 0px;}.fusion-builder-column-0 > .fusion-column-wrapper {padding-top : 0px !important;padding-right : 0px !important;margin-right : 1.92%;padding-bottom : 0px !important;padding-left : 0px !important;margin-left : 1.92%;}@media only screen and (max-width:1024px) {.fusion-body .fusion-builder-column-0{width:100% !important;}.fusion-builder-column-0 > .fusion-column-wrapper {margin-right : 1.92%;margin-left : 1.92%;}}@media only screen and (max-width:640px) {.fusion-body .fusion-builder-column-0{width:100% !important;}.fusion-builder-column-0 > .fusion-column-wrapper {margin-right : 1.92%;margin-left : 1.92%;}}<\/style><\/div><\/div><style type=\"text\/css\">.fusion-body .fusion-flex-container.fusion-builder-row-1{ padding-top : 0px;margin-top : 0px;padding-right : 0px;padding-bottom : 0px;margin-bottom : 0px;padding-left : 0px;}<\/style><\/div>\n","protected":false},"excerpt":{"rendered":"","protected":false},"template":"","meta":{"_acf_changed":false},"wcs-type":[695,124],"wcs-room":[131],"wcs-instructor":[],"class_list":["post-43277","class","type-class","status-publish","hentry","wcs-type-estudio","wcs-type-sesion-fotografica","wcs-room-agrupacio-fotografica-de-catalunya"],"acf":[],"yoast_head":"<!-- This site is optimized with the Yoast SEO plugin v27.5 - https:\/\/yoast.com\/product\/yoast-seo-wordpress\/ -->\n<title>Convocatoria actividad de retrato - Agrupaci\u00f3 Fotogr\u00e0fica de Catalunya<\/title>\n<meta name=\"robots\" content=\"index, follow, max-snippet:-1, max-image-preview:large, max-video-preview:-1\" \/>\n<link rel=\"canonical\" href=\"https:\/\/afc.cat\/es\/activitat\/convocatoria-actividad-de-retrato\/\" \/>\n<meta property=\"og:locale\" content=\"es_ES\" \/>\n<meta property=\"og:type\" content=\"article\" \/>\n<meta property=\"og:title\" content=\"Convocatoria actividad de retrato - Agrupaci\u00f3 Fotogr\u00e0fica de Catalunya\" \/>\n<meta property=\"og:url\" content=\"https:\/\/afc.cat\/es\/activitat\/convocatoria-actividad-de-retrato\/\" \/>\n<meta property=\"og:site_name\" content=\"Agrupaci\u00f3 Fotogr\u00e0fica de Catalunya\" \/>\n<meta property=\"article:modified_time\" content=\"2025-06-12T13:48:00+00:00\" \/>\n<meta name=\"twitter:card\" content=\"summary_large_image\" \/>\n<meta name=\"twitter:label1\" content=\"Tiempo de lectura\" \/>\n\t<meta name=\"twitter:data1\" content=\"10 minutos\" \/>\n<script type=\"application\/ld+json\" class=\"yoast-schema-graph\">{\"@context\":\"https:\\\/\\\/schema.org\",\"@graph\":[{\"@type\":\"WebPage\",\"@id\":\"https:\\\/\\\/afc.cat\\\/es\\\/activitat\\\/convocatoria-actividad-de-retrato\\\/\",\"url\":\"https:\\\/\\\/afc.cat\\\/es\\\/activitat\\\/convocatoria-actividad-de-retrato\\\/\",\"name\":\"Convocatoria actividad de retrato - Agrupaci\u00f3 Fotogr\u00e0fica de Catalunya\",\"isPartOf\":{\"@id\":\"https:\\\/\\\/afc.cat\\\/es\\\/#website\"},\"datePublished\":\"2025-05-16T14:44:15+00:00\",\"dateModified\":\"2025-06-12T13:48:00+00:00\",\"breadcrumb\":{\"@id\":\"https:\\\/\\\/afc.cat\\\/es\\\/activitat\\\/convocatoria-actividad-de-retrato\\\/#breadcrumb\"},\"inLanguage\":\"es\",\"potentialAction\":[{\"@type\":\"ReadAction\",\"target\":[\"https:\\\/\\\/afc.cat\\\/es\\\/activitat\\\/convocatoria-actividad-de-retrato\\\/\"]}]},{\"@type\":\"BreadcrumbList\",\"@id\":\"https:\\\/\\\/afc.cat\\\/es\\\/activitat\\\/convocatoria-actividad-de-retrato\\\/#breadcrumb\",\"itemListElement\":[{\"@type\":\"ListItem\",\"position\":1,\"name\":\"Inicio\",\"item\":\"https:\\\/\\\/afc.cat\\\/es\\\/\"},{\"@type\":\"ListItem\",\"position\":2,\"name\":\"Convocatoria actividad de retrato\"}]},{\"@type\":\"WebSite\",\"@id\":\"https:\\\/\\\/afc.cat\\\/es\\\/#website\",\"url\":\"https:\\\/\\\/afc.cat\\\/es\\\/\",\"name\":\"Agrupaci\u00f3 Fotogr\u00e0fica de Catalunya\",\"description\":\"Fomento y divulgaci\u00f3n de la fotograf\u00eda en todas sus variedades\",\"potentialAction\":[{\"@type\":\"SearchAction\",\"target\":{\"@type\":\"EntryPoint\",\"urlTemplate\":\"https:\\\/\\\/afc.cat\\\/es\\\/?s={search_term_string}\"},\"query-input\":{\"@type\":\"PropertyValueSpecification\",\"valueRequired\":true,\"valueName\":\"search_term_string\"}}],\"inLanguage\":\"es\"}]}<\/script>\n<!-- \/ Yoast SEO plugin. -->","yoast_head_json":{"title":"Convocatoria actividad de retrato - Agrupaci\u00f3 Fotogr\u00e0fica de Catalunya","robots":{"index":"index","follow":"follow","max-snippet":"max-snippet:-1","max-image-preview":"max-image-preview:large","max-video-preview":"max-video-preview:-1"},"canonical":"https:\/\/afc.cat\/es\/activitat\/convocatoria-actividad-de-retrato\/","og_locale":"es_ES","og_type":"article","og_title":"Convocatoria actividad de retrato - Agrupaci\u00f3 Fotogr\u00e0fica de Catalunya","og_url":"https:\/\/afc.cat\/es\/activitat\/convocatoria-actividad-de-retrato\/","og_site_name":"Agrupaci\u00f3 Fotogr\u00e0fica de Catalunya","article_modified_time":"2025-06-12T13:48:00+00:00","twitter_card":"summary_large_image","twitter_misc":{"Tiempo de lectura":"10 minutos"},"schema":{"@context":"https:\/\/schema.org","@graph":[{"@type":"WebPage","@id":"https:\/\/afc.cat\/es\/activitat\/convocatoria-actividad-de-retrato\/","url":"https:\/\/afc.cat\/es\/activitat\/convocatoria-actividad-de-retrato\/","name":"Convocatoria actividad de retrato - Agrupaci\u00f3 Fotogr\u00e0fica de Catalunya","isPartOf":{"@id":"https:\/\/afc.cat\/es\/#website"},"datePublished":"2025-05-16T14:44:15+00:00","dateModified":"2025-06-12T13:48:00+00:00","breadcrumb":{"@id":"https:\/\/afc.cat\/es\/activitat\/convocatoria-actividad-de-retrato\/#breadcrumb"},"inLanguage":"es","potentialAction":[{"@type":"ReadAction","target":["https:\/\/afc.cat\/es\/activitat\/convocatoria-actividad-de-retrato\/"]}]},{"@type":"BreadcrumbList","@id":"https:\/\/afc.cat\/es\/activitat\/convocatoria-actividad-de-retrato\/#breadcrumb","itemListElement":[{"@type":"ListItem","position":1,"name":"Inicio","item":"https:\/\/afc.cat\/es\/"},{"@type":"ListItem","position":2,"name":"Convocatoria actividad de retrato"}]},{"@type":"WebSite","@id":"https:\/\/afc.cat\/es\/#website","url":"https:\/\/afc.cat\/es\/","name":"Agrupaci\u00f3 Fotogr\u00e0fica de Catalunya","description":"Fomento y divulgaci\u00f3n de la fotograf\u00eda en todas sus variedades","potentialAction":[{"@type":"SearchAction","target":{"@type":"EntryPoint","urlTemplate":"https:\/\/afc.cat\/es\/?s={search_term_string}"},"query-input":{"@type":"PropertyValueSpecification","valueRequired":true,"valueName":"search_term_string"}}],"inLanguage":"es"}]}},"_links":{"self":[{"href":"https:\/\/afc.cat\/es\/wp-json\/wp\/v2\/class\/43277","targetHints":{"allow":["GET"]}}],"collection":[{"href":"https:\/\/afc.cat\/es\/wp-json\/wp\/v2\/class"}],"about":[{"href":"https:\/\/afc.cat\/es\/wp-json\/wp\/v2\/types\/class"}],"wp:attachment":[{"href":"https:\/\/afc.cat\/es\/wp-json\/wp\/v2\/media?parent=43277"}],"wp:term":[{"taxonomy":"wcs-type","embeddable":true,"href":"https:\/\/afc.cat\/es\/wp-json\/wp\/v2\/wcs-type?post=43277"},{"taxonomy":"wcs-room","embeddable":true,"href":"https:\/\/afc.cat\/es\/wp-json\/wp\/v2\/wcs-room?post=43277"},{"taxonomy":"wcs-instructor","embeddable":true,"href":"https:\/\/afc.cat\/es\/wp-json\/wp\/v2\/wcs-instructor?post=43277"}],"curies":[{"name":"wp","href":"https:\/\/api.w.org\/{rel}","templated":true}]}}