{"id":43592,"date":"2025-06-10T16:14:19","date_gmt":"2025-06-10T14:14:19","guid":{"rendered":"https:\/\/afc.cat\/activitat\/sortida-fotografica-grup-de-fotografia-de-carrer-19-06\/"},"modified":"2025-06-10T16:37:39","modified_gmt":"2025-06-10T14:37:39","slug":"salida-fotografica-grup-de-fotografia-de-carrer-19-06","status":"publish","type":"class","link":"https:\/\/afc.cat\/es\/activitat\/salida-fotografica-grup-de-fotografia-de-carrer-19-06\/","title":{"rendered":"Salida fotogr\u00e1fica Grup de Fotografia de Carrer \/ 19\/06"},"content":{"rendered":"<div class=\"fusion-fullwidth fullwidth-box fusion-builder-row-1 fusion-flex-container nonhundred-percent-fullwidth non-hundred-percent-height-scrolling\" style=\"background-color: rgba(255,255,255,0);background-position: center center;background-repeat: no-repeat;border-width: 0px 15px 0px 0px;border-color:#ffffff;border-style:solid;\" ><div class=\"fusion-builder-row fusion-row fusion-flex-align-items-flex-start\" style=\"max-width:1300px;margin-left: calc(-4% \/ 2 );margin-right: calc(-4% \/ 2 );\"><div class=\"fusion-layout-column fusion_builder_column fusion-builder-column-0 fusion_builder_column_1_1 1_1 fusion-flex-column\"><div class=\"fusion-column-wrapper fusion-flex-justify-content-flex-start fusion-content-layout-column\" style=\"background-position:left top;background-repeat:no-repeat;-webkit-background-size:cover;-moz-background-size:cover;-o-background-size:cover;background-size:cover;padding: 0px 0px 0px 0px;\"><div class=\"fusion-text fusion-text-1\"><h2 style=\"font-weight: 400;\"><strong>N\u00facleo antiguo del barrio de Sarri\u00e1<\/strong><\/h2>\n<p style=\"font-weight: 400;\">Punto de encuentro: p<strong>laza de Sarri\u00e0, en las escaleras de la iglesia de Sant Vicen\u00e7<\/strong><\/p>\n<p style=\"font-weight: 400;\">Fecha:<strong> jueves, 19 de junio. Inicio: 17 h<\/strong><\/p>\n<p style=\"font-weight: 400;\">Quedaremos en principio todos juntos para iniciar y continuar la ruta por separado o en peque\u00f1os grupos, como se prefiera. En cada separaci\u00f3n se\u00f1alaremos sucesivamente el lugar y hora para el siguiente encuentro dentro del itinerario marcado.<\/p>\n<p style=\"font-weight: 400;\">Itinerario (aunque cada uno puede desviarse y emplear m\u00e1s tiempo donde mejor le parezca).<\/p>\n<p style=\"font-weight: 400;\">Desde la plaza de Sarri\u00e1 podemos acercarnos a la famosa plaza que est\u00e1 considerada como la m\u00e1s peque\u00f1a de Barcelona. Es una curiosidad m\u00e1s que otra cosa. Se trata de la plaza de Sant Gaiet\u00e0, conocida como \u201cel raconet\u201d. Se accede por un callej\u00f3n muy estrecho, por la calle Dalm\u00e0cia, que no es f\u00e1cil de encontrar. Est\u00e1 detr\u00e1s del mercado, entorno que merece la pena.<\/p>\n<p style=\"font-weight: 400;\">Comenzamos la visita desde la plaza de Sarri\u00e0 en direcci\u00f3n ascendente para recorrer toda esa zona que envuelve el mercado. Subimos por la calle Major de Sarri\u00e0, junto a la antigua Casa de Can Jans\u00e0, de gran inter\u00e9s. Y nuestros referentes ser\u00e1n las calles de Ram\u00f3n Miguel i Planas, Sol i Padr\u00eds, Dolors Monserd\u00e0, Graus, l\u2019Avi\u00f3 Plus Ultra\u2026, todos ellos peque\u00f1os callejones que constituyen el entorno del mercado. Podemos encontrar all\u00ed el Orfe\u00f3 Sarrianenc, donde est\u00e1 ubicado el Centro Parroquial Sant Vicen\u00e7 de Sarri\u00e0, en la calle Pare Miquel de Sarri\u00e0, 8, i el Teatre Vell de Sarri\u00e0. Al norte de la plaza de Sarri\u00e0, la casa se\u00f1alada con el n\u00famero 118 es la m\u00e1s antigua. Al lado se encuentra las Cistelleries Castells, una antigua tienda del barrio (1828).<\/p>\n<p style=\"font-weight: 400;\">Regresaremos a la plaza Major de Sarri\u00e0, para continuar el trayecto de bajada, encontramos la iglesia de Sant Vicen\u00e7, que puede visitarse si interesa, y esquinera con la calle Mayor de Sarri\u00e1, la casa Margenat, con un pasado hist\u00f3rico interesante.<\/p>\n<p style=\"font-weight: 400;\">Bajando por Major de Sarri\u00e0, nos desviamos a la derecha poco despu\u00e9s. All\u00ed est\u00e1 la pla\u00e7a del Consell de la Vila, donde se emplaza el Ayuntamiento del barrio. En la esquina con la calle Major estuvo instalado durante muchos a\u00f1os el restaurante Vell Sarri\u00e0, que goz\u00f3 de a\u00f1os de esplendor, establecido en una de las casas m\u00e1s emblem\u00e1ticas del barrio, la del Sargento de la Coronela, conocida tambi\u00e9n como la casa del Alabardero, figura que est\u00e1 dibujada en la fachada.\u00a0 Junto al Ayuntamiento se encuentra la estatua de \u201cLa Pomona\u201d, de Josep Clar\u00e0.\u00a0 Rodeando el edificio del ayuntamiento \u00a0por la Volta a la derecha encontramos la tranquila placita del Roser.<\/p>\n<p style=\"font-weight: 400;\">Es obligado regresar a la calle Major de Sarri\u00e0, donde m\u00e1s vida y trasiego se da en el barrio. Numerosas tiendas, bares, restaurantes y establecimientos de todo tipo la recorren de arriba abajo, hasta la Plaza Art\u00f3s, a la que tambi\u00e9n podemos acceder. De sus locales hay que destacar el Bar Tom\u00e1s y sus bravas, la nueva pasteler\u00eda Boix, aunque es de visita obligada la aut\u00e9ntica, que se halla en la plaza de Sarri\u00e0, por donde habremos pasado antes. Y parece que uno retrocede en el tiempo cuando visita el restaurante Casa Joana, aunque ya la fachada lo delata as\u00ed.<\/p>\n<p style=\"font-weight: 400;\">Por cierto, propongo una comida de fin de curso, a\u00fan no hemos realizado ninguna, y, ya puestos, propongo tambi\u00e9n este mismo restaurante. A ver si lo conseguimos. Se trata de poner fecha y hacerlo. Podemos aprovechar la comida para hablar del pr\u00f3ximo curso, contrastar opiniones y realizar propuestas que no queden en el olvido.<\/p>\n<p style=\"font-weight: 400;\">La calle Major de Sarri\u00e0 ya constituye un aliciente por s\u00ed misma, pero lo mejor es dejarse llevar e internarse por los callejones que la cruzan, como por ejemplo:<\/p>\n<p style=\"font-weight: 400;\">El passatge de Mallofr\u00e9.<\/p>\n<p style=\"font-weight: 400;\">La calle Canet, donde encontramos un conjunto muy bien conservado de casas reservadas a los jornaleros de la finca agr\u00edcola Can Canet de la Vila, que se ha conservado gracias a la lucha vecinal.<\/p>\n<p style=\"font-weight: 400;\">La\u00a0 Casa del Gamar\u00fas, edificio que contiene un balc\u00f3n muy singular con la representaci\u00f3n de un soldado de \u00e9poca.<\/p>\n<p style=\"font-weight: 400;\">Las Casas de la calle Jord\u00e0.<\/p>\n<p style=\"font-weight: 400;\">Y seguramente me dejo cosas. Sin duda, alg\u00fan compa\u00f1ero, m\u00e1s conocedor del barrio, nos podr\u00e1 ir diciendo haciendo camino. Ya s\u00e9 que no hacemos fotograf\u00edas de car\u00e1cter cultural ni postales, pero esta gu\u00eda constituye un punto de partida para recorrer el barrio con posibles zonas o fondos en mente que, quiz\u00e1, ni siquiera aparezcan despu\u00e9s en nuestras fotos.<\/p>\n<p style=\"font-weight: 400;\">A partir de las 18 horas aproximadamente gozaremos de una luz estupenda, esperemos que el d\u00eda acompa\u00f1e.<\/p>\n<p style=\"font-weight: 400;\">Recordemos que pondremos en pr\u00e1ctica la nueva idea de intentar fotografiar al estilo de Saul Leiter cuando lo creamos oportuno. Todos lo conocemos, y, adem\u00e1s, previamente a la salida hemos enviado enlaces suficientes de charlas, an\u00e1lisis, pel\u00edculas o libros de su obra. No se trata de hacerlas todas intentando utilizar la t\u00e9cnica y estilo del maestro, tan solo las que creamos que vienen m\u00e1s a cuento y creamos oportuno.<\/p>\n<p style=\"font-weight: 400;\">Imagino que estaremos hasta las 20 h m\u00e1s o menos, aunque puede que si la luz es atractiva nos enganche m\u00e1s. Naturalmente, cuento que visitaremos el imperdible bar de Tom\u00e1s para despedirnos o a mitad del recorrido. Una cerveza y unas bravas no pueden faltar.<\/p>\n<p style=\"font-weight: 400;\">Por el tipo de salida no es necesario material especial, aparte de un tele corto, herramienta que Leiter usaba constantemente en su fotograf\u00eda.<\/p>\n<p style=\"font-weight: 400;\">Como siempre:<\/p>\n<p style=\"font-weight: 400;\">Cualquiera puede abandonar la salida cuando lo considere necesario o unirse a ella m\u00e1s tarde. Y aquellos miembros del grupo que por el motivo que sea no asistan a la salida, pueden acceder por separado a posteriori cuando lo deseen, y participar igualmente en todos los actos, charlas y publicaciones habituales posteriores (si es que las hay; ignoro en qu\u00e9 punto est\u00e1 el tema de las fotograf\u00edas de calle con personas en medio), en la siguiente reuni\u00f3n presencial del grupo en la agrupaci\u00f3.<\/p>\n<p style=\"font-weight: 400;\">Hasta entonces. A ver si nos despedimos de las salidas con un buen n\u00famero de participantes, y tambi\u00e9n dejamos se\u00f1alada la fecha de la comida, si os parece buena idea, por supuesto.<\/p>\n<p><strong>Foto: \u00a9 Diego Pastor.<\/strong><\/p>\n<\/div><div ><style>.fusion-imageframe.imageframe-2{ margin-top : 30px;}<\/style><span class=\" fusion-imageframe imageframe-none imageframe-2 hover-type-none\"><img decoding=\"async\" width=\"420\" height=\"79\" title=\"cultura\" src=\"https:\/\/afc.cat\/wp-content\/uploads\/2025\/01\/logos_generalitat_-ajuntament-bcn.jpg\" alt class=\"img-responsive wp-image-41129\" srcset=\"https:\/\/afc.cat\/wp-content\/uploads\/2025\/01\/logos_generalitat_-ajuntament-bcn-200x38.jpg 200w, https:\/\/afc.cat\/wp-content\/uploads\/2025\/01\/logos_generalitat_-ajuntament-bcn-400x75.jpg 400w, https:\/\/afc.cat\/wp-content\/uploads\/2025\/01\/logos_generalitat_-ajuntament-bcn.jpg 420w\" sizes=\"(max-width: 640px) 100vw, 420px\" \/><\/span><\/div><div ><span class=\" fusion-imageframe imageframe-none imageframe-3 hover-type-none\"><img decoding=\"async\" width=\"2264\" height=\"561\" title=\"Logos-colaboradors 3\" src=\"https:\/\/afc.cat\/wp-content\/uploads\/2021\/02\/Logos-colaboradors-3.jpg\" alt class=\"img-responsive wp-image-43152\" srcset=\"https:\/\/afc.cat\/wp-content\/uploads\/2021\/02\/Logos-colaboradors-3-200x50.jpg 200w, https:\/\/afc.cat\/wp-content\/uploads\/2021\/02\/Logos-colaboradors-3-400x99.jpg 400w, https:\/\/afc.cat\/wp-content\/uploads\/2021\/02\/Logos-colaboradors-3-600x149.jpg 600w, https:\/\/afc.cat\/wp-content\/uploads\/2021\/02\/Logos-colaboradors-3-800x198.jpg 800w, https:\/\/afc.cat\/wp-content\/uploads\/2021\/02\/Logos-colaboradors-3-1200x297.jpg 1200w, https:\/\/afc.cat\/wp-content\/uploads\/2021\/02\/Logos-colaboradors-3.jpg 2264w\" sizes=\"(max-width: 640px) 100vw, 2264px\" \/><\/span><\/div><\/div><style type=\"text\/css\">.fusion-body .fusion-builder-column-0{width:100% !important;margin-top : 0px;margin-bottom : 0px;}.fusion-builder-column-0 > .fusion-column-wrapper {padding-top : 0px !important;padding-right : 0px !important;margin-right : 1.92%;padding-bottom : 0px !important;padding-left : 0px !important;margin-left : 1.92%;}@media only screen and (max-width:1024px) {.fusion-body .fusion-builder-column-0{width:100% !important;}.fusion-builder-column-0 > .fusion-column-wrapper {margin-right : 1.92%;margin-left : 1.92%;}}@media only screen and (max-width:640px) {.fusion-body .fusion-builder-column-0{width:100% !important;}.fusion-builder-column-0 > .fusion-column-wrapper {margin-right : 1.92%;margin-left : 1.92%;}}<\/style><\/div><\/div><style type=\"text\/css\">.fusion-body .fusion-flex-container.fusion-builder-row-1{ padding-top : 0px;margin-top : 0px;padding-right : 0px;padding-bottom : 0px;margin-bottom : 0px;padding-left : 0px;}<\/style><\/div>\n","protected":false},"excerpt":{"rendered":"","protected":false},"template":"","meta":{"_acf_changed":false},"wcs-type":[128,693],"wcs-room":[],"wcs-instructor":[434],"class_list":["post-43592","class","type-class","status-publish","hentry","wcs-type-salidas-fotograficas","wcs-type-street-es","wcs-instructor-diego-pastor"],"acf":[],"yoast_head":"<!-- This site is optimized with the Yoast SEO plugin v27.5 - https:\/\/yoast.com\/product\/yoast-seo-wordpress\/ -->\n<title>Salida fotogr\u00e1fica Grup de Fotografia de Carrer \/ 19\/06 - Agrupaci\u00f3 Fotogr\u00e0fica de Catalunya<\/title>\n<meta name=\"robots\" content=\"index, follow, max-snippet:-1, max-image-preview:large, max-video-preview:-1\" \/>\n<link rel=\"canonical\" href=\"https:\/\/afc.cat\/es\/activitat\/salida-fotografica-grup-de-fotografia-de-carrer-19-06\/\" \/>\n<meta property=\"og:locale\" content=\"es_ES\" \/>\n<meta property=\"og:type\" content=\"article\" \/>\n<meta property=\"og:title\" content=\"Salida fotogr\u00e1fica Grup de Fotografia de Carrer \/ 19\/06 - Agrupaci\u00f3 Fotogr\u00e0fica de Catalunya\" \/>\n<meta property=\"og:url\" content=\"https:\/\/afc.cat\/es\/activitat\/salida-fotografica-grup-de-fotografia-de-carrer-19-06\/\" \/>\n<meta property=\"og:site_name\" content=\"Agrupaci\u00f3 Fotogr\u00e0fica de Catalunya\" \/>\n<meta property=\"article:modified_time\" content=\"2025-06-10T14:37:39+00:00\" \/>\n<meta name=\"twitter:card\" content=\"summary_large_image\" \/>\n<meta name=\"twitter:label1\" content=\"Tiempo de lectura\" \/>\n\t<meta name=\"twitter:data1\" content=\"10 minutos\" \/>\n<script type=\"application\/ld+json\" class=\"yoast-schema-graph\">{\"@context\":\"https:\\\/\\\/schema.org\",\"@graph\":[{\"@type\":\"WebPage\",\"@id\":\"https:\\\/\\\/afc.cat\\\/es\\\/activitat\\\/salida-fotografica-grup-de-fotografia-de-carrer-19-06\\\/\",\"url\":\"https:\\\/\\\/afc.cat\\\/es\\\/activitat\\\/salida-fotografica-grup-de-fotografia-de-carrer-19-06\\\/\",\"name\":\"Salida fotogr\u00e1fica Grup de Fotografia de Carrer \\\/ 19\\\/06 - Agrupaci\u00f3 Fotogr\u00e0fica de Catalunya\",\"isPartOf\":{\"@id\":\"https:\\\/\\\/afc.cat\\\/es\\\/#website\"},\"datePublished\":\"2025-06-10T14:14:19+00:00\",\"dateModified\":\"2025-06-10T14:37:39+00:00\",\"breadcrumb\":{\"@id\":\"https:\\\/\\\/afc.cat\\\/es\\\/activitat\\\/salida-fotografica-grup-de-fotografia-de-carrer-19-06\\\/#breadcrumb\"},\"inLanguage\":\"es\",\"potentialAction\":[{\"@type\":\"ReadAction\",\"target\":[\"https:\\\/\\\/afc.cat\\\/es\\\/activitat\\\/salida-fotografica-grup-de-fotografia-de-carrer-19-06\\\/\"]}]},{\"@type\":\"BreadcrumbList\",\"@id\":\"https:\\\/\\\/afc.cat\\\/es\\\/activitat\\\/salida-fotografica-grup-de-fotografia-de-carrer-19-06\\\/#breadcrumb\",\"itemListElement\":[{\"@type\":\"ListItem\",\"position\":1,\"name\":\"Inicio\",\"item\":\"https:\\\/\\\/afc.cat\\\/es\\\/\"},{\"@type\":\"ListItem\",\"position\":2,\"name\":\"Salida fotogr\u00e1fica Grup de Fotografia de Carrer \\\/ 19\\\/06\"}]},{\"@type\":\"WebSite\",\"@id\":\"https:\\\/\\\/afc.cat\\\/es\\\/#website\",\"url\":\"https:\\\/\\\/afc.cat\\\/es\\\/\",\"name\":\"Agrupaci\u00f3 Fotogr\u00e0fica de Catalunya\",\"description\":\"Fomento y divulgaci\u00f3n de la fotograf\u00eda en todas sus variedades\",\"potentialAction\":[{\"@type\":\"SearchAction\",\"target\":{\"@type\":\"EntryPoint\",\"urlTemplate\":\"https:\\\/\\\/afc.cat\\\/es\\\/?s={search_term_string}\"},\"query-input\":{\"@type\":\"PropertyValueSpecification\",\"valueRequired\":true,\"valueName\":\"search_term_string\"}}],\"inLanguage\":\"es\"}]}<\/script>\n<!-- \/ Yoast SEO plugin. -->","yoast_head_json":{"title":"Salida fotogr\u00e1fica Grup de Fotografia de Carrer \/ 19\/06 - Agrupaci\u00f3 Fotogr\u00e0fica de Catalunya","robots":{"index":"index","follow":"follow","max-snippet":"max-snippet:-1","max-image-preview":"max-image-preview:large","max-video-preview":"max-video-preview:-1"},"canonical":"https:\/\/afc.cat\/es\/activitat\/salida-fotografica-grup-de-fotografia-de-carrer-19-06\/","og_locale":"es_ES","og_type":"article","og_title":"Salida fotogr\u00e1fica Grup de Fotografia de Carrer \/ 19\/06 - Agrupaci\u00f3 Fotogr\u00e0fica de Catalunya","og_url":"https:\/\/afc.cat\/es\/activitat\/salida-fotografica-grup-de-fotografia-de-carrer-19-06\/","og_site_name":"Agrupaci\u00f3 Fotogr\u00e0fica de Catalunya","article_modified_time":"2025-06-10T14:37:39+00:00","twitter_card":"summary_large_image","twitter_misc":{"Tiempo de lectura":"10 minutos"},"schema":{"@context":"https:\/\/schema.org","@graph":[{"@type":"WebPage","@id":"https:\/\/afc.cat\/es\/activitat\/salida-fotografica-grup-de-fotografia-de-carrer-19-06\/","url":"https:\/\/afc.cat\/es\/activitat\/salida-fotografica-grup-de-fotografia-de-carrer-19-06\/","name":"Salida fotogr\u00e1fica Grup de Fotografia de Carrer \/ 19\/06 - Agrupaci\u00f3 Fotogr\u00e0fica de Catalunya","isPartOf":{"@id":"https:\/\/afc.cat\/es\/#website"},"datePublished":"2025-06-10T14:14:19+00:00","dateModified":"2025-06-10T14:37:39+00:00","breadcrumb":{"@id":"https:\/\/afc.cat\/es\/activitat\/salida-fotografica-grup-de-fotografia-de-carrer-19-06\/#breadcrumb"},"inLanguage":"es","potentialAction":[{"@type":"ReadAction","target":["https:\/\/afc.cat\/es\/activitat\/salida-fotografica-grup-de-fotografia-de-carrer-19-06\/"]}]},{"@type":"BreadcrumbList","@id":"https:\/\/afc.cat\/es\/activitat\/salida-fotografica-grup-de-fotografia-de-carrer-19-06\/#breadcrumb","itemListElement":[{"@type":"ListItem","position":1,"name":"Inicio","item":"https:\/\/afc.cat\/es\/"},{"@type":"ListItem","position":2,"name":"Salida fotogr\u00e1fica Grup de Fotografia de Carrer \/ 19\/06"}]},{"@type":"WebSite","@id":"https:\/\/afc.cat\/es\/#website","url":"https:\/\/afc.cat\/es\/","name":"Agrupaci\u00f3 Fotogr\u00e0fica de Catalunya","description":"Fomento y divulgaci\u00f3n de la fotograf\u00eda en todas sus variedades","potentialAction":[{"@type":"SearchAction","target":{"@type":"EntryPoint","urlTemplate":"https:\/\/afc.cat\/es\/?s={search_term_string}"},"query-input":{"@type":"PropertyValueSpecification","valueRequired":true,"valueName":"search_term_string"}}],"inLanguage":"es"}]}},"_links":{"self":[{"href":"https:\/\/afc.cat\/es\/wp-json\/wp\/v2\/class\/43592","targetHints":{"allow":["GET"]}}],"collection":[{"href":"https:\/\/afc.cat\/es\/wp-json\/wp\/v2\/class"}],"about":[{"href":"https:\/\/afc.cat\/es\/wp-json\/wp\/v2\/types\/class"}],"wp:attachment":[{"href":"https:\/\/afc.cat\/es\/wp-json\/wp\/v2\/media?parent=43592"}],"wp:term":[{"taxonomy":"wcs-type","embeddable":true,"href":"https:\/\/afc.cat\/es\/wp-json\/wp\/v2\/wcs-type?post=43592"},{"taxonomy":"wcs-room","embeddable":true,"href":"https:\/\/afc.cat\/es\/wp-json\/wp\/v2\/wcs-room?post=43592"},{"taxonomy":"wcs-instructor","embeddable":true,"href":"https:\/\/afc.cat\/es\/wp-json\/wp\/v2\/wcs-instructor?post=43592"}],"curies":[{"name":"wp","href":"https:\/\/api.w.org\/{rel}","templated":true}]}}