{"id":44174,"date":"2026-02-05T16:00:24","date_gmt":"2026-02-05T14:00:24","guid":{"rendered":"https:\/\/afc.cat\/activitat\/curs-basic-de-fotografia-digital-2\/"},"modified":"2026-02-05T17:35:45","modified_gmt":"2026-02-05T15:35:45","slug":"curso-basico-de-fotografia-digital-2","status":"publish","type":"class","link":"https:\/\/afc.cat\/es\/activitat\/curso-basico-de-fotografia-digital-2\/","title":{"rendered":"Curso B\u00e1sico de Fotograf\u00eda Digital"},"content":{"rendered":"<div class=\"fusion-fullwidth fullwidth-box fusion-builder-row-1 fusion-flex-container nonhundred-percent-fullwidth non-hundred-percent-height-scrolling\" style=\"background-color: rgba(255,255,255,0);background-position: center center;background-repeat: no-repeat;border-width: 0px 15px 0px 0px;border-color:#ffffff;border-style:solid;\" ><div class=\"fusion-builder-row fusion-row fusion-flex-align-items-flex-start\" style=\"max-width:1300px;margin-left: calc(-4% \/ 2 );margin-right: calc(-4% \/ 2 );\"><div class=\"fusion-layout-column fusion_builder_column fusion-builder-column-0 fusion_builder_column_1_1 1_1 fusion-flex-column\"><div class=\"fusion-column-wrapper fusion-flex-justify-content-flex-start fusion-content-layout-column\" style=\"background-position:left top;background-repeat:no-repeat;-webkit-background-size:cover;-moz-background-size:cover;-o-background-size:cover;background-size:cover;padding: 0px 0px 0px 0px;\"><div class=\"fusion-text fusion-text-1\"><h2>Curso B\u00e1sico de Fotograf\u00eda Digital<\/h2>\n<p><strong>Horario y fecha<\/strong>\/s: los mi\u00e9rcoles de 16:30-18:00 h<\/p>\n<p><strong>Duraci\u00f3n:<\/strong> 22 horas<\/p>\n<p><strong>Inicio y finalizaci\u00f3n:<\/strong> del 4 de febrero hasta el 27 de mayo de 2026<\/p>\n<p><strong>Precio:<\/strong>\u00a0 50\u20ac para socios\/as y para personas no asociadas 90\u20ac ( 50\u20ac + 40\u20ac de 1 trimestre de socio temporal).<\/p>\n<p><strong>Formador:<\/strong> Miquel-\u00c0ngel Ram\u00f3n Royo<\/p>\n<p><strong>Espacio<\/strong>\u00a0donde se har\u00e1 la formaci\u00f3n: Sala de formaci\u00f3n de la\u00a0AFC<\/p>\n<p><strong>Inscripci\u00f3n<\/strong> i pago <a href=\"https:\/\/afc.playoffinformatica.com\/actividad\/174\/Curs-Basic-de-Fotografia-Digital\/\"><strong>EN L\u00cdNEA<\/strong><\/a><\/p>\n<p><strong>Requisitos<\/strong> t\u00e9cnicos para hacer la formaci\u00f3n: Ordenador, pantalla, cable\u00a0HDMI\u00a0extra, programas: Fasto Stone,\u00a0Photoshop, Bridge,\u00a0Camera\u00a0Raw.<\/p>\n<p><strong>Destinado a:<\/strong> Qui\u00e9n quiera repasar los principios b\u00e1sicos de la fotograf\u00eda o para quien haya adquirido una c\u00e1mara digital y quiera estar en el d\u00eda.<\/p>\n<p><strong>Objetivo de la formaci\u00f3n:<\/strong> Lograr los principios b\u00e1sicos de la fotograf\u00eda digital, perder el miedo de coger la c\u00e1mara por no saber c\u00f3mo usarla y al final del curso tener ganas de salir a hacer fotos y hacerlas a tu estilo.<\/p>\n<p><strong>Modalidad:<\/strong> Clases presenciales y salidas pr\u00e1cticas.<\/p>\n<p>Plazas m\u00ednimas y m\u00e1ximas: 4\u00a0min\u00a0&#8211; 12\u00a0m\u00e1x.<\/p>\n<p><strong>Contenido o temario:<\/strong><\/p>\n<p>1 Fotograf\u00eda cl\u00e1sica (Anal\u00f3gica)<\/p>\n<p>De donde venimos, pel\u00edcula\u00a035mm<\/p>\n<p>2 Fotograf\u00eda digital (Actual)<\/p>\n<p>Donde estamos, sensores<\/p>\n<p>V.I.D. (Velocidad \/ ISO \/ Diafragma)<\/p>\n<p>Factor de multiplicaci\u00f3n o conversi\u00f3n<\/p>\n<p>3 La c\u00e1mara digital, tipo<\/p>\n<p>Estructura b\u00e1sica de un c\u00e1mara<\/p>\n<p>Partes y componentes<\/p>\n<p>Tipos, compacta, bridge, sin espejo, reflejo, formato medio<\/p>\n<p>4\u00a0\u00d3ptica\u00a0fotogr\u00e1fica<\/p>\n<p>Objetivos\u00a0AF<\/p>\n<p>Objetivos manuales, adaptadores<\/p>\n<p>5 Conceptos b\u00e1sicos de fotograf\u00eda<\/p>\n<p>La luz, natural,\u00a0flash,\u00a0leeds.<\/p>\n<p>Composici\u00f3n<\/p>\n<p>Balance de blancos<\/p>\n<p>Exposici\u00f3n<\/p>\n<p>Modalidades, manual, autom\u00e1tico y prioridades<\/p>\n<p>Hyperfocal<\/p>\n<p>6 Formatos digitales<\/p>\n<p>Fotografiar con el m\u00f3vil<\/p>\n<p>7 Revelado digital disponer de pantalla y ordenador a clase<\/p>\n<p>Ordenador, programas, modificaci\u00f3n par\u00e1metros<\/p>\n<p>GIMP\u00a0\/ Paint.net \/\u00a0PICASA\u00a0\/ FASTO STONE<\/p>\n<p>Gesti\u00f3\u00a0documental, archivo fotos, copias de seguridad (Always\u00a0Sync)<\/p>\n<p>8 Legislaci\u00f3n y privacidad<\/p>\n<p>Derechos de imagen<\/p>\n<p>9 Glosario de temas fotogr\u00e1ficos<\/p>\n<p>Gu\u00edas de compra de fotograf\u00eda<\/p>\n<p>Comprar y vender por Internet (\u00a0Catawiki\u00a0\/\u00a0Wallapop\u00a0)<\/p>\n<p>10 Otros fot\u00f3grafos<\/p>\n<p>Daniel Rivera<\/p>\n<p>Joan Vendrell<\/p>\n<p>Fernando\u00a0Moleres<\/p>\n<p>Photolari<\/p>\n<p>11 Consejos generales, lectura de libros o revistas<\/p>\n<p>Frases de fotograf\u00eda<\/p>\n<p>12 Preparaci\u00f3n o iniciaci\u00f3n en el Curso II Fotograf\u00eda Digital<\/p>\n<p>Braqueting (Forquillat)<\/p>\n<p>NOTAS<\/p>\n<p>Traer cada d\u00eda:<\/p>\n<p>La c\u00e1mara con objetivo y el manual.<\/p>\n<p>Libreta para tomar apuntes.<\/p>\n<p>Carpeta de 25 bolsas para archivar fotocopias<\/p>\n<\/div><div ><style>.fusion-imageframe.imageframe-2{ margin-top : 30px;}<\/style><span class=\" fusion-imageframe imageframe-none imageframe-2 hover-type-none\"><img decoding=\"async\" width=\"510\" height=\"91\" title=\"cultura\" src=\"https:\/\/afc.cat\/wp-content\/uploads\/2021\/02\/logos-generalitat-ajuntament-bcn-3-2026.jpg\" alt class=\"img-responsive wp-image-46074\" srcset=\"https:\/\/afc.cat\/wp-content\/uploads\/2021\/02\/logos-generalitat-ajuntament-bcn-3-2026-200x36.jpg 200w, https:\/\/afc.cat\/wp-content\/uploads\/2021\/02\/logos-generalitat-ajuntament-bcn-3-2026-400x71.jpg 400w, https:\/\/afc.cat\/wp-content\/uploads\/2021\/02\/logos-generalitat-ajuntament-bcn-3-2026.jpg 510w\" sizes=\"(max-width: 640px) 100vw, 510px\" \/><\/span><\/div><div ><span class=\" fusion-imageframe imageframe-none imageframe-3 hover-type-none\"><img decoding=\"async\" width=\"1024\" height=\"344\" title=\"esponsors-colaboradors-AFC &#8211; logos\" src=\"https:\/\/afc.cat\/wp-content\/uploads\/2026\/01\/esponsors-colaboradors-AFC-logos-1024x344.jpg\" alt class=\"img-responsive wp-image-46048\" srcset=\"https:\/\/afc.cat\/wp-content\/uploads\/2026\/01\/esponsors-colaboradors-AFC-logos-200x67.jpg 200w, https:\/\/afc.cat\/wp-content\/uploads\/2026\/01\/esponsors-colaboradors-AFC-logos-400x134.jpg 400w, https:\/\/afc.cat\/wp-content\/uploads\/2026\/01\/esponsors-colaboradors-AFC-logos-600x202.jpg 600w, https:\/\/afc.cat\/wp-content\/uploads\/2026\/01\/esponsors-colaboradors-AFC-logos-800x269.jpg 800w, https:\/\/afc.cat\/wp-content\/uploads\/2026\/01\/esponsors-colaboradors-AFC-logos.jpg 1172w\" sizes=\"(max-width: 640px) 100vw, 1024px\" \/><\/span><\/div><\/div><style type=\"text\/css\">.fusion-body .fusion-builder-column-0{width:100% !important;margin-top : 0px;margin-bottom : 0px;}.fusion-builder-column-0 > .fusion-column-wrapper {padding-top : 0px !important;padding-right : 0px !important;margin-right : 1.92%;padding-bottom : 0px !important;padding-left : 0px !important;margin-left : 1.92%;}@media only screen and (max-width:1024px) {.fusion-body .fusion-builder-column-0{width:100% !important;}.fusion-builder-column-0 > .fusion-column-wrapper {margin-right : 1.92%;margin-left : 1.92%;}}@media only screen and (max-width:640px) {.fusion-body .fusion-builder-column-0{width:100% !important;}.fusion-builder-column-0 > .fusion-column-wrapper {margin-right : 1.92%;margin-left : 1.92%;}}<\/style><\/div><\/div><style type=\"text\/css\">.fusion-body .fusion-flex-container.fusion-builder-row-1{ padding-top : 0px;margin-top : 0px;padding-right : 0px;padding-bottom : 0px;margin-bottom : 0px;padding-left : 0px;}<\/style><\/div>\n","protected":false},"excerpt":{"rendered":"","protected":false},"template":"","meta":{"_acf_changed":false},"wcs-type":[115],"wcs-room":[131],"wcs-instructor":[782],"class_list":["post-44174","class","type-class","status-publish","hentry","wcs-type-curso","wcs-room-agrupacio-fotografica-de-catalunya","wcs-instructor-miquel-angel-ramon-royo"],"acf":[],"yoast_head":"<!-- This site is optimized with the Yoast SEO plugin v27.5 - https:\/\/yoast.com\/product\/yoast-seo-wordpress\/ -->\n<title>Curso B\u00e1sico de Fotograf\u00eda Digital - Agrupaci\u00f3 Fotogr\u00e0fica de Catalunya<\/title>\n<meta name=\"robots\" content=\"index, follow, max-snippet:-1, max-image-preview:large, max-video-preview:-1\" \/>\n<link rel=\"canonical\" href=\"https:\/\/afc.cat\/es\/activitat\/curso-basico-de-fotografia-digital-2\/\" \/>\n<meta property=\"og:locale\" content=\"es_ES\" \/>\n<meta property=\"og:type\" content=\"article\" \/>\n<meta property=\"og:title\" content=\"Curso B\u00e1sico de Fotograf\u00eda Digital - Agrupaci\u00f3 Fotogr\u00e0fica de Catalunya\" \/>\n<meta property=\"og:url\" content=\"https:\/\/afc.cat\/es\/activitat\/curso-basico-de-fotografia-digital-2\/\" \/>\n<meta property=\"og:site_name\" content=\"Agrupaci\u00f3 Fotogr\u00e0fica de Catalunya\" \/>\n<meta property=\"article:modified_time\" content=\"2026-02-05T15:35:45+00:00\" \/>\n<meta name=\"twitter:card\" content=\"summary_large_image\" \/>\n<meta name=\"twitter:label1\" content=\"Tiempo de lectura\" \/>\n\t<meta name=\"twitter:data1\" content=\"7 minutos\" \/>\n<script type=\"application\/ld+json\" class=\"yoast-schema-graph\">{\"@context\":\"https:\\\/\\\/schema.org\",\"@graph\":[{\"@type\":\"WebPage\",\"@id\":\"https:\\\/\\\/afc.cat\\\/es\\\/activitat\\\/curso-basico-de-fotografia-digital-2\\\/\",\"url\":\"https:\\\/\\\/afc.cat\\\/es\\\/activitat\\\/curso-basico-de-fotografia-digital-2\\\/\",\"name\":\"Curso B\u00e1sico de Fotograf\u00eda Digital - Agrupaci\u00f3 Fotogr\u00e0fica de Catalunya\",\"isPartOf\":{\"@id\":\"https:\\\/\\\/afc.cat\\\/es\\\/#website\"},\"datePublished\":\"2026-02-05T14:00:24+00:00\",\"dateModified\":\"2026-02-05T15:35:45+00:00\",\"breadcrumb\":{\"@id\":\"https:\\\/\\\/afc.cat\\\/es\\\/activitat\\\/curso-basico-de-fotografia-digital-2\\\/#breadcrumb\"},\"inLanguage\":\"es\",\"potentialAction\":[{\"@type\":\"ReadAction\",\"target\":[\"https:\\\/\\\/afc.cat\\\/es\\\/activitat\\\/curso-basico-de-fotografia-digital-2\\\/\"]}]},{\"@type\":\"BreadcrumbList\",\"@id\":\"https:\\\/\\\/afc.cat\\\/es\\\/activitat\\\/curso-basico-de-fotografia-digital-2\\\/#breadcrumb\",\"itemListElement\":[{\"@type\":\"ListItem\",\"position\":1,\"name\":\"Inicio\",\"item\":\"https:\\\/\\\/afc.cat\\\/es\\\/\"},{\"@type\":\"ListItem\",\"position\":2,\"name\":\"Curso B\u00e1sico de Fotograf\u00eda Digital\"}]},{\"@type\":\"WebSite\",\"@id\":\"https:\\\/\\\/afc.cat\\\/es\\\/#website\",\"url\":\"https:\\\/\\\/afc.cat\\\/es\\\/\",\"name\":\"Agrupaci\u00f3 Fotogr\u00e0fica de Catalunya\",\"description\":\"Fomento y divulgaci\u00f3n de la fotograf\u00eda en todas sus variedades\",\"potentialAction\":[{\"@type\":\"SearchAction\",\"target\":{\"@type\":\"EntryPoint\",\"urlTemplate\":\"https:\\\/\\\/afc.cat\\\/es\\\/?s={search_term_string}\"},\"query-input\":{\"@type\":\"PropertyValueSpecification\",\"valueRequired\":true,\"valueName\":\"search_term_string\"}}],\"inLanguage\":\"es\"}]}<\/script>\n<!-- \/ Yoast SEO plugin. -->","yoast_head_json":{"title":"Curso B\u00e1sico de Fotograf\u00eda Digital - Agrupaci\u00f3 Fotogr\u00e0fica de Catalunya","robots":{"index":"index","follow":"follow","max-snippet":"max-snippet:-1","max-image-preview":"max-image-preview:large","max-video-preview":"max-video-preview:-1"},"canonical":"https:\/\/afc.cat\/es\/activitat\/curso-basico-de-fotografia-digital-2\/","og_locale":"es_ES","og_type":"article","og_title":"Curso B\u00e1sico de Fotograf\u00eda Digital - Agrupaci\u00f3 Fotogr\u00e0fica de Catalunya","og_url":"https:\/\/afc.cat\/es\/activitat\/curso-basico-de-fotografia-digital-2\/","og_site_name":"Agrupaci\u00f3 Fotogr\u00e0fica de Catalunya","article_modified_time":"2026-02-05T15:35:45+00:00","twitter_card":"summary_large_image","twitter_misc":{"Tiempo de lectura":"7 minutos"},"schema":{"@context":"https:\/\/schema.org","@graph":[{"@type":"WebPage","@id":"https:\/\/afc.cat\/es\/activitat\/curso-basico-de-fotografia-digital-2\/","url":"https:\/\/afc.cat\/es\/activitat\/curso-basico-de-fotografia-digital-2\/","name":"Curso B\u00e1sico de Fotograf\u00eda Digital - Agrupaci\u00f3 Fotogr\u00e0fica de Catalunya","isPartOf":{"@id":"https:\/\/afc.cat\/es\/#website"},"datePublished":"2026-02-05T14:00:24+00:00","dateModified":"2026-02-05T15:35:45+00:00","breadcrumb":{"@id":"https:\/\/afc.cat\/es\/activitat\/curso-basico-de-fotografia-digital-2\/#breadcrumb"},"inLanguage":"es","potentialAction":[{"@type":"ReadAction","target":["https:\/\/afc.cat\/es\/activitat\/curso-basico-de-fotografia-digital-2\/"]}]},{"@type":"BreadcrumbList","@id":"https:\/\/afc.cat\/es\/activitat\/curso-basico-de-fotografia-digital-2\/#breadcrumb","itemListElement":[{"@type":"ListItem","position":1,"name":"Inicio","item":"https:\/\/afc.cat\/es\/"},{"@type":"ListItem","position":2,"name":"Curso B\u00e1sico de Fotograf\u00eda Digital"}]},{"@type":"WebSite","@id":"https:\/\/afc.cat\/es\/#website","url":"https:\/\/afc.cat\/es\/","name":"Agrupaci\u00f3 Fotogr\u00e0fica de Catalunya","description":"Fomento y divulgaci\u00f3n de la fotograf\u00eda en todas sus variedades","potentialAction":[{"@type":"SearchAction","target":{"@type":"EntryPoint","urlTemplate":"https:\/\/afc.cat\/es\/?s={search_term_string}"},"query-input":{"@type":"PropertyValueSpecification","valueRequired":true,"valueName":"search_term_string"}}],"inLanguage":"es"}]}},"_links":{"self":[{"href":"https:\/\/afc.cat\/es\/wp-json\/wp\/v2\/class\/44174","targetHints":{"allow":["GET"]}}],"collection":[{"href":"https:\/\/afc.cat\/es\/wp-json\/wp\/v2\/class"}],"about":[{"href":"https:\/\/afc.cat\/es\/wp-json\/wp\/v2\/types\/class"}],"wp:attachment":[{"href":"https:\/\/afc.cat\/es\/wp-json\/wp\/v2\/media?parent=44174"}],"wp:term":[{"taxonomy":"wcs-type","embeddable":true,"href":"https:\/\/afc.cat\/es\/wp-json\/wp\/v2\/wcs-type?post=44174"},{"taxonomy":"wcs-room","embeddable":true,"href":"https:\/\/afc.cat\/es\/wp-json\/wp\/v2\/wcs-room?post=44174"},{"taxonomy":"wcs-instructor","embeddable":true,"href":"https:\/\/afc.cat\/es\/wp-json\/wp\/v2\/wcs-instructor?post=44174"}],"curies":[{"name":"wp","href":"https:\/\/api.w.org\/{rel}","templated":true}]}}