{"id":44192,"date":"2025-09-25T17:47:15","date_gmt":"2025-09-25T15:47:15","guid":{"rendered":"https:\/\/afc.cat\/activitat\/visita-guiada-a-kbr-helen-levitt\/"},"modified":"2025-09-25T19:47:16","modified_gmt":"2025-09-25T17:47:16","slug":"visita-guiada-a-kbr-helen-levitt","status":"publish","type":"class","link":"https:\/\/afc.cat\/es\/activitat\/visita-guiada-a-kbr-helen-levitt\/","title":{"rendered":"Visita guiada a KBr: \u00abHelen Levitt\u00bb"},"content":{"rendered":"<div class=\"fusion-fullwidth fullwidth-box fusion-builder-row-1 fusion-flex-container nonhundred-percent-fullwidth non-hundred-percent-height-scrolling\" style=\"background-color: rgba(255,255,255,0);background-position: center center;background-repeat: no-repeat;border-width: 0px 15px 0px 0px;border-color:#ffffff;border-style:solid;\" ><div class=\"fusion-builder-row fusion-row fusion-flex-align-items-flex-start\" style=\"max-width:1300px;margin-left: calc(-4% \/ 2 );margin-right: calc(-4% \/ 2 );\"><div class=\"fusion-layout-column fusion_builder_column fusion-builder-column-0 fusion_builder_column_1_1 1_1 fusion-flex-column\"><div class=\"fusion-column-wrapper fusion-flex-justify-content-flex-start fusion-content-layout-column\" style=\"background-position:left top;background-repeat:no-repeat;-webkit-background-size:cover;-moz-background-size:cover;-o-background-size:cover;background-size:cover;padding: 0px 0px 0px 0px;\"><div class=\"fusion-text fusion-text-1\"><p><strong>ACTIVIDAD: <\/strong>\u00a0 VISITA GUIADA A EXPOSICI\u00d3N FOTOGR\u00c1FICA<\/p>\n<p><strong>\u00a0<\/strong><strong>T\u00cdTULO:\u00a0 \u00a0 Helen Levitt \/ <\/strong><strong>\u00a0 KBR Flama\u201925<\/strong><\/p>\n<p><strong>\u00a0<\/strong><strong>LUGAR: <\/strong>\u00a0 \u00a0 <strong>KBr FUNDACI\u00d3 MAPFRE \/ <\/strong>\u00a0 Av. Litoral, 30. 08005 Barcelona. \u00a0Tel.: 93.272.31.80<\/p>\n<p><strong>\u00bfCOMO LLEGAR?\u00a0\u00a0\u00a0\u00a0\u00a0\u00a0 <\/strong>Metro: L4. Bus: 59-136-V21-H16-47-V23<strong>\u00a0\u00a0\u00a0\u00a0\u00a0 <\/strong><\/p>\n<p><strong>\u00a0<\/strong><strong>Fecha:\u00a0 \u00a0 \u00a0 \u00a0 \u00a0 \u00a0 \u00a0 \u00a0 \u00a0 \u00a0 \u00a0 \u00a0 \u00a0 \u00a0Jueves 9 de octubre<\/strong><\/p>\n<p><strong>\u00a0<\/strong><strong>HORA:\u00a0 \u00a0 \u00a0 \u00a0 \u00a0 \u00a0 \u00a0 \u00a0 \u00a0 \u00a0 \u00a0 \u00a0 \u00a0A las 17h<\/strong><\/p>\n<p><strong>\u00a0<\/strong><strong>PUNTO DE ENCUENTRO:<\/strong>\u00a0\u00a0\u00a0 En la puerta de la Fundaci\u00f3 a las 16.45 horas.<\/p>\n<p><strong>\u00a0<\/strong><strong>PRECIO:<\/strong> \u00a0\u00a0\u00a0\u00a0\u00a0\u00a0\u00a0\u00a0\u00a0\u00a0\u00a0\u00a0\u00a0\u00a0\u00a0\u00a0\u00a0\u00a0\u00a0\u00a0 \u00a0\u00a0\u00a0\u00a0\u00a0\u00a0\u00a0 Gratuita. Dirigida solo a socios. Dentro del convenio firmado con la KBr Fundaci\u00f3 Mapfre.<\/p>\n<p><strong>INSCRIPCI\u00d3N:<\/strong> \u00a0\u00a0\u00a0\u00a0\u00a0 <strong>Cal enviar un correu electr\u00f2nic a<\/strong> leniver13@gmail.com (15 places).\u00a0 <strong>Actividad exclusiva asociados.<\/strong><\/p>\n<p><strong>ANULACIONES:<\/strong> \u00a0\u00a0\u00a0\u00a0\u00a0\u00a0\u00a0\u00a0\u00a0\u00a0 Si alguien debe causar baja, por favor, <strong>comun\u00edquemelo\u00a0a<\/strong> leniver13@gmail.com\u00a0(15 places). para que otra persona pueda aprovechar la visita.<\/p>\n<p><strong>LISTA DE ESPERA:<\/strong> \u00a0\u00a0\u00a0\u00a0\u00a0\u00a0 Si se llenan las 15 plazas y desea apuntarse a la lista de espera, por favor, comun\u00edquemelo por<\/p>\n<p><u>DESCRIPCI\u00d3N ACTIVIDAD<\/u><\/p>\n<p><strong>Helen Levitt<\/strong> (1913-2009) comenz\u00f3 a fotografiar su Nueva York natal a finales de la d\u00e9cada de 1930, con im\u00e1genes que reflejaban la vida en los barrios m\u00e1s pobres. Lo hizo con un infalible instinto para captar todo lo que la vida cotidiana contiene de emoci\u00f3n, enigma o humor.<br \/>\nYa en 1942 el MOMA de Nueva York organiz\u00f3 su primera exposici\u00f3n individual.<br \/>\nA lo largo de su carrera tambi\u00e9n prest\u00f3 gran atenci\u00f3n al medio cinematogr\u00e1fico.<br \/>\nArtista socialmente comprometida, Levitt fue una de las primeras mujeres en abrirse camino profesionalmente en la fotograf\u00eda. La exposici\u00f3n (cerca de 200 fotograf\u00edas organizadas en 9 secciones) ofrece un recorrido completo por el conjunto de su trayectoria.<\/p>\n<p><strong>\u00a0<\/strong><\/p>\n<p><strong>KBr Flama\u201915<\/strong>: Fundaci\u00f3n MAPFRE presenta la quinta edici\u00f3n de su cita anual con las nuevas generaciones de fot\u00f3grafos.<br \/>\nEl proyecto presenta el trabajo de autores que culminan su formaci\u00f3n en las principales escuelas de fotograf\u00eda de Barcelona: Elisava \u2013 Facultad de Dise\u00f1o e Ingenier\u00eda de Barcelona, Escola d\u2019Art i Superior de Disseny Serra i Abella, Idep Barcelona e IEFC.<br \/>\nLa exposici\u00f3n re\u00fane los trabajos de Bernat Erra (Barcelona, 2003), Irina Cervell\u00f3 (Martorell, 2001), Abril Coudougnan (Perpi\u00f1\u00e1n, 1999) y Patrick Martin (Stockport, Inglaterra, 1996), seleccionados por un jurado integrado por Javier Mart\u00edn y Arianna. Todos comparten una mirada cr\u00edtica y sensible hacia la construcci\u00f3n de la memoria, ya sea \u00edntima, colectiva o territorial.<\/p>\n<p><strong>Fotografia: @Helen Levitt<\/strong><\/p>\n<p><em>\u00a0<\/em><strong><em>M. Helena Verg\u00e9s<\/em><\/strong><\/p>\n<p>Visitas a exposiciones<\/p>\n<\/div><div ><style>.fusion-imageframe.imageframe-2{ margin-top : 30px;}<\/style><span class=\" fusion-imageframe imageframe-none imageframe-2 hover-type-none\"><img decoding=\"async\" width=\"420\" height=\"79\" title=\"cultura\" src=\"https:\/\/afc.cat\/wp-content\/uploads\/2025\/01\/logos_generalitat_-ajuntament-bcn.jpg\" alt class=\"img-responsive wp-image-41129\" srcset=\"https:\/\/afc.cat\/wp-content\/uploads\/2025\/01\/logos_generalitat_-ajuntament-bcn-200x38.jpg 200w, https:\/\/afc.cat\/wp-content\/uploads\/2025\/01\/logos_generalitat_-ajuntament-bcn-400x75.jpg 400w, https:\/\/afc.cat\/wp-content\/uploads\/2025\/01\/logos_generalitat_-ajuntament-bcn.jpg 420w\" sizes=\"(max-width: 640px) 100vw, 420px\" \/><\/span><\/div><div ><span class=\" fusion-imageframe imageframe-none imageframe-3 hover-type-none\"><img decoding=\"async\" width=\"2264\" height=\"561\" title=\"Logos-colaboradors 3\" src=\"https:\/\/afc.cat\/wp-content\/uploads\/2021\/02\/Logos-colaboradors-3.jpg\" alt class=\"img-responsive wp-image-43152\" srcset=\"https:\/\/afc.cat\/wp-content\/uploads\/2021\/02\/Logos-colaboradors-3-200x50.jpg 200w, https:\/\/afc.cat\/wp-content\/uploads\/2021\/02\/Logos-colaboradors-3-400x99.jpg 400w, https:\/\/afc.cat\/wp-content\/uploads\/2021\/02\/Logos-colaboradors-3-600x149.jpg 600w, https:\/\/afc.cat\/wp-content\/uploads\/2021\/02\/Logos-colaboradors-3-800x198.jpg 800w, https:\/\/afc.cat\/wp-content\/uploads\/2021\/02\/Logos-colaboradors-3-1200x297.jpg 1200w, https:\/\/afc.cat\/wp-content\/uploads\/2021\/02\/Logos-colaboradors-3.jpg 2264w\" sizes=\"(max-width: 640px) 100vw, 2264px\" \/><\/span><\/div><\/div><style type=\"text\/css\">.fusion-body .fusion-builder-column-0{width:100% !important;margin-top : 0px;margin-bottom : 0px;}.fusion-builder-column-0 > .fusion-column-wrapper {padding-top : 0px !important;padding-right : 0px !important;margin-right : 1.92%;padding-bottom : 0px !important;padding-left : 0px !important;margin-left : 1.92%;}@media only screen and (max-width:1024px) {.fusion-body .fusion-builder-column-0{width:100% !important;}.fusion-builder-column-0 > .fusion-column-wrapper {margin-right : 1.92%;margin-left : 1.92%;}}@media only screen and (max-width:640px) {.fusion-body .fusion-builder-column-0{width:100% !important;}.fusion-builder-column-0 > .fusion-column-wrapper {margin-right : 1.92%;margin-left : 1.92%;}}<\/style><\/div><\/div><style type=\"text\/css\">.fusion-body .fusion-flex-container.fusion-builder-row-1{ padding-top : 0px;margin-top : 0px;padding-right : 0px;padding-bottom : 0px;margin-bottom : 0px;padding-left : 0px;}<\/style><\/div>\n","protected":false},"excerpt":{"rendered":"","protected":false},"template":"","meta":{"_acf_changed":false},"wcs-type":[129],"wcs-room":[787,785,784,786],"wcs-instructor":[783],"class_list":["post-44192","class","type-class","status-publish","hentry","wcs-type-salidas-a-exposiciones","wcs-room-08005-barcelona","wcs-room-785","wcs-room-av-del-litoral","wcs-room-sant-marti","wcs-instructor-m-helena-verges"],"acf":[],"yoast_head":"<!-- This site is optimized with the Yoast SEO plugin v27.5 - https:\/\/yoast.com\/product\/yoast-seo-wordpress\/ -->\n<title>Visita guiada a KBr: &quot;Helen Levitt&quot; - Agrupaci\u00f3 Fotogr\u00e0fica de Catalunya<\/title>\n<meta name=\"robots\" content=\"index, follow, max-snippet:-1, max-image-preview:large, max-video-preview:-1\" \/>\n<link rel=\"canonical\" href=\"https:\/\/afc.cat\/es\/activitat\/visita-guiada-a-kbr-helen-levitt\/\" \/>\n<meta property=\"og:locale\" content=\"es_ES\" \/>\n<meta property=\"og:type\" content=\"article\" \/>\n<meta property=\"og:title\" content=\"Visita guiada a KBr: &quot;Helen Levitt&quot; - Agrupaci\u00f3 Fotogr\u00e0fica de Catalunya\" \/>\n<meta property=\"og:url\" content=\"https:\/\/afc.cat\/es\/activitat\/visita-guiada-a-kbr-helen-levitt\/\" \/>\n<meta property=\"og:site_name\" content=\"Agrupaci\u00f3 Fotogr\u00e0fica de Catalunya\" \/>\n<meta property=\"article:modified_time\" content=\"2025-09-25T17:47:16+00:00\" \/>\n<meta name=\"twitter:card\" content=\"summary_large_image\" \/>\n<meta name=\"twitter:label1\" content=\"Tiempo de lectura\" \/>\n\t<meta name=\"twitter:data1\" content=\"7 minutos\" \/>\n<script type=\"application\/ld+json\" class=\"yoast-schema-graph\">{\"@context\":\"https:\\\/\\\/schema.org\",\"@graph\":[{\"@type\":\"WebPage\",\"@id\":\"https:\\\/\\\/afc.cat\\\/es\\\/activitat\\\/visita-guiada-a-kbr-helen-levitt\\\/\",\"url\":\"https:\\\/\\\/afc.cat\\\/es\\\/activitat\\\/visita-guiada-a-kbr-helen-levitt\\\/\",\"name\":\"Visita guiada a KBr: \\\"Helen Levitt\\\" - Agrupaci\u00f3 Fotogr\u00e0fica de Catalunya\",\"isPartOf\":{\"@id\":\"https:\\\/\\\/afc.cat\\\/es\\\/#website\"},\"datePublished\":\"2025-09-25T15:47:15+00:00\",\"dateModified\":\"2025-09-25T17:47:16+00:00\",\"breadcrumb\":{\"@id\":\"https:\\\/\\\/afc.cat\\\/es\\\/activitat\\\/visita-guiada-a-kbr-helen-levitt\\\/#breadcrumb\"},\"inLanguage\":\"es\",\"potentialAction\":[{\"@type\":\"ReadAction\",\"target\":[\"https:\\\/\\\/afc.cat\\\/es\\\/activitat\\\/visita-guiada-a-kbr-helen-levitt\\\/\"]}]},{\"@type\":\"BreadcrumbList\",\"@id\":\"https:\\\/\\\/afc.cat\\\/es\\\/activitat\\\/visita-guiada-a-kbr-helen-levitt\\\/#breadcrumb\",\"itemListElement\":[{\"@type\":\"ListItem\",\"position\":1,\"name\":\"Inicio\",\"item\":\"https:\\\/\\\/afc.cat\\\/es\\\/\"},{\"@type\":\"ListItem\",\"position\":2,\"name\":\"Visita guiada a KBr: &#8220;Helen Levitt&#8221;\"}]},{\"@type\":\"WebSite\",\"@id\":\"https:\\\/\\\/afc.cat\\\/es\\\/#website\",\"url\":\"https:\\\/\\\/afc.cat\\\/es\\\/\",\"name\":\"Agrupaci\u00f3 Fotogr\u00e0fica de Catalunya\",\"description\":\"Fomento y divulgaci\u00f3n de la fotograf\u00eda en todas sus variedades\",\"potentialAction\":[{\"@type\":\"SearchAction\",\"target\":{\"@type\":\"EntryPoint\",\"urlTemplate\":\"https:\\\/\\\/afc.cat\\\/es\\\/?s={search_term_string}\"},\"query-input\":{\"@type\":\"PropertyValueSpecification\",\"valueRequired\":true,\"valueName\":\"search_term_string\"}}],\"inLanguage\":\"es\"}]}<\/script>\n<!-- \/ Yoast SEO plugin. -->","yoast_head_json":{"title":"Visita guiada a KBr: \"Helen Levitt\" - Agrupaci\u00f3 Fotogr\u00e0fica de Catalunya","robots":{"index":"index","follow":"follow","max-snippet":"max-snippet:-1","max-image-preview":"max-image-preview:large","max-video-preview":"max-video-preview:-1"},"canonical":"https:\/\/afc.cat\/es\/activitat\/visita-guiada-a-kbr-helen-levitt\/","og_locale":"es_ES","og_type":"article","og_title":"Visita guiada a KBr: \"Helen Levitt\" - Agrupaci\u00f3 Fotogr\u00e0fica de Catalunya","og_url":"https:\/\/afc.cat\/es\/activitat\/visita-guiada-a-kbr-helen-levitt\/","og_site_name":"Agrupaci\u00f3 Fotogr\u00e0fica de Catalunya","article_modified_time":"2025-09-25T17:47:16+00:00","twitter_card":"summary_large_image","twitter_misc":{"Tiempo de lectura":"7 minutos"},"schema":{"@context":"https:\/\/schema.org","@graph":[{"@type":"WebPage","@id":"https:\/\/afc.cat\/es\/activitat\/visita-guiada-a-kbr-helen-levitt\/","url":"https:\/\/afc.cat\/es\/activitat\/visita-guiada-a-kbr-helen-levitt\/","name":"Visita guiada a KBr: \"Helen Levitt\" - Agrupaci\u00f3 Fotogr\u00e0fica de Catalunya","isPartOf":{"@id":"https:\/\/afc.cat\/es\/#website"},"datePublished":"2025-09-25T15:47:15+00:00","dateModified":"2025-09-25T17:47:16+00:00","breadcrumb":{"@id":"https:\/\/afc.cat\/es\/activitat\/visita-guiada-a-kbr-helen-levitt\/#breadcrumb"},"inLanguage":"es","potentialAction":[{"@type":"ReadAction","target":["https:\/\/afc.cat\/es\/activitat\/visita-guiada-a-kbr-helen-levitt\/"]}]},{"@type":"BreadcrumbList","@id":"https:\/\/afc.cat\/es\/activitat\/visita-guiada-a-kbr-helen-levitt\/#breadcrumb","itemListElement":[{"@type":"ListItem","position":1,"name":"Inicio","item":"https:\/\/afc.cat\/es\/"},{"@type":"ListItem","position":2,"name":"Visita guiada a KBr: &#8220;Helen Levitt&#8221;"}]},{"@type":"WebSite","@id":"https:\/\/afc.cat\/es\/#website","url":"https:\/\/afc.cat\/es\/","name":"Agrupaci\u00f3 Fotogr\u00e0fica de Catalunya","description":"Fomento y divulgaci\u00f3n de la fotograf\u00eda en todas sus variedades","potentialAction":[{"@type":"SearchAction","target":{"@type":"EntryPoint","urlTemplate":"https:\/\/afc.cat\/es\/?s={search_term_string}"},"query-input":{"@type":"PropertyValueSpecification","valueRequired":true,"valueName":"search_term_string"}}],"inLanguage":"es"}]}},"_links":{"self":[{"href":"https:\/\/afc.cat\/es\/wp-json\/wp\/v2\/class\/44192","targetHints":{"allow":["GET"]}}],"collection":[{"href":"https:\/\/afc.cat\/es\/wp-json\/wp\/v2\/class"}],"about":[{"href":"https:\/\/afc.cat\/es\/wp-json\/wp\/v2\/types\/class"}],"wp:attachment":[{"href":"https:\/\/afc.cat\/es\/wp-json\/wp\/v2\/media?parent=44192"}],"wp:term":[{"taxonomy":"wcs-type","embeddable":true,"href":"https:\/\/afc.cat\/es\/wp-json\/wp\/v2\/wcs-type?post=44192"},{"taxonomy":"wcs-room","embeddable":true,"href":"https:\/\/afc.cat\/es\/wp-json\/wp\/v2\/wcs-room?post=44192"},{"taxonomy":"wcs-instructor","embeddable":true,"href":"https:\/\/afc.cat\/es\/wp-json\/wp\/v2\/wcs-instructor?post=44192"}],"curies":[{"name":"wp","href":"https:\/\/api.w.org\/{rel}","templated":true}]}}