{"id":44223,"date":"2025-09-29T17:59:30","date_gmt":"2025-09-29T15:59:30","guid":{"rendered":"https:\/\/afc.cat\/activitat\/planificacio-fotografica-amb-photopills\/"},"modified":"2025-10-27T17:40:59","modified_gmt":"2025-10-27T15:40:59","slug":"planificacio-fotografica-amb-photopills","status":"publish","type":"class","link":"https:\/\/afc.cat\/es\/activitat\/planificacio-fotografica-amb-photopills\/","title":{"rendered":"Planificaci\u00f3 fotogr\u00e0fica amb Photopills."},"content":{"rendered":"<div class=\"fusion-fullwidth fullwidth-box fusion-builder-row-1 fusion-flex-container nonhundred-percent-fullwidth non-hundred-percent-height-scrolling\" style=\"background-color: rgba(255,255,255,0);background-position: center center;background-repeat: no-repeat;border-width: 0px 15px 0px 0px;border-color:#ffffff;border-style:solid;\" ><div class=\"fusion-builder-row fusion-row fusion-flex-align-items-flex-start\" style=\"max-width:1300px;margin-left: calc(-4% \/ 2 );margin-right: calc(-4% \/ 2 );\"><div class=\"fusion-layout-column fusion_builder_column fusion-builder-column-0 fusion_builder_column_1_1 1_1 fusion-flex-column\"><div class=\"fusion-column-wrapper fusion-flex-justify-content-flex-start fusion-content-layout-column\" style=\"background-position:left top;background-repeat:no-repeat;-webkit-background-size:cover;-moz-background-size:cover;-o-background-size:cover;background-size:cover;padding: 0px 0px 0px 0px;\"><div class=\"fusion-text fusion-text-1\"><h2 data-pm-slice=\"1 1 &#091;&#093;\">Planificaci\u00f3n fotogr\u00e1fica con Photopills<\/h2>\n<p><strong>CALENDARIO Y HORARIO<\/strong><\/p>\n<p><strong>Horario y fecha\/s:<\/strong> mi\u00e9rcoles de 10:00 a 13:00h, y de 16:30 a 17:30h el \u00faltimo d\u00eda.<\/p>\n<p><strong>Horas:<\/strong> 10 h<\/p>\n<p><strong>Fecha inicio y final:<\/strong> 15, 22 y 29 de octubre, 12 de noviembre<\/p>\n<p><strong>Precio:<\/strong> 20 \u20ac para socios, 60\u202f\u20ac para no-socios.<\/p>\n<p><strong>Modalidad:<\/strong> Presencial.<\/p>\n<p><strong>Plazas m\u00ednimas y m\u00e1ximas:<\/strong> m\u00ednimo 5 personas inscritas.<\/p>\n<p><strong>Inscripci\u00f3n<\/strong> y pago <a href=\"https:\/\/afc.playoffinformatica.com\/actividad\/158\/Planificacio-fotografica-amb-Photopills\/\"><strong>EN L\u00cdNEA<\/strong><\/a><\/p>\n<p><strong>Objetivo de la formaci\u00f3n:<\/strong> Aprender a planificar fotograf\u00edas con una aplicaci\u00f3n dise\u00f1ada a tal efecto,\u00a0Photop\u00eclls. Conocer las diferentes partes que conforman la aplicaci\u00f3n, desde la identificaci\u00f3n de las trayectorias del sol, la luna, la V\u00eda L\u00e1ctea, el rastro de estrellas, las lluvias de meteoros, etc&#8230;,\u00a0 hasta la utilizaci\u00f3n de las diferentes calculadoras, y del flujo de trabajo de las planificaciones fotogr\u00e1ficas.<\/p>\n<p>Contenido o temario:<\/p>\n<p>1.\u00a0\u00a0\u00a0\u00a0\u00a0\u00a0 Descripci\u00f3n general de la aplicaci\u00f3n y de las diferentes partes que la componen.<\/p>\n<p>2.\u00a0\u00a0\u00a0\u00a0\u00a0\u00a0 Conocer y gestionar el planificador, es decir, los paneles, el mapa y capas de mapa, barra del tiempo, carga, archivo y validaci\u00f3n de planificaciones con la realidad aumentada.<\/p>\n<p>3.\u00a0\u00a0\u00a0\u00a0\u00a0\u00a0 Conocer y gestionar las calculadoras de exposici\u00f3n, de profundidad de campo, de campo de visi\u00f3n, de distancia\u00a0hiperfocal, de estrellas como puntos, de rastros de estrellas, de distancia al sujeto y equivalencia focal.<\/p>\n<p>4.\u00a0\u00a0\u00a0\u00a0\u00a0\u00a0 Conocer y gestionar las p\u00edldoras de sol, luna, estrellas como puntos y rastros de estrellas.<\/p>\n<p>5.\u00a0\u00a0\u00a0\u00a0\u00a0\u00a0 Casos pr\u00e1cticos: hacer tres planificaciones pr\u00e1cticas de sol, luna y v\u00eda l\u00e1ctea.<\/p>\n<p>6.\u00a0\u00a0\u00a0\u00a0\u00a0\u00a0 Comprobar in situ la bondad de una planificaci\u00f3n en tiempo real, identificando el punto de presa, la orientaci\u00f3n y el resto de caracter\u00edsticas previstas. Tratar de hacer la fotograf\u00eda.<\/p>\n<p>Espacio donde se har\u00e1 la formaci\u00f3n: Sala Bruno\u00a0Argem\u00ed.<\/p>\n<p>Requisitos t\u00e9cnicos para hacer la formaci\u00f3n: Ordenador con una sesi\u00f3n de Google iniciada conectado a gran pantalla de TV, red wifi disponible y pizarra con rotuladores de colores.<\/p>\n<p>Destinado a: Todo el mundo, que tenga la aplicaci\u00f3n de\u00a0Photopills\u00a0instalada a su\u00a0smartphone.<\/p>\n<\/div><div ><style>.fusion-imageframe.imageframe-2{ margin-top : 30px;}<\/style><span class=\" fusion-imageframe imageframe-none imageframe-2 hover-type-none\"><img decoding=\"async\" width=\"420\" height=\"79\" title=\"cultura\" src=\"https:\/\/afc.cat\/wp-content\/uploads\/2025\/01\/logos_generalitat_-ajuntament-bcn.jpg\" alt class=\"img-responsive wp-image-41129\" srcset=\"https:\/\/afc.cat\/wp-content\/uploads\/2025\/01\/logos_generalitat_-ajuntament-bcn-200x38.jpg 200w, https:\/\/afc.cat\/wp-content\/uploads\/2025\/01\/logos_generalitat_-ajuntament-bcn-400x75.jpg 400w, https:\/\/afc.cat\/wp-content\/uploads\/2025\/01\/logos_generalitat_-ajuntament-bcn.jpg 420w\" sizes=\"(max-width: 640px) 100vw, 420px\" \/><\/span><\/div><div ><span class=\" fusion-imageframe imageframe-none imageframe-3 hover-type-none\"><img decoding=\"async\" width=\"2264\" height=\"561\" title=\"Logos-colaboradors 3\" src=\"https:\/\/afc.cat\/wp-content\/uploads\/2021\/02\/Logos-colaboradors-3.jpg\" alt class=\"img-responsive wp-image-43152\" srcset=\"https:\/\/afc.cat\/wp-content\/uploads\/2021\/02\/Logos-colaboradors-3-200x50.jpg 200w, https:\/\/afc.cat\/wp-content\/uploads\/2021\/02\/Logos-colaboradors-3-400x99.jpg 400w, https:\/\/afc.cat\/wp-content\/uploads\/2021\/02\/Logos-colaboradors-3-600x149.jpg 600w, https:\/\/afc.cat\/wp-content\/uploads\/2021\/02\/Logos-colaboradors-3-800x198.jpg 800w, https:\/\/afc.cat\/wp-content\/uploads\/2021\/02\/Logos-colaboradors-3-1200x297.jpg 1200w, https:\/\/afc.cat\/wp-content\/uploads\/2021\/02\/Logos-colaboradors-3.jpg 2264w\" sizes=\"(max-width: 640px) 100vw, 2264px\" \/><\/span><\/div><\/div><style type=\"text\/css\">.fusion-body .fusion-builder-column-0{width:100% !important;margin-top : 0px;margin-bottom : 0px;}.fusion-builder-column-0 > .fusion-column-wrapper {padding-top : 0px !important;padding-right : 0px !important;margin-right : 1.92%;padding-bottom : 0px !important;padding-left : 0px !important;margin-left : 1.92%;}@media only screen and (max-width:1024px) {.fusion-body .fusion-builder-column-0{width:100% !important;}.fusion-builder-column-0 > .fusion-column-wrapper {margin-right : 1.92%;margin-left : 1.92%;}}@media only screen and (max-width:640px) {.fusion-body .fusion-builder-column-0{width:100% !important;}.fusion-builder-column-0 > .fusion-column-wrapper {margin-right : 1.92%;margin-left : 1.92%;}}<\/style><\/div><\/div><style type=\"text\/css\">.fusion-body .fusion-flex-container.fusion-builder-row-1{ padding-top : 0px;margin-top : 0px;padding-right : 0px;padding-bottom : 0px;margin-bottom : 0px;padding-left : 0px;}<\/style><\/div>\n","protected":false},"excerpt":{"rendered":"","protected":false},"template":"","meta":{"_acf_changed":false},"wcs-type":[115],"wcs-room":[131],"wcs-instructor":[789],"class_list":["post-44223","class","type-class","status-publish","hentry","wcs-type-curso","wcs-room-agrupacio-fotografica-de-catalunya","wcs-instructor-joan-ribes"],"acf":[],"yoast_head":"<!-- This site is optimized with the Yoast SEO plugin v27.2 - https:\/\/yoast.com\/product\/yoast-seo-wordpress\/ -->\n<title>Planificaci\u00f3 fotogr\u00e0fica amb Photopills. - Agrupaci\u00f3 Fotogr\u00e0fica de Catalunya<\/title>\n<meta name=\"robots\" content=\"index, follow, max-snippet:-1, max-image-preview:large, max-video-preview:-1\" \/>\n<link rel=\"canonical\" href=\"https:\/\/afc.cat\/es\/activitat\/planificacio-fotografica-amb-photopills\/\" \/>\n<meta property=\"og:locale\" content=\"es_ES\" \/>\n<meta property=\"og:type\" content=\"article\" \/>\n<meta property=\"og:title\" content=\"Planificaci\u00f3 fotogr\u00e0fica amb Photopills. - Agrupaci\u00f3 Fotogr\u00e0fica de Catalunya\" \/>\n<meta property=\"og:url\" content=\"https:\/\/afc.cat\/es\/activitat\/planificacio-fotografica-amb-photopills\/\" \/>\n<meta property=\"og:site_name\" content=\"Agrupaci\u00f3 Fotogr\u00e0fica de Catalunya\" \/>\n<meta property=\"article:modified_time\" content=\"2025-10-27T15:40:59+00:00\" \/>\n<meta name=\"twitter:card\" content=\"summary_large_image\" \/>\n<meta name=\"twitter:label1\" content=\"Tiempo de lectura\" \/>\n\t<meta name=\"twitter:data1\" content=\"7 minutos\" \/>\n<script type=\"application\/ld+json\" class=\"yoast-schema-graph\">{\"@context\":\"https:\/\/schema.org\",\"@graph\":[{\"@type\":\"WebPage\",\"@id\":\"https:\/\/afc.cat\/es\/activitat\/planificacio-fotografica-amb-photopills\/\",\"url\":\"https:\/\/afc.cat\/es\/activitat\/planificacio-fotografica-amb-photopills\/\",\"name\":\"Planificaci\u00f3 fotogr\u00e0fica amb Photopills. - Agrupaci\u00f3 Fotogr\u00e0fica de Catalunya\",\"isPartOf\":{\"@id\":\"https:\/\/afc.cat\/es\/#website\"},\"datePublished\":\"2025-09-29T15:59:30+00:00\",\"dateModified\":\"2025-10-27T15:40:59+00:00\",\"breadcrumb\":{\"@id\":\"https:\/\/afc.cat\/es\/activitat\/planificacio-fotografica-amb-photopills\/#breadcrumb\"},\"inLanguage\":\"es\",\"potentialAction\":[{\"@type\":\"ReadAction\",\"target\":[\"https:\/\/afc.cat\/es\/activitat\/planificacio-fotografica-amb-photopills\/\"]}]},{\"@type\":\"BreadcrumbList\",\"@id\":\"https:\/\/afc.cat\/es\/activitat\/planificacio-fotografica-amb-photopills\/#breadcrumb\",\"itemListElement\":[{\"@type\":\"ListItem\",\"position\":1,\"name\":\"Inicio\",\"item\":\"https:\/\/afc.cat\/es\/\"},{\"@type\":\"ListItem\",\"position\":2,\"name\":\"Planificaci\u00f3 fotogr\u00e0fica amb Photopills.\"}]},{\"@type\":\"WebSite\",\"@id\":\"https:\/\/afc.cat\/es\/#website\",\"url\":\"https:\/\/afc.cat\/es\/\",\"name\":\"Agrupaci\u00f3 Fotogr\u00e0fica de Catalunya\",\"description\":\"Fomento y divulgaci\u00f3n de la fotograf\u00eda en todas sus variedades\",\"potentialAction\":[{\"@type\":\"SearchAction\",\"target\":{\"@type\":\"EntryPoint\",\"urlTemplate\":\"https:\/\/afc.cat\/es\/?s={search_term_string}\"},\"query-input\":{\"@type\":\"PropertyValueSpecification\",\"valueRequired\":true,\"valueName\":\"search_term_string\"}}],\"inLanguage\":\"es\"}]}<\/script>\n<!-- \/ Yoast SEO plugin. -->","yoast_head_json":{"title":"Planificaci\u00f3 fotogr\u00e0fica amb Photopills. - Agrupaci\u00f3 Fotogr\u00e0fica de Catalunya","robots":{"index":"index","follow":"follow","max-snippet":"max-snippet:-1","max-image-preview":"max-image-preview:large","max-video-preview":"max-video-preview:-1"},"canonical":"https:\/\/afc.cat\/es\/activitat\/planificacio-fotografica-amb-photopills\/","og_locale":"es_ES","og_type":"article","og_title":"Planificaci\u00f3 fotogr\u00e0fica amb Photopills. - Agrupaci\u00f3 Fotogr\u00e0fica de Catalunya","og_url":"https:\/\/afc.cat\/es\/activitat\/planificacio-fotografica-amb-photopills\/","og_site_name":"Agrupaci\u00f3 Fotogr\u00e0fica de Catalunya","article_modified_time":"2025-10-27T15:40:59+00:00","twitter_card":"summary_large_image","twitter_misc":{"Tiempo de lectura":"7 minutos"},"schema":{"@context":"https:\/\/schema.org","@graph":[{"@type":"WebPage","@id":"https:\/\/afc.cat\/es\/activitat\/planificacio-fotografica-amb-photopills\/","url":"https:\/\/afc.cat\/es\/activitat\/planificacio-fotografica-amb-photopills\/","name":"Planificaci\u00f3 fotogr\u00e0fica amb Photopills. - Agrupaci\u00f3 Fotogr\u00e0fica de Catalunya","isPartOf":{"@id":"https:\/\/afc.cat\/es\/#website"},"datePublished":"2025-09-29T15:59:30+00:00","dateModified":"2025-10-27T15:40:59+00:00","breadcrumb":{"@id":"https:\/\/afc.cat\/es\/activitat\/planificacio-fotografica-amb-photopills\/#breadcrumb"},"inLanguage":"es","potentialAction":[{"@type":"ReadAction","target":["https:\/\/afc.cat\/es\/activitat\/planificacio-fotografica-amb-photopills\/"]}]},{"@type":"BreadcrumbList","@id":"https:\/\/afc.cat\/es\/activitat\/planificacio-fotografica-amb-photopills\/#breadcrumb","itemListElement":[{"@type":"ListItem","position":1,"name":"Inicio","item":"https:\/\/afc.cat\/es\/"},{"@type":"ListItem","position":2,"name":"Planificaci\u00f3 fotogr\u00e0fica amb Photopills."}]},{"@type":"WebSite","@id":"https:\/\/afc.cat\/es\/#website","url":"https:\/\/afc.cat\/es\/","name":"Agrupaci\u00f3 Fotogr\u00e0fica de Catalunya","description":"Fomento y divulgaci\u00f3n de la fotograf\u00eda en todas sus variedades","potentialAction":[{"@type":"SearchAction","target":{"@type":"EntryPoint","urlTemplate":"https:\/\/afc.cat\/es\/?s={search_term_string}"},"query-input":{"@type":"PropertyValueSpecification","valueRequired":true,"valueName":"search_term_string"}}],"inLanguage":"es"}]}},"_links":{"self":[{"href":"https:\/\/afc.cat\/es\/wp-json\/wp\/v2\/class\/44223","targetHints":{"allow":["GET"]}}],"collection":[{"href":"https:\/\/afc.cat\/es\/wp-json\/wp\/v2\/class"}],"about":[{"href":"https:\/\/afc.cat\/es\/wp-json\/wp\/v2\/types\/class"}],"wp:attachment":[{"href":"https:\/\/afc.cat\/es\/wp-json\/wp\/v2\/media?parent=44223"}],"wp:term":[{"taxonomy":"wcs-type","embeddable":true,"href":"https:\/\/afc.cat\/es\/wp-json\/wp\/v2\/wcs-type?post=44223"},{"taxonomy":"wcs-room","embeddable":true,"href":"https:\/\/afc.cat\/es\/wp-json\/wp\/v2\/wcs-room?post=44223"},{"taxonomy":"wcs-instructor","embeddable":true,"href":"https:\/\/afc.cat\/es\/wp-json\/wp\/v2\/wcs-instructor?post=44223"}],"curies":[{"name":"wp","href":"https:\/\/api.w.org\/{rel}","templated":true}]}}