{"id":44525,"date":"2025-10-20T20:24:11","date_gmt":"2025-10-20T18:24:11","guid":{"rendered":"https:\/\/afc.cat\/activitat\/sessio-fotografica-en-estudi-3\/"},"modified":"2025-11-06T18:00:43","modified_gmt":"2025-11-06T16:00:43","slug":"sessio-fotografica-en-estudi-3","status":"publish","type":"class","link":"https:\/\/afc.cat\/es\/activitat\/sessio-fotografica-en-estudi-3\/","title":{"rendered":"Sessi\u00f3 fotogr\u00e0fica en estudi"},"content":{"rendered":"<div class=\"fusion-fullwidth fullwidth-box fusion-builder-row-1 fusion-flex-container nonhundred-percent-fullwidth non-hundred-percent-height-scrolling\" style=\"background-color: rgba(255,255,255,0);background-position: center center;background-repeat: no-repeat;border-width: 0px 15px 0px 0px;border-color:#ffffff;border-style:solid;\" ><div class=\"fusion-builder-row fusion-row fusion-flex-align-items-flex-start\" style=\"max-width:1300px;margin-left: calc(-4% \/ 2 );margin-right: calc(-4% \/ 2 );\"><div class=\"fusion-layout-column fusion_builder_column fusion-builder-column-0 fusion_builder_column_1_1 1_1 fusion-flex-column\"><div class=\"fusion-column-wrapper fusion-flex-justify-content-flex-start fusion-content-layout-column\" style=\"background-position:left top;background-repeat:no-repeat;-webkit-background-size:cover;-moz-background-size:cover;-o-background-size:cover;background-size:cover;padding: 0px 0px 0px 0px;\"><div class=\"fusion-text fusion-text-1\"><h2 data-pm-slice=\"1 1 &#091;&#093;\"><strong>CONVOCATORIA SESI\u00d3N DE RETRATO EN ESTUDIO<\/strong><\/h2>\n<h3>TODAS LAS PLAZAS EST\u00c1N CUBIERTAS. ABRIMOS LISTA DE ESPERA<\/h3>\n<p>PARTICIPACI\u00d3N: abierta a todos los asociados hasta\u00a0 un m\u00e1ximo de 8 (si la inscripci\u00f3n es inferior a 6, no se har\u00e1, si es superior se plantear\u00e1 hacer otra sesi\u00f3n). La preinscripci\u00f3n es al correo electr\u00f3nico: grupretrat@afc.cat<\/p>\n<p>D\u00cdA:\u00a0 lunes 17 de noviembre, de 17 a 20 horas<\/p>\n<p>TEMA:\u00a0odalisca<\/p>\n<p>MODELO: Laia<\/p>\n<p>TIEMPO: cada fot\u00f3grafo tendr\u00e1 dos o tres \u00a0tandas de 5- 7 minutos para trabajar con\u00a0 la modelo \u00a0(en estos \u00a0minutos ser\u00e1 el fot\u00f3grafo que mandar\u00e1 en el siete). Con la iluminaci\u00f3n contin\u00faa todo el mundo podr\u00e1 hacer fotograf\u00edas pero\u00a0 siempre respetando\u00a0 la relaci\u00f3n directa del fot\u00f3grafo principal con la modelo. El fot\u00f3grafo principal podr\u00e1 fotografiar con flash.<\/p>\n<p>ILUMINACI\u00d3N: Ser\u00e1 continua y con flash. La iluminaci\u00f3n con flash se sobrepondr\u00e1\u00a0 a la continua ( si no se demuestra\u00a0 alg\u00fan tipo de incompatibilidad).<\/p>\n<p>HERRAMIENTAS.- se recomienda equipar objetivos de focal larga (80-100 mm) para permitir que el resto de fot\u00f3grafos \u00a0no queden demasiado tapados por el fot\u00f3grafo principal.<\/p>\n<p>COSTE: si se ocupan todas las plazas el coste ser\u00e1 de 30 euros \/fot\u00f3grafo,\u00a0 si no, ser\u00e1 de 35 euros.<\/p>\n<p><strong>Foto: @Sleeper (museu de la Valetta Malta).<\/strong><\/p>\n<p><strong>*Actividad exclusiva para asociados.<\/strong><\/p>\n<\/div><div ><style>.fusion-imageframe.imageframe-2{ margin-top : 30px;}<\/style><span class=\" fusion-imageframe imageframe-none imageframe-2 hover-type-none\"><img decoding=\"async\" width=\"420\" height=\"79\" title=\"cultura\" src=\"https:\/\/afc.cat\/wp-content\/uploads\/2025\/01\/logos_generalitat_-ajuntament-bcn.jpg\" alt class=\"img-responsive wp-image-41129\" srcset=\"https:\/\/afc.cat\/wp-content\/uploads\/2025\/01\/logos_generalitat_-ajuntament-bcn-200x38.jpg 200w, https:\/\/afc.cat\/wp-content\/uploads\/2025\/01\/logos_generalitat_-ajuntament-bcn-400x75.jpg 400w, https:\/\/afc.cat\/wp-content\/uploads\/2025\/01\/logos_generalitat_-ajuntament-bcn.jpg 420w\" sizes=\"(max-width: 640px) 100vw, 420px\" \/><\/span><\/div><div ><span class=\" fusion-imageframe imageframe-none imageframe-3 hover-type-none\"><img decoding=\"async\" width=\"2264\" height=\"561\" title=\"Logos-colaboradors 3\" src=\"https:\/\/afc.cat\/wp-content\/uploads\/2021\/02\/Logos-colaboradors-3.jpg\" alt class=\"img-responsive wp-image-43152\" srcset=\"https:\/\/afc.cat\/wp-content\/uploads\/2021\/02\/Logos-colaboradors-3-200x50.jpg 200w, https:\/\/afc.cat\/wp-content\/uploads\/2021\/02\/Logos-colaboradors-3-400x99.jpg 400w, https:\/\/afc.cat\/wp-content\/uploads\/2021\/02\/Logos-colaboradors-3-600x149.jpg 600w, https:\/\/afc.cat\/wp-content\/uploads\/2021\/02\/Logos-colaboradors-3-800x198.jpg 800w, https:\/\/afc.cat\/wp-content\/uploads\/2021\/02\/Logos-colaboradors-3-1200x297.jpg 1200w, https:\/\/afc.cat\/wp-content\/uploads\/2021\/02\/Logos-colaboradors-3.jpg 2264w\" sizes=\"(max-width: 640px) 100vw, 2264px\" \/><\/span><\/div><\/div><style type=\"text\/css\">.fusion-body .fusion-builder-column-0{width:100% !important;margin-top : 0px;margin-bottom : 0px;}.fusion-builder-column-0 > .fusion-column-wrapper {padding-top : 0px !important;padding-right : 0px !important;margin-right : 1.92%;padding-bottom : 0px !important;padding-left : 0px !important;margin-left : 1.92%;}@media only screen and (max-width:1024px) {.fusion-body .fusion-builder-column-0{width:100% !important;}.fusion-builder-column-0 > .fusion-column-wrapper {margin-right : 1.92%;margin-left : 1.92%;}}@media only screen and (max-width:640px) {.fusion-body .fusion-builder-column-0{width:100% !important;}.fusion-builder-column-0 > .fusion-column-wrapper {margin-right : 1.92%;margin-left : 1.92%;}}<\/style><\/div><\/div><style type=\"text\/css\">.fusion-body .fusion-flex-container.fusion-builder-row-1{ padding-top : 0px;margin-top : 0px;padding-right : 0px;padding-bottom : 0px;margin-bottom : 0px;padding-left : 0px;}<\/style><\/div>\n","protected":false},"excerpt":{"rendered":"","protected":false},"template":"","meta":{"_acf_changed":false},"wcs-type":[125],"wcs-room":[131],"wcs-instructor":[],"class_list":["post-44525","class","type-class","status-publish","hentry","wcs-type-sesion-de-estudio","wcs-room-agrupacio-fotografica-de-catalunya"],"acf":[],"yoast_head":"<!-- This site is optimized with the Yoast SEO plugin v27.5 - https:\/\/yoast.com\/product\/yoast-seo-wordpress\/ -->\n<title>Sessi\u00f3 fotogr\u00e0fica en estudi - Agrupaci\u00f3 Fotogr\u00e0fica de Catalunya<\/title>\n<meta name=\"robots\" content=\"index, follow, max-snippet:-1, max-image-preview:large, max-video-preview:-1\" \/>\n<link rel=\"canonical\" href=\"https:\/\/afc.cat\/es\/activitat\/sessio-fotografica-en-estudi-3\/\" \/>\n<meta property=\"og:locale\" content=\"es_ES\" \/>\n<meta property=\"og:type\" content=\"article\" \/>\n<meta property=\"og:title\" content=\"Sessi\u00f3 fotogr\u00e0fica en estudi - Agrupaci\u00f3 Fotogr\u00e0fica de Catalunya\" \/>\n<meta property=\"og:url\" content=\"https:\/\/afc.cat\/es\/activitat\/sessio-fotografica-en-estudi-3\/\" \/>\n<meta property=\"og:site_name\" content=\"Agrupaci\u00f3 Fotogr\u00e0fica de Catalunya\" \/>\n<meta property=\"article:modified_time\" content=\"2025-11-06T16:00:43+00:00\" \/>\n<meta name=\"twitter:card\" content=\"summary_large_image\" \/>\n<meta name=\"twitter:label1\" content=\"Tiempo de lectura\" \/>\n\t<meta name=\"twitter:data1\" content=\"6 minutos\" \/>\n<script type=\"application\/ld+json\" class=\"yoast-schema-graph\">{\"@context\":\"https:\\\/\\\/schema.org\",\"@graph\":[{\"@type\":\"WebPage\",\"@id\":\"https:\\\/\\\/afc.cat\\\/es\\\/activitat\\\/sessio-fotografica-en-estudi-3\\\/\",\"url\":\"https:\\\/\\\/afc.cat\\\/es\\\/activitat\\\/sessio-fotografica-en-estudi-3\\\/\",\"name\":\"Sessi\u00f3 fotogr\u00e0fica en estudi - Agrupaci\u00f3 Fotogr\u00e0fica de Catalunya\",\"isPartOf\":{\"@id\":\"https:\\\/\\\/afc.cat\\\/es\\\/#website\"},\"datePublished\":\"2025-10-20T18:24:11+00:00\",\"dateModified\":\"2025-11-06T16:00:43+00:00\",\"breadcrumb\":{\"@id\":\"https:\\\/\\\/afc.cat\\\/es\\\/activitat\\\/sessio-fotografica-en-estudi-3\\\/#breadcrumb\"},\"inLanguage\":\"es\",\"potentialAction\":[{\"@type\":\"ReadAction\",\"target\":[\"https:\\\/\\\/afc.cat\\\/es\\\/activitat\\\/sessio-fotografica-en-estudi-3\\\/\"]}]},{\"@type\":\"BreadcrumbList\",\"@id\":\"https:\\\/\\\/afc.cat\\\/es\\\/activitat\\\/sessio-fotografica-en-estudi-3\\\/#breadcrumb\",\"itemListElement\":[{\"@type\":\"ListItem\",\"position\":1,\"name\":\"Inicio\",\"item\":\"https:\\\/\\\/afc.cat\\\/es\\\/\"},{\"@type\":\"ListItem\",\"position\":2,\"name\":\"Sessi\u00f3 fotogr\u00e0fica en estudi\"}]},{\"@type\":\"WebSite\",\"@id\":\"https:\\\/\\\/afc.cat\\\/es\\\/#website\",\"url\":\"https:\\\/\\\/afc.cat\\\/es\\\/\",\"name\":\"Agrupaci\u00f3 Fotogr\u00e0fica de Catalunya\",\"description\":\"Fomento y divulgaci\u00f3n de la fotograf\u00eda en todas sus variedades\",\"potentialAction\":[{\"@type\":\"SearchAction\",\"target\":{\"@type\":\"EntryPoint\",\"urlTemplate\":\"https:\\\/\\\/afc.cat\\\/es\\\/?s={search_term_string}\"},\"query-input\":{\"@type\":\"PropertyValueSpecification\",\"valueRequired\":true,\"valueName\":\"search_term_string\"}}],\"inLanguage\":\"es\"}]}<\/script>\n<!-- \/ Yoast SEO plugin. -->","yoast_head_json":{"title":"Sessi\u00f3 fotogr\u00e0fica en estudi - Agrupaci\u00f3 Fotogr\u00e0fica de Catalunya","robots":{"index":"index","follow":"follow","max-snippet":"max-snippet:-1","max-image-preview":"max-image-preview:large","max-video-preview":"max-video-preview:-1"},"canonical":"https:\/\/afc.cat\/es\/activitat\/sessio-fotografica-en-estudi-3\/","og_locale":"es_ES","og_type":"article","og_title":"Sessi\u00f3 fotogr\u00e0fica en estudi - Agrupaci\u00f3 Fotogr\u00e0fica de Catalunya","og_url":"https:\/\/afc.cat\/es\/activitat\/sessio-fotografica-en-estudi-3\/","og_site_name":"Agrupaci\u00f3 Fotogr\u00e0fica de Catalunya","article_modified_time":"2025-11-06T16:00:43+00:00","twitter_card":"summary_large_image","twitter_misc":{"Tiempo de lectura":"6 minutos"},"schema":{"@context":"https:\/\/schema.org","@graph":[{"@type":"WebPage","@id":"https:\/\/afc.cat\/es\/activitat\/sessio-fotografica-en-estudi-3\/","url":"https:\/\/afc.cat\/es\/activitat\/sessio-fotografica-en-estudi-3\/","name":"Sessi\u00f3 fotogr\u00e0fica en estudi - Agrupaci\u00f3 Fotogr\u00e0fica de Catalunya","isPartOf":{"@id":"https:\/\/afc.cat\/es\/#website"},"datePublished":"2025-10-20T18:24:11+00:00","dateModified":"2025-11-06T16:00:43+00:00","breadcrumb":{"@id":"https:\/\/afc.cat\/es\/activitat\/sessio-fotografica-en-estudi-3\/#breadcrumb"},"inLanguage":"es","potentialAction":[{"@type":"ReadAction","target":["https:\/\/afc.cat\/es\/activitat\/sessio-fotografica-en-estudi-3\/"]}]},{"@type":"BreadcrumbList","@id":"https:\/\/afc.cat\/es\/activitat\/sessio-fotografica-en-estudi-3\/#breadcrumb","itemListElement":[{"@type":"ListItem","position":1,"name":"Inicio","item":"https:\/\/afc.cat\/es\/"},{"@type":"ListItem","position":2,"name":"Sessi\u00f3 fotogr\u00e0fica en estudi"}]},{"@type":"WebSite","@id":"https:\/\/afc.cat\/es\/#website","url":"https:\/\/afc.cat\/es\/","name":"Agrupaci\u00f3 Fotogr\u00e0fica de Catalunya","description":"Fomento y divulgaci\u00f3n de la fotograf\u00eda en todas sus variedades","potentialAction":[{"@type":"SearchAction","target":{"@type":"EntryPoint","urlTemplate":"https:\/\/afc.cat\/es\/?s={search_term_string}"},"query-input":{"@type":"PropertyValueSpecification","valueRequired":true,"valueName":"search_term_string"}}],"inLanguage":"es"}]}},"_links":{"self":[{"href":"https:\/\/afc.cat\/es\/wp-json\/wp\/v2\/class\/44525","targetHints":{"allow":["GET"]}}],"collection":[{"href":"https:\/\/afc.cat\/es\/wp-json\/wp\/v2\/class"}],"about":[{"href":"https:\/\/afc.cat\/es\/wp-json\/wp\/v2\/types\/class"}],"wp:attachment":[{"href":"https:\/\/afc.cat\/es\/wp-json\/wp\/v2\/media?parent=44525"}],"wp:term":[{"taxonomy":"wcs-type","embeddable":true,"href":"https:\/\/afc.cat\/es\/wp-json\/wp\/v2\/wcs-type?post=44525"},{"taxonomy":"wcs-room","embeddable":true,"href":"https:\/\/afc.cat\/es\/wp-json\/wp\/v2\/wcs-room?post=44525"},{"taxonomy":"wcs-instructor","embeddable":true,"href":"https:\/\/afc.cat\/es\/wp-json\/wp\/v2\/wcs-instructor?post=44525"}],"curies":[{"name":"wp","href":"https:\/\/api.w.org\/{rel}","templated":true}]}}