{"id":45134,"date":"2025-12-02T17:16:26","date_gmt":"2025-12-02T15:16:26","guid":{"rendered":"https:\/\/afc.cat\/activitat\/sortida-fotografica-grup-de-natura-seccio-fauna-11-12-2025\/"},"modified":"2025-12-02T19:03:50","modified_gmt":"2025-12-02T17:03:50","slug":"salida-fotografica-grup-de-natura-seccion-fauna-11-12-2025","status":"publish","type":"class","link":"https:\/\/afc.cat\/es\/activitat\/salida-fotografica-grup-de-natura-seccion-fauna-11-12-2025\/","title":{"rendered":"Salida fotogr\u00e1fica Grup de Natura secci\u00f3n Fauna.\u00a0 11\/12\/2025"},"content":{"rendered":"<div class=\"fusion-fullwidth fullwidth-box fusion-builder-row-1 fusion-flex-container nonhundred-percent-fullwidth non-hundred-percent-height-scrolling\" style=\"background-color: rgba(255,255,255,0);background-position: center center;background-repeat: no-repeat;border-width: 0px 15px 0px 0px;border-color:#ffffff;border-style:solid;\" ><div class=\"fusion-builder-row fusion-row fusion-flex-align-items-flex-start\" style=\"max-width:1300px;margin-left: calc(-4% \/ 2 );margin-right: calc(-4% \/ 2 );\"><div class=\"fusion-layout-column fusion_builder_column fusion-builder-column-0 fusion_builder_column_1_1 1_1 fusion-flex-column\"><div class=\"fusion-column-wrapper fusion-flex-justify-content-flex-start fusion-content-layout-column\" style=\"background-position:left top;background-repeat:no-repeat;-webkit-background-size:cover;-moz-background-size:cover;-o-background-size:cover;background-size:cover;padding: 0px 0px 0px 0px;\"><div class=\"fusion-text fusion-text-1\"><h2><span class=\"cf0\">Salida fotogr\u00e1fica gratuita secci\u00f3n Fauna. SALIDA ESTANY D&#8217; IVARS<!--EndFragment --><\/span><\/h2>\n<h2><span class=\"cf0\">Grup de Fotografia de Natura 11\/12\/2025<\/span><\/h2>\n<p data-pm-slice=\"1 1 &#091;&#093;\"><strong>CALENDARIO Y HORARIO<\/strong><\/p>\n<p>Fecha: 11 de diciembre, si se presenta nublado se aplazar\u00eda al 18 de diciembre.<\/p>\n<p>Lugar de encuentro: en el centro de informaci\u00f3n\u00a0<!--StartFragment --><span class=\"cf0\">Cal <\/span><span class=\"cf0\">Sin\u00e9n<\/span><span class=\"cf0\">, <\/span><span class=\"cf0\">estany<\/span> <span class=\"cf0\">Ivars<\/span><span class=\"cf0\">.<\/span><\/p>\n<p>Transporte: coche, compartido entre los asistentes.<\/p>\n<p>Hora: 13\u202fh.<\/p>\n<p>Prop\u00f3sito fotogr\u00e1fico: fotografiar aguiluchos laguneros en su dormidero e invernantes acu\u00e1ticas.<\/p>\n<p>Especies objetivo: <!--StartFragment --><span class=\"cf0\">Arpella comuna, <\/span><span class=\"cf0\">corb<\/span> <span class=\"cf0\">mar\u00ed<\/span><span class=\"cf0\"> gros, <\/span><span class=\"cf0\">esplugabous<\/span><span class=\"cf0\">, <\/span><span class=\"cf0\">\u00e0nec<\/span> <span class=\"cf0\">cullerot<\/span><span class=\"cf0\">, <\/span><span class=\"cf0\">xarxet<\/span><span class=\"cf0\">, <\/span><span class=\"cf0\">fotja<\/span><span class=\"cf0\">, etc.<\/span><!--EndFragment --><\/p>\n<p>Requiere inscripci\u00f3n previa:<a href=\"https:\/\/afc.playoffinformatica.com\/actividad\/161\/Sortida-fotografica-gratuita-seccio-Fauna-SORTIDA-ESTANY-D-IVARS\/\"><strong> EN L\u00cdNEA<\/strong><\/a><\/p>\n<p>N\u00famero m\u00e1ximo de asistentes: 15 fot\u00f3grafos\/se.<\/p>\n<p>Ropa: Ropa oscura (verde, negro, marr\u00f3n, morat\u00f3n marino oscuro,\u00a0c\u00e0mel), y de abrigo.<\/p>\n<p><strong>Foto: \u00a9Jordi Jover.<\/strong><\/p>\n<p><!--EndFragment --><\/p>\n<\/div><div ><style>.fusion-imageframe.imageframe-2{ margin-top : 30px;}<\/style><span class=\" fusion-imageframe imageframe-none imageframe-2 hover-type-none\"><img decoding=\"async\" width=\"420\" height=\"79\" title=\"cultura\" src=\"https:\/\/afc.cat\/wp-content\/uploads\/2025\/01\/logos_generalitat_-ajuntament-bcn.jpg\" alt class=\"img-responsive wp-image-41129\" srcset=\"https:\/\/afc.cat\/wp-content\/uploads\/2025\/01\/logos_generalitat_-ajuntament-bcn-200x38.jpg 200w, https:\/\/afc.cat\/wp-content\/uploads\/2025\/01\/logos_generalitat_-ajuntament-bcn-400x75.jpg 400w, https:\/\/afc.cat\/wp-content\/uploads\/2025\/01\/logos_generalitat_-ajuntament-bcn.jpg 420w\" sizes=\"(max-width: 640px) 100vw, 420px\" \/><\/span><\/div><div ><style>.fusion-imageframe.imageframe-3{ margin-top : 30px;}<\/style><span class=\" fusion-imageframe imageframe-none imageframe-3 hover-type-none\"><img decoding=\"async\" width=\"1024\" height=\"344\" title=\"esponsors-colaboradors AFC\" src=\"https:\/\/afc.cat\/wp-content\/uploads\/2025\/11\/esponsors-colaboradors-AFC-1024x344.jpg\" alt class=\"img-responsive wp-image-44902\" srcset=\"https:\/\/afc.cat\/wp-content\/uploads\/2025\/11\/esponsors-colaboradors-AFC-200x67.jpg 200w, https:\/\/afc.cat\/wp-content\/uploads\/2025\/11\/esponsors-colaboradors-AFC-400x134.jpg 400w, https:\/\/afc.cat\/wp-content\/uploads\/2025\/11\/esponsors-colaboradors-AFC-600x202.jpg 600w, https:\/\/afc.cat\/wp-content\/uploads\/2025\/11\/esponsors-colaboradors-AFC-800x269.jpg 800w, https:\/\/afc.cat\/wp-content\/uploads\/2025\/11\/esponsors-colaboradors-AFC.jpg 1172w\" sizes=\"(max-width: 640px) 100vw, 1024px\" \/><\/span><\/div><\/div><style type=\"text\/css\">.fusion-body .fusion-builder-column-0{width:100% !important;margin-top : 0px;margin-bottom : 0px;}.fusion-builder-column-0 > .fusion-column-wrapper {padding-top : 0px !important;padding-right : 0px !important;margin-right : 1.92%;padding-bottom : 0px !important;padding-left : 0px !important;margin-left : 1.92%;}@media only screen and (max-width:1024px) {.fusion-body .fusion-builder-column-0{width:100% !important;}.fusion-builder-column-0 > .fusion-column-wrapper {margin-right : 1.92%;margin-left : 1.92%;}}@media only screen and (max-width:640px) {.fusion-body .fusion-builder-column-0{width:100% !important;}.fusion-builder-column-0 > .fusion-column-wrapper {margin-right : 1.92%;margin-left : 1.92%;}}<\/style><\/div><\/div><style type=\"text\/css\">.fusion-body .fusion-flex-container.fusion-builder-row-1{ padding-top : 0px;margin-top : 0px;padding-right : 0px;padding-bottom : 0px;margin-bottom : 0px;padding-left : 0px;}<\/style><\/div>\n","protected":false},"excerpt":{"rendered":"","protected":false},"template":"","meta":{"_acf_changed":false},"wcs-type":[692],"wcs-room":[809,808],"wcs-instructor":[807],"class_list":["post-45134","class","type-class","status-publish","hentry","wcs-type-naturaleza","wcs-room-a-lestany-ivars","wcs-room-centre-dinformacio-cal-sinen","wcs-instructor-jordi-juver"],"acf":[],"yoast_head":"<!-- This site is optimized with the Yoast SEO plugin v27.5 - https:\/\/yoast.com\/product\/yoast-seo-wordpress\/ -->\n<title>Salida fotogr\u00e1fica Grup de Natura secci\u00f3n Fauna.\u00a0 11\/12\/2025 - Agrupaci\u00f3 Fotogr\u00e0fica de Catalunya<\/title>\n<meta name=\"robots\" content=\"index, follow, max-snippet:-1, max-image-preview:large, max-video-preview:-1\" \/>\n<link rel=\"canonical\" href=\"https:\/\/afc.cat\/es\/activitat\/salida-fotografica-grup-de-natura-seccion-fauna-11-12-2025\/\" \/>\n<meta property=\"og:locale\" content=\"es_ES\" \/>\n<meta property=\"og:type\" content=\"article\" \/>\n<meta property=\"og:title\" content=\"Salida fotogr\u00e1fica Grup de Natura secci\u00f3n Fauna.\u00a0 11\/12\/2025 - Agrupaci\u00f3 Fotogr\u00e0fica de Catalunya\" \/>\n<meta property=\"og:url\" content=\"https:\/\/afc.cat\/es\/activitat\/salida-fotografica-grup-de-natura-seccion-fauna-11-12-2025\/\" \/>\n<meta property=\"og:site_name\" content=\"Agrupaci\u00f3 Fotogr\u00e0fica de Catalunya\" \/>\n<meta property=\"article:modified_time\" content=\"2025-12-02T17:03:50+00:00\" \/>\n<meta name=\"twitter:card\" content=\"summary_large_image\" \/>\n<meta name=\"twitter:label1\" content=\"Tiempo de lectura\" \/>\n\t<meta name=\"twitter:data1\" content=\"6 minutos\" \/>\n<script type=\"application\/ld+json\" class=\"yoast-schema-graph\">{\"@context\":\"https:\\\/\\\/schema.org\",\"@graph\":[{\"@type\":\"WebPage\",\"@id\":\"https:\\\/\\\/afc.cat\\\/es\\\/activitat\\\/salida-fotografica-grup-de-natura-seccion-fauna-11-12-2025\\\/\",\"url\":\"https:\\\/\\\/afc.cat\\\/es\\\/activitat\\\/salida-fotografica-grup-de-natura-seccion-fauna-11-12-2025\\\/\",\"name\":\"Salida fotogr\u00e1fica Grup de Natura secci\u00f3n Fauna.\u00a0 11\\\/12\\\/2025 - Agrupaci\u00f3 Fotogr\u00e0fica de Catalunya\",\"isPartOf\":{\"@id\":\"https:\\\/\\\/afc.cat\\\/es\\\/#website\"},\"datePublished\":\"2025-12-02T15:16:26+00:00\",\"dateModified\":\"2025-12-02T17:03:50+00:00\",\"breadcrumb\":{\"@id\":\"https:\\\/\\\/afc.cat\\\/es\\\/activitat\\\/salida-fotografica-grup-de-natura-seccion-fauna-11-12-2025\\\/#breadcrumb\"},\"inLanguage\":\"es\",\"potentialAction\":[{\"@type\":\"ReadAction\",\"target\":[\"https:\\\/\\\/afc.cat\\\/es\\\/activitat\\\/salida-fotografica-grup-de-natura-seccion-fauna-11-12-2025\\\/\"]}]},{\"@type\":\"BreadcrumbList\",\"@id\":\"https:\\\/\\\/afc.cat\\\/es\\\/activitat\\\/salida-fotografica-grup-de-natura-seccion-fauna-11-12-2025\\\/#breadcrumb\",\"itemListElement\":[{\"@type\":\"ListItem\",\"position\":1,\"name\":\"Inicio\",\"item\":\"https:\\\/\\\/afc.cat\\\/es\\\/\"},{\"@type\":\"ListItem\",\"position\":2,\"name\":\"Salida fotogr\u00e1fica Grup de Natura secci\u00f3n Fauna.\u00a0 11\\\/12\\\/2025\"}]},{\"@type\":\"WebSite\",\"@id\":\"https:\\\/\\\/afc.cat\\\/es\\\/#website\",\"url\":\"https:\\\/\\\/afc.cat\\\/es\\\/\",\"name\":\"Agrupaci\u00f3 Fotogr\u00e0fica de Catalunya\",\"description\":\"Fomento y divulgaci\u00f3n de la fotograf\u00eda en todas sus variedades\",\"potentialAction\":[{\"@type\":\"SearchAction\",\"target\":{\"@type\":\"EntryPoint\",\"urlTemplate\":\"https:\\\/\\\/afc.cat\\\/es\\\/?s={search_term_string}\"},\"query-input\":{\"@type\":\"PropertyValueSpecification\",\"valueRequired\":true,\"valueName\":\"search_term_string\"}}],\"inLanguage\":\"es\"}]}<\/script>\n<!-- \/ Yoast SEO plugin. -->","yoast_head_json":{"title":"Salida fotogr\u00e1fica Grup de Natura secci\u00f3n Fauna.\u00a0 11\/12\/2025 - Agrupaci\u00f3 Fotogr\u00e0fica de Catalunya","robots":{"index":"index","follow":"follow","max-snippet":"max-snippet:-1","max-image-preview":"max-image-preview:large","max-video-preview":"max-video-preview:-1"},"canonical":"https:\/\/afc.cat\/es\/activitat\/salida-fotografica-grup-de-natura-seccion-fauna-11-12-2025\/","og_locale":"es_ES","og_type":"article","og_title":"Salida fotogr\u00e1fica Grup de Natura secci\u00f3n Fauna.\u00a0 11\/12\/2025 - Agrupaci\u00f3 Fotogr\u00e0fica de Catalunya","og_url":"https:\/\/afc.cat\/es\/activitat\/salida-fotografica-grup-de-natura-seccion-fauna-11-12-2025\/","og_site_name":"Agrupaci\u00f3 Fotogr\u00e0fica de Catalunya","article_modified_time":"2025-12-02T17:03:50+00:00","twitter_card":"summary_large_image","twitter_misc":{"Tiempo de lectura":"6 minutos"},"schema":{"@context":"https:\/\/schema.org","@graph":[{"@type":"WebPage","@id":"https:\/\/afc.cat\/es\/activitat\/salida-fotografica-grup-de-natura-seccion-fauna-11-12-2025\/","url":"https:\/\/afc.cat\/es\/activitat\/salida-fotografica-grup-de-natura-seccion-fauna-11-12-2025\/","name":"Salida fotogr\u00e1fica Grup de Natura secci\u00f3n Fauna.\u00a0 11\/12\/2025 - Agrupaci\u00f3 Fotogr\u00e0fica de Catalunya","isPartOf":{"@id":"https:\/\/afc.cat\/es\/#website"},"datePublished":"2025-12-02T15:16:26+00:00","dateModified":"2025-12-02T17:03:50+00:00","breadcrumb":{"@id":"https:\/\/afc.cat\/es\/activitat\/salida-fotografica-grup-de-natura-seccion-fauna-11-12-2025\/#breadcrumb"},"inLanguage":"es","potentialAction":[{"@type":"ReadAction","target":["https:\/\/afc.cat\/es\/activitat\/salida-fotografica-grup-de-natura-seccion-fauna-11-12-2025\/"]}]},{"@type":"BreadcrumbList","@id":"https:\/\/afc.cat\/es\/activitat\/salida-fotografica-grup-de-natura-seccion-fauna-11-12-2025\/#breadcrumb","itemListElement":[{"@type":"ListItem","position":1,"name":"Inicio","item":"https:\/\/afc.cat\/es\/"},{"@type":"ListItem","position":2,"name":"Salida fotogr\u00e1fica Grup de Natura secci\u00f3n Fauna.\u00a0 11\/12\/2025"}]},{"@type":"WebSite","@id":"https:\/\/afc.cat\/es\/#website","url":"https:\/\/afc.cat\/es\/","name":"Agrupaci\u00f3 Fotogr\u00e0fica de Catalunya","description":"Fomento y divulgaci\u00f3n de la fotograf\u00eda en todas sus variedades","potentialAction":[{"@type":"SearchAction","target":{"@type":"EntryPoint","urlTemplate":"https:\/\/afc.cat\/es\/?s={search_term_string}"},"query-input":{"@type":"PropertyValueSpecification","valueRequired":true,"valueName":"search_term_string"}}],"inLanguage":"es"}]}},"_links":{"self":[{"href":"https:\/\/afc.cat\/es\/wp-json\/wp\/v2\/class\/45134","targetHints":{"allow":["GET"]}}],"collection":[{"href":"https:\/\/afc.cat\/es\/wp-json\/wp\/v2\/class"}],"about":[{"href":"https:\/\/afc.cat\/es\/wp-json\/wp\/v2\/types\/class"}],"wp:attachment":[{"href":"https:\/\/afc.cat\/es\/wp-json\/wp\/v2\/media?parent=45134"}],"wp:term":[{"taxonomy":"wcs-type","embeddable":true,"href":"https:\/\/afc.cat\/es\/wp-json\/wp\/v2\/wcs-type?post=45134"},{"taxonomy":"wcs-room","embeddable":true,"href":"https:\/\/afc.cat\/es\/wp-json\/wp\/v2\/wcs-room?post=45134"},{"taxonomy":"wcs-instructor","embeddable":true,"href":"https:\/\/afc.cat\/es\/wp-json\/wp\/v2\/wcs-instructor?post=45134"}],"curies":[{"name":"wp","href":"https:\/\/api.w.org\/{rel}","templated":true}]}}