{"id":45281,"date":"2025-12-23T20:37:29","date_gmt":"2025-12-23T18:37:29","guid":{"rendered":"https:\/\/afc.cat\/activitat\/taller-dedicio-fotografica-amb-rafa-badia\/"},"modified":"2026-02-05T01:05:38","modified_gmt":"2026-02-04T23:05:38","slug":"taller-de-edicion-fotografica-con-rafa-badia","status":"publish","type":"class","link":"https:\/\/afc.cat\/es\/activitat\/taller-de-edicion-fotografica-con-rafa-badia\/","title":{"rendered":"Taller de edici\u00f3n fotogr\u00e1fica con Rafa Badia"},"content":{"rendered":"<div class=\"fusion-fullwidth fullwidth-box fusion-builder-row-1 fusion-flex-container nonhundred-percent-fullwidth non-hundred-percent-height-scrolling\" style=\"background-color: rgba(255,255,255,0);background-position: center center;background-repeat: no-repeat;border-width: 0px 15px 0px 0px;border-color:#ffffff;border-style:solid;\" ><div class=\"fusion-builder-row fusion-row fusion-flex-align-items-flex-start\" style=\"max-width:1300px;margin-left: calc(-4% \/ 2 );margin-right: calc(-4% \/ 2 );\"><div class=\"fusion-layout-column fusion_builder_column fusion-builder-column-0 fusion_builder_column_1_1 1_1 fusion-flex-column\"><div class=\"fusion-column-wrapper fusion-flex-justify-content-flex-start fusion-content-layout-column\" style=\"background-position:left top;background-repeat:no-repeat;-webkit-background-size:cover;-moz-background-size:cover;-o-background-size:cover;background-size:cover;padding: 0px 0px 0px 0px;\"><div class=\"fusion-text fusion-text-1\"><h2>Taller de edici\u00f3n fotogr\u00e1fica con Rafa Badia<\/h2>\n<p>Te presentemos un nuevo taller teoricopr\u00e0ctico de edici\u00f3n fotogr\u00e1fica con Rafa Badia, reconocido fot\u00f3grafo y editor, en una \u00fanica jornada.<\/p>\n<p>Taller te\u00f3rico-pr\u00e1ctico presencial de 12 horas destinado a construir un discurso fotogr\u00e1fico unitario, coherente y visualmente atractivo a partir de la suma de<br \/>\nim\u00e1genes sueltas.<\/p>\n<p><strong>1a jornada<\/strong><br \/>\n-Ma\u00f1ana, de 10 a 14 horas, (con parada de 15-20 minutos a las 12h.)<br \/>\nPresentaci\u00f3n. Teor\u00eda de la edici\u00f3n gr\u00e1fica (conferencia con proyecci\u00f3n)<br \/>\nDefinici\u00f3n de edici\u00f3n gr\u00e1fica y sus tres fases:<br \/>\n1-descarte (selecci\u00f3n de fotos) 2-edici\u00f3n im\u00e1genes (orden para establecer un discurso) 3-puesta en p\u00e1gina (publicaci\u00f3n en papel, pared y pantalla)<br \/>\n-Tarde, de 16 a 20 horas (con parada de 15-20 minutos a las 18 h.) Edici\u00f3n comentada y participada con los alumnos de los proyectos fotogr\u00e1ficos que<br \/>\ntienen en curso.<\/p>\n<p><strong>2a jornada<\/strong> -Ma\u00f1ana, de 10 a 14 horas (con parada de descanso a las 12h.)<br \/>\nContinuaci\u00f3n de la edici\u00f3n comentada y participada con los alumnos de los proyectos fotogr\u00e1ficos que tienen en curso.<\/p>\n<p>Cuestiones t\u00e9cnicas y organizativas del taller<br \/>\nEl taller est\u00e1 pensado para un m\u00ednimo de 6 alumnos y un m\u00e1ximo de 12, con objeto que se puedan visionar y editar todos los trabajos, dedicando a cada uno<br \/>\nde ellos entre 30 y 40 minutos.<\/p>\n<p>Para realizarlo se precisa:<\/p>\n<p>1) los alumnos que tengan un proyecto para editar deben traer un pendrive con sus im\u00e1genes (a 1600 p\u00edxels por el lado m\u00e1s largo y a 72ppi) dentro de una<br \/>\ncarpeta, numeradas de 01 en adelante. La selecci\u00f3n de las im\u00e1genes no debe ser en n\u00famero inferior a 20, ni superior a 60.<br \/>\nEl pendrive tambi\u00e9n les servir\u00e1 para que se lleven el pdf de proyecci\u00f3n \/apuntes sobre edici\u00f3n gr\u00e1fica, para que los repasen en casa con tranquilidad.<br \/>\n2) Copias de papel para editar sobre mesa en, aproximadamente, 10&#215;15 cent\u00edmetros (como las fotos del \u00e1lbum familiar). La calidad debe ser media (ni<br \/>\nfine-art ni impresi\u00f3n casera sobre papel folio) para poder apreciar tonos y luces.<\/p>\n<p>La sala debe contar con un ordenador con programa Photoshop y Bridge, m\u00e1s lector de PDF conectado a un proyector o pantalla de plasma.<\/p>\n<p><strong>RAFA BADIA<\/strong> (Santa Cruz de Tenerife, 1964) es fot\u00f3grafo, editor gr\u00e1fico y profesor especializado en narrativa fotogr\u00e1fica y fotograf\u00eda documental. Licenciado en Ciencias de la Informaci\u00f3n (Comunicaci\u00f3n Audiovisual) por la Universidad Complutense de Madrid en 1987.<br \/>\nSu vida profesional se ha centrado en el \u00e1mbito de la imagen fotogr\u00e1fica, ejerciendo como autor, editor gr\u00e1fico para publicaciones y docente en escuelas de fotograf\u00eda y universidades en Espa\u00f1a.<br \/>\nEntre 1988 y 1995 fue colaborador habitual, como redactor y fot\u00f3grafo, de la secci\u00f3n Viajes del diario El Pa\u00eds. Entre 1991 y 2005 fue editor gr\u00e1fico de revistas y gu\u00edas de viajes (Gu\u00edas El Pa\u00eds-Aguilar, Alta\u00efr, Viajes National Geographic, Descobrir Catalunya) Como docente ha diversificado su actividad desde 2002 con cursos y talleres de fotorreportaje, nuevo documental, narrativa fotogr\u00e1fica, historia de la fotograf\u00eda, edici\u00f3n gr\u00e1fica, fotograf\u00eda de viajes y fotograf\u00eda de calle. Entre otras escuelas y universidades ha colaborado con Grisart Escola Internacional de Fotografia, el Institut d\u2019 Estudis Fotogr\u00e0fics de Catalunya, Escuela<br \/>\nRuido, Blackkamera, Centre d \u0301Imatge i Tecnologia Multimedia (Universitat Polit\u00e8cnica de Catalunya) y el Postgrado de Fotoperiodismo de la Universidad Aut\u00f3noma de Barcelona.<\/p>\n<p>rafelbadia@gmail.com +34 686 83 06 62 <a href=\"https:\/\/rafabadia.net\/\">www.rafabadia.net<\/a><\/p>\n<p><strong>CALENDARIO Y HORARIO<\/strong><\/p>\n<p>D\u00cdA: s\u00e1bado 7 de febrero (de 10:00 a 14:00 y de 16:00 a 20:00 h)<\/p>\n<p>*Si\u00a0hubiera m\u00e1s de 12 inscritos, el taller continuar\u00eda domingo 8 (de 10:00 a 14:00 h) para dar tiempo a revisar las fotos de todos los participantes.<\/p>\n<p>DONDE: Agrupaci\u00f3 Fotogr\u00e0fica de Catalunya<\/p>\n<p>PRECIO: 90\u20ac asociados. 125\u20ac no asociados<\/p>\n<p>INSCRIPCI\u00d3N Y PAGO: <a href=\"https:\/\/afc.playoffinformatica.com\/actividad\/173\/Taller-d-edicio-fotografica-amb-Rafa-Badia\/\"><strong>ONLINE<\/strong><\/a><\/p>\n<\/div><div ><style>.fusion-imageframe.imageframe-2{ margin-top : 30px;}<\/style><span class=\" fusion-imageframe imageframe-none imageframe-2 hover-type-none\"><img decoding=\"async\" width=\"510\" height=\"91\" title=\"cultura\" src=\"https:\/\/afc.cat\/wp-content\/uploads\/2021\/02\/logos-generalitat-ajuntament-bcn-3-2026.jpg\" alt class=\"img-responsive wp-image-46074\" srcset=\"https:\/\/afc.cat\/wp-content\/uploads\/2021\/02\/logos-generalitat-ajuntament-bcn-3-2026-200x36.jpg 200w, https:\/\/afc.cat\/wp-content\/uploads\/2021\/02\/logos-generalitat-ajuntament-bcn-3-2026-400x71.jpg 400w, https:\/\/afc.cat\/wp-content\/uploads\/2021\/02\/logos-generalitat-ajuntament-bcn-3-2026.jpg 510w\" sizes=\"(max-width: 640px) 100vw, 510px\" \/><\/span><\/div><div ><style>.fusion-imageframe.imageframe-3{ margin-top : 30px;}<\/style><span class=\" fusion-imageframe imageframe-none imageframe-3 hover-type-none\"><img decoding=\"async\" width=\"1024\" height=\"344\" title=\"esponsors-colaboradors &#8211; AFC- logos 2026\" src=\"https:\/\/afc.cat\/wp-content\/uploads\/2026\/02\/esponsors-colaboradors-AFC-logos-2026-1024x344.jpg\" alt class=\"img-responsive wp-image-46126\" srcset=\"https:\/\/afc.cat\/wp-content\/uploads\/2026\/02\/esponsors-colaboradors-AFC-logos-2026-200x67.jpg 200w, https:\/\/afc.cat\/wp-content\/uploads\/2026\/02\/esponsors-colaboradors-AFC-logos-2026-400x134.jpg 400w, https:\/\/afc.cat\/wp-content\/uploads\/2026\/02\/esponsors-colaboradors-AFC-logos-2026-600x202.jpg 600w, https:\/\/afc.cat\/wp-content\/uploads\/2026\/02\/esponsors-colaboradors-AFC-logos-2026-800x269.jpg 800w, https:\/\/afc.cat\/wp-content\/uploads\/2026\/02\/esponsors-colaboradors-AFC-logos-2026.jpg 1172w\" sizes=\"(max-width: 640px) 100vw, 1024px\" \/><\/span><\/div><\/div><style type=\"text\/css\">.fusion-body .fusion-builder-column-0{width:100% !important;margin-top : 0px;margin-bottom : 0px;}.fusion-builder-column-0 > .fusion-column-wrapper {padding-top : 0px !important;padding-right : 0px !important;margin-right : 1.92%;padding-bottom : 0px !important;padding-left : 0px !important;margin-left : 1.92%;}@media only screen and (max-width:1024px) {.fusion-body .fusion-builder-column-0{width:100% !important;}.fusion-builder-column-0 > .fusion-column-wrapper {margin-right : 1.92%;margin-left : 1.92%;}}@media only screen and (max-width:640px) {.fusion-body .fusion-builder-column-0{width:100% !important;}.fusion-builder-column-0 > .fusion-column-wrapper {margin-right : 1.92%;margin-left : 1.92%;}}<\/style><\/div><\/div><style type=\"text\/css\">.fusion-body .fusion-flex-container.fusion-builder-row-1{ padding-top : 0px;margin-top : 0px;padding-right : 0px;padding-bottom : 0px;margin-bottom : 0px;padding-left : 0px;}<\/style><\/div>\n","protected":false},"excerpt":{"rendered":"","protected":false},"template":"","meta":{"_acf_changed":false},"wcs-type":[118],"wcs-room":[131],"wcs-instructor":[632],"class_list":["post-45281","class","type-class","status-publish","hentry","wcs-type-taller-es","wcs-room-agrupacio-fotografica-de-catalunya","wcs-instructor-albert-adroer"],"acf":[],"yoast_head":"<!-- This site is optimized with the Yoast SEO plugin v27.5 - https:\/\/yoast.com\/product\/yoast-seo-wordpress\/ -->\n<title>Taller de edici\u00f3n fotogr\u00e1fica con Rafa Badia - Agrupaci\u00f3 Fotogr\u00e0fica de Catalunya<\/title>\n<meta name=\"robots\" content=\"index, follow, max-snippet:-1, max-image-preview:large, max-video-preview:-1\" \/>\n<link rel=\"canonical\" href=\"https:\/\/afc.cat\/es\/activitat\/taller-de-edicion-fotografica-con-rafa-badia\/\" \/>\n<meta property=\"og:locale\" content=\"es_ES\" \/>\n<meta property=\"og:type\" content=\"article\" \/>\n<meta property=\"og:title\" content=\"Taller de edici\u00f3n fotogr\u00e1fica con Rafa Badia - Agrupaci\u00f3 Fotogr\u00e0fica de Catalunya\" \/>\n<meta property=\"og:url\" content=\"https:\/\/afc.cat\/es\/activitat\/taller-de-edicion-fotografica-con-rafa-badia\/\" \/>\n<meta property=\"og:site_name\" content=\"Agrupaci\u00f3 Fotogr\u00e0fica de Catalunya\" \/>\n<meta property=\"article:modified_time\" content=\"2026-02-04T23:05:38+00:00\" \/>\n<meta name=\"twitter:card\" content=\"summary_large_image\" \/>\n<meta name=\"twitter:label1\" content=\"Tiempo de lectura\" \/>\n\t<meta name=\"twitter:data1\" content=\"8 minutos\" \/>\n<script type=\"application\/ld+json\" class=\"yoast-schema-graph\">{\"@context\":\"https:\\\/\\\/schema.org\",\"@graph\":[{\"@type\":\"WebPage\",\"@id\":\"https:\\\/\\\/afc.cat\\\/es\\\/activitat\\\/taller-de-edicion-fotografica-con-rafa-badia\\\/\",\"url\":\"https:\\\/\\\/afc.cat\\\/es\\\/activitat\\\/taller-de-edicion-fotografica-con-rafa-badia\\\/\",\"name\":\"Taller de edici\u00f3n fotogr\u00e1fica con Rafa Badia - Agrupaci\u00f3 Fotogr\u00e0fica de Catalunya\",\"isPartOf\":{\"@id\":\"https:\\\/\\\/afc.cat\\\/es\\\/#website\"},\"datePublished\":\"2025-12-23T18:37:29+00:00\",\"dateModified\":\"2026-02-04T23:05:38+00:00\",\"breadcrumb\":{\"@id\":\"https:\\\/\\\/afc.cat\\\/es\\\/activitat\\\/taller-de-edicion-fotografica-con-rafa-badia\\\/#breadcrumb\"},\"inLanguage\":\"es\",\"potentialAction\":[{\"@type\":\"ReadAction\",\"target\":[\"https:\\\/\\\/afc.cat\\\/es\\\/activitat\\\/taller-de-edicion-fotografica-con-rafa-badia\\\/\"]}]},{\"@type\":\"BreadcrumbList\",\"@id\":\"https:\\\/\\\/afc.cat\\\/es\\\/activitat\\\/taller-de-edicion-fotografica-con-rafa-badia\\\/#breadcrumb\",\"itemListElement\":[{\"@type\":\"ListItem\",\"position\":1,\"name\":\"Inicio\",\"item\":\"https:\\\/\\\/afc.cat\\\/es\\\/\"},{\"@type\":\"ListItem\",\"position\":2,\"name\":\"Taller de edici\u00f3n fotogr\u00e1fica con Rafa Badia\"}]},{\"@type\":\"WebSite\",\"@id\":\"https:\\\/\\\/afc.cat\\\/es\\\/#website\",\"url\":\"https:\\\/\\\/afc.cat\\\/es\\\/\",\"name\":\"Agrupaci\u00f3 Fotogr\u00e0fica de Catalunya\",\"description\":\"Fomento y divulgaci\u00f3n de la fotograf\u00eda en todas sus variedades\",\"potentialAction\":[{\"@type\":\"SearchAction\",\"target\":{\"@type\":\"EntryPoint\",\"urlTemplate\":\"https:\\\/\\\/afc.cat\\\/es\\\/?s={search_term_string}\"},\"query-input\":{\"@type\":\"PropertyValueSpecification\",\"valueRequired\":true,\"valueName\":\"search_term_string\"}}],\"inLanguage\":\"es\"}]}<\/script>\n<!-- \/ Yoast SEO plugin. -->","yoast_head_json":{"title":"Taller de edici\u00f3n fotogr\u00e1fica con Rafa Badia - Agrupaci\u00f3 Fotogr\u00e0fica de Catalunya","robots":{"index":"index","follow":"follow","max-snippet":"max-snippet:-1","max-image-preview":"max-image-preview:large","max-video-preview":"max-video-preview:-1"},"canonical":"https:\/\/afc.cat\/es\/activitat\/taller-de-edicion-fotografica-con-rafa-badia\/","og_locale":"es_ES","og_type":"article","og_title":"Taller de edici\u00f3n fotogr\u00e1fica con Rafa Badia - Agrupaci\u00f3 Fotogr\u00e0fica de Catalunya","og_url":"https:\/\/afc.cat\/es\/activitat\/taller-de-edicion-fotografica-con-rafa-badia\/","og_site_name":"Agrupaci\u00f3 Fotogr\u00e0fica de Catalunya","article_modified_time":"2026-02-04T23:05:38+00:00","twitter_card":"summary_large_image","twitter_misc":{"Tiempo de lectura":"8 minutos"},"schema":{"@context":"https:\/\/schema.org","@graph":[{"@type":"WebPage","@id":"https:\/\/afc.cat\/es\/activitat\/taller-de-edicion-fotografica-con-rafa-badia\/","url":"https:\/\/afc.cat\/es\/activitat\/taller-de-edicion-fotografica-con-rafa-badia\/","name":"Taller de edici\u00f3n fotogr\u00e1fica con Rafa Badia - Agrupaci\u00f3 Fotogr\u00e0fica de Catalunya","isPartOf":{"@id":"https:\/\/afc.cat\/es\/#website"},"datePublished":"2025-12-23T18:37:29+00:00","dateModified":"2026-02-04T23:05:38+00:00","breadcrumb":{"@id":"https:\/\/afc.cat\/es\/activitat\/taller-de-edicion-fotografica-con-rafa-badia\/#breadcrumb"},"inLanguage":"es","potentialAction":[{"@type":"ReadAction","target":["https:\/\/afc.cat\/es\/activitat\/taller-de-edicion-fotografica-con-rafa-badia\/"]}]},{"@type":"BreadcrumbList","@id":"https:\/\/afc.cat\/es\/activitat\/taller-de-edicion-fotografica-con-rafa-badia\/#breadcrumb","itemListElement":[{"@type":"ListItem","position":1,"name":"Inicio","item":"https:\/\/afc.cat\/es\/"},{"@type":"ListItem","position":2,"name":"Taller de edici\u00f3n fotogr\u00e1fica con Rafa Badia"}]},{"@type":"WebSite","@id":"https:\/\/afc.cat\/es\/#website","url":"https:\/\/afc.cat\/es\/","name":"Agrupaci\u00f3 Fotogr\u00e0fica de Catalunya","description":"Fomento y divulgaci\u00f3n de la fotograf\u00eda en todas sus variedades","potentialAction":[{"@type":"SearchAction","target":{"@type":"EntryPoint","urlTemplate":"https:\/\/afc.cat\/es\/?s={search_term_string}"},"query-input":{"@type":"PropertyValueSpecification","valueRequired":true,"valueName":"search_term_string"}}],"inLanguage":"es"}]}},"_links":{"self":[{"href":"https:\/\/afc.cat\/es\/wp-json\/wp\/v2\/class\/45281","targetHints":{"allow":["GET"]}}],"collection":[{"href":"https:\/\/afc.cat\/es\/wp-json\/wp\/v2\/class"}],"about":[{"href":"https:\/\/afc.cat\/es\/wp-json\/wp\/v2\/types\/class"}],"wp:attachment":[{"href":"https:\/\/afc.cat\/es\/wp-json\/wp\/v2\/media?parent=45281"}],"wp:term":[{"taxonomy":"wcs-type","embeddable":true,"href":"https:\/\/afc.cat\/es\/wp-json\/wp\/v2\/wcs-type?post=45281"},{"taxonomy":"wcs-room","embeddable":true,"href":"https:\/\/afc.cat\/es\/wp-json\/wp\/v2\/wcs-room?post=45281"},{"taxonomy":"wcs-instructor","embeddable":true,"href":"https:\/\/afc.cat\/es\/wp-json\/wp\/v2\/wcs-instructor?post=45281"}],"curies":[{"name":"wp","href":"https:\/\/api.w.org\/{rel}","templated":true}]}}