{"id":46158,"date":"2026-02-09T17:17:57","date_gmt":"2026-02-09T15:17:57","guid":{"rendered":"https:\/\/afc.cat\/activitat\/sortida-fotografica-visita-guiada-al-rec-comptal\/"},"modified":"2026-02-11T14:01:31","modified_gmt":"2026-02-11T12:01:31","slug":"sortida-fotografica-visita-guiada-al-rec-comptal","status":"publish","type":"class","link":"https:\/\/afc.cat\/es\/activitat\/sortida-fotografica-visita-guiada-al-rec-comptal\/","title":{"rendered":"Sortida fotogr\u00e0fica visita guiada al Rec Comptal"},"content":{"rendered":"<div class=\"fusion-fullwidth fullwidth-box fusion-builder-row-1 fusion-flex-container nonhundred-percent-fullwidth non-hundred-percent-height-scrolling\" style=\"background-color: rgba(255,255,255,0);background-position: center center;background-repeat: no-repeat;border-width: 0px 15px 0px 0px;border-color:#ffffff;border-style:solid;\" ><div class=\"fusion-builder-row fusion-row fusion-flex-align-items-flex-start\" style=\"max-width:1300px;margin-left: calc(-4% \/ 2 );margin-right: calc(-4% \/ 2 );\"><div class=\"fusion-layout-column fusion_builder_column fusion-builder-column-0 fusion_builder_column_1_1 1_1 fusion-flex-column\"><div class=\"fusion-column-wrapper fusion-flex-justify-content-flex-start fusion-content-layout-column\" style=\"background-position:left top;background-repeat:no-repeat;-webkit-background-size:cover;-moz-background-size:cover;-o-background-size:cover;background-size:cover;padding: 0px 0px 0px 0px;\"><div class=\"fusion-text fusion-text-1\"><h2>SALIDA FOTOGR\u00c1FICA<br \/>\nVISITA GUIADA AL REC COMTAL<\/h2>\n<h3><span style=\"color: #000000;\"><span style=\"font-size: 12pt;\">TODAS LAS PLAZAS CUBIERTAS. ABRIMOS LISTA DE ESPERA.<\/span><\/span><\/h3>\n<p>FECHA: s\u00e1bado 21 de febrero<br \/>\nHORA: 9:30 h (duraci\u00f3n aproximada: 2 h)<br \/>\nLUGAR DE ENCUENTRO: Vest\u00edbulo de la estaci\u00f3n Renfe Montcada Bifurcaci\u00f3<br \/>\nPRECIO: gratuito. Actividad para asociados.<br \/>\nINSCRIPCI\u00d3N: <a href=\"https:\/\/afc.playoffinformatica.com\/actividad\/181\/SORTIDA-FOTOGRAFICA-GRATUITA-VISITA-GUIADA-AL-REC-COMTAL\/\"><strong>ONLINE<\/strong><\/a><\/p>\n<p>\u00bfTe gustar\u00eda descubrir uno de los tesoros m\u00e1s desconocidos de Barcelona? Te proponemos una salida fotogr\u00e1fica por los tramos iniciales del Rec Comtal, el antiguo canal que aliment\u00f3 la ciudad durante casi mil a\u00f1os. Un recorrido donde la historia medieval, la naturaleza urbana y la transformaci\u00f3n contempor\u00e1nea conviven en un mismo hilo de agua.<br \/>\nExploraremos tramos visibles, espacios recuperados y rincones que a menudo pasan desapercibidos, ideales para capturar texturas, contrastes e historias visuales.<br \/>\nLa salida finalizar\u00e1 en la Casa del Agua de Trinitat Nova, donde visitaremos la exposici\u00f3n fotogr\u00e1fica \u201cSubterr\u00e1neos de Luz y Agua\u201d, organizada por la Agrupaci\u00f3 Fotogr\u00e0fica de Catalunya. Cerraremos la actividad con una visita guiada a los t\u00faneles y dep\u00f3sitos de este emblem\u00e1tico equipamiento de la infraestructura hidr\u00e1ulica de Barcelona.<br \/>\nSer\u00e1 una ma\u00f1ana llena de contrastes: de la luz del paseo al aire libre a la sugerente oscuridad de los t\u00faneles. Una experiencia \u00fanica que no querr\u00e1s perderte.<br \/>\n\u00a1Te esperamos!<\/p>\n<p>Grup de Sortides<\/p>\n<p>Vocalia de Cultura Fotogr\u00e0fica<\/p>\n<\/div><div ><style>.fusion-imageframe.imageframe-2{ margin-top : 30px;}<\/style><span class=\" fusion-imageframe imageframe-none imageframe-2 hover-type-none\"><img decoding=\"async\" width=\"510\" height=\"91\" title=\"cultura\" src=\"https:\/\/afc.cat\/wp-content\/uploads\/2021\/02\/logos-generalitat-ajuntament-bcn-3-2026.jpg\" alt class=\"img-responsive wp-image-46074\" srcset=\"https:\/\/afc.cat\/wp-content\/uploads\/2021\/02\/logos-generalitat-ajuntament-bcn-3-2026-200x36.jpg 200w, https:\/\/afc.cat\/wp-content\/uploads\/2021\/02\/logos-generalitat-ajuntament-bcn-3-2026-400x71.jpg 400w, https:\/\/afc.cat\/wp-content\/uploads\/2021\/02\/logos-generalitat-ajuntament-bcn-3-2026.jpg 510w\" sizes=\"(max-width: 640px) 100vw, 510px\" \/><\/span><\/div><div ><style>.fusion-imageframe.imageframe-3{ margin-top : 30px;}<\/style><span class=\" fusion-imageframe imageframe-none imageframe-3 hover-type-none\"><img decoding=\"async\" width=\"1024\" height=\"344\" title=\"esponsors-colaboradors &#8211; AFC- logos 2026\" src=\"https:\/\/afc.cat\/wp-content\/uploads\/2026\/02\/esponsors-colaboradors-AFC-logos-2026-1024x344.jpg\" alt class=\"img-responsive wp-image-46126\" srcset=\"https:\/\/afc.cat\/wp-content\/uploads\/2026\/02\/esponsors-colaboradors-AFC-logos-2026-200x67.jpg 200w, https:\/\/afc.cat\/wp-content\/uploads\/2026\/02\/esponsors-colaboradors-AFC-logos-2026-400x134.jpg 400w, https:\/\/afc.cat\/wp-content\/uploads\/2026\/02\/esponsors-colaboradors-AFC-logos-2026-600x202.jpg 600w, https:\/\/afc.cat\/wp-content\/uploads\/2026\/02\/esponsors-colaboradors-AFC-logos-2026-800x269.jpg 800w, https:\/\/afc.cat\/wp-content\/uploads\/2026\/02\/esponsors-colaboradors-AFC-logos-2026.jpg 1172w\" sizes=\"(max-width: 640px) 100vw, 1024px\" \/><\/span><\/div><\/div><style type=\"text\/css\">.fusion-body .fusion-builder-column-0{width:100% !important;margin-top : 0px;margin-bottom : 0px;}.fusion-builder-column-0 > .fusion-column-wrapper {padding-top : 0px !important;padding-right : 0px !important;margin-right : 1.92%;padding-bottom : 0px !important;padding-left : 0px !important;margin-left : 1.92%;}@media only screen and (max-width:1024px) {.fusion-body .fusion-builder-column-0{width:100% !important;}.fusion-builder-column-0 > .fusion-column-wrapper {margin-right : 1.92%;margin-left : 1.92%;}}@media only screen and (max-width:640px) {.fusion-body .fusion-builder-column-0{width:100% !important;}.fusion-builder-column-0 > .fusion-column-wrapper {margin-right : 1.92%;margin-left : 1.92%;}}<\/style><\/div><\/div><style type=\"text\/css\">.fusion-body .fusion-flex-container.fusion-builder-row-1{ padding-top : 0px;margin-top : 0px;padding-right : 0px;padding-bottom : 0px;margin-bottom : 0px;padding-left : 0px;}<\/style><\/div>\n","protected":false},"excerpt":{"rendered":"","protected":false},"template":"","meta":{"_acf_changed":false},"wcs-type":[128],"wcs-room":[],"wcs-instructor":[795],"class_list":["post-46158","class","type-class","status-publish","hentry","wcs-type-salidas-fotograficas","wcs-instructor-vocalia-de-cultura-fotografica"],"acf":[],"yoast_head":"<!-- This site is optimized with the Yoast SEO plugin v27.5 - https:\/\/yoast.com\/product\/yoast-seo-wordpress\/ -->\n<title>Sortida fotogr\u00e0fica visita guiada al Rec Comptal - Agrupaci\u00f3 Fotogr\u00e0fica de Catalunya<\/title>\n<meta name=\"robots\" content=\"index, follow, max-snippet:-1, max-image-preview:large, max-video-preview:-1\" \/>\n<link rel=\"canonical\" href=\"https:\/\/afc.cat\/es\/activitat\/sortida-fotografica-visita-guiada-al-rec-comptal\/\" \/>\n<meta property=\"og:locale\" content=\"es_ES\" \/>\n<meta property=\"og:type\" content=\"article\" \/>\n<meta property=\"og:title\" content=\"Sortida fotogr\u00e0fica visita guiada al Rec Comptal - Agrupaci\u00f3 Fotogr\u00e0fica de Catalunya\" \/>\n<meta property=\"og:url\" content=\"https:\/\/afc.cat\/es\/activitat\/sortida-fotografica-visita-guiada-al-rec-comptal\/\" \/>\n<meta property=\"og:site_name\" content=\"Agrupaci\u00f3 Fotogr\u00e0fica de Catalunya\" \/>\n<meta property=\"article:modified_time\" content=\"2026-02-11T12:01:31+00:00\" \/>\n<meta name=\"twitter:card\" content=\"summary_large_image\" \/>\n<meta name=\"twitter:label1\" content=\"Tiempo de lectura\" \/>\n\t<meta name=\"twitter:data1\" content=\"6 minutos\" \/>\n<script type=\"application\/ld+json\" class=\"yoast-schema-graph\">{\"@context\":\"https:\\\/\\\/schema.org\",\"@graph\":[{\"@type\":\"WebPage\",\"@id\":\"https:\\\/\\\/afc.cat\\\/es\\\/activitat\\\/sortida-fotografica-visita-guiada-al-rec-comptal\\\/\",\"url\":\"https:\\\/\\\/afc.cat\\\/es\\\/activitat\\\/sortida-fotografica-visita-guiada-al-rec-comptal\\\/\",\"name\":\"Sortida fotogr\u00e0fica visita guiada al Rec Comptal - Agrupaci\u00f3 Fotogr\u00e0fica de Catalunya\",\"isPartOf\":{\"@id\":\"https:\\\/\\\/afc.cat\\\/es\\\/#website\"},\"datePublished\":\"2026-02-09T15:17:57+00:00\",\"dateModified\":\"2026-02-11T12:01:31+00:00\",\"breadcrumb\":{\"@id\":\"https:\\\/\\\/afc.cat\\\/es\\\/activitat\\\/sortida-fotografica-visita-guiada-al-rec-comptal\\\/#breadcrumb\"},\"inLanguage\":\"es\",\"potentialAction\":[{\"@type\":\"ReadAction\",\"target\":[\"https:\\\/\\\/afc.cat\\\/es\\\/activitat\\\/sortida-fotografica-visita-guiada-al-rec-comptal\\\/\"]}]},{\"@type\":\"BreadcrumbList\",\"@id\":\"https:\\\/\\\/afc.cat\\\/es\\\/activitat\\\/sortida-fotografica-visita-guiada-al-rec-comptal\\\/#breadcrumb\",\"itemListElement\":[{\"@type\":\"ListItem\",\"position\":1,\"name\":\"Inicio\",\"item\":\"https:\\\/\\\/afc.cat\\\/es\\\/\"},{\"@type\":\"ListItem\",\"position\":2,\"name\":\"Sortida fotogr\u00e0fica visita guiada al Rec Comptal\"}]},{\"@type\":\"WebSite\",\"@id\":\"https:\\\/\\\/afc.cat\\\/es\\\/#website\",\"url\":\"https:\\\/\\\/afc.cat\\\/es\\\/\",\"name\":\"Agrupaci\u00f3 Fotogr\u00e0fica de Catalunya\",\"description\":\"Fomento y divulgaci\u00f3n de la fotograf\u00eda en todas sus variedades\",\"potentialAction\":[{\"@type\":\"SearchAction\",\"target\":{\"@type\":\"EntryPoint\",\"urlTemplate\":\"https:\\\/\\\/afc.cat\\\/es\\\/?s={search_term_string}\"},\"query-input\":{\"@type\":\"PropertyValueSpecification\",\"valueRequired\":true,\"valueName\":\"search_term_string\"}}],\"inLanguage\":\"es\"}]}<\/script>\n<!-- \/ Yoast SEO plugin. -->","yoast_head_json":{"title":"Sortida fotogr\u00e0fica visita guiada al Rec Comptal - Agrupaci\u00f3 Fotogr\u00e0fica de Catalunya","robots":{"index":"index","follow":"follow","max-snippet":"max-snippet:-1","max-image-preview":"max-image-preview:large","max-video-preview":"max-video-preview:-1"},"canonical":"https:\/\/afc.cat\/es\/activitat\/sortida-fotografica-visita-guiada-al-rec-comptal\/","og_locale":"es_ES","og_type":"article","og_title":"Sortida fotogr\u00e0fica visita guiada al Rec Comptal - Agrupaci\u00f3 Fotogr\u00e0fica de Catalunya","og_url":"https:\/\/afc.cat\/es\/activitat\/sortida-fotografica-visita-guiada-al-rec-comptal\/","og_site_name":"Agrupaci\u00f3 Fotogr\u00e0fica de Catalunya","article_modified_time":"2026-02-11T12:01:31+00:00","twitter_card":"summary_large_image","twitter_misc":{"Tiempo de lectura":"6 minutos"},"schema":{"@context":"https:\/\/schema.org","@graph":[{"@type":"WebPage","@id":"https:\/\/afc.cat\/es\/activitat\/sortida-fotografica-visita-guiada-al-rec-comptal\/","url":"https:\/\/afc.cat\/es\/activitat\/sortida-fotografica-visita-guiada-al-rec-comptal\/","name":"Sortida fotogr\u00e0fica visita guiada al Rec Comptal - Agrupaci\u00f3 Fotogr\u00e0fica de Catalunya","isPartOf":{"@id":"https:\/\/afc.cat\/es\/#website"},"datePublished":"2026-02-09T15:17:57+00:00","dateModified":"2026-02-11T12:01:31+00:00","breadcrumb":{"@id":"https:\/\/afc.cat\/es\/activitat\/sortida-fotografica-visita-guiada-al-rec-comptal\/#breadcrumb"},"inLanguage":"es","potentialAction":[{"@type":"ReadAction","target":["https:\/\/afc.cat\/es\/activitat\/sortida-fotografica-visita-guiada-al-rec-comptal\/"]}]},{"@type":"BreadcrumbList","@id":"https:\/\/afc.cat\/es\/activitat\/sortida-fotografica-visita-guiada-al-rec-comptal\/#breadcrumb","itemListElement":[{"@type":"ListItem","position":1,"name":"Inicio","item":"https:\/\/afc.cat\/es\/"},{"@type":"ListItem","position":2,"name":"Sortida fotogr\u00e0fica visita guiada al Rec Comptal"}]},{"@type":"WebSite","@id":"https:\/\/afc.cat\/es\/#website","url":"https:\/\/afc.cat\/es\/","name":"Agrupaci\u00f3 Fotogr\u00e0fica de Catalunya","description":"Fomento y divulgaci\u00f3n de la fotograf\u00eda en todas sus variedades","potentialAction":[{"@type":"SearchAction","target":{"@type":"EntryPoint","urlTemplate":"https:\/\/afc.cat\/es\/?s={search_term_string}"},"query-input":{"@type":"PropertyValueSpecification","valueRequired":true,"valueName":"search_term_string"}}],"inLanguage":"es"}]}},"_links":{"self":[{"href":"https:\/\/afc.cat\/es\/wp-json\/wp\/v2\/class\/46158","targetHints":{"allow":["GET"]}}],"collection":[{"href":"https:\/\/afc.cat\/es\/wp-json\/wp\/v2\/class"}],"about":[{"href":"https:\/\/afc.cat\/es\/wp-json\/wp\/v2\/types\/class"}],"wp:attachment":[{"href":"https:\/\/afc.cat\/es\/wp-json\/wp\/v2\/media?parent=46158"}],"wp:term":[{"taxonomy":"wcs-type","embeddable":true,"href":"https:\/\/afc.cat\/es\/wp-json\/wp\/v2\/wcs-type?post=46158"},{"taxonomy":"wcs-room","embeddable":true,"href":"https:\/\/afc.cat\/es\/wp-json\/wp\/v2\/wcs-room?post=46158"},{"taxonomy":"wcs-instructor","embeddable":true,"href":"https:\/\/afc.cat\/es\/wp-json\/wp\/v2\/wcs-instructor?post=46158"}],"curies":[{"name":"wp","href":"https:\/\/api.w.org\/{rel}","templated":true}]}}