{"id":46472,"date":"2026-03-04T14:07:02","date_gmt":"2026-03-04T12:07:02","guid":{"rendered":"https:\/\/afc.cat\/activitat\/doble-visita-guiada-a-les-exposicions-fotografiques-walker-evans-i-perez-siquier-kbr-fundacio-mapfre\/"},"modified":"2026-03-04T14:28:48","modified_gmt":"2026-03-04T12:28:48","slug":"doble-visita-guiada-a-las-exposiciones-fotograficas-walker-evans-y-perez-siquier-kbr-fundacio-mapfre","status":"publish","type":"class","link":"https:\/\/afc.cat\/es\/activitat\/doble-visita-guiada-a-las-exposiciones-fotograficas-walker-evans-y-perez-siquier-kbr-fundacio-mapfre\/","title":{"rendered":"Doble visita guiada a las exposiciones fotogr\u00e1ficas Walker Evans y P\u00e9rez Siquier\/ KBr FUNDACI\u00d3 MAPFRE"},"content":{"rendered":"<div class=\"fusion-fullwidth fullwidth-box fusion-builder-row-1 fusion-flex-container nonhundred-percent-fullwidth non-hundred-percent-height-scrolling\" style=\"background-color: rgba(255,255,255,0);background-position: center center;background-repeat: no-repeat;border-width: 0px 15px 0px 0px;border-color:#ffffff;border-style:solid;\" ><div class=\"fusion-builder-row fusion-row fusion-flex-align-items-flex-start\" style=\"max-width:1300px;margin-left: calc(-4% \/ 2 );margin-right: calc(-4% \/ 2 );\"><div class=\"fusion-layout-column fusion_builder_column fusion-builder-column-0 fusion_builder_column_1_1 1_1 fusion-flex-column\"><div class=\"fusion-column-wrapper fusion-flex-justify-content-flex-start fusion-content-layout-column\" style=\"background-position:left top;background-repeat:no-repeat;-webkit-background-size:cover;-moz-background-size:cover;-o-background-size:cover;background-size:cover;padding: 0px 0px 0px 0px;\"><div class=\"fusion-text fusion-text-1\"><h2>Doble visita guiada gratuita a las exposiciones fotogr\u00e1ficas Walker Evans y P\u00e9rez Siquier\/ KBr FUNDACI\u00d3 MAPFRE<\/h2>\n<p>ACTIVIDAD: VISITA GUIADA A EXPOSICIONES FOTOGR\u00c1FICAS<br \/>\nT\u00cdTULO: Walker Evans i P\u00e9rez Siquier<br \/>\nDONDE: KBr FUNDACI\u00d3 MAPFRE. Av. Litoral, 30. 08005 Barcelona.Tel.: 93.272.31.80<\/p>\n<p>\u00bfCOMO LLEGAR? Metro: L4. Bus: 59-136-V21-H16-47-V23<br \/>\nFecha: mi\u00e9rcoles 11 de marzo<br \/>\nHORA: 12:00 h.<br \/>\nPUNTO DE ENCUENTRO: En la puerta de la Fundaci\u00f3 a las 11.45 horas.<br \/>\nPRECIO: Gratuita. Seg\u00fan convenio firmado con KBr Fundaci\u00f3 Mapfre.<br \/>\nINSCRIPCI\u00d3N: Escribe un correo a leniver13@gmail.com (M. Helena Verg\u00e9s) (15 plazas).<br \/>\nActividad exclusiva asociados.<br \/>\nANULACIONES: Si alguien debe causar baja, por favor, comun\u00edquelo al mismo correo leniver13@gmail.com<\/p>\n<p><strong>DESCRIPCI\u00d3N ACTIVIDAD<\/strong><\/p>\n<p><strong>Walker Evans<\/strong> (1903\u20131975) es una figura esencial de la fotograf\u00eda moderna y uno de los grandes cronistas visuales de los Estados Unidos del siglo XX. Sus im\u00e1genes, de apariencia sencilla pero de profunda complejidad, retratan con lucidez la vida cotidiana, los paisajes urbanos y los rostros an\u00f3nimos de un pa\u00eds en transformaci\u00f3n. Pionero del estilo documental, Evans combin\u00f3 una mirada directa y austera con una curiosidad inagotable por los signos de<br \/>\nla cultura popular, que le llev\u00f3 a definir una \u00e9poca al mismo tiempo que la cuestion\u00f3.<\/p>\n<p><strong>Carlos P\u00e9rez Siquier<\/strong> (Almer\u00eda, 1930\u20132021) es una figura central de la fotograf\u00eda espa\u00f1ola y uno de los grandes renovadores del lenguaje visual del siglo XX. Desde su ciudad natal, donde residi\u00f3 toda su vida, desarroll\u00f3 una obra moderna y po\u00e9tica, que refleja con sensibilidad e iron\u00eda las transformaciones sociales y culturales de Espa\u00f1a a trav\u00e9s de una perspectiva antropol\u00f3gica. Pionero del color y fundador, junto a Jos\u00e9 Mar\u00eda Artero, de la Agrupaci\u00f3n Fotogr\u00e1fica Almeriense y de la revista AFAL, contribuy\u00f3 de manera decisiva a consolidar la fotograf\u00eda como disciplina art\u00edstica.<\/p>\n<p>Recomendamos visitarlas.<\/p>\n<p><strong>M Helena Verg\u00e9s i Gl\u00f2ria Tatch\u00e9<\/strong><br \/>\nVisites a exposicions<\/p>\n<\/div><div ><style>.fusion-imageframe.imageframe-2{ margin-top : 30px;}<\/style><span class=\" fusion-imageframe imageframe-none imageframe-2 hover-type-none\"><img decoding=\"async\" width=\"510\" height=\"91\" title=\"cultura\" src=\"https:\/\/afc.cat\/wp-content\/uploads\/2021\/02\/logos-generalitat-ajuntament-bcn-3-2026.jpg\" alt class=\"img-responsive wp-image-46074\" srcset=\"https:\/\/afc.cat\/wp-content\/uploads\/2021\/02\/logos-generalitat-ajuntament-bcn-3-2026-200x36.jpg 200w, https:\/\/afc.cat\/wp-content\/uploads\/2021\/02\/logos-generalitat-ajuntament-bcn-3-2026-400x71.jpg 400w, https:\/\/afc.cat\/wp-content\/uploads\/2021\/02\/logos-generalitat-ajuntament-bcn-3-2026.jpg 510w\" sizes=\"(max-width: 640px) 100vw, 510px\" \/><\/span><\/div><div ><style>.fusion-imageframe.imageframe-3{ margin-top : 30px;}<\/style><span class=\" fusion-imageframe imageframe-none imageframe-3 hover-type-none\"><img decoding=\"async\" width=\"1024\" height=\"344\" title=\"esponsors-colaboradors &#8211; AFC- logos 2026\" src=\"https:\/\/afc.cat\/wp-content\/uploads\/2026\/02\/esponsors-colaboradors-AFC-logos-2026-1024x344.jpg\" alt class=\"img-responsive wp-image-46126\" srcset=\"https:\/\/afc.cat\/wp-content\/uploads\/2026\/02\/esponsors-colaboradors-AFC-logos-2026-200x67.jpg 200w, https:\/\/afc.cat\/wp-content\/uploads\/2026\/02\/esponsors-colaboradors-AFC-logos-2026-400x134.jpg 400w, https:\/\/afc.cat\/wp-content\/uploads\/2026\/02\/esponsors-colaboradors-AFC-logos-2026-600x202.jpg 600w, https:\/\/afc.cat\/wp-content\/uploads\/2026\/02\/esponsors-colaboradors-AFC-logos-2026-800x269.jpg 800w, https:\/\/afc.cat\/wp-content\/uploads\/2026\/02\/esponsors-colaboradors-AFC-logos-2026.jpg 1172w\" sizes=\"(max-width: 640px) 100vw, 1024px\" \/><\/span><\/div><\/div><style type=\"text\/css\">.fusion-body .fusion-builder-column-0{width:100% !important;margin-top : 0px;margin-bottom : 0px;}.fusion-builder-column-0 > .fusion-column-wrapper {padding-top : 0px !important;padding-right : 0px !important;margin-right : 1.92%;padding-bottom : 0px !important;padding-left : 0px !important;margin-left : 1.92%;}@media only screen and (max-width:1024px) {.fusion-body .fusion-builder-column-0{width:100% !important;}.fusion-builder-column-0 > .fusion-column-wrapper {margin-right : 1.92%;margin-left : 1.92%;}}@media only screen and (max-width:640px) {.fusion-body .fusion-builder-column-0{width:100% !important;}.fusion-builder-column-0 > .fusion-column-wrapper {margin-right : 1.92%;margin-left : 1.92%;}}<\/style><\/div><\/div><style type=\"text\/css\">.fusion-body .fusion-flex-container.fusion-builder-row-1{ padding-top : 0px;margin-top : 0px;padding-right : 0px;padding-bottom : 0px;margin-bottom : 0px;padding-left : 0px;}<\/style><\/div>\n","protected":false},"excerpt":{"rendered":"","protected":false},"template":"","meta":{"_acf_changed":false},"wcs-type":[747],"wcs-room":[224],"wcs-instructor":[821],"class_list":["post-46472","class","type-class","status-publish","hentry","wcs-type-visites-a-exposicions-es","wcs-room-kbr-fundacio-mapfre","wcs-instructor-m-helena-verges-i-gloria-tatche"],"acf":[],"yoast_head":"<!-- This site is optimized with the Yoast SEO plugin v27.2 - https:\/\/yoast.com\/product\/yoast-seo-wordpress\/ -->\n<title>Doble visita guiada a las exposiciones fotogr\u00e1ficas Walker Evans y P\u00e9rez Siquier\/ KBr FUNDACI\u00d3 MAPFRE - Agrupaci\u00f3 Fotogr\u00e0fica de Catalunya<\/title>\n<meta name=\"robots\" content=\"index, follow, max-snippet:-1, max-image-preview:large, max-video-preview:-1\" \/>\n<link rel=\"canonical\" href=\"https:\/\/afc.cat\/es\/activitat\/doble-visita-guiada-a-las-exposiciones-fotograficas-walker-evans-y-perez-siquier-kbr-fundacio-mapfre\/\" \/>\n<meta property=\"og:locale\" content=\"es_ES\" \/>\n<meta property=\"og:type\" content=\"article\" \/>\n<meta property=\"og:title\" content=\"Doble visita guiada a las exposiciones fotogr\u00e1ficas Walker Evans y P\u00e9rez Siquier\/ KBr FUNDACI\u00d3 MAPFRE - Agrupaci\u00f3 Fotogr\u00e0fica de Catalunya\" \/>\n<meta property=\"og:url\" content=\"https:\/\/afc.cat\/es\/activitat\/doble-visita-guiada-a-las-exposiciones-fotograficas-walker-evans-y-perez-siquier-kbr-fundacio-mapfre\/\" \/>\n<meta property=\"og:site_name\" content=\"Agrupaci\u00f3 Fotogr\u00e0fica de Catalunya\" \/>\n<meta property=\"article:modified_time\" content=\"2026-03-04T12:28:48+00:00\" \/>\n<meta name=\"twitter:card\" content=\"summary_large_image\" \/>\n<meta name=\"twitter:label1\" content=\"Tiempo de lectura\" \/>\n\t<meta name=\"twitter:data1\" content=\"7 minutos\" \/>\n<script type=\"application\/ld+json\" class=\"yoast-schema-graph\">{\"@context\":\"https:\/\/schema.org\",\"@graph\":[{\"@type\":\"WebPage\",\"@id\":\"https:\/\/afc.cat\/es\/activitat\/doble-visita-guiada-a-las-exposiciones-fotograficas-walker-evans-y-perez-siquier-kbr-fundacio-mapfre\/\",\"url\":\"https:\/\/afc.cat\/es\/activitat\/doble-visita-guiada-a-las-exposiciones-fotograficas-walker-evans-y-perez-siquier-kbr-fundacio-mapfre\/\",\"name\":\"Doble visita guiada a las exposiciones fotogr\u00e1ficas Walker Evans y P\u00e9rez Siquier\/ KBr FUNDACI\u00d3 MAPFRE - Agrupaci\u00f3 Fotogr\u00e0fica de Catalunya\",\"isPartOf\":{\"@id\":\"https:\/\/afc.cat\/es\/#website\"},\"datePublished\":\"2026-03-04T12:07:02+00:00\",\"dateModified\":\"2026-03-04T12:28:48+00:00\",\"breadcrumb\":{\"@id\":\"https:\/\/afc.cat\/es\/activitat\/doble-visita-guiada-a-las-exposiciones-fotograficas-walker-evans-y-perez-siquier-kbr-fundacio-mapfre\/#breadcrumb\"},\"inLanguage\":\"es\",\"potentialAction\":[{\"@type\":\"ReadAction\",\"target\":[\"https:\/\/afc.cat\/es\/activitat\/doble-visita-guiada-a-las-exposiciones-fotograficas-walker-evans-y-perez-siquier-kbr-fundacio-mapfre\/\"]}]},{\"@type\":\"BreadcrumbList\",\"@id\":\"https:\/\/afc.cat\/es\/activitat\/doble-visita-guiada-a-las-exposiciones-fotograficas-walker-evans-y-perez-siquier-kbr-fundacio-mapfre\/#breadcrumb\",\"itemListElement\":[{\"@type\":\"ListItem\",\"position\":1,\"name\":\"Inicio\",\"item\":\"https:\/\/afc.cat\/es\/\"},{\"@type\":\"ListItem\",\"position\":2,\"name\":\"Doble visita guiada a las exposiciones fotogr\u00e1ficas Walker Evans y P\u00e9rez Siquier\/ KBr FUNDACI\u00d3 MAPFRE\"}]},{\"@type\":\"WebSite\",\"@id\":\"https:\/\/afc.cat\/es\/#website\",\"url\":\"https:\/\/afc.cat\/es\/\",\"name\":\"Agrupaci\u00f3 Fotogr\u00e0fica de Catalunya\",\"description\":\"Fomento y divulgaci\u00f3n de la fotograf\u00eda en todas sus variedades\",\"potentialAction\":[{\"@type\":\"SearchAction\",\"target\":{\"@type\":\"EntryPoint\",\"urlTemplate\":\"https:\/\/afc.cat\/es\/?s={search_term_string}\"},\"query-input\":{\"@type\":\"PropertyValueSpecification\",\"valueRequired\":true,\"valueName\":\"search_term_string\"}}],\"inLanguage\":\"es\"}]}<\/script>\n<!-- \/ Yoast SEO plugin. -->","yoast_head_json":{"title":"Doble visita guiada a las exposiciones fotogr\u00e1ficas Walker Evans y P\u00e9rez Siquier\/ KBr FUNDACI\u00d3 MAPFRE - Agrupaci\u00f3 Fotogr\u00e0fica de Catalunya","robots":{"index":"index","follow":"follow","max-snippet":"max-snippet:-1","max-image-preview":"max-image-preview:large","max-video-preview":"max-video-preview:-1"},"canonical":"https:\/\/afc.cat\/es\/activitat\/doble-visita-guiada-a-las-exposiciones-fotograficas-walker-evans-y-perez-siquier-kbr-fundacio-mapfre\/","og_locale":"es_ES","og_type":"article","og_title":"Doble visita guiada a las exposiciones fotogr\u00e1ficas Walker Evans y P\u00e9rez Siquier\/ KBr FUNDACI\u00d3 MAPFRE - Agrupaci\u00f3 Fotogr\u00e0fica de Catalunya","og_url":"https:\/\/afc.cat\/es\/activitat\/doble-visita-guiada-a-las-exposiciones-fotograficas-walker-evans-y-perez-siquier-kbr-fundacio-mapfre\/","og_site_name":"Agrupaci\u00f3 Fotogr\u00e0fica de Catalunya","article_modified_time":"2026-03-04T12:28:48+00:00","twitter_card":"summary_large_image","twitter_misc":{"Tiempo de lectura":"7 minutos"},"schema":{"@context":"https:\/\/schema.org","@graph":[{"@type":"WebPage","@id":"https:\/\/afc.cat\/es\/activitat\/doble-visita-guiada-a-las-exposiciones-fotograficas-walker-evans-y-perez-siquier-kbr-fundacio-mapfre\/","url":"https:\/\/afc.cat\/es\/activitat\/doble-visita-guiada-a-las-exposiciones-fotograficas-walker-evans-y-perez-siquier-kbr-fundacio-mapfre\/","name":"Doble visita guiada a las exposiciones fotogr\u00e1ficas Walker Evans y P\u00e9rez Siquier\/ KBr FUNDACI\u00d3 MAPFRE - Agrupaci\u00f3 Fotogr\u00e0fica de Catalunya","isPartOf":{"@id":"https:\/\/afc.cat\/es\/#website"},"datePublished":"2026-03-04T12:07:02+00:00","dateModified":"2026-03-04T12:28:48+00:00","breadcrumb":{"@id":"https:\/\/afc.cat\/es\/activitat\/doble-visita-guiada-a-las-exposiciones-fotograficas-walker-evans-y-perez-siquier-kbr-fundacio-mapfre\/#breadcrumb"},"inLanguage":"es","potentialAction":[{"@type":"ReadAction","target":["https:\/\/afc.cat\/es\/activitat\/doble-visita-guiada-a-las-exposiciones-fotograficas-walker-evans-y-perez-siquier-kbr-fundacio-mapfre\/"]}]},{"@type":"BreadcrumbList","@id":"https:\/\/afc.cat\/es\/activitat\/doble-visita-guiada-a-las-exposiciones-fotograficas-walker-evans-y-perez-siquier-kbr-fundacio-mapfre\/#breadcrumb","itemListElement":[{"@type":"ListItem","position":1,"name":"Inicio","item":"https:\/\/afc.cat\/es\/"},{"@type":"ListItem","position":2,"name":"Doble visita guiada a las exposiciones fotogr\u00e1ficas Walker Evans y P\u00e9rez Siquier\/ KBr FUNDACI\u00d3 MAPFRE"}]},{"@type":"WebSite","@id":"https:\/\/afc.cat\/es\/#website","url":"https:\/\/afc.cat\/es\/","name":"Agrupaci\u00f3 Fotogr\u00e0fica de Catalunya","description":"Fomento y divulgaci\u00f3n de la fotograf\u00eda en todas sus variedades","potentialAction":[{"@type":"SearchAction","target":{"@type":"EntryPoint","urlTemplate":"https:\/\/afc.cat\/es\/?s={search_term_string}"},"query-input":{"@type":"PropertyValueSpecification","valueRequired":true,"valueName":"search_term_string"}}],"inLanguage":"es"}]}},"_links":{"self":[{"href":"https:\/\/afc.cat\/es\/wp-json\/wp\/v2\/class\/46472","targetHints":{"allow":["GET"]}}],"collection":[{"href":"https:\/\/afc.cat\/es\/wp-json\/wp\/v2\/class"}],"about":[{"href":"https:\/\/afc.cat\/es\/wp-json\/wp\/v2\/types\/class"}],"wp:attachment":[{"href":"https:\/\/afc.cat\/es\/wp-json\/wp\/v2\/media?parent=46472"}],"wp:term":[{"taxonomy":"wcs-type","embeddable":true,"href":"https:\/\/afc.cat\/es\/wp-json\/wp\/v2\/wcs-type?post=46472"},{"taxonomy":"wcs-room","embeddable":true,"href":"https:\/\/afc.cat\/es\/wp-json\/wp\/v2\/wcs-room?post=46472"},{"taxonomy":"wcs-instructor","embeddable":true,"href":"https:\/\/afc.cat\/es\/wp-json\/wp\/v2\/wcs-instructor?post=46472"}],"curies":[{"name":"wp","href":"https:\/\/api.w.org\/{rel}","templated":true}]}}