{"id":46699,"date":"2026-03-27T17:32:30","date_gmt":"2026-03-27T15:32:30","guid":{"rendered":"https:\/\/afc.cat\/activitat\/visita-guiada-a-lexposicio-fotografica-cesar-malet-autoretrat-ironia-estetica-i-passio-arxiu-fotografic-de-barcelona\/"},"modified":"2026-03-27T19:05:23","modified_gmt":"2026-03-27T17:05:23","slug":"visita-guiada-a-la-exposicion-fotografica-cesar-malet-autoretrat-ironia-estetica-i-passio-arxiu-fotografic-de-barcelona","status":"publish","type":"class","link":"https:\/\/afc.cat\/es\/activitat\/visita-guiada-a-la-exposicion-fotografica-cesar-malet-autoretrat-ironia-estetica-i-passio-arxiu-fotografic-de-barcelona\/","title":{"rendered":"Visita guiada a la exposici\u00f3n fotogr\u00e1fica : C\u00e8sar Malet. Autoretrat. Ironia, est\u00e8tica i passi\u00f3. Arxiu Fotogr\u00e0fic de Barcelona"},"content":{"rendered":"<div class=\"fusion-fullwidth fullwidth-box fusion-builder-row-1 fusion-flex-container nonhundred-percent-fullwidth non-hundred-percent-height-scrolling\" style=\"background-color: rgba(255,255,255,0);background-position: center center;background-repeat: no-repeat;border-width: 0px 15px 0px 0px;border-color:#ffffff;border-style:solid;\" ><div class=\"fusion-builder-row fusion-row fusion-flex-align-items-flex-start\" style=\"max-width:1300px;margin-left: calc(-4% \/ 2 );margin-right: calc(-4% \/ 2 );\"><div class=\"fusion-layout-column fusion_builder_column fusion-builder-column-0 fusion_builder_column_1_1 1_1 fusion-flex-column\"><div class=\"fusion-column-wrapper fusion-flex-justify-content-flex-start fusion-content-layout-column\" style=\"background-position:left top;background-repeat:no-repeat;-webkit-background-size:cover;-moz-background-size:cover;-o-background-size:cover;background-size:cover;padding: 0px 0px 0px 0px;\"><div class=\"fusion-text fusion-text-1\"><h2>Visita guiada gratuita a la exposici\u00f3n fotogr\u00e1fica : C\u00e8sar Malet. Autoretrat. Ironia, est\u00e8tica<\/h2>\n<h2>i passi\u00f3.<\/h2>\n<h2>Arxiu Fotogr\u00e0fic de Barcelona<\/h2>\n<p><strong>DONDE: <\/strong>Arxiu Fotogr\u00e0fic de Barcelona &#8211; Sala de Exposiciones. Pl. de Pons i Clerch, 2, 2a planta. 08003 Barcelona<\/p>\n<p><strong>COMO LLEGAR: <\/strong>autob\u00fas: V15, V17, V19, H14, H16 i 47. Metro: Arc de Triomf (L1) i Jaume I (L4). Renfe: Arc de Triomf<\/p>\n<p><strong>FECHA: <\/strong>mi\u00e9rcoles, 8 de abril de 2026<\/p>\n<p><strong>\u00a0<\/strong><strong>HORA:\u00a0 <\/strong>12.30 hores<\/p>\n<p><strong>\u00a0<\/strong><strong>PUNTO ENCUENTRO:<\/strong> en la puerta del Arxiu Fotogr\u00e0fic a las 12.15 horas<\/p>\n<p><strong>\u00a0<\/strong><strong>PRECIO:<\/strong> Gratuita. Dirigida solo a asociados.<\/p>\n<p><strong>\u00a0<\/strong><strong>INSCRIPCI\u00d3N:<\/strong> escribe un correo a <a href=\"mailto:leniver13@gmail.com\">leniver13@gmail.com<\/a> (M Helena Verg\u00e9s)<\/p>\n<p><strong>*Actividad exclusiva para asociados<\/strong><\/p>\n<p><strong>ANULACIONES:<\/strong> si no puedes acudir, te agradeceremos que lo comuniques en el mismo correo leniver13@gmail.com<\/p>\n<p><strong><u>DESCRIPCI\u00d3N ACTIVIDAD<\/u><\/strong><\/p>\n<p><strong><u>\u00a0<\/u><\/strong>C\u00e9sar Malet fue el fot\u00f3grafo de la Gauche Divine y rompi\u00f3 con la est\u00e9tica dominante de su tiempo. Ir\u00f3nico, cosmopolita, rompedor y siempre, incluso en algunos de sus trabajos publicitarios, proyectando una mirada cr\u00edtica sobre el mundo que le rodeaba.<\/p>\n<p>Con una visi\u00f3n distinta (y cr\u00edtica) del mundo, Malet era capaz de retratar a unas modelos bell\u00edsimas y elegantes en un barrio de barracas de Montjuic o del Carmel. Fue autor de obras avanzada para su tiempo que experimentaban con formas inspiradas en la naturaleza y el cuerpo humano, Como en la serie RES, realizada con el pintor Josep Maria Berenguer. Tambi\u00e9n trabaj\u00f3 con Carlos Barral y, el a\u00f1o 1970, realiz\u00f3 una serie de retratos a una veintena de escritores y escritoras, entre los cuales Jaime Gil de Biedma, P\u00a0 ere Gimferrer, Terenci y Ana Mar\u00eda Moix, Juan Mars\u00e9 o el mismo Barral.<\/p>\n<p>Se trata de una visita muy interesante para tener una mirada sobre la vida art\u00edstica y cultural de la Barcelona de los a\u00f1os sesenta y primeros setenta.<\/p>\n<p>Gl\u00f2ria Tatx\u00e9 y M Helena Verg\u00e9s<\/p>\n<p>Grupo de visitas a exposiciones<\/p>\n<p><strong>\u00a0Foto: \u00a9C\u00e9sar Malet.<\/strong><\/p>\n<p><strong>\u00a0<\/strong><\/p>\n<p><strong>\u00a0<\/strong><\/p>\n<\/div><div ><style>.fusion-imageframe.imageframe-2{ margin-top : 30px;}<\/style><span class=\" fusion-imageframe imageframe-none imageframe-2 hover-type-none\"><img decoding=\"async\" width=\"510\" height=\"91\" title=\"cultura\" src=\"https:\/\/afc.cat\/wp-content\/uploads\/2021\/02\/logos-generalitat-ajuntament-bcn-3-2026.jpg\" alt class=\"img-responsive wp-image-46074\" srcset=\"https:\/\/afc.cat\/wp-content\/uploads\/2021\/02\/logos-generalitat-ajuntament-bcn-3-2026-200x36.jpg 200w, https:\/\/afc.cat\/wp-content\/uploads\/2021\/02\/logos-generalitat-ajuntament-bcn-3-2026-400x71.jpg 400w, https:\/\/afc.cat\/wp-content\/uploads\/2021\/02\/logos-generalitat-ajuntament-bcn-3-2026.jpg 510w\" sizes=\"(max-width: 640px) 100vw, 510px\" \/><\/span><\/div><div ><style>.fusion-imageframe.imageframe-3{ margin-top : 30px;}<\/style><span class=\" fusion-imageframe imageframe-none imageframe-3 hover-type-none\"><img decoding=\"async\" width=\"1024\" height=\"344\" title=\"esponsors-colaboradors-AFC-logos-03-2026\" src=\"https:\/\/afc.cat\/wp-content\/uploads\/2026\/03\/esponsors-colaboradors-AFC-logos-03-2026-1024x344.jpg\" alt class=\"img-responsive wp-image-46481\" srcset=\"https:\/\/afc.cat\/wp-content\/uploads\/2026\/03\/esponsors-colaboradors-AFC-logos-03-2026-200x67.jpg 200w, https:\/\/afc.cat\/wp-content\/uploads\/2026\/03\/esponsors-colaboradors-AFC-logos-03-2026-400x134.jpg 400w, https:\/\/afc.cat\/wp-content\/uploads\/2026\/03\/esponsors-colaboradors-AFC-logos-03-2026-600x202.jpg 600w, https:\/\/afc.cat\/wp-content\/uploads\/2026\/03\/esponsors-colaboradors-AFC-logos-03-2026-800x269.jpg 800w, https:\/\/afc.cat\/wp-content\/uploads\/2026\/03\/esponsors-colaboradors-AFC-logos-03-2026.jpg 1172w\" sizes=\"(max-width: 640px) 100vw, 1024px\" \/><\/span><\/div><\/div><style type=\"text\/css\">.fusion-body .fusion-builder-column-0{width:100% !important;margin-top : 0px;margin-bottom : 0px;}.fusion-builder-column-0 > .fusion-column-wrapper {padding-top : 0px !important;padding-right : 0px !important;margin-right : 1.92%;padding-bottom : 0px !important;padding-left : 0px !important;margin-left : 1.92%;}@media only screen and (max-width:1024px) {.fusion-body .fusion-builder-column-0{width:100% !important;}.fusion-builder-column-0 > .fusion-column-wrapper {margin-right : 1.92%;margin-left : 1.92%;}}@media only screen and (max-width:640px) {.fusion-body .fusion-builder-column-0{width:100% !important;}.fusion-builder-column-0 > .fusion-column-wrapper {margin-right : 1.92%;margin-left : 1.92%;}}<\/style><\/div><\/div><style type=\"text\/css\">.fusion-body .fusion-flex-container.fusion-builder-row-1{ padding-top : 0px;margin-top : 0px;padding-right : 0px;padding-bottom : 0px;margin-bottom : 0px;padding-left : 0px;}<\/style><\/div>\n","protected":false},"excerpt":{"rendered":"","protected":false},"template":"","meta":{"_acf_changed":false},"wcs-type":[129],"wcs-room":[279],"wcs-instructor":[827],"class_list":["post-46699","class","type-class","status-publish","hentry","wcs-type-salidas-a-exposiciones","wcs-room-arxiu-fotografic-de-barcelona","wcs-instructor-gloria-tatxe-i-m-helena-verges-grup-visites-a-exposicions"],"acf":[],"yoast_head":"<!-- This site is optimized with the Yoast SEO plugin v27.2 - https:\/\/yoast.com\/product\/yoast-seo-wordpress\/ -->\n<title>Visita guiada a la exposici\u00f3n fotogr\u00e1fica : C\u00e8sar Malet. Autoretrat. Ironia, est\u00e8tica i passi\u00f3. Arxiu Fotogr\u00e0fic de Barcelona - Agrupaci\u00f3 Fotogr\u00e0fica de Catalunya<\/title>\n<meta name=\"robots\" content=\"index, follow, max-snippet:-1, max-image-preview:large, max-video-preview:-1\" \/>\n<link rel=\"canonical\" href=\"https:\/\/afc.cat\/es\/activitat\/visita-guiada-a-la-exposicion-fotografica-cesar-malet-autoretrat-ironia-estetica-i-passio-arxiu-fotografic-de-barcelona\/\" \/>\n<meta property=\"og:locale\" content=\"es_ES\" \/>\n<meta property=\"og:type\" content=\"article\" \/>\n<meta property=\"og:title\" content=\"Visita guiada a la exposici\u00f3n fotogr\u00e1fica : C\u00e8sar Malet. Autoretrat. Ironia, est\u00e8tica i passi\u00f3. Arxiu Fotogr\u00e0fic de Barcelona - Agrupaci\u00f3 Fotogr\u00e0fica de Catalunya\" \/>\n<meta property=\"og:url\" content=\"https:\/\/afc.cat\/es\/activitat\/visita-guiada-a-la-exposicion-fotografica-cesar-malet-autoretrat-ironia-estetica-i-passio-arxiu-fotografic-de-barcelona\/\" \/>\n<meta property=\"og:site_name\" content=\"Agrupaci\u00f3 Fotogr\u00e0fica de Catalunya\" \/>\n<meta property=\"article:modified_time\" content=\"2026-03-27T17:05:23+00:00\" \/>\n<meta name=\"twitter:card\" content=\"summary_large_image\" \/>\n<meta name=\"twitter:label1\" content=\"Tiempo de lectura\" \/>\n\t<meta name=\"twitter:data1\" content=\"7 minutos\" \/>\n<script type=\"application\/ld+json\" class=\"yoast-schema-graph\">{\"@context\":\"https:\/\/schema.org\",\"@graph\":[{\"@type\":\"WebPage\",\"@id\":\"https:\/\/afc.cat\/es\/activitat\/visita-guiada-a-la-exposicion-fotografica-cesar-malet-autoretrat-ironia-estetica-i-passio-arxiu-fotografic-de-barcelona\/\",\"url\":\"https:\/\/afc.cat\/es\/activitat\/visita-guiada-a-la-exposicion-fotografica-cesar-malet-autoretrat-ironia-estetica-i-passio-arxiu-fotografic-de-barcelona\/\",\"name\":\"Visita guiada a la exposici\u00f3n fotogr\u00e1fica : C\u00e8sar Malet. Autoretrat. Ironia, est\u00e8tica i passi\u00f3. Arxiu Fotogr\u00e0fic de Barcelona - Agrupaci\u00f3 Fotogr\u00e0fica de Catalunya\",\"isPartOf\":{\"@id\":\"https:\/\/afc.cat\/es\/#website\"},\"datePublished\":\"2026-03-27T15:32:30+00:00\",\"dateModified\":\"2026-03-27T17:05:23+00:00\",\"breadcrumb\":{\"@id\":\"https:\/\/afc.cat\/es\/activitat\/visita-guiada-a-la-exposicion-fotografica-cesar-malet-autoretrat-ironia-estetica-i-passio-arxiu-fotografic-de-barcelona\/#breadcrumb\"},\"inLanguage\":\"es\",\"potentialAction\":[{\"@type\":\"ReadAction\",\"target\":[\"https:\/\/afc.cat\/es\/activitat\/visita-guiada-a-la-exposicion-fotografica-cesar-malet-autoretrat-ironia-estetica-i-passio-arxiu-fotografic-de-barcelona\/\"]}]},{\"@type\":\"BreadcrumbList\",\"@id\":\"https:\/\/afc.cat\/es\/activitat\/visita-guiada-a-la-exposicion-fotografica-cesar-malet-autoretrat-ironia-estetica-i-passio-arxiu-fotografic-de-barcelona\/#breadcrumb\",\"itemListElement\":[{\"@type\":\"ListItem\",\"position\":1,\"name\":\"Inicio\",\"item\":\"https:\/\/afc.cat\/es\/\"},{\"@type\":\"ListItem\",\"position\":2,\"name\":\"Visita guiada a la exposici\u00f3n fotogr\u00e1fica : C\u00e8sar Malet. Autoretrat. Ironia, est\u00e8tica i passi\u00f3. Arxiu Fotogr\u00e0fic de Barcelona\"}]},{\"@type\":\"WebSite\",\"@id\":\"https:\/\/afc.cat\/es\/#website\",\"url\":\"https:\/\/afc.cat\/es\/\",\"name\":\"Agrupaci\u00f3 Fotogr\u00e0fica de Catalunya\",\"description\":\"Fomento y divulgaci\u00f3n de la fotograf\u00eda en todas sus variedades\",\"potentialAction\":[{\"@type\":\"SearchAction\",\"target\":{\"@type\":\"EntryPoint\",\"urlTemplate\":\"https:\/\/afc.cat\/es\/?s={search_term_string}\"},\"query-input\":{\"@type\":\"PropertyValueSpecification\",\"valueRequired\":true,\"valueName\":\"search_term_string\"}}],\"inLanguage\":\"es\"}]}<\/script>\n<!-- \/ Yoast SEO plugin. -->","yoast_head_json":{"title":"Visita guiada a la exposici\u00f3n fotogr\u00e1fica : C\u00e8sar Malet. Autoretrat. Ironia, est\u00e8tica i passi\u00f3. Arxiu Fotogr\u00e0fic de Barcelona - Agrupaci\u00f3 Fotogr\u00e0fica de Catalunya","robots":{"index":"index","follow":"follow","max-snippet":"max-snippet:-1","max-image-preview":"max-image-preview:large","max-video-preview":"max-video-preview:-1"},"canonical":"https:\/\/afc.cat\/es\/activitat\/visita-guiada-a-la-exposicion-fotografica-cesar-malet-autoretrat-ironia-estetica-i-passio-arxiu-fotografic-de-barcelona\/","og_locale":"es_ES","og_type":"article","og_title":"Visita guiada a la exposici\u00f3n fotogr\u00e1fica : C\u00e8sar Malet. Autoretrat. Ironia, est\u00e8tica i passi\u00f3. Arxiu Fotogr\u00e0fic de Barcelona - Agrupaci\u00f3 Fotogr\u00e0fica de Catalunya","og_url":"https:\/\/afc.cat\/es\/activitat\/visita-guiada-a-la-exposicion-fotografica-cesar-malet-autoretrat-ironia-estetica-i-passio-arxiu-fotografic-de-barcelona\/","og_site_name":"Agrupaci\u00f3 Fotogr\u00e0fica de Catalunya","article_modified_time":"2026-03-27T17:05:23+00:00","twitter_card":"summary_large_image","twitter_misc":{"Tiempo de lectura":"7 minutos"},"schema":{"@context":"https:\/\/schema.org","@graph":[{"@type":"WebPage","@id":"https:\/\/afc.cat\/es\/activitat\/visita-guiada-a-la-exposicion-fotografica-cesar-malet-autoretrat-ironia-estetica-i-passio-arxiu-fotografic-de-barcelona\/","url":"https:\/\/afc.cat\/es\/activitat\/visita-guiada-a-la-exposicion-fotografica-cesar-malet-autoretrat-ironia-estetica-i-passio-arxiu-fotografic-de-barcelona\/","name":"Visita guiada a la exposici\u00f3n fotogr\u00e1fica : C\u00e8sar Malet. Autoretrat. Ironia, est\u00e8tica i passi\u00f3. Arxiu Fotogr\u00e0fic de Barcelona - Agrupaci\u00f3 Fotogr\u00e0fica de Catalunya","isPartOf":{"@id":"https:\/\/afc.cat\/es\/#website"},"datePublished":"2026-03-27T15:32:30+00:00","dateModified":"2026-03-27T17:05:23+00:00","breadcrumb":{"@id":"https:\/\/afc.cat\/es\/activitat\/visita-guiada-a-la-exposicion-fotografica-cesar-malet-autoretrat-ironia-estetica-i-passio-arxiu-fotografic-de-barcelona\/#breadcrumb"},"inLanguage":"es","potentialAction":[{"@type":"ReadAction","target":["https:\/\/afc.cat\/es\/activitat\/visita-guiada-a-la-exposicion-fotografica-cesar-malet-autoretrat-ironia-estetica-i-passio-arxiu-fotografic-de-barcelona\/"]}]},{"@type":"BreadcrumbList","@id":"https:\/\/afc.cat\/es\/activitat\/visita-guiada-a-la-exposicion-fotografica-cesar-malet-autoretrat-ironia-estetica-i-passio-arxiu-fotografic-de-barcelona\/#breadcrumb","itemListElement":[{"@type":"ListItem","position":1,"name":"Inicio","item":"https:\/\/afc.cat\/es\/"},{"@type":"ListItem","position":2,"name":"Visita guiada a la exposici\u00f3n fotogr\u00e1fica : C\u00e8sar Malet. Autoretrat. Ironia, est\u00e8tica i passi\u00f3. Arxiu Fotogr\u00e0fic de Barcelona"}]},{"@type":"WebSite","@id":"https:\/\/afc.cat\/es\/#website","url":"https:\/\/afc.cat\/es\/","name":"Agrupaci\u00f3 Fotogr\u00e0fica de Catalunya","description":"Fomento y divulgaci\u00f3n de la fotograf\u00eda en todas sus variedades","potentialAction":[{"@type":"SearchAction","target":{"@type":"EntryPoint","urlTemplate":"https:\/\/afc.cat\/es\/?s={search_term_string}"},"query-input":{"@type":"PropertyValueSpecification","valueRequired":true,"valueName":"search_term_string"}}],"inLanguage":"es"}]}},"_links":{"self":[{"href":"https:\/\/afc.cat\/es\/wp-json\/wp\/v2\/class\/46699","targetHints":{"allow":["GET"]}}],"collection":[{"href":"https:\/\/afc.cat\/es\/wp-json\/wp\/v2\/class"}],"about":[{"href":"https:\/\/afc.cat\/es\/wp-json\/wp\/v2\/types\/class"}],"wp:attachment":[{"href":"https:\/\/afc.cat\/es\/wp-json\/wp\/v2\/media?parent=46699"}],"wp:term":[{"taxonomy":"wcs-type","embeddable":true,"href":"https:\/\/afc.cat\/es\/wp-json\/wp\/v2\/wcs-type?post=46699"},{"taxonomy":"wcs-room","embeddable":true,"href":"https:\/\/afc.cat\/es\/wp-json\/wp\/v2\/wcs-room?post=46699"},{"taxonomy":"wcs-instructor","embeddable":true,"href":"https:\/\/afc.cat\/es\/wp-json\/wp\/v2\/wcs-instructor?post=46699"}],"curies":[{"name":"wp","href":"https:\/\/api.w.org\/{rel}","templated":true}]}}