{"id":18922,"date":"2021-02-19T13:27:32","date_gmt":"2021-02-19T11:27:32","guid":{"rendered":"http:\/\/afc-test.com.mialias.net\/?page_id=18922"},"modified":"2021-04-14T17:01:21","modified_gmt":"2021-04-14T15:01:21","slug":"que-hacemos","status":"publish","type":"page","link":"https:\/\/afc.cat\/es\/que-hacemos\/","title":{"rendered":"Qu\u00e9 hacemos"},"content":{"rendered":"<div class=\"fusion-fullwidth fullwidth-box fusion-builder-row-1 fusion-flex-container nonhundred-percent-fullwidth non-hundred-percent-height-scrolling\" style=\"background-color: rgba(255,255,255,0);background-position: center center;background-repeat: no-repeat;border-width: 0px 0px 0px 0px;border-color:#ffffff;border-style:solid;\" ><div class=\"fusion-builder-row fusion-row fusion-flex-align-items-flex-start\" style=\"max-width:1300px;margin-left: calc(-4% \/ 2 );margin-right: calc(-4% \/ 2 );\"><div class=\"fusion-layout-column fusion_builder_column fusion-builder-column-0 fusion_builder_column_1_1 1_1 fusion-flex-column\"><div class=\"fusion-column-wrapper fusion-flex-justify-content-flex-start fusion-content-layout-column\" style=\"background-position:left top;background-repeat:no-repeat;-webkit-background-size:cover;-moz-background-size:cover;-o-background-size:cover;background-size:cover;padding: 0px 0px 0px 0px;\"><div class=\"fusion-text fusion-text-1\"><p>\u00bfQuieres formarte en diversos aspectos de la fotograf\u00eda? \u00bfQuieres participar en actividades culturales de car\u00e1cter fotogr\u00e1fico? \u00bfQuieres compartir tu visi\u00f3n de la fotograf\u00eda con otros socios? \u00bfQuieres participar en el trabajo en el \u00e1mbito del patrimonio, o en uno de los varios grupos constituidos?<\/p>\n<p>La <strong>AFC<\/strong> ofrece un amplio abanico de servicios y actividades formativas, expositivas y de calle, organizadas y gestionadas mediante las diversas vocal\u00edas: de formaci\u00f3n, de cultura, de fotograf\u00eda de estudio, de retrato, de naturaleza, street, de patrimonio y de revelado anal\u00f3gico.<\/p>\n<p>La formaci\u00f3n propuesta por la <strong>AFC<\/strong> se desarrolla en dos grandes \u00e1mbitos, el informal y el formal. El primero se hace mediante los intercambios abiertos entre socios y socias en los encuentros tem\u00e1ticas dentro de los respectivos grupos, y tambi\u00e9n con los v\u00eddeos en el canal <strong>FotoTV AFC<\/strong>\u00a0de Youtube.<\/p>\n<p>Los grupos son abiertos y de adscripci\u00f3n seg\u00fan intereses de los participantes. Desarrollan un plan de trabajo anual.<\/p>\n<p>La formaci\u00f3n de tipo formal se realiza mediante talleres y cursos sobre diversos aspectos de inter\u00e9s. Cada trimestre se ofrece un programa de formaci\u00f3n espec\u00edfico. Los cursos de m\u00e1s de dos horas, as\u00ed como algunas actividades de retrato en el estudio, tienen unos costes &#8211; siempre ajustados &#8211; que se anuncian oportunamente. Los responsables de los diversos cursos y talleres son docentes y profesionales acreditados.<\/p>\n<p>De manera regular, en la <strong>Sala Bruno Argem\u00ed<\/strong>, encontrar\u00e1s tambi\u00e9n presentaciones y exposiciones fotogr\u00e1ficas de inter\u00e9s notable.<\/p>\n<p>Debido a la pandemia, la <strong>AFC<\/strong> ha desarrollado su actividad formativa, de concursos y de trabajo mediante encuentros con Zoom. En la medida de lo posible, las actividades Zoom convivir\u00e1n con las presenciales.<\/p>\n<p>Cordiales saludos,<\/p>\n<p>Agrupaci\u00f3 Fotogr\u00e0fica de Catalunya<\/p>\n<\/div><\/div><style type=\"text\/css\">.fusion-body .fusion-builder-column-0{width:100% !important;margin-top : 0px;margin-bottom : 20px;}.fusion-builder-column-0 > .fusion-column-wrapper {padding-top : 0px !important;padding-right : 0px !important;margin-right : 1.92%;padding-bottom : 0px !important;padding-left : 0px !important;margin-left : 1.92%;}@media only screen and (max-width:1024px) {.fusion-body .fusion-builder-column-0{width:100% !important;order : 0;}.fusion-builder-column-0 > .fusion-column-wrapper {margin-right : 1.92%;margin-left : 1.92%;}}@media only screen and (max-width:640px) {.fusion-body .fusion-builder-column-0{width:100% !important;order : 0;}.fusion-builder-column-0 > .fusion-column-wrapper {margin-right : 1.92%;margin-left : 1.92%;}}<\/style><\/div><\/div><style type=\"text\/css\">.fusion-body .fusion-flex-container.fusion-builder-row-1{ padding-top : 0px;margin-top : 0px;padding-right : 0px;padding-bottom : 0px;margin-bottom : 0px;padding-left : 0px;}<\/style><\/div>\n","protected":false},"excerpt":{"rendered":"","protected":false},"author":33,"featured_media":0,"parent":0,"menu_order":0,"comment_status":"closed","ping_status":"closed","template":"","meta":{"_acf_changed":false,"footnotes":""},"class_list":["post-18922","page","type-page","status-publish","hentry"],"acf":[],"yoast_head":"<!-- This site is optimized with the Yoast SEO plugin v27.5 - https:\/\/yoast.com\/product\/yoast-seo-wordpress\/ -->\n<title>Qu\u00e9 hacemos - Agrupaci\u00f3 Fotogr\u00e0fica de Catalunya<\/title>\n<meta name=\"robots\" content=\"index, follow, max-snippet:-1, max-image-preview:large, max-video-preview:-1\" \/>\n<link rel=\"canonical\" href=\"https:\/\/afc.cat\/es\/que-hacemos\/\" \/>\n<meta property=\"og:locale\" content=\"es_ES\" \/>\n<meta property=\"og:type\" content=\"article\" \/>\n<meta property=\"og:title\" content=\"Qu\u00e9 hacemos - Agrupaci\u00f3 Fotogr\u00e0fica de Catalunya\" \/>\n<meta property=\"og:url\" content=\"https:\/\/afc.cat\/es\/que-hacemos\/\" \/>\n<meta property=\"og:site_name\" content=\"Agrupaci\u00f3 Fotogr\u00e0fica de Catalunya\" \/>\n<meta property=\"article:modified_time\" content=\"2021-04-14T15:01:21+00:00\" \/>\n<meta name=\"twitter:card\" content=\"summary_large_image\" \/>\n<meta name=\"twitter:label1\" content=\"Tiempo de lectura\" \/>\n\t<meta name=\"twitter:data1\" content=\"2 minutos\" \/>\n<script type=\"application\/ld+json\" class=\"yoast-schema-graph\">{\"@context\":\"https:\\\/\\\/schema.org\",\"@graph\":[{\"@type\":\"WebPage\",\"@id\":\"https:\\\/\\\/afc.cat\\\/es\\\/que-hacemos\\\/\",\"url\":\"https:\\\/\\\/afc.cat\\\/es\\\/que-hacemos\\\/\",\"name\":\"Qu\u00e9 hacemos - Agrupaci\u00f3 Fotogr\u00e0fica de Catalunya\",\"isPartOf\":{\"@id\":\"https:\\\/\\\/afc.cat\\\/es\\\/#website\"},\"datePublished\":\"2021-02-19T11:27:32+00:00\",\"dateModified\":\"2021-04-14T15:01:21+00:00\",\"breadcrumb\":{\"@id\":\"https:\\\/\\\/afc.cat\\\/es\\\/que-hacemos\\\/#breadcrumb\"},\"inLanguage\":\"es\",\"potentialAction\":[{\"@type\":\"ReadAction\",\"target\":[\"https:\\\/\\\/afc.cat\\\/es\\\/que-hacemos\\\/\"]}]},{\"@type\":\"BreadcrumbList\",\"@id\":\"https:\\\/\\\/afc.cat\\\/es\\\/que-hacemos\\\/#breadcrumb\",\"itemListElement\":[{\"@type\":\"ListItem\",\"position\":1,\"name\":\"Inicio\",\"item\":\"https:\\\/\\\/afc.cat\\\/es\\\/\"},{\"@type\":\"ListItem\",\"position\":2,\"name\":\"Qu\u00e9 hacemos\"}]},{\"@type\":\"WebSite\",\"@id\":\"https:\\\/\\\/afc.cat\\\/es\\\/#website\",\"url\":\"https:\\\/\\\/afc.cat\\\/es\\\/\",\"name\":\"Agrupaci\u00f3 Fotogr\u00e0fica de Catalunya\",\"description\":\"Fomento y divulgaci\u00f3n de la fotograf\u00eda en todas sus variedades\",\"potentialAction\":[{\"@type\":\"SearchAction\",\"target\":{\"@type\":\"EntryPoint\",\"urlTemplate\":\"https:\\\/\\\/afc.cat\\\/es\\\/?s={search_term_string}\"},\"query-input\":{\"@type\":\"PropertyValueSpecification\",\"valueRequired\":true,\"valueName\":\"search_term_string\"}}],\"inLanguage\":\"es\"}]}<\/script>\n<!-- \/ Yoast SEO plugin. -->","yoast_head_json":{"title":"Qu\u00e9 hacemos - Agrupaci\u00f3 Fotogr\u00e0fica de Catalunya","robots":{"index":"index","follow":"follow","max-snippet":"max-snippet:-1","max-image-preview":"max-image-preview:large","max-video-preview":"max-video-preview:-1"},"canonical":"https:\/\/afc.cat\/es\/que-hacemos\/","og_locale":"es_ES","og_type":"article","og_title":"Qu\u00e9 hacemos - Agrupaci\u00f3 Fotogr\u00e0fica de Catalunya","og_url":"https:\/\/afc.cat\/es\/que-hacemos\/","og_site_name":"Agrupaci\u00f3 Fotogr\u00e0fica de Catalunya","article_modified_time":"2021-04-14T15:01:21+00:00","twitter_card":"summary_large_image","twitter_misc":{"Tiempo de lectura":"2 minutos"},"schema":{"@context":"https:\/\/schema.org","@graph":[{"@type":"WebPage","@id":"https:\/\/afc.cat\/es\/que-hacemos\/","url":"https:\/\/afc.cat\/es\/que-hacemos\/","name":"Qu\u00e9 hacemos - Agrupaci\u00f3 Fotogr\u00e0fica de Catalunya","isPartOf":{"@id":"https:\/\/afc.cat\/es\/#website"},"datePublished":"2021-02-19T11:27:32+00:00","dateModified":"2021-04-14T15:01:21+00:00","breadcrumb":{"@id":"https:\/\/afc.cat\/es\/que-hacemos\/#breadcrumb"},"inLanguage":"es","potentialAction":[{"@type":"ReadAction","target":["https:\/\/afc.cat\/es\/que-hacemos\/"]}]},{"@type":"BreadcrumbList","@id":"https:\/\/afc.cat\/es\/que-hacemos\/#breadcrumb","itemListElement":[{"@type":"ListItem","position":1,"name":"Inicio","item":"https:\/\/afc.cat\/es\/"},{"@type":"ListItem","position":2,"name":"Qu\u00e9 hacemos"}]},{"@type":"WebSite","@id":"https:\/\/afc.cat\/es\/#website","url":"https:\/\/afc.cat\/es\/","name":"Agrupaci\u00f3 Fotogr\u00e0fica de Catalunya","description":"Fomento y divulgaci\u00f3n de la fotograf\u00eda en todas sus variedades","potentialAction":[{"@type":"SearchAction","target":{"@type":"EntryPoint","urlTemplate":"https:\/\/afc.cat\/es\/?s={search_term_string}"},"query-input":{"@type":"PropertyValueSpecification","valueRequired":true,"valueName":"search_term_string"}}],"inLanguage":"es"}]}},"_links":{"self":[{"href":"https:\/\/afc.cat\/es\/wp-json\/wp\/v2\/pages\/18922","targetHints":{"allow":["GET"]}}],"collection":[{"href":"https:\/\/afc.cat\/es\/wp-json\/wp\/v2\/pages"}],"about":[{"href":"https:\/\/afc.cat\/es\/wp-json\/wp\/v2\/types\/page"}],"author":[{"embeddable":true,"href":"https:\/\/afc.cat\/es\/wp-json\/wp\/v2\/users\/33"}],"replies":[{"embeddable":true,"href":"https:\/\/afc.cat\/es\/wp-json\/wp\/v2\/comments?post=18922"}],"version-history":[{"count":5,"href":"https:\/\/afc.cat\/es\/wp-json\/wp\/v2\/pages\/18922\/revisions"}],"predecessor-version":[{"id":19651,"href":"https:\/\/afc.cat\/es\/wp-json\/wp\/v2\/pages\/18922\/revisions\/19651"}],"wp:attachment":[{"href":"https:\/\/afc.cat\/es\/wp-json\/wp\/v2\/media?parent=18922"}],"curies":[{"name":"wp","href":"https:\/\/api.w.org\/{rel}","templated":true}]}}