{"id":26158,"date":"2022-02-11T15:03:54","date_gmt":"2022-02-11T13:03:54","guid":{"rendered":"https:\/\/afc.cat\/exposicio-de-fotografies\/"},"modified":"2023-01-30T17:04:10","modified_gmt":"2023-01-30T15:04:10","slug":"exposicio-de-fotografies","status":"publish","type":"page","link":"https:\/\/afc.cat\/es\/exposicio-de-fotografies\/","title":{"rendered":"Galer\u00eda de im\u00e1genes AFC"},"content":{"rendered":"<div class=\"fusion-fullwidth fullwidth-box fusion-builder-row-1 fusion-flex-container nonhundred-percent-fullwidth non-hundred-percent-height-scrolling\" style=\"background-color: rgba(255,255,255,0);background-position: center center;background-repeat: no-repeat;border-width: 0px 0px 0px 0px;border-color:#ffffff;border-style:solid;\" ><div class=\"fusion-builder-row fusion-row fusion-flex-align-items-flex-start\" style=\"max-width:1300px;margin-left: calc(-4% \/ 2 );margin-right: calc(-4% \/ 2 );\"><div class=\"fusion-layout-column fusion_builder_column fusion-builder-column-0 fusion_builder_column_1_1 1_1 fusion-flex-column\"><div class=\"fusion-column-wrapper fusion-flex-justify-content-flex-start fusion-content-layout-column\" style=\"background-position:left top;background-repeat:no-repeat;-webkit-background-size:cover;-moz-background-size:cover;-o-background-size:cover;background-size:cover;padding: 0px 0px 0px 0px;\"><div class=\"fusion-text fusion-text-1\"><h2 style=\"text-align: center;\">Las mejores im\u00e1genes de nuestros asociados<\/h2>\n<\/div><style type=\"text\/css\">.fusion-gallery-1 .fusion-gallery-image {border:0px solid #e2e2e2;}<\/style><div class=\"fusion-gallery fusion-gallery-container fusion-grid-3 fusion-columns-total-55 fusion-gallery-layout-grid fusion-gallery-1\" style=\"margin:-5px;\"><div style=\"padding:5px;\" class=\"fusion-grid-column fusion-gallery-column fusion-gallery-column-3 hover-type-zoomin\"><div class=\"fusion-gallery-image\"><a href=\"https:\/\/afc.cat\/wp-content\/uploads\/2023\/01\/carles_punyet_Pandemia.jpg\" data-title=\"Autor\/a: Carles Punyet\" title=\"Autor\/a: Carles Punyet\" rel=\"noreferrer\" data-rel=\"iLightbox[gallery_image_1]\" class=\"fusion-lightbox\" target=\"_self\"><img decoding=\"async\" src=\"https:\/\/afc.cat\/wp-content\/uploads\/2023\/01\/carles_punyet_Pandemia.jpg\" width=\"1600\" height=\"1248\" alt=\"Autor\/a: Carles Punyet\" title=\"Autor\/a: Carles Punyet\" aria-label=\"Autor\/a: Carles Punyet\" class=\"img-responsive wp-image-30580\" srcset=\"https:\/\/afc.cat\/wp-content\/uploads\/2023\/01\/carles_punyet_Pandemia-200x156.jpg 200w, https:\/\/afc.cat\/wp-content\/uploads\/2023\/01\/carles_punyet_Pandemia-400x312.jpg 400w, https:\/\/afc.cat\/wp-content\/uploads\/2023\/01\/carles_punyet_Pandemia-600x468.jpg 600w, https:\/\/afc.cat\/wp-content\/uploads\/2023\/01\/carles_punyet_Pandemia-800x624.jpg 800w, https:\/\/afc.cat\/wp-content\/uploads\/2023\/01\/carles_punyet_Pandemia-1200x936.jpg 1200w, https:\/\/afc.cat\/wp-content\/uploads\/2023\/01\/carles_punyet_Pandemia.jpg 1600w\" sizes=\"(min-width: 2200px) 100vw, (min-width: 832px) 413px, (min-width: 736px) 620px, (min-width: 640px) 736px, \" \/><\/a><\/div><\/div><div style=\"padding:5px;\" class=\"fusion-grid-column fusion-gallery-column fusion-gallery-column-3 hover-type-zoomin\"><div class=\"fusion-gallery-image\"><a href=\"https:\/\/afc.cat\/wp-content\/uploads\/2023\/01\/Albert-canellas-xarau-Barcelona-en-Pandemia.jpg\" data-title=\"Autor\/a: Albert Ca\u00f1ellas Xarau\" title=\"Autor\/a: Albert Ca\u00f1ellas Xarau\" rel=\"noreferrer\" data-rel=\"iLightbox[gallery_image_1]\" class=\"fusion-lightbox\" target=\"_self\"><img decoding=\"async\" src=\"https:\/\/afc.cat\/wp-content\/uploads\/2023\/01\/Albert-canellas-xarau-Barcelona-en-Pandemia.jpg\" width=\"884\" height=\"900\" alt=\"Autor\/a: Albert Ca\u00f1ellas Xarau\" title=\"Autor\/a: Albert Ca\u00f1ellas Xarau\" aria-label=\"Autor\/a: Albert Ca\u00f1ellas Xarau\" class=\"img-responsive wp-image-30578\" srcset=\"https:\/\/afc.cat\/wp-content\/uploads\/2023\/01\/Albert-canellas-xarau-Barcelona-en-Pandemia-200x204.jpg 200w, https:\/\/afc.cat\/wp-content\/uploads\/2023\/01\/Albert-canellas-xarau-Barcelona-en-Pandemia-400x407.jpg 400w, https:\/\/afc.cat\/wp-content\/uploads\/2023\/01\/Albert-canellas-xarau-Barcelona-en-Pandemia-600x611.jpg 600w, https:\/\/afc.cat\/wp-content\/uploads\/2023\/01\/Albert-canellas-xarau-Barcelona-en-Pandemia-800x814.jpg 800w, https:\/\/afc.cat\/wp-content\/uploads\/2023\/01\/Albert-canellas-xarau-Barcelona-en-Pandemia.jpg 884w\" sizes=\"(min-width: 2200px) 100vw, (min-width: 832px) 413px, (min-width: 736px) 620px, (min-width: 640px) 736px, \" \/><\/a><\/div><\/div><div style=\"padding:5px;\" class=\"fusion-grid-column fusion-gallery-column fusion-gallery-column-3 hover-type-zoomin\"><div class=\"fusion-gallery-image\"><a href=\"https:\/\/afc.cat\/wp-content\/uploads\/2023\/01\/Com-sestimen-Manel-Mataro-Pons.jpg\" data-title=\"Autor\/a: Manel Matar\u00f3 Pons\" title=\"Autor\/a: Manel Matar\u00f3 Pons\" rel=\"noreferrer\" data-rel=\"iLightbox[gallery_image_1]\" class=\"fusion-lightbox\" target=\"_self\"><img decoding=\"async\" src=\"https:\/\/afc.cat\/wp-content\/uploads\/2023\/01\/Com-sestimen-Manel-Mataro-Pons.jpg\" width=\"1600\" height=\"1205\" alt=\"Manel Matar\u00f3 Pons\" title=\"Autor\/a: Manel Matar\u00f3 Pons\" aria-label=\"Autor\/a: Manel Matar\u00f3 Pons\" class=\"img-responsive wp-image-30582\" srcset=\"https:\/\/afc.cat\/wp-content\/uploads\/2023\/01\/Com-sestimen-Manel-Mataro-Pons-200x151.jpg 200w, https:\/\/afc.cat\/wp-content\/uploads\/2023\/01\/Com-sestimen-Manel-Mataro-Pons-400x301.jpg 400w, https:\/\/afc.cat\/wp-content\/uploads\/2023\/01\/Com-sestimen-Manel-Mataro-Pons-600x452.jpg 600w, https:\/\/afc.cat\/wp-content\/uploads\/2023\/01\/Com-sestimen-Manel-Mataro-Pons-800x603.jpg 800w, https:\/\/afc.cat\/wp-content\/uploads\/2023\/01\/Com-sestimen-Manel-Mataro-Pons-1200x904.jpg 1200w, https:\/\/afc.cat\/wp-content\/uploads\/2023\/01\/Com-sestimen-Manel-Mataro-Pons.jpg 1600w\" sizes=\"(min-width: 2200px) 100vw, (min-width: 832px) 413px, (min-width: 736px) 620px, (min-width: 640px) 736px, \" \/><\/a><\/div><\/div><div class=\"clearfix\"><\/div><div style=\"padding:5px;\" class=\"fusion-grid-column fusion-gallery-column fusion-gallery-column-3 hover-type-zoomin\"><div class=\"fusion-gallery-image\"><a href=\"https:\/\/afc.cat\/wp-content\/uploads\/2023\/01\/Pescant-entre-la-boira-Nuria-Prat.jpg\" data-title=\"Autor\/a: Nuria Prat\" title=\"Autor\/a: Nuria Prat\" rel=\"noreferrer\" data-rel=\"iLightbox[gallery_image_1]\" class=\"fusion-lightbox\" target=\"_self\"><img decoding=\"async\" src=\"https:\/\/afc.cat\/wp-content\/uploads\/2023\/01\/Pescant-entre-la-boira-Nuria-Prat.jpg\" width=\"1600\" height=\"977\" alt=\"Nuria Prat\" title=\"Autor\/a: Nuria Prat\" aria-label=\"Autor\/a: Nuria Prat\" class=\"img-responsive wp-image-30584\" srcset=\"https:\/\/afc.cat\/wp-content\/uploads\/2023\/01\/Pescant-entre-la-boira-Nuria-Prat-200x122.jpg 200w, https:\/\/afc.cat\/wp-content\/uploads\/2023\/01\/Pescant-entre-la-boira-Nuria-Prat-400x244.jpg 400w, https:\/\/afc.cat\/wp-content\/uploads\/2023\/01\/Pescant-entre-la-boira-Nuria-Prat-600x366.jpg 600w, https:\/\/afc.cat\/wp-content\/uploads\/2023\/01\/Pescant-entre-la-boira-Nuria-Prat-800x489.jpg 800w, https:\/\/afc.cat\/wp-content\/uploads\/2023\/01\/Pescant-entre-la-boira-Nuria-Prat-1200x733.jpg 1200w, https:\/\/afc.cat\/wp-content\/uploads\/2023\/01\/Pescant-entre-la-boira-Nuria-Prat.jpg 1600w\" sizes=\"(min-width: 2200px) 100vw, (min-width: 832px) 413px, (min-width: 736px) 620px, (min-width: 640px) 736px, \" \/><\/a><\/div><\/div><div style=\"padding:5px;\" class=\"fusion-grid-column fusion-gallery-column fusion-gallery-column-3 hover-type-zoomin\"><div class=\"fusion-gallery-image\"><a href=\"https:\/\/afc.cat\/wp-content\/uploads\/2022\/07\/Josep-Blanch-25.jpg\" data-title=\"Autor\/a: Josep Blanch\" title=\"Autor\/a: Josep Blanch\" rel=\"noreferrer\" data-rel=\"iLightbox[gallery_image_1]\" class=\"fusion-lightbox\" target=\"_self\"><img decoding=\"async\" src=\"https:\/\/afc.cat\/wp-content\/uploads\/2022\/07\/Josep-Blanch-25.jpg\" width=\"1223\" height=\"900\" alt=\"\" title=\"Autor\/a: Josep Blanch\" aria-label=\"Autor\/a: Josep Blanch\" class=\"img-responsive wp-image-28534\" srcset=\"https:\/\/afc.cat\/wp-content\/uploads\/2022\/07\/Josep-Blanch-25-200x147.jpg 200w, https:\/\/afc.cat\/wp-content\/uploads\/2022\/07\/Josep-Blanch-25-400x294.jpg 400w, https:\/\/afc.cat\/wp-content\/uploads\/2022\/07\/Josep-Blanch-25-600x442.jpg 600w, https:\/\/afc.cat\/wp-content\/uploads\/2022\/07\/Josep-Blanch-25-800x589.jpg 800w, https:\/\/afc.cat\/wp-content\/uploads\/2022\/07\/Josep-Blanch-25-1200x883.jpg 1200w, https:\/\/afc.cat\/wp-content\/uploads\/2022\/07\/Josep-Blanch-25.jpg 1223w\" sizes=\"(min-width: 2200px) 100vw, (min-width: 832px) 413px, (min-width: 736px) 620px, (min-width: 640px) 736px, \" \/><\/a><\/div><\/div><div style=\"padding:5px;\" class=\"fusion-grid-column fusion-gallery-column fusion-gallery-column-3 hover-type-zoomin\"><div class=\"fusion-gallery-image\"><a href=\"https:\/\/afc.cat\/wp-content\/uploads\/2022\/06\/Autor-a-Sara-Assens.jpg\" data-title=\"Autor\/a: Sara Assens\" title=\"Autor\/a: Sara Assens\" rel=\"noreferrer\" data-rel=\"iLightbox[gallery_image_1]\" class=\"fusion-lightbox\" target=\"_self\"><img decoding=\"async\" src=\"https:\/\/afc.cat\/wp-content\/uploads\/2022\/06\/Autor-a-Sara-Assens.jpg\" width=\"1600\" height=\"1067\" alt=\"\" title=\"Autor\/a: Sara Assens\" aria-label=\"Autor\/a: Sara Assens\" class=\"img-responsive wp-image-28154\" srcset=\"https:\/\/afc.cat\/wp-content\/uploads\/2022\/06\/Autor-a-Sara-Assens-200x133.jpg 200w, https:\/\/afc.cat\/wp-content\/uploads\/2022\/06\/Autor-a-Sara-Assens-400x267.jpg 400w, https:\/\/afc.cat\/wp-content\/uploads\/2022\/06\/Autor-a-Sara-Assens-600x400.jpg 600w, https:\/\/afc.cat\/wp-content\/uploads\/2022\/06\/Autor-a-Sara-Assens-800x534.jpg 800w, https:\/\/afc.cat\/wp-content\/uploads\/2022\/06\/Autor-a-Sara-Assens-1200x800.jpg 1200w, https:\/\/afc.cat\/wp-content\/uploads\/2022\/06\/Autor-a-Sara-Assens.jpg 1600w\" sizes=\"(min-width: 2200px) 100vw, (min-width: 832px) 413px, (min-width: 736px) 620px, (min-width: 640px) 736px, \" \/><\/a><\/div><\/div><div class=\"clearfix\"><\/div><div style=\"padding:5px;\" class=\"fusion-grid-column fusion-gallery-column fusion-gallery-column-3 hover-type-zoomin\"><div class=\"fusion-gallery-image\"><a href=\"https:\/\/afc.cat\/wp-content\/uploads\/2022\/11\/Josep-Blanch.jpg\" data-title=\"Autor\/a: Josep Blanch\" title=\"Autor\/a: Josep Blanch\" rel=\"noreferrer\" data-rel=\"iLightbox[gallery_image_1]\" class=\"fusion-lightbox\" target=\"_self\"><img decoding=\"async\" src=\"https:\/\/afc.cat\/wp-content\/uploads\/2022\/11\/Josep-Blanch.jpg\" width=\"1600\" height=\"1193\" alt=\"\" title=\"Autor\/a: Josep Blanch\" aria-label=\"Autor\/a: Josep Blanch\" class=\"img-responsive wp-image-29625\" srcset=\"https:\/\/afc.cat\/wp-content\/uploads\/2022\/11\/Josep-Blanch-200x149.jpg 200w, https:\/\/afc.cat\/wp-content\/uploads\/2022\/11\/Josep-Blanch-400x298.jpg 400w, https:\/\/afc.cat\/wp-content\/uploads\/2022\/11\/Josep-Blanch-600x447.jpg 600w, https:\/\/afc.cat\/wp-content\/uploads\/2022\/11\/Josep-Blanch-800x597.jpg 800w, https:\/\/afc.cat\/wp-content\/uploads\/2022\/11\/Josep-Blanch-1200x895.jpg 1200w, https:\/\/afc.cat\/wp-content\/uploads\/2022\/11\/Josep-Blanch.jpg 1600w\" sizes=\"(min-width: 2200px) 100vw, (min-width: 832px) 413px, (min-width: 736px) 620px, (min-width: 640px) 736px, \" \/><\/a><\/div><\/div><div style=\"padding:5px;\" class=\"fusion-grid-column fusion-gallery-column fusion-gallery-column-3 hover-type-zoomin\"><div class=\"fusion-gallery-image\"><a href=\"https:\/\/afc.cat\/wp-content\/uploads\/2022\/11\/Ordre_Josep-Blanch-ok.jpg\" data-title=\"Autor\/a: Josep Blanch\" title=\"Autor\/a: Josep Blanch\" rel=\"noreferrer\" data-rel=\"iLightbox[gallery_image_1]\" class=\"fusion-lightbox\" target=\"_self\"><img decoding=\"async\" src=\"https:\/\/afc.cat\/wp-content\/uploads\/2022\/11\/Ordre_Josep-Blanch-ok.jpg\" width=\"1600\" height=\"1094\" alt=\"\" title=\"Autor\/a: Josep Blanch\" aria-label=\"Autor\/a: Josep Blanch\" class=\"img-responsive wp-image-29629\" srcset=\"https:\/\/afc.cat\/wp-content\/uploads\/2022\/11\/Ordre_Josep-Blanch-ok-200x137.jpg 200w, https:\/\/afc.cat\/wp-content\/uploads\/2022\/11\/Ordre_Josep-Blanch-ok-400x274.jpg 400w, https:\/\/afc.cat\/wp-content\/uploads\/2022\/11\/Ordre_Josep-Blanch-ok-600x410.jpg 600w, https:\/\/afc.cat\/wp-content\/uploads\/2022\/11\/Ordre_Josep-Blanch-ok-800x547.jpg 800w, https:\/\/afc.cat\/wp-content\/uploads\/2022\/11\/Ordre_Josep-Blanch-ok-1200x821.jpg 1200w, https:\/\/afc.cat\/wp-content\/uploads\/2022\/11\/Ordre_Josep-Blanch-ok.jpg 1600w\" sizes=\"(min-width: 2200px) 100vw, (min-width: 832px) 413px, (min-width: 736px) 620px, (min-width: 640px) 736px, \" \/><\/a><\/div><\/div><div style=\"padding:5px;\" class=\"fusion-grid-column fusion-gallery-column fusion-gallery-column-3 hover-type-zoomin\"><div class=\"fusion-gallery-image\"><a href=\"https:\/\/afc.cat\/wp-content\/uploads\/2022\/11\/Teresa-Tejero.jpg\" data-title=\"Autor\/a: Teresa Tejero\" title=\"Autor\/a: Teresa Tejero\" rel=\"noreferrer\" data-rel=\"iLightbox[gallery_image_1]\" class=\"fusion-lightbox\" target=\"_self\"><img decoding=\"async\" src=\"https:\/\/afc.cat\/wp-content\/uploads\/2022\/11\/Teresa-Tejero.jpg\" width=\"675\" height=\"900\" alt=\"\" title=\"Autor\/a: Teresa Tejero\" aria-label=\"Autor\/a: Teresa Tejero\" class=\"img-responsive wp-image-29633\" srcset=\"https:\/\/afc.cat\/wp-content\/uploads\/2022\/11\/Teresa-Tejero-200x267.jpg 200w, https:\/\/afc.cat\/wp-content\/uploads\/2022\/11\/Teresa-Tejero-400x533.jpg 400w, https:\/\/afc.cat\/wp-content\/uploads\/2022\/11\/Teresa-Tejero-600x800.jpg 600w, https:\/\/afc.cat\/wp-content\/uploads\/2022\/11\/Teresa-Tejero.jpg 675w\" sizes=\"(min-width: 2200px) 100vw, (min-width: 832px) 413px, (min-width: 736px) 620px, (min-width: 640px) 736px, \" \/><\/a><\/div><\/div><div class=\"clearfix\"><\/div><div style=\"padding:5px;\" class=\"fusion-grid-column fusion-gallery-column fusion-gallery-column-3 hover-type-zoomin\"><div class=\"fusion-gallery-image\"><a href=\"https:\/\/afc.cat\/wp-content\/uploads\/2022\/11\/Vicenc-Lafebre-2.jpg\" data-title=\"Autor\/a: Vicen\u00e7 Lafebre\" title=\"Autor\/a: Vicen\u00e7 Lafebre\" rel=\"noreferrer\" data-rel=\"iLightbox[gallery_image_1]\" class=\"fusion-lightbox\" target=\"_self\"><img decoding=\"async\" src=\"https:\/\/afc.cat\/wp-content\/uploads\/2022\/11\/Vicenc-Lafebre-2.jpg\" width=\"1512\" height=\"935\" alt=\"\" title=\"Autor\/a: Vicen\u00e7 Lafebre\" aria-label=\"Autor\/a: Vicen\u00e7 Lafebre\" class=\"img-responsive wp-image-29635\" srcset=\"https:\/\/afc.cat\/wp-content\/uploads\/2022\/11\/Vicenc-Lafebre-2-200x124.jpg 200w, https:\/\/afc.cat\/wp-content\/uploads\/2022\/11\/Vicenc-Lafebre-2-400x247.jpg 400w, https:\/\/afc.cat\/wp-content\/uploads\/2022\/11\/Vicenc-Lafebre-2-600x371.jpg 600w, https:\/\/afc.cat\/wp-content\/uploads\/2022\/11\/Vicenc-Lafebre-2-800x495.jpg 800w, https:\/\/afc.cat\/wp-content\/uploads\/2022\/11\/Vicenc-Lafebre-2-1200x742.jpg 1200w, https:\/\/afc.cat\/wp-content\/uploads\/2022\/11\/Vicenc-Lafebre-2.jpg 1512w\" sizes=\"(min-width: 2200px) 100vw, (min-width: 832px) 413px, (min-width: 736px) 620px, (min-width: 640px) 736px, \" \/><\/a><\/div><\/div><div style=\"padding:5px;\" class=\"fusion-grid-column fusion-gallery-column fusion-gallery-column-3 hover-type-zoomin\"><div class=\"fusion-gallery-image\"><a href=\"https:\/\/afc.cat\/wp-content\/uploads\/2022\/11\/Alber-Canellas-2.jpg\" data-title=\"Autor\/a: Albert Ca\u00f1ellas\" title=\"Autor\/a: Albert Ca\u00f1ellas\" rel=\"noreferrer\" data-rel=\"iLightbox[gallery_image_1]\" class=\"fusion-lightbox\" target=\"_self\"><img decoding=\"async\" src=\"https:\/\/afc.cat\/wp-content\/uploads\/2022\/11\/Alber-Canellas-2.jpg\" width=\"800\" height=\"800\" alt=\"\" title=\"Autor\/a: Albert Ca\u00f1ellas\" aria-label=\"Autor\/a: Albert Ca\u00f1ellas\" class=\"img-responsive wp-image-29621\" srcset=\"https:\/\/afc.cat\/wp-content\/uploads\/2022\/11\/Alber-Canellas-2-200x200.jpg 200w, https:\/\/afc.cat\/wp-content\/uploads\/2022\/11\/Alber-Canellas-2-400x400.jpg 400w, https:\/\/afc.cat\/wp-content\/uploads\/2022\/11\/Alber-Canellas-2-600x600.jpg 600w, https:\/\/afc.cat\/wp-content\/uploads\/2022\/11\/Alber-Canellas-2.jpg 800w\" sizes=\"(min-width: 2200px) 100vw, (min-width: 832px) 413px, (min-width: 736px) 620px, (min-width: 640px) 736px, \" \/><\/a><\/div><\/div><div style=\"padding:5px;\" class=\"fusion-grid-column fusion-gallery-column fusion-gallery-column-3 hover-type-zoomin\"><div class=\"fusion-gallery-image\"><a href=\"https:\/\/afc.cat\/wp-content\/uploads\/2022\/11\/Teresa-Tejero-2.jpg\" data-title=\"Autor\/a: Teresa Tejero\" title=\"Autor\/a: Teresa Tejero\" rel=\"noreferrer\" data-rel=\"iLightbox[gallery_image_1]\" class=\"fusion-lightbox\" target=\"_self\"><img decoding=\"async\" src=\"https:\/\/afc.cat\/wp-content\/uploads\/2022\/11\/Teresa-Tejero-2.jpg\" width=\"1600\" height=\"1200\" alt=\"\" title=\"Autor\/a: Teresa Tejero\" aria-label=\"Autor\/a: Teresa Tejero\" class=\"img-responsive wp-image-29631\" srcset=\"https:\/\/afc.cat\/wp-content\/uploads\/2022\/11\/Teresa-Tejero-2-200x150.jpg 200w, https:\/\/afc.cat\/wp-content\/uploads\/2022\/11\/Teresa-Tejero-2-400x300.jpg 400w, https:\/\/afc.cat\/wp-content\/uploads\/2022\/11\/Teresa-Tejero-2-600x450.jpg 600w, https:\/\/afc.cat\/wp-content\/uploads\/2022\/11\/Teresa-Tejero-2-800x600.jpg 800w, https:\/\/afc.cat\/wp-content\/uploads\/2022\/11\/Teresa-Tejero-2-1200x900.jpg 1200w, https:\/\/afc.cat\/wp-content\/uploads\/2022\/11\/Teresa-Tejero-2.jpg 1600w\" sizes=\"(min-width: 2200px) 100vw, (min-width: 832px) 413px, (min-width: 736px) 620px, (min-width: 640px) 736px, \" \/><\/a><\/div><\/div><div class=\"clearfix\"><\/div><div style=\"padding:5px;\" class=\"fusion-grid-column fusion-gallery-column fusion-gallery-column-3 hover-type-zoomin\"><div class=\"fusion-gallery-image\"><a href=\"https:\/\/afc.cat\/wp-content\/uploads\/2022\/05\/Tardor_Jblanch.jpg\" data-title=\"Autor\/a: Josep Blanch\" title=\"Autor\/a: Josep Blanch\" rel=\"noreferrer\" data-rel=\"iLightbox[gallery_image_1]\" class=\"fusion-lightbox\" target=\"_self\"><img decoding=\"async\" src=\"https:\/\/afc.cat\/wp-content\/uploads\/2022\/05\/Tardor_Jblanch.jpg\" width=\"600\" height=\"800\" alt=\"Autor\/a: Josep Blanch\" title=\"Autor\/a: Josep Blanch\" aria-label=\"Autor\/a: Josep Blanch\" class=\"img-responsive wp-image-27822\" srcset=\"https:\/\/afc.cat\/wp-content\/uploads\/2022\/05\/Tardor_Jblanch-200x267.jpg 200w, https:\/\/afc.cat\/wp-content\/uploads\/2022\/05\/Tardor_Jblanch-400x533.jpg 400w, https:\/\/afc.cat\/wp-content\/uploads\/2022\/05\/Tardor_Jblanch.jpg 600w\" sizes=\"(min-width: 2200px) 100vw, (min-width: 832px) 413px, (min-width: 736px) 620px, (min-width: 640px) 736px, \" \/><\/a><\/div><\/div><div style=\"padding:5px;\" class=\"fusion-grid-column fusion-gallery-column fusion-gallery-column-3 hover-type-zoomin\"><div class=\"fusion-gallery-image\"><a href=\"https:\/\/afc.cat\/wp-content\/uploads\/2022\/11\/Vicenc-Lafebre.jpg\" data-title=\"Autor\/a: Vicen\u00e7 Lafebre\" title=\"Autor\/a: Vicen\u00e7 Lafebre\" rel=\"noreferrer\" data-rel=\"iLightbox[gallery_image_1]\" class=\"fusion-lightbox\" target=\"_self\"><img decoding=\"async\" src=\"https:\/\/afc.cat\/wp-content\/uploads\/2022\/11\/Vicenc-Lafebre.jpg\" width=\"1600\" height=\"1067\" alt=\"\" title=\"Autor\/a: Vicen\u00e7 Lafebre\" aria-label=\"Autor\/a: Vicen\u00e7 Lafebre\" class=\"img-responsive wp-image-29637\" srcset=\"https:\/\/afc.cat\/wp-content\/uploads\/2022\/11\/Vicenc-Lafebre-200x133.jpg 200w, https:\/\/afc.cat\/wp-content\/uploads\/2022\/11\/Vicenc-Lafebre-400x267.jpg 400w, https:\/\/afc.cat\/wp-content\/uploads\/2022\/11\/Vicenc-Lafebre-600x400.jpg 600w, https:\/\/afc.cat\/wp-content\/uploads\/2022\/11\/Vicenc-Lafebre-800x534.jpg 800w, https:\/\/afc.cat\/wp-content\/uploads\/2022\/11\/Vicenc-Lafebre-1200x800.jpg 1200w, https:\/\/afc.cat\/wp-content\/uploads\/2022\/11\/Vicenc-Lafebre.jpg 1600w\" sizes=\"(min-width: 2200px) 100vw, (min-width: 832px) 413px, (min-width: 736px) 620px, (min-width: 640px) 736px, \" \/><\/a><\/div><\/div><div style=\"padding:5px;\" class=\"fusion-grid-column fusion-gallery-column fusion-gallery-column-3 hover-type-zoomin\"><div class=\"fusion-gallery-image\"><a href=\"https:\/\/afc.cat\/wp-content\/uploads\/2022\/05\/Carles-Punyet-Miro-Fugint.jpg\" data-title=\"Autor\/a: Carles Punyet Mir\u00f3\" title=\"Autor\/a: Carles Punyet Mir\u00f3\" rel=\"noreferrer\" data-rel=\"iLightbox[gallery_image_1]\" class=\"fusion-lightbox\" target=\"_self\"><img decoding=\"async\" src=\"https:\/\/afc.cat\/wp-content\/uploads\/2022\/05\/Carles-Punyet-Miro-Fugint.jpg\" width=\"1174\" height=\"1280\" alt=\"\" title=\"Autor\/a: Carles Punyet Mir\u00f3\" aria-label=\"Autor\/a: Carles Punyet Mir\u00f3\" class=\"img-responsive wp-image-28117\" srcset=\"https:\/\/afc.cat\/wp-content\/uploads\/2022\/05\/Carles-Punyet-Miro-Fugint-200x218.jpg 200w, https:\/\/afc.cat\/wp-content\/uploads\/2022\/05\/Carles-Punyet-Miro-Fugint-400x436.jpg 400w, https:\/\/afc.cat\/wp-content\/uploads\/2022\/05\/Carles-Punyet-Miro-Fugint-600x654.jpg 600w, https:\/\/afc.cat\/wp-content\/uploads\/2022\/05\/Carles-Punyet-Miro-Fugint-800x872.jpg 800w, https:\/\/afc.cat\/wp-content\/uploads\/2022\/05\/Carles-Punyet-Miro-Fugint.jpg 1174w\" sizes=\"(min-width: 2200px) 100vw, (min-width: 832px) 413px, (min-width: 736px) 620px, (min-width: 640px) 736px, \" \/><\/a><\/div><\/div><div class=\"clearfix\"><\/div><div style=\"padding:5px;\" class=\"fusion-grid-column fusion-gallery-column fusion-gallery-column-3 hover-type-zoomin\"><div class=\"fusion-gallery-image\"><a href=\"https:\/\/afc.cat\/wp-content\/uploads\/2022\/11\/Maximo-Poncela.jpg\" data-title=\"Autor\/a: Maximo Poncela\" title=\"Autor\/a: Maximo Poncela\" rel=\"noreferrer\" data-rel=\"iLightbox[gallery_image_1]\" class=\"fusion-lightbox\" target=\"_self\"><img decoding=\"async\" src=\"https:\/\/afc.cat\/wp-content\/uploads\/2022\/11\/Maximo-Poncela.jpg\" width=\"1600\" height=\"901\" alt=\"\" title=\"Autor\/a: Maximo Poncela\" aria-label=\"Autor\/a: Maximo Poncela\" class=\"img-responsive wp-image-29627\" srcset=\"https:\/\/afc.cat\/wp-content\/uploads\/2022\/11\/Maximo-Poncela-200x113.jpg 200w, https:\/\/afc.cat\/wp-content\/uploads\/2022\/11\/Maximo-Poncela-400x225.jpg 400w, https:\/\/afc.cat\/wp-content\/uploads\/2022\/11\/Maximo-Poncela-600x338.jpg 600w, https:\/\/afc.cat\/wp-content\/uploads\/2022\/11\/Maximo-Poncela-800x451.jpg 800w, https:\/\/afc.cat\/wp-content\/uploads\/2022\/11\/Maximo-Poncela-1200x676.jpg 1200w, https:\/\/afc.cat\/wp-content\/uploads\/2022\/11\/Maximo-Poncela.jpg 1600w\" sizes=\"(min-width: 2200px) 100vw, (min-width: 832px) 413px, (min-width: 736px) 620px, (min-width: 640px) 736px, \" \/><\/a><\/div><\/div><div style=\"padding:5px;\" class=\"fusion-grid-column fusion-gallery-column fusion-gallery-column-3 hover-type-zoomin\"><div class=\"fusion-gallery-image\"><a href=\"https:\/\/afc.cat\/wp-content\/uploads\/2022\/06\/Autor-a-Miquel-Ribas.jpg\" data-title=\"Autor\/a: Miquel Ribas\" title=\"Autor\/a: Miquel Ribas\" rel=\"noreferrer\" data-rel=\"iLightbox[gallery_image_1]\" class=\"fusion-lightbox\" target=\"_self\"><img decoding=\"async\" src=\"https:\/\/afc.cat\/wp-content\/uploads\/2022\/06\/Autor-a-Miquel-Ribas.jpg\" width=\"1600\" height=\"900\" alt=\"\" title=\"Autor\/a: Miquel Ribas\" aria-label=\"Autor\/a: Miquel Ribas\" class=\"img-responsive wp-image-28152\" srcset=\"https:\/\/afc.cat\/wp-content\/uploads\/2022\/06\/Autor-a-Miquel-Ribas-200x113.jpg 200w, https:\/\/afc.cat\/wp-content\/uploads\/2022\/06\/Autor-a-Miquel-Ribas-400x225.jpg 400w, https:\/\/afc.cat\/wp-content\/uploads\/2022\/06\/Autor-a-Miquel-Ribas-600x338.jpg 600w, https:\/\/afc.cat\/wp-content\/uploads\/2022\/06\/Autor-a-Miquel-Ribas-800x450.jpg 800w, https:\/\/afc.cat\/wp-content\/uploads\/2022\/06\/Autor-a-Miquel-Ribas-1200x675.jpg 1200w, https:\/\/afc.cat\/wp-content\/uploads\/2022\/06\/Autor-a-Miquel-Ribas.jpg 1600w\" sizes=\"(min-width: 2200px) 100vw, (min-width: 832px) 413px, (min-width: 736px) 620px, (min-width: 640px) 736px, \" \/><\/a><\/div><\/div><div style=\"padding:5px;\" class=\"fusion-grid-column fusion-gallery-column fusion-gallery-column-3 hover-type-zoomin\"><div class=\"fusion-gallery-image\"><a href=\"https:\/\/afc.cat\/wp-content\/uploads\/2022\/07\/Vicenc-Lafebre-25.jpg\" data-title=\"Autor\/a: Vicen\u00e7 Lafebre\" title=\"Autor\/a: Vicen\u00e7 Lafebre\" rel=\"noreferrer\" data-rel=\"iLightbox[gallery_image_1]\" class=\"fusion-lightbox\" target=\"_self\"><img decoding=\"async\" src=\"https:\/\/afc.cat\/wp-content\/uploads\/2022\/07\/Vicenc-Lafebre-25.jpg\" width=\"1345\" height=\"900\" alt=\"\" title=\"Autor\/a: Vicen\u00e7 Lafebre\" aria-label=\"Autor\/a: Vicen\u00e7 Lafebre\" class=\"img-responsive wp-image-28538\" srcset=\"https:\/\/afc.cat\/wp-content\/uploads\/2022\/07\/Vicenc-Lafebre-25-200x134.jpg 200w, https:\/\/afc.cat\/wp-content\/uploads\/2022\/07\/Vicenc-Lafebre-25-400x268.jpg 400w, https:\/\/afc.cat\/wp-content\/uploads\/2022\/07\/Vicenc-Lafebre-25-600x401.jpg 600w, https:\/\/afc.cat\/wp-content\/uploads\/2022\/07\/Vicenc-Lafebre-25-800x535.jpg 800w, https:\/\/afc.cat\/wp-content\/uploads\/2022\/07\/Vicenc-Lafebre-25-1200x803.jpg 1200w, https:\/\/afc.cat\/wp-content\/uploads\/2022\/07\/Vicenc-Lafebre-25.jpg 1345w\" sizes=\"(min-width: 2200px) 100vw, (min-width: 832px) 413px, (min-width: 736px) 620px, (min-width: 640px) 736px, \" \/><\/a><\/div><\/div><div class=\"clearfix\"><\/div><div style=\"padding:5px;\" class=\"fusion-grid-column fusion-gallery-column fusion-gallery-column-3 hover-type-zoomin\"><div class=\"fusion-gallery-image\"><a href=\"https:\/\/afc.cat\/wp-content\/uploads\/2022\/05\/Trencalos-al-Hide-de-BuseuLleida_Jordi-Batet.jpg\" data-title=\"Autor\/a: Jordi Batet\" title=\"Autor\/a: Jordi Batet\" rel=\"noreferrer\" data-rel=\"iLightbox[gallery_image_1]\" class=\"fusion-lightbox\" target=\"_self\"><img decoding=\"async\" src=\"https:\/\/afc.cat\/wp-content\/uploads\/2022\/05\/Trencalos-al-Hide-de-BuseuLleida_Jordi-Batet.jpg\" width=\"1600\" height=\"1102\" alt=\"\" title=\"Autor\/a: Jordi Batet\" aria-label=\"Autor\/a: Jordi Batet\" class=\"img-responsive wp-image-28125\" srcset=\"https:\/\/afc.cat\/wp-content\/uploads\/2022\/05\/Trencalos-al-Hide-de-BuseuLleida_Jordi-Batet-200x138.jpg 200w, https:\/\/afc.cat\/wp-content\/uploads\/2022\/05\/Trencalos-al-Hide-de-BuseuLleida_Jordi-Batet-400x276.jpg 400w, https:\/\/afc.cat\/wp-content\/uploads\/2022\/05\/Trencalos-al-Hide-de-BuseuLleida_Jordi-Batet-600x413.jpg 600w, https:\/\/afc.cat\/wp-content\/uploads\/2022\/05\/Trencalos-al-Hide-de-BuseuLleida_Jordi-Batet-800x551.jpg 800w, https:\/\/afc.cat\/wp-content\/uploads\/2022\/05\/Trencalos-al-Hide-de-BuseuLleida_Jordi-Batet-1200x827.jpg 1200w, https:\/\/afc.cat\/wp-content\/uploads\/2022\/05\/Trencalos-al-Hide-de-BuseuLleida_Jordi-Batet.jpg 1600w\" sizes=\"(min-width: 2200px) 100vw, (min-width: 832px) 413px, (min-width: 736px) 620px, (min-width: 640px) 736px, \" \/><\/a><\/div><\/div><div style=\"padding:5px;\" class=\"fusion-grid-column fusion-gallery-column fusion-gallery-column-3 hover-type-zoomin\"><div class=\"fusion-gallery-image\"><a href=\"https:\/\/afc.cat\/wp-content\/uploads\/2022\/06\/Autor-a-Albert-Adroer.jpeg\" data-title=\"Autor\/a: Albert Adroer\" title=\"Autor\/a: Albert Adroer\" rel=\"noreferrer\" data-rel=\"iLightbox[gallery_image_1]\" class=\"fusion-lightbox\" target=\"_self\"><img decoding=\"async\" src=\"https:\/\/afc.cat\/wp-content\/uploads\/2022\/06\/Autor-a-Albert-Adroer.jpeg\" width=\"1600\" height=\"1067\" alt=\"\" title=\"Autor\/a: Albert Adroer\" aria-label=\"Autor\/a: Albert Adroer\" class=\"img-responsive wp-image-28150\" srcset=\"https:\/\/afc.cat\/wp-content\/uploads\/2022\/06\/Autor-a-Albert-Adroer-200x133.jpeg 200w, https:\/\/afc.cat\/wp-content\/uploads\/2022\/06\/Autor-a-Albert-Adroer-400x267.jpeg 400w, https:\/\/afc.cat\/wp-content\/uploads\/2022\/06\/Autor-a-Albert-Adroer-600x400.jpeg 600w, https:\/\/afc.cat\/wp-content\/uploads\/2022\/06\/Autor-a-Albert-Adroer-800x534.jpeg 800w, https:\/\/afc.cat\/wp-content\/uploads\/2022\/06\/Autor-a-Albert-Adroer-1200x800.jpeg 1200w, https:\/\/afc.cat\/wp-content\/uploads\/2022\/06\/Autor-a-Albert-Adroer.jpeg 1600w\" sizes=\"(min-width: 2200px) 100vw, (min-width: 832px) 413px, (min-width: 736px) 620px, (min-width: 640px) 736px, \" \/><\/a><\/div><\/div><div style=\"padding:5px;\" class=\"fusion-grid-column fusion-gallery-column fusion-gallery-column-3 hover-type-zoomin\"><div class=\"fusion-gallery-image\"><a href=\"https:\/\/afc.cat\/wp-content\/uploads\/2022\/06\/Autor-a-Josep-Blanch-.jpg\" data-title=\"Autor\/a: Josep Blanch\" title=\"Autor\/a: Josep Blanch\" rel=\"noreferrer\" data-rel=\"iLightbox[gallery_image_1]\" class=\"fusion-lightbox\" target=\"_self\"><img decoding=\"async\" src=\"https:\/\/afc.cat\/wp-content\/uploads\/2022\/06\/Autor-a-Josep-Blanch-.jpg\" width=\"1600\" height=\"1600\" alt=\"\" title=\"Autor\/a: Josep Blanch\" aria-label=\"Autor\/a: Josep Blanch\" class=\"img-responsive wp-image-28148\" srcset=\"https:\/\/afc.cat\/wp-content\/uploads\/2022\/06\/Autor-a-Josep-Blanch--200x200.jpg 200w, https:\/\/afc.cat\/wp-content\/uploads\/2022\/06\/Autor-a-Josep-Blanch--400x400.jpg 400w, https:\/\/afc.cat\/wp-content\/uploads\/2022\/06\/Autor-a-Josep-Blanch--600x600.jpg 600w, https:\/\/afc.cat\/wp-content\/uploads\/2022\/06\/Autor-a-Josep-Blanch--800x800.jpg 800w, https:\/\/afc.cat\/wp-content\/uploads\/2022\/06\/Autor-a-Josep-Blanch--1200x1200.jpg 1200w, https:\/\/afc.cat\/wp-content\/uploads\/2022\/06\/Autor-a-Josep-Blanch-.jpg 1600w\" sizes=\"(min-width: 2200px) 100vw, (min-width: 832px) 413px, (min-width: 736px) 620px, (min-width: 640px) 736px, \" \/><\/a><\/div><\/div><div class=\"clearfix\"><\/div><div style=\"padding:5px;\" class=\"fusion-grid-column fusion-gallery-column fusion-gallery-column-3 hover-type-zoomin\"><div class=\"fusion-gallery-image\"><a href=\"https:\/\/afc.cat\/wp-content\/uploads\/2022\/11\/Albert-Canellas.jpg\" data-title=\"Autor\/a: Albert Ca\u00f1ellas\" title=\"Autor\/a: Albert Ca\u00f1ellas\" rel=\"noreferrer\" data-rel=\"iLightbox[gallery_image_1]\" class=\"fusion-lightbox\" target=\"_self\"><img decoding=\"async\" src=\"https:\/\/afc.cat\/wp-content\/uploads\/2022\/11\/Albert-Canellas.jpg\" width=\"1000\" height=\"800\" alt=\"\" title=\"Autor\/a: Albert Ca\u00f1ellas\" aria-label=\"Autor\/a: Albert Ca\u00f1ellas\" class=\"img-responsive wp-image-29623\" srcset=\"https:\/\/afc.cat\/wp-content\/uploads\/2022\/11\/Albert-Canellas-200x160.jpg 200w, https:\/\/afc.cat\/wp-content\/uploads\/2022\/11\/Albert-Canellas-400x320.jpg 400w, https:\/\/afc.cat\/wp-content\/uploads\/2022\/11\/Albert-Canellas-600x480.jpg 600w, https:\/\/afc.cat\/wp-content\/uploads\/2022\/11\/Albert-Canellas-800x640.jpg 800w, https:\/\/afc.cat\/wp-content\/uploads\/2022\/11\/Albert-Canellas.jpg 1000w\" sizes=\"(min-width: 2200px) 100vw, (min-width: 832px) 413px, (min-width: 736px) 620px, (min-width: 640px) 736px, \" \/><\/a><\/div><\/div><div style=\"padding:5px;\" class=\"fusion-grid-column fusion-gallery-column fusion-gallery-column-3 hover-type-zoomin\"><div class=\"fusion-gallery-image\"><a href=\"https:\/\/afc.cat\/wp-content\/uploads\/2022\/07\/Retrat-d-un-home_-Vicenc-Lafebre.jpg\" data-title=\"Autor\/a: Vicen\u00e7 Lafebre\" title=\"Autor\/a: Vicen\u00e7 Lafebre\" rel=\"noreferrer\" data-rel=\"iLightbox[gallery_image_1]\" class=\"fusion-lightbox\" target=\"_self\"><img decoding=\"async\" src=\"https:\/\/afc.cat\/wp-content\/uploads\/2022\/07\/Retrat-d-un-home_-Vicenc-Lafebre.jpg\" width=\"721\" height=\"1080\" alt=\"\" title=\"Autor\/a: Vicen\u00e7 Lafebre\" aria-label=\"Autor\/a: Vicen\u00e7 Lafebre\" class=\"img-responsive wp-image-28536\" srcset=\"https:\/\/afc.cat\/wp-content\/uploads\/2022\/07\/Retrat-d-un-home_-Vicenc-Lafebre-200x300.jpg 200w, https:\/\/afc.cat\/wp-content\/uploads\/2022\/07\/Retrat-d-un-home_-Vicenc-Lafebre-400x599.jpg 400w, https:\/\/afc.cat\/wp-content\/uploads\/2022\/07\/Retrat-d-un-home_-Vicenc-Lafebre-600x899.jpg 600w, https:\/\/afc.cat\/wp-content\/uploads\/2022\/07\/Retrat-d-un-home_-Vicenc-Lafebre.jpg 721w\" sizes=\"(min-width: 2200px) 100vw, (min-width: 832px) 413px, (min-width: 736px) 620px, (min-width: 640px) 736px, \" \/><\/a><\/div><\/div><div style=\"padding:5px;\" class=\"fusion-grid-column fusion-gallery-column fusion-gallery-column-3 hover-type-zoomin\"><div class=\"fusion-gallery-image\"><a href=\"https:\/\/afc.cat\/wp-content\/uploads\/2022\/03\/Gimnastica-Ritmica_V.Lafebre.jpg\" data-title=\"Autor\/a: Vicen\u00e7 Lafebre\" title=\"Autor\/a: Vicen\u00e7 Lafebre\" rel=\"noreferrer\" data-rel=\"iLightbox[gallery_image_1]\" class=\"fusion-lightbox\" target=\"_self\"><img decoding=\"async\" src=\"https:\/\/afc.cat\/wp-content\/uploads\/2022\/03\/Gimnastica-Ritmica_V.Lafebre.jpg\" width=\"1159\" height=\"800\" alt=\"\" title=\"Autor\/a:  Vicen\u00e7 Lafebre\" aria-label=\"Autor\/a:  Vicen\u00e7 Lafebre\" class=\"img-responsive wp-image-26672\" srcset=\"https:\/\/afc.cat\/wp-content\/uploads\/2022\/03\/Gimnastica-Ritmica_V.Lafebre-200x138.jpg 200w, https:\/\/afc.cat\/wp-content\/uploads\/2022\/03\/Gimnastica-Ritmica_V.Lafebre-400x276.jpg 400w, https:\/\/afc.cat\/wp-content\/uploads\/2022\/03\/Gimnastica-Ritmica_V.Lafebre-600x414.jpg 600w, https:\/\/afc.cat\/wp-content\/uploads\/2022\/03\/Gimnastica-Ritmica_V.Lafebre-800x552.jpg 800w, https:\/\/afc.cat\/wp-content\/uploads\/2022\/03\/Gimnastica-Ritmica_V.Lafebre.jpg 1159w\" sizes=\"(min-width: 2200px) 100vw, (min-width: 832px) 413px, (min-width: 736px) 620px, (min-width: 640px) 736px, \" \/><\/a><\/div><\/div><div class=\"clearfix\"><\/div><div style=\"padding:5px;\" class=\"fusion-grid-column fusion-gallery-column fusion-gallery-column-3 hover-type-zoomin\"><div class=\"fusion-gallery-image\"><a href=\"https:\/\/afc.cat\/wp-content\/uploads\/2022\/03\/Pakistan_J.Blanch.jpg\" data-title=\"Autor\/a: Josep Blanch\" title=\"Autor\/a: Josep Blanch\" rel=\"noreferrer\" data-rel=\"iLightbox[gallery_image_1]\" class=\"fusion-lightbox\" target=\"_self\"><img decoding=\"async\" src=\"https:\/\/afc.cat\/wp-content\/uploads\/2022\/03\/Pakistan_J.Blanch.jpg\" width=\"1228\" height=\"800\" alt=\"\" title=\"Autor\/a:  Josep Blanch\" aria-label=\"Autor\/a:  Josep Blanch\" class=\"img-responsive wp-image-26674\" srcset=\"https:\/\/afc.cat\/wp-content\/uploads\/2022\/03\/Pakistan_J.Blanch-200x130.jpg 200w, https:\/\/afc.cat\/wp-content\/uploads\/2022\/03\/Pakistan_J.Blanch-400x261.jpg 400w, https:\/\/afc.cat\/wp-content\/uploads\/2022\/03\/Pakistan_J.Blanch-600x391.jpg 600w, https:\/\/afc.cat\/wp-content\/uploads\/2022\/03\/Pakistan_J.Blanch-800x521.jpg 800w, https:\/\/afc.cat\/wp-content\/uploads\/2022\/03\/Pakistan_J.Blanch-1200x782.jpg 1200w, https:\/\/afc.cat\/wp-content\/uploads\/2022\/03\/Pakistan_J.Blanch.jpg 1228w\" sizes=\"(min-width: 2200px) 100vw, (min-width: 832px) 413px, (min-width: 736px) 620px, (min-width: 640px) 736px, \" \/><\/a><\/div><\/div><div style=\"padding:5px;\" class=\"fusion-grid-column fusion-gallery-column fusion-gallery-column-3 hover-type-zoomin\"><div class=\"fusion-gallery-image\"><a href=\"https:\/\/afc.cat\/wp-content\/uploads\/2022\/03\/Artista-de-circ_V.Lafebre.jpg\" data-title=\"Autor\/a: Vicen\u00e7 Lafebre\" title=\"Autor\/a: Vicen\u00e7 Lafebre\" rel=\"noreferrer\" data-rel=\"iLightbox[gallery_image_1]\" class=\"fusion-lightbox\" target=\"_self\"><img decoding=\"async\" src=\"https:\/\/afc.cat\/wp-content\/uploads\/2022\/03\/Artista-de-circ_V.Lafebre.jpg\" width=\"1204\" height=\"800\" alt=\"\" title=\"Autor\/a:  Vicen\u00e7 Lafebre\" aria-label=\"Autor\/a:  Vicen\u00e7 Lafebre\" class=\"img-responsive wp-image-26666\" srcset=\"https:\/\/afc.cat\/wp-content\/uploads\/2022\/03\/Artista-de-circ_V.Lafebre-200x133.jpg 200w, https:\/\/afc.cat\/wp-content\/uploads\/2022\/03\/Artista-de-circ_V.Lafebre-400x266.jpg 400w, https:\/\/afc.cat\/wp-content\/uploads\/2022\/03\/Artista-de-circ_V.Lafebre-600x399.jpg 600w, https:\/\/afc.cat\/wp-content\/uploads\/2022\/03\/Artista-de-circ_V.Lafebre-800x532.jpg 800w, https:\/\/afc.cat\/wp-content\/uploads\/2022\/03\/Artista-de-circ_V.Lafebre-1200x797.jpg 1200w, https:\/\/afc.cat\/wp-content\/uploads\/2022\/03\/Artista-de-circ_V.Lafebre.jpg 1204w\" sizes=\"(min-width: 2200px) 100vw, (min-width: 832px) 413px, (min-width: 736px) 620px, (min-width: 640px) 736px, \" \/><\/a><\/div><\/div><div style=\"padding:5px;\" class=\"fusion-grid-column fusion-gallery-column fusion-gallery-column-3 hover-type-zoomin\"><div class=\"fusion-gallery-image\"><a href=\"https:\/\/afc.cat\/wp-content\/uploads\/2022\/05\/Free-Style_VLafebre.jpg\" data-title=\"Free Style_VLafebre\" title=\"Free Style_VLafebre\" rel=\"noreferrer\" data-rel=\"iLightbox[gallery_image_1]\" class=\"fusion-lightbox\" target=\"_self\"><img decoding=\"async\" src=\"https:\/\/afc.cat\/wp-content\/uploads\/2022\/05\/Free-Style_VLafebre.jpg\" width=\"1200\" height=\"800\" alt=\"\" title=\"Free Style_VLafebre\" aria-label=\"Free Style_VLafebre\" class=\"img-responsive wp-image-27815\" srcset=\"https:\/\/afc.cat\/wp-content\/uploads\/2022\/05\/Free-Style_VLafebre-200x133.jpg 200w, https:\/\/afc.cat\/wp-content\/uploads\/2022\/05\/Free-Style_VLafebre-400x267.jpg 400w, https:\/\/afc.cat\/wp-content\/uploads\/2022\/05\/Free-Style_VLafebre-600x400.jpg 600w, https:\/\/afc.cat\/wp-content\/uploads\/2022\/05\/Free-Style_VLafebre-800x533.jpg 800w, https:\/\/afc.cat\/wp-content\/uploads\/2022\/05\/Free-Style_VLafebre.jpg 1200w\" sizes=\"(min-width: 2200px) 100vw, (min-width: 832px) 413px, (min-width: 736px) 620px, (min-width: 640px) 736px, \" \/><\/a><\/div><\/div><div class=\"clearfix\"><\/div><div style=\"padding:5px;\" class=\"fusion-grid-column fusion-gallery-column fusion-gallery-column-3 hover-type-zoomin\"><div class=\"fusion-gallery-image\"><a href=\"https:\/\/afc.cat\/wp-content\/uploads\/2022\/05\/Le-Samaritaine_VLafebre.jpg\" data-title=\"Le Samaritaine_VLafebre\" title=\"Le Samaritaine_VLafebre\" rel=\"noreferrer\" data-rel=\"iLightbox[gallery_image_1]\" class=\"fusion-lightbox\" target=\"_self\"><img decoding=\"async\" src=\"https:\/\/afc.cat\/wp-content\/uploads\/2022\/05\/Le-Samaritaine_VLafebre.jpg\" width=\"1195\" height=\"800\" alt=\"\" title=\"Le Samaritaine_VLafebre\" aria-label=\"Le Samaritaine_VLafebre\" class=\"img-responsive wp-image-27819\" srcset=\"https:\/\/afc.cat\/wp-content\/uploads\/2022\/05\/Le-Samaritaine_VLafebre-200x134.jpg 200w, https:\/\/afc.cat\/wp-content\/uploads\/2022\/05\/Le-Samaritaine_VLafebre-400x268.jpg 400w, https:\/\/afc.cat\/wp-content\/uploads\/2022\/05\/Le-Samaritaine_VLafebre-600x402.jpg 600w, https:\/\/afc.cat\/wp-content\/uploads\/2022\/05\/Le-Samaritaine_VLafebre-800x536.jpg 800w, https:\/\/afc.cat\/wp-content\/uploads\/2022\/05\/Le-Samaritaine_VLafebre.jpg 1195w\" sizes=\"(min-width: 2200px) 100vw, (min-width: 832px) 413px, (min-width: 736px) 620px, (min-width: 640px) 736px, \" \/><\/a><\/div><\/div><div style=\"padding:5px;\" class=\"fusion-grid-column fusion-gallery-column fusion-gallery-column-3 hover-type-zoomin\"><div class=\"fusion-gallery-image\"><a href=\"https:\/\/afc.cat\/wp-content\/uploads\/2022\/04\/Via-Lactia_Jblanch.jpg\" data-title=\"Autor\/a: Josep Blanch\" title=\"Autor\/a: Josep Blanch\" rel=\"noreferrer\" data-rel=\"iLightbox[gallery_image_1]\" class=\"fusion-lightbox\" target=\"_self\"><img decoding=\"async\" src=\"https:\/\/afc.cat\/wp-content\/uploads\/2022\/04\/Via-Lactia_Jblanch.jpg\" width=\"1229\" height=\"800\" alt=\"\" title=\"Autor\/a: Josep Blanch\" aria-label=\"Autor\/a: Josep Blanch\" class=\"img-responsive wp-image-27335\" srcset=\"https:\/\/afc.cat\/wp-content\/uploads\/2022\/04\/Via-Lactia_Jblanch-200x130.jpg 200w, https:\/\/afc.cat\/wp-content\/uploads\/2022\/04\/Via-Lactia_Jblanch-400x260.jpg 400w, https:\/\/afc.cat\/wp-content\/uploads\/2022\/04\/Via-Lactia_Jblanch-600x391.jpg 600w, https:\/\/afc.cat\/wp-content\/uploads\/2022\/04\/Via-Lactia_Jblanch-800x521.jpg 800w, https:\/\/afc.cat\/wp-content\/uploads\/2022\/04\/Via-Lactia_Jblanch-1200x781.jpg 1200w, https:\/\/afc.cat\/wp-content\/uploads\/2022\/04\/Via-Lactia_Jblanch.jpg 1229w\" sizes=\"(min-width: 2200px) 100vw, (min-width: 832px) 413px, (min-width: 736px) 620px, (min-width: 640px) 736px, \" \/><\/a><\/div><\/div><div style=\"padding:5px;\" class=\"fusion-grid-column fusion-gallery-column fusion-gallery-column-3 hover-type-zoomin\"><div class=\"fusion-gallery-image\"><a href=\"https:\/\/afc.cat\/wp-content\/uploads\/2022\/02\/DSC0564-1.jpg-1-1.jpg\" data-title=\"Autor\/a: Irene Sanz\" title=\"Autor\/a: Irene Sanz\" rel=\"noreferrer\" data-rel=\"iLightbox[gallery_image_1]\" class=\"fusion-lightbox\" target=\"_self\"><img decoding=\"async\" src=\"https:\/\/afc.cat\/wp-content\/uploads\/2022\/02\/DSC0564-1.jpg-1-1.jpg\" width=\"805\" height=\"800\" alt=\"\" title=\"Autor\/a: Irene Sanz\" aria-label=\"Autor\/a: Irene Sanz\" class=\"img-responsive wp-image-26083\" srcset=\"https:\/\/afc.cat\/wp-content\/uploads\/2022\/02\/DSC0564-1.jpg-1-1-200x199.jpg 200w, https:\/\/afc.cat\/wp-content\/uploads\/2022\/02\/DSC0564-1.jpg-1-1-400x398.jpg 400w, https:\/\/afc.cat\/wp-content\/uploads\/2022\/02\/DSC0564-1.jpg-1-1-600x596.jpg 600w, https:\/\/afc.cat\/wp-content\/uploads\/2022\/02\/DSC0564-1.jpg-1-1-800x795.jpg 800w, https:\/\/afc.cat\/wp-content\/uploads\/2022\/02\/DSC0564-1.jpg-1-1.jpg 805w\" sizes=\"(min-width: 2200px) 100vw, (min-width: 832px) 413px, (min-width: 736px) 620px, (min-width: 640px) 736px, \" \/><\/a><\/div><\/div><div class=\"clearfix\"><\/div><div style=\"padding:5px;\" class=\"fusion-grid-column fusion-gallery-column fusion-gallery-column-3 hover-type-zoomin\"><div class=\"fusion-gallery-image\"><a href=\"https:\/\/afc.cat\/wp-content\/uploads\/2022\/05\/Caminando-entre-dunas-Felix-J.-Vizcaino.jpg\" data-title=\"Autor\/a: F\u00e9lix J. Vizca\u00edno\" title=\"Autor\/a: F\u00e9lix J. Vizca\u00edno\" rel=\"noreferrer\" data-rel=\"iLightbox[gallery_image_1]\" class=\"fusion-lightbox\" target=\"_self\"><img decoding=\"async\" src=\"https:\/\/afc.cat\/wp-content\/uploads\/2022\/05\/Caminando-entre-dunas-Felix-J.-Vizcaino.jpg\" width=\"1600\" height=\"1061\" alt=\"\" title=\"Autor\/a: F\u00e9lix J. Vizca\u00edno\" aria-label=\"Autor\/a: F\u00e9lix J. Vizca\u00edno\" class=\"img-responsive wp-image-28115\" srcset=\"https:\/\/afc.cat\/wp-content\/uploads\/2022\/05\/Caminando-entre-dunas-Felix-J.-Vizcaino-200x133.jpg 200w, https:\/\/afc.cat\/wp-content\/uploads\/2022\/05\/Caminando-entre-dunas-Felix-J.-Vizcaino-400x265.jpg 400w, https:\/\/afc.cat\/wp-content\/uploads\/2022\/05\/Caminando-entre-dunas-Felix-J.-Vizcaino-600x398.jpg 600w, https:\/\/afc.cat\/wp-content\/uploads\/2022\/05\/Caminando-entre-dunas-Felix-J.-Vizcaino-800x531.jpg 800w, https:\/\/afc.cat\/wp-content\/uploads\/2022\/05\/Caminando-entre-dunas-Felix-J.-Vizcaino-1200x796.jpg 1200w, https:\/\/afc.cat\/wp-content\/uploads\/2022\/05\/Caminando-entre-dunas-Felix-J.-Vizcaino.jpg 1600w\" sizes=\"(min-width: 2200px) 100vw, (min-width: 832px) 413px, (min-width: 736px) 620px, (min-width: 640px) 736px, \" \/><\/a><\/div><\/div><div style=\"padding:5px;\" class=\"fusion-grid-column fusion-gallery-column fusion-gallery-column-3 hover-type-zoomin\"><div class=\"fusion-gallery-image\"><a href=\"https:\/\/afc.cat\/wp-content\/uploads\/2022\/04\/Camogli_Miquel-Ribas.jpg\" data-title=\"Autor\/a: Miquel Ribas\" title=\"Autor\/a: Miquel Ribas\" rel=\"noreferrer\" data-rel=\"iLightbox[gallery_image_1]\" class=\"fusion-lightbox\" target=\"_self\"><img decoding=\"async\" src=\"https:\/\/afc.cat\/wp-content\/uploads\/2022\/04\/Camogli_Miquel-Ribas.jpg\" width=\"1600\" height=\"1067\" alt=\"\" title=\"Autor\/a: Miquel Ribas\" aria-label=\"Autor\/a: Miquel Ribas\" class=\"img-responsive wp-image-27337\" srcset=\"https:\/\/afc.cat\/wp-content\/uploads\/2022\/04\/Camogli_Miquel-Ribas-200x133.jpg 200w, https:\/\/afc.cat\/wp-content\/uploads\/2022\/04\/Camogli_Miquel-Ribas-400x267.jpg 400w, https:\/\/afc.cat\/wp-content\/uploads\/2022\/04\/Camogli_Miquel-Ribas-600x400.jpg 600w, https:\/\/afc.cat\/wp-content\/uploads\/2022\/04\/Camogli_Miquel-Ribas-800x534.jpg 800w, https:\/\/afc.cat\/wp-content\/uploads\/2022\/04\/Camogli_Miquel-Ribas-1200x800.jpg 1200w, https:\/\/afc.cat\/wp-content\/uploads\/2022\/04\/Camogli_Miquel-Ribas.jpg 1600w\" sizes=\"(min-width: 2200px) 100vw, (min-width: 832px) 413px, (min-width: 736px) 620px, (min-width: 640px) 736px, \" \/><\/a><\/div><\/div><div style=\"padding:5px;\" class=\"fusion-grid-column fusion-gallery-column fusion-gallery-column-3 hover-type-zoomin\"><div class=\"fusion-gallery-image\"><a href=\"https:\/\/afc.cat\/wp-content\/uploads\/2022\/05\/Contemplando-la-puesta-de-sol-Felix-J.-Vizcaino.jpg\" data-title=\"Autor\/a: F\u00e9lix J. Vizca\u00edno\" title=\"Autor\/a: F\u00e9lix J. Vizca\u00edno\" rel=\"noreferrer\" data-rel=\"iLightbox[gallery_image_1]\" class=\"fusion-lightbox\" target=\"_self\"><img decoding=\"async\" src=\"https:\/\/afc.cat\/wp-content\/uploads\/2022\/05\/Contemplando-la-puesta-de-sol-Felix-J.-Vizcaino.jpg\" width=\"1600\" height=\"1200\" alt=\"\" title=\"Autor\/a: F\u00e9lix J. Vizca\u00edno\" aria-label=\"Autor\/a: F\u00e9lix J. Vizca\u00edno\" class=\"img-responsive wp-image-28119\" srcset=\"https:\/\/afc.cat\/wp-content\/uploads\/2022\/05\/Contemplando-la-puesta-de-sol-Felix-J.-Vizcaino-200x150.jpg 200w, https:\/\/afc.cat\/wp-content\/uploads\/2022\/05\/Contemplando-la-puesta-de-sol-Felix-J.-Vizcaino-400x300.jpg 400w, https:\/\/afc.cat\/wp-content\/uploads\/2022\/05\/Contemplando-la-puesta-de-sol-Felix-J.-Vizcaino-600x450.jpg 600w, https:\/\/afc.cat\/wp-content\/uploads\/2022\/05\/Contemplando-la-puesta-de-sol-Felix-J.-Vizcaino-800x600.jpg 800w, https:\/\/afc.cat\/wp-content\/uploads\/2022\/05\/Contemplando-la-puesta-de-sol-Felix-J.-Vizcaino-1200x900.jpg 1200w, https:\/\/afc.cat\/wp-content\/uploads\/2022\/05\/Contemplando-la-puesta-de-sol-Felix-J.-Vizcaino.jpg 1600w\" sizes=\"(min-width: 2200px) 100vw, (min-width: 832px) 413px, (min-width: 736px) 620px, (min-width: 640px) 736px, \" \/><\/a><\/div><\/div><div class=\"clearfix\"><\/div><div style=\"padding:5px;\" class=\"fusion-grid-column fusion-gallery-column fusion-gallery-column-3 hover-type-zoomin\"><div class=\"fusion-gallery-image\"><a href=\"https:\/\/afc.cat\/wp-content\/uploads\/2022\/05\/La-Tour_Vicenc-Lafebre.jpg\" data-title=\"Autor\/a: Vicen\u00e7 Lafebre\" title=\"Autor\/a: Vicen\u00e7 Lafebre\" rel=\"noreferrer\" data-rel=\"iLightbox[gallery_image_1]\" class=\"fusion-lightbox\" target=\"_self\"><img decoding=\"async\" src=\"https:\/\/afc.cat\/wp-content\/uploads\/2022\/05\/La-Tour_Vicenc-Lafebre.jpg\" width=\"1600\" height=\"808\" alt=\"\" title=\"Autor\/a: Vicen\u00e7 Lafebre\" aria-label=\"Autor\/a: Vicen\u00e7 Lafebre\" class=\"img-responsive wp-image-28121\" srcset=\"https:\/\/afc.cat\/wp-content\/uploads\/2022\/05\/La-Tour_Vicenc-Lafebre-200x101.jpg 200w, https:\/\/afc.cat\/wp-content\/uploads\/2022\/05\/La-Tour_Vicenc-Lafebre-400x202.jpg 400w, https:\/\/afc.cat\/wp-content\/uploads\/2022\/05\/La-Tour_Vicenc-Lafebre-600x303.jpg 600w, https:\/\/afc.cat\/wp-content\/uploads\/2022\/05\/La-Tour_Vicenc-Lafebre-800x404.jpg 800w, https:\/\/afc.cat\/wp-content\/uploads\/2022\/05\/La-Tour_Vicenc-Lafebre-1200x606.jpg 1200w, https:\/\/afc.cat\/wp-content\/uploads\/2022\/05\/La-Tour_Vicenc-Lafebre.jpg 1600w\" sizes=\"(min-width: 2200px) 100vw, (min-width: 832px) 413px, (min-width: 736px) 620px, (min-width: 640px) 736px, \" \/><\/a><\/div><\/div><div style=\"padding:5px;\" class=\"fusion-grid-column fusion-gallery-column fusion-gallery-column-3 hover-type-zoomin\"><div class=\"fusion-gallery-image\"><a href=\"https:\/\/afc.cat\/wp-content\/uploads\/2022\/05\/recons-per-somiar-una-estoneta_miquel-ribes.jpg\" data-title=\"Autor\/a: Miquel Ribes\" title=\"Autor\/a: Miquel Ribes\" rel=\"noreferrer\" data-rel=\"iLightbox[gallery_image_1]\" class=\"fusion-lightbox\" target=\"_self\"><img decoding=\"async\" src=\"https:\/\/afc.cat\/wp-content\/uploads\/2022\/05\/recons-per-somiar-una-estoneta_miquel-ribes.jpg\" width=\"1600\" height=\"1067\" alt=\"\" title=\"Autor\/a: Miquel Ribes\" aria-label=\"Autor\/a: Miquel Ribes\" class=\"img-responsive wp-image-28123\" srcset=\"https:\/\/afc.cat\/wp-content\/uploads\/2022\/05\/recons-per-somiar-una-estoneta_miquel-ribes-200x133.jpg 200w, https:\/\/afc.cat\/wp-content\/uploads\/2022\/05\/recons-per-somiar-una-estoneta_miquel-ribes-400x267.jpg 400w, https:\/\/afc.cat\/wp-content\/uploads\/2022\/05\/recons-per-somiar-una-estoneta_miquel-ribes-600x400.jpg 600w, https:\/\/afc.cat\/wp-content\/uploads\/2022\/05\/recons-per-somiar-una-estoneta_miquel-ribes-800x534.jpg 800w, https:\/\/afc.cat\/wp-content\/uploads\/2022\/05\/recons-per-somiar-una-estoneta_miquel-ribes-1200x800.jpg 1200w, https:\/\/afc.cat\/wp-content\/uploads\/2022\/05\/recons-per-somiar-una-estoneta_miquel-ribes.jpg 1600w\" sizes=\"(min-width: 2200px) 100vw, (min-width: 832px) 413px, (min-width: 736px) 620px, (min-width: 640px) 736px, \" \/><\/a><\/div><\/div><div style=\"padding:5px;\" class=\"fusion-grid-column fusion-gallery-column fusion-gallery-column-3 hover-type-zoomin\"><div class=\"fusion-gallery-image\"><a href=\"https:\/\/afc.cat\/wp-content\/uploads\/2022\/02\/Barca-Delta-de-lEbre-1.jpg\" data-title=\"Autor\/a: Josep Blanch\" title=\"Autor\/a: Josep Blanch\" rel=\"noreferrer\" data-rel=\"iLightbox[gallery_image_1]\" class=\"fusion-lightbox\" target=\"_self\"><img decoding=\"async\" src=\"https:\/\/afc.cat\/wp-content\/uploads\/2022\/02\/Barca-Delta-de-lEbre-1.jpg\" width=\"1201\" height=\"800\" alt=\"\" title=\"Autor\/a: Josep Blanch\" aria-label=\"Autor\/a: Josep Blanch\" class=\"img-responsive wp-image-26093\" srcset=\"https:\/\/afc.cat\/wp-content\/uploads\/2022\/02\/Barca-Delta-de-lEbre-1-200x133.jpg 200w, https:\/\/afc.cat\/wp-content\/uploads\/2022\/02\/Barca-Delta-de-lEbre-1-400x266.jpg 400w, https:\/\/afc.cat\/wp-content\/uploads\/2022\/02\/Barca-Delta-de-lEbre-1-600x400.jpg 600w, https:\/\/afc.cat\/wp-content\/uploads\/2022\/02\/Barca-Delta-de-lEbre-1-800x533.jpg 800w, https:\/\/afc.cat\/wp-content\/uploads\/2022\/02\/Barca-Delta-de-lEbre-1.jpg 1201w\" sizes=\"(min-width: 2200px) 100vw, (min-width: 832px) 413px, (min-width: 736px) 620px, (min-width: 640px) 736px, \" \/><\/a><\/div><\/div><div class=\"clearfix\"><\/div><div style=\"padding:5px;\" class=\"fusion-grid-column fusion-gallery-column fusion-gallery-column-3 hover-type-zoomin\"><div class=\"fusion-gallery-image\"><a href=\"https:\/\/afc.cat\/wp-content\/uploads\/2022\/05\/Arquitectura_JBlanch.jpg\" data-title=\"Arquitectura_JBlanch\" title=\"Arquitectura_JBlanch\" rel=\"noreferrer\" data-rel=\"iLightbox[gallery_image_1]\" class=\"fusion-lightbox\" target=\"_self\"><img decoding=\"async\" src=\"https:\/\/afc.cat\/wp-content\/uploads\/2022\/05\/Arquitectura_JBlanch.jpg\" width=\"534\" height=\"800\" alt=\"\" title=\"Arquitectura_JBlanch\" aria-label=\"Arquitectura_JBlanch\" class=\"img-responsive wp-image-27805\" srcset=\"https:\/\/afc.cat\/wp-content\/uploads\/2022\/05\/Arquitectura_JBlanch-200x300.jpg 200w, https:\/\/afc.cat\/wp-content\/uploads\/2022\/05\/Arquitectura_JBlanch-400x599.jpg 400w, https:\/\/afc.cat\/wp-content\/uploads\/2022\/05\/Arquitectura_JBlanch.jpg 534w\" sizes=\"(min-width: 2200px) 100vw, (min-width: 832px) 413px, (min-width: 736px) 620px, (min-width: 640px) 736px, \" \/><\/a><\/div><\/div><div style=\"padding:5px;\" class=\"fusion-grid-column fusion-gallery-column fusion-gallery-column-3 hover-type-zoomin\"><div class=\"fusion-gallery-image\"><a href=\"https:\/\/afc.cat\/wp-content\/uploads\/2022\/05\/Eiffel_VLafebre.jpg\" data-title=\"Eiffel_VLafebre\" title=\"Eiffel_VLafebre\" rel=\"noreferrer\" data-rel=\"iLightbox[gallery_image_1]\" class=\"fusion-lightbox\" target=\"_self\"><img decoding=\"async\" src=\"https:\/\/afc.cat\/wp-content\/uploads\/2022\/05\/Eiffel_VLafebre.jpg\" width=\"1169\" height=\"800\" alt=\"\" title=\"Eiffel_VLafebre\" aria-label=\"Eiffel_VLafebre\" class=\"img-responsive wp-image-27811\" srcset=\"https:\/\/afc.cat\/wp-content\/uploads\/2022\/05\/Eiffel_VLafebre-200x137.jpg 200w, https:\/\/afc.cat\/wp-content\/uploads\/2022\/05\/Eiffel_VLafebre-400x274.jpg 400w, https:\/\/afc.cat\/wp-content\/uploads\/2022\/05\/Eiffel_VLafebre-600x411.jpg 600w, https:\/\/afc.cat\/wp-content\/uploads\/2022\/05\/Eiffel_VLafebre-800x547.jpg 800w, https:\/\/afc.cat\/wp-content\/uploads\/2022\/05\/Eiffel_VLafebre.jpg 1169w\" sizes=\"(min-width: 2200px) 100vw, (min-width: 832px) 413px, (min-width: 736px) 620px, (min-width: 640px) 736px, \" \/><\/a><\/div><\/div><div style=\"padding:5px;\" class=\"fusion-grid-column fusion-gallery-column fusion-gallery-column-3 hover-type-zoomin\"><div class=\"fusion-gallery-image\"><a href=\"https:\/\/afc.cat\/wp-content\/uploads\/2022\/05\/Dresde-JBlanch.jpg\" data-title=\"Dresde-JBlanch\" title=\"Dresde-JBlanch\" rel=\"noreferrer\" data-rel=\"iLightbox[gallery_image_1]\" class=\"fusion-lightbox\" target=\"_self\"><img decoding=\"async\" src=\"https:\/\/afc.cat\/wp-content\/uploads\/2022\/05\/Dresde-JBlanch.jpg\" width=\"1422\" height=\"800\" alt=\"\" title=\"Dresde-JBlanch\" aria-label=\"Dresde-JBlanch\" class=\"img-responsive wp-image-27809\" srcset=\"https:\/\/afc.cat\/wp-content\/uploads\/2022\/05\/Dresde-JBlanch-200x113.jpg 200w, https:\/\/afc.cat\/wp-content\/uploads\/2022\/05\/Dresde-JBlanch-400x225.jpg 400w, https:\/\/afc.cat\/wp-content\/uploads\/2022\/05\/Dresde-JBlanch-600x338.jpg 600w, https:\/\/afc.cat\/wp-content\/uploads\/2022\/05\/Dresde-JBlanch-800x450.jpg 800w, https:\/\/afc.cat\/wp-content\/uploads\/2022\/05\/Dresde-JBlanch-1200x675.jpg 1200w, https:\/\/afc.cat\/wp-content\/uploads\/2022\/05\/Dresde-JBlanch.jpg 1422w\" sizes=\"(min-width: 2200px) 100vw, (min-width: 832px) 413px, (min-width: 736px) 620px, (min-width: 640px) 736px, \" \/><\/a><\/div><\/div><div class=\"clearfix\"><\/div><div style=\"padding:5px;\" class=\"fusion-grid-column fusion-gallery-column fusion-gallery-column-3 hover-type-zoomin\"><div class=\"fusion-gallery-image\"><a href=\"https:\/\/afc.cat\/wp-content\/uploads\/2022\/05\/La-Marmolada_VLafebre.jpg\" data-title=\"La Marmolada_VLafebre\" title=\"La Marmolada_VLafebre\" rel=\"noreferrer\" data-rel=\"iLightbox[gallery_image_1]\" class=\"fusion-lightbox\" target=\"_self\"><img decoding=\"async\" src=\"https:\/\/afc.cat\/wp-content\/uploads\/2022\/05\/La-Marmolada_VLafebre.jpg\" width=\"1259\" height=\"800\" alt=\"\" title=\"La Marmolada_VLafebre\" aria-label=\"La Marmolada_VLafebre\" class=\"img-responsive wp-image-27817\" srcset=\"https:\/\/afc.cat\/wp-content\/uploads\/2022\/05\/La-Marmolada_VLafebre-200x127.jpg 200w, https:\/\/afc.cat\/wp-content\/uploads\/2022\/05\/La-Marmolada_VLafebre-400x254.jpg 400w, https:\/\/afc.cat\/wp-content\/uploads\/2022\/05\/La-Marmolada_VLafebre-600x381.jpg 600w, https:\/\/afc.cat\/wp-content\/uploads\/2022\/05\/La-Marmolada_VLafebre-800x508.jpg 800w, https:\/\/afc.cat\/wp-content\/uploads\/2022\/05\/La-Marmolada_VLafebre-1200x763.jpg 1200w, https:\/\/afc.cat\/wp-content\/uploads\/2022\/05\/La-Marmolada_VLafebre.jpg 1259w\" sizes=\"(min-width: 2200px) 100vw, (min-width: 832px) 413px, (min-width: 736px) 620px, (min-width: 640px) 736px, \" \/><\/a><\/div><\/div><div style=\"padding:5px;\" class=\"fusion-grid-column fusion-gallery-column fusion-gallery-column-3 hover-type-zoomin\"><div class=\"fusion-gallery-image\"><a href=\"https:\/\/afc.cat\/wp-content\/uploads\/2022\/05\/Aerea_CarlesPunyet.jpg\" data-title=\"Aerea_CarlesPunyet\" title=\"Aerea_CarlesPunyet\" rel=\"noreferrer\" data-rel=\"iLightbox[gallery_image_1]\" class=\"fusion-lightbox\" target=\"_self\"><img decoding=\"async\" src=\"https:\/\/afc.cat\/wp-content\/uploads\/2022\/05\/Aerea_CarlesPunyet.jpg\" width=\"1101\" height=\"800\" alt=\"\" title=\"Aerea_CarlesPunyet\" aria-label=\"Aerea_CarlesPunyet\" class=\"img-responsive wp-image-27803\" srcset=\"https:\/\/afc.cat\/wp-content\/uploads\/2022\/05\/Aerea_CarlesPunyet-200x145.jpg 200w, https:\/\/afc.cat\/wp-content\/uploads\/2022\/05\/Aerea_CarlesPunyet-400x291.jpg 400w, https:\/\/afc.cat\/wp-content\/uploads\/2022\/05\/Aerea_CarlesPunyet-600x436.jpg 600w, https:\/\/afc.cat\/wp-content\/uploads\/2022\/05\/Aerea_CarlesPunyet-800x581.jpg 800w, https:\/\/afc.cat\/wp-content\/uploads\/2022\/05\/Aerea_CarlesPunyet.jpg 1101w\" sizes=\"(min-width: 2200px) 100vw, (min-width: 832px) 413px, (min-width: 736px) 620px, (min-width: 640px) 736px, \" \/><\/a><\/div><\/div><div style=\"padding:5px;\" class=\"fusion-grid-column fusion-gallery-column fusion-gallery-column-3 hover-type-zoomin\"><div class=\"fusion-gallery-image\"><a href=\"https:\/\/afc.cat\/wp-content\/uploads\/2022\/02\/El-Trencalos-1.jpg\" data-title=\"Autor\/a: Antoni Torres\" title=\"Autor\/a: Antoni Torres\" rel=\"noreferrer\" data-rel=\"iLightbox[gallery_image_1]\" class=\"fusion-lightbox\" target=\"_self\"><img decoding=\"async\" src=\"https:\/\/afc.cat\/wp-content\/uploads\/2022\/02\/El-Trencalos-1.jpg\" width=\"1102\" height=\"800\" alt=\"\" title=\"Autor\/a: Antoni Torres\" aria-label=\"Autor\/a: Antoni Torres\" class=\"img-responsive wp-image-26099\" srcset=\"https:\/\/afc.cat\/wp-content\/uploads\/2022\/02\/El-Trencalos-1-200x145.jpg 200w, https:\/\/afc.cat\/wp-content\/uploads\/2022\/02\/El-Trencalos-1-400x290.jpg 400w, https:\/\/afc.cat\/wp-content\/uploads\/2022\/02\/El-Trencalos-1-600x436.jpg 600w, https:\/\/afc.cat\/wp-content\/uploads\/2022\/02\/El-Trencalos-1-800x581.jpg 800w, https:\/\/afc.cat\/wp-content\/uploads\/2022\/02\/El-Trencalos-1.jpg 1102w\" sizes=\"(min-width: 2200px) 100vw, (min-width: 832px) 413px, (min-width: 736px) 620px, (min-width: 640px) 736px, \" \/><\/a><\/div><\/div><div class=\"clearfix\"><\/div><div style=\"padding:5px;\" class=\"fusion-grid-column fusion-gallery-column fusion-gallery-column-3 hover-type-zoomin\"><div class=\"fusion-gallery-image\"><a href=\"https:\/\/afc.cat\/wp-content\/uploads\/2022\/02\/El-Manzano_-1.jpg\" data-title=\"Autor\/a: Antoni Torres\" title=\"Autor\/a: Antoni Torres\" rel=\"noreferrer\" data-rel=\"iLightbox[gallery_image_1]\" class=\"fusion-lightbox\" target=\"_self\"><img decoding=\"async\" src=\"https:\/\/afc.cat\/wp-content\/uploads\/2022\/02\/El-Manzano_-1.jpg\" width=\"1200\" height=\"800\" alt=\"\" title=\"Autor\/a: Antoni Torres\" aria-label=\"Autor\/a: Antoni Torres\" class=\"img-responsive wp-image-26091\" srcset=\"https:\/\/afc.cat\/wp-content\/uploads\/2022\/02\/El-Manzano_-1-200x133.jpg 200w, https:\/\/afc.cat\/wp-content\/uploads\/2022\/02\/El-Manzano_-1-400x267.jpg 400w, https:\/\/afc.cat\/wp-content\/uploads\/2022\/02\/El-Manzano_-1-600x400.jpg 600w, https:\/\/afc.cat\/wp-content\/uploads\/2022\/02\/El-Manzano_-1-800x533.jpg 800w, https:\/\/afc.cat\/wp-content\/uploads\/2022\/02\/El-Manzano_-1.jpg 1200w\" sizes=\"(min-width: 2200px) 100vw, (min-width: 832px) 413px, (min-width: 736px) 620px, (min-width: 640px) 736px, \" \/><\/a><\/div><\/div><div style=\"padding:5px;\" class=\"fusion-grid-column fusion-gallery-column fusion-gallery-column-3 hover-type-zoomin\"><div class=\"fusion-gallery-image\"><a href=\"https:\/\/afc.cat\/wp-content\/uploads\/2022\/02\/Fum-Fum-Fum-1.jpg\" data-title=\"Autor\/a: Adolf Garcia\" title=\"Autor\/a: Adolf Garcia\" rel=\"noreferrer\" data-rel=\"iLightbox[gallery_image_1]\" class=\"fusion-lightbox\" target=\"_self\"><img decoding=\"async\" src=\"https:\/\/afc.cat\/wp-content\/uploads\/2022\/02\/Fum-Fum-Fum-1.jpg\" width=\"887\" height=\"800\" alt=\"\" title=\"Autor\/a: Adolf Garcia\" aria-label=\"Autor\/a: Adolf Garcia\" class=\"img-responsive wp-image-26101\" srcset=\"https:\/\/afc.cat\/wp-content\/uploads\/2022\/02\/Fum-Fum-Fum-1-200x180.jpg 200w, https:\/\/afc.cat\/wp-content\/uploads\/2022\/02\/Fum-Fum-Fum-1-400x361.jpg 400w, https:\/\/afc.cat\/wp-content\/uploads\/2022\/02\/Fum-Fum-Fum-1-600x541.jpg 600w, https:\/\/afc.cat\/wp-content\/uploads\/2022\/02\/Fum-Fum-Fum-1-800x722.jpg 800w, https:\/\/afc.cat\/wp-content\/uploads\/2022\/02\/Fum-Fum-Fum-1.jpg 887w\" sizes=\"(min-width: 2200px) 100vw, (min-width: 832px) 413px, (min-width: 736px) 620px, (min-width: 640px) 736px, \" \/><\/a><\/div><\/div><div style=\"padding:5px;\" class=\"fusion-grid-column fusion-gallery-column fusion-gallery-column-3 hover-type-zoomin\"><div class=\"fusion-gallery-image\"><a href=\"https:\/\/afc.cat\/wp-content\/uploads\/2022\/02\/Cala-de-Sa-Cova-1.jpg\" data-title=\"Autor\/a: Josep Blanch\" title=\"Autor\/a: Josep Blanch\" rel=\"noreferrer\" data-rel=\"iLightbox[gallery_image_1]\" class=\"fusion-lightbox\" target=\"_self\"><img decoding=\"async\" src=\"https:\/\/afc.cat\/wp-content\/uploads\/2022\/02\/Cala-de-Sa-Cova-1.jpg\" width=\"1200\" height=\"800\" alt=\"\" title=\"Autor\/a: Josep Blanch\" aria-label=\"Autor\/a: Josep Blanch\" class=\"img-responsive wp-image-26095\" srcset=\"https:\/\/afc.cat\/wp-content\/uploads\/2022\/02\/Cala-de-Sa-Cova-1-200x133.jpg 200w, https:\/\/afc.cat\/wp-content\/uploads\/2022\/02\/Cala-de-Sa-Cova-1-400x267.jpg 400w, https:\/\/afc.cat\/wp-content\/uploads\/2022\/02\/Cala-de-Sa-Cova-1-600x400.jpg 600w, https:\/\/afc.cat\/wp-content\/uploads\/2022\/02\/Cala-de-Sa-Cova-1-800x533.jpg 800w, https:\/\/afc.cat\/wp-content\/uploads\/2022\/02\/Cala-de-Sa-Cova-1.jpg 1200w\" sizes=\"(min-width: 2200px) 100vw, (min-width: 832px) 413px, (min-width: 736px) 620px, (min-width: 640px) 736px, \" \/><\/a><\/div><\/div><div class=\"clearfix\"><\/div><div style=\"padding:5px;\" class=\"fusion-grid-column fusion-gallery-column fusion-gallery-column-3 hover-type-zoomin\"><div class=\"fusion-gallery-image\"><a href=\"https:\/\/afc.cat\/wp-content\/uploads\/2022\/03\/Estacio-de-metro-Munic_V.Lafebre.jpg\" data-title=\"Autor\/a: Vicen\u00e7 Lafebre\" title=\"Autor\/a: Vicen\u00e7 Lafebre\" rel=\"noreferrer\" data-rel=\"iLightbox[gallery_image_1]\" class=\"fusion-lightbox\" target=\"_self\"><img decoding=\"async\" src=\"https:\/\/afc.cat\/wp-content\/uploads\/2022\/03\/Estacio-de-metro-Munic_V.Lafebre.jpg\" width=\"1201\" height=\"800\" alt=\"\" title=\"Autor\/a:  Vicen\u00e7 Lafebre\" aria-label=\"Autor\/a:  Vicen\u00e7 Lafebre\" class=\"img-responsive wp-image-26670\" srcset=\"https:\/\/afc.cat\/wp-content\/uploads\/2022\/03\/Estacio-de-metro-Munic_V.Lafebre-200x133.jpg 200w, https:\/\/afc.cat\/wp-content\/uploads\/2022\/03\/Estacio-de-metro-Munic_V.Lafebre-400x266.jpg 400w, https:\/\/afc.cat\/wp-content\/uploads\/2022\/03\/Estacio-de-metro-Munic_V.Lafebre-600x400.jpg 600w, https:\/\/afc.cat\/wp-content\/uploads\/2022\/03\/Estacio-de-metro-Munic_V.Lafebre-800x533.jpg 800w, https:\/\/afc.cat\/wp-content\/uploads\/2022\/03\/Estacio-de-metro-Munic_V.Lafebre.jpg 1201w\" sizes=\"(min-width: 2200px) 100vw, (min-width: 832px) 413px, (min-width: 736px) 620px, (min-width: 640px) 736px, \" \/><\/a><\/div><\/div><div style=\"padding:5px;\" class=\"fusion-grid-column fusion-gallery-column fusion-gallery-column-3 hover-type-zoomin\"><div class=\"fusion-gallery-image\"><a href=\"https:\/\/afc.cat\/wp-content\/uploads\/2022\/02\/DSC4593-1-1.jpg\" data-title=\"Autor\/a: Irene Sanz\" title=\"Autor\/a: Irene Sanz\" rel=\"noreferrer\" data-rel=\"iLightbox[gallery_image_1]\" class=\"fusion-lightbox\" target=\"_self\"><img decoding=\"async\" src=\"https:\/\/afc.cat\/wp-content\/uploads\/2022\/02\/DSC4593-1-1.jpg\" width=\"1121\" height=\"800\" alt=\"\" title=\"Autor\/a: Irene Sanz\" aria-label=\"Autor\/a: Irene Sanz\" class=\"img-responsive wp-image-26089\" srcset=\"https:\/\/afc.cat\/wp-content\/uploads\/2022\/02\/DSC4593-1-1-200x143.jpg 200w, https:\/\/afc.cat\/wp-content\/uploads\/2022\/02\/DSC4593-1-1-400x285.jpg 400w, https:\/\/afc.cat\/wp-content\/uploads\/2022\/02\/DSC4593-1-1-600x428.jpg 600w, https:\/\/afc.cat\/wp-content\/uploads\/2022\/02\/DSC4593-1-1-800x571.jpg 800w, https:\/\/afc.cat\/wp-content\/uploads\/2022\/02\/DSC4593-1-1.jpg 1121w\" sizes=\"(min-width: 2200px) 100vw, (min-width: 832px) 413px, (min-width: 736px) 620px, (min-width: 640px) 736px, \" \/><\/a><\/div><\/div><div style=\"padding:5px;\" class=\"fusion-grid-column fusion-gallery-column fusion-gallery-column-3 hover-type-zoomin\"><div class=\"fusion-gallery-image\"><a href=\"https:\/\/afc.cat\/wp-content\/uploads\/2022\/05\/Exercici-de-cinta_VLafebre.jpg\" data-title=\"Exercici de cinta_VLafebre\" title=\"Exercici de cinta_VLafebre\" rel=\"noreferrer\" data-rel=\"iLightbox[gallery_image_1]\" class=\"fusion-lightbox\" target=\"_self\"><img decoding=\"async\" src=\"https:\/\/afc.cat\/wp-content\/uploads\/2022\/05\/Exercici-de-cinta_VLafebre.jpg\" width=\"1284\" height=\"800\" alt=\"\" title=\"Exercici de cinta_VLafebre\" aria-label=\"Exercici de cinta_VLafebre\" class=\"img-responsive wp-image-27813\" srcset=\"https:\/\/afc.cat\/wp-content\/uploads\/2022\/05\/Exercici-de-cinta_VLafebre-200x125.jpg 200w, https:\/\/afc.cat\/wp-content\/uploads\/2022\/05\/Exercici-de-cinta_VLafebre-400x249.jpg 400w, https:\/\/afc.cat\/wp-content\/uploads\/2022\/05\/Exercici-de-cinta_VLafebre-600x374.jpg 600w, https:\/\/afc.cat\/wp-content\/uploads\/2022\/05\/Exercici-de-cinta_VLafebre-800x498.jpg 800w, https:\/\/afc.cat\/wp-content\/uploads\/2022\/05\/Exercici-de-cinta_VLafebre-1200x748.jpg 1200w, https:\/\/afc.cat\/wp-content\/uploads\/2022\/05\/Exercici-de-cinta_VLafebre.jpg 1284w\" sizes=\"(min-width: 2200px) 100vw, (min-width: 832px) 413px, (min-width: 736px) 620px, (min-width: 640px) 736px, \" \/><\/a><\/div><\/div><div class=\"clearfix\"><\/div><div style=\"padding:5px;\" class=\"fusion-grid-column fusion-gallery-column fusion-gallery-column-3 hover-type-zoomin\"><div class=\"fusion-gallery-image\"><a href=\"https:\/\/afc.cat\/wp-content\/uploads\/2022\/03\/Blue-Hour_J.Blanch.jpg\" data-title=\"Autor\/a: Josep Blanch\" title=\"Autor\/a: Josep Blanch\" rel=\"noreferrer\" data-rel=\"iLightbox[gallery_image_1]\" class=\"fusion-lightbox\" target=\"_self\"><img decoding=\"async\" src=\"https:\/\/afc.cat\/wp-content\/uploads\/2022\/03\/Blue-Hour_J.Blanch.jpg\" width=\"800\" height=\"800\" alt=\"\" title=\"Autor\/a:  Josep Blanch\" aria-label=\"Autor\/a:  Josep Blanch\" class=\"img-responsive wp-image-26668\" srcset=\"https:\/\/afc.cat\/wp-content\/uploads\/2022\/03\/Blue-Hour_J.Blanch-200x200.jpg 200w, https:\/\/afc.cat\/wp-content\/uploads\/2022\/03\/Blue-Hour_J.Blanch-400x400.jpg 400w, https:\/\/afc.cat\/wp-content\/uploads\/2022\/03\/Blue-Hour_J.Blanch-600x600.jpg 600w, https:\/\/afc.cat\/wp-content\/uploads\/2022\/03\/Blue-Hour_J.Blanch.jpg 800w\" sizes=\"(min-width: 2200px) 100vw, (min-width: 832px) 413px, (min-width: 736px) 620px, (min-width: 640px) 736px, \" \/><\/a><\/div><\/div><div style=\"padding:5px;\" class=\"fusion-grid-column fusion-gallery-column fusion-gallery-column-3 hover-type-zoomin\"><div class=\"fusion-gallery-image\"><a href=\"https:\/\/afc.cat\/wp-content\/uploads\/2022\/02\/DSC2936-1-1.jpg\" data-title=\"Autor\/a: Irene Sanz\" title=\"Autor\/a: Irene Sanz\" rel=\"noreferrer\" data-rel=\"iLightbox[gallery_image_1]\" class=\"fusion-lightbox\" target=\"_self\"><img decoding=\"async\" src=\"https:\/\/afc.cat\/wp-content\/uploads\/2022\/02\/DSC2936-1-1.jpg\" width=\"1096\" height=\"800\" alt=\"\" title=\"Autor\/a: Irene Sanz\" aria-label=\"Autor\/a: Irene Sanz\" class=\"img-responsive wp-image-26087\" srcset=\"https:\/\/afc.cat\/wp-content\/uploads\/2022\/02\/DSC2936-1-1-200x146.jpg 200w, https:\/\/afc.cat\/wp-content\/uploads\/2022\/02\/DSC2936-1-1-400x292.jpg 400w, https:\/\/afc.cat\/wp-content\/uploads\/2022\/02\/DSC2936-1-1-600x438.jpg 600w, https:\/\/afc.cat\/wp-content\/uploads\/2022\/02\/DSC2936-1-1-800x584.jpg 800w, https:\/\/afc.cat\/wp-content\/uploads\/2022\/02\/DSC2936-1-1.jpg 1096w\" sizes=\"(min-width: 2200px) 100vw, (min-width: 832px) 413px, (min-width: 736px) 620px, (min-width: 640px) 736px, \" \/><\/a><\/div><\/div><div style=\"padding:5px;\" class=\"fusion-grid-column fusion-gallery-column fusion-gallery-column-3 hover-type-zoomin\"><div class=\"fusion-gallery-image\"><a href=\"https:\/\/afc.cat\/wp-content\/uploads\/2022\/02\/Cau-la-tarda-a-Bardenas-1.jpg\" data-title=\"Autor\/a: Toni Torras\" title=\"Autor\/a: Toni Torras\" rel=\"noreferrer\" data-rel=\"iLightbox[gallery_image_1]\" class=\"fusion-lightbox\" target=\"_self\"><img decoding=\"async\" src=\"https:\/\/afc.cat\/wp-content\/uploads\/2022\/02\/Cau-la-tarda-a-Bardenas-1.jpg\" width=\"1200\" height=\"800\" alt=\"\" title=\"Autor\/a: Toni Torras\" aria-label=\"Autor\/a: Toni Torras\" class=\"img-responsive wp-image-26097\" srcset=\"https:\/\/afc.cat\/wp-content\/uploads\/2022\/02\/Cau-la-tarda-a-Bardenas-1-200x133.jpg 200w, https:\/\/afc.cat\/wp-content\/uploads\/2022\/02\/Cau-la-tarda-a-Bardenas-1-400x267.jpg 400w, https:\/\/afc.cat\/wp-content\/uploads\/2022\/02\/Cau-la-tarda-a-Bardenas-1-600x400.jpg 600w, https:\/\/afc.cat\/wp-content\/uploads\/2022\/02\/Cau-la-tarda-a-Bardenas-1-800x533.jpg 800w, https:\/\/afc.cat\/wp-content\/uploads\/2022\/02\/Cau-la-tarda-a-Bardenas-1.jpg 1200w\" sizes=\"(min-width: 2200px) 100vw, (min-width: 832px) 413px, (min-width: 736px) 620px, (min-width: 640px) 736px, \" \/><\/a><\/div><\/div><div class=\"clearfix\"><\/div><div style=\"padding:5px;\" class=\"fusion-grid-column fusion-gallery-column fusion-gallery-column-3 hover-type-zoomin\"><div class=\"fusion-gallery-image\"><a href=\"https:\/\/afc.cat\/wp-content\/uploads\/2022\/02\/DSC1483-1-1.jpg\" data-title=\"Autor\/a: Irene Sanz\" title=\"Autor\/a: Irene Sanz\" rel=\"noreferrer\" data-rel=\"iLightbox[gallery_image_1]\" class=\"fusion-lightbox\" target=\"_self\"><img decoding=\"async\" src=\"https:\/\/afc.cat\/wp-content\/uploads\/2022\/02\/DSC1483-1-1.jpg\" width=\"1258\" height=\"800\" alt=\"\" title=\"Autor\/a: Irene Sanz\" aria-label=\"Autor\/a: Irene Sanz\" class=\"img-responsive wp-image-26085\" srcset=\"https:\/\/afc.cat\/wp-content\/uploads\/2022\/02\/DSC1483-1-1-200x127.jpg 200w, https:\/\/afc.cat\/wp-content\/uploads\/2022\/02\/DSC1483-1-1-400x254.jpg 400w, https:\/\/afc.cat\/wp-content\/uploads\/2022\/02\/DSC1483-1-1-600x382.jpg 600w, https:\/\/afc.cat\/wp-content\/uploads\/2022\/02\/DSC1483-1-1-800x509.jpg 800w, https:\/\/afc.cat\/wp-content\/uploads\/2022\/02\/DSC1483-1-1-1200x763.jpg 1200w, https:\/\/afc.cat\/wp-content\/uploads\/2022\/02\/DSC1483-1-1.jpg 1258w\" sizes=\"(min-width: 2200px) 100vw, (min-width: 832px) 413px, (min-width: 736px) 620px, (min-width: 640px) 736px, \" \/><\/a><\/div><\/div><div style=\"padding:5px;\" class=\"fusion-grid-column fusion-gallery-column fusion-gallery-column-3 hover-type-zoomin\"><div class=\"fusion-gallery-image\"><a href=\"https:\/\/afc.cat\/wp-content\/uploads\/2022\/02\/Josep-Lluis-Soucheiron-1.jpg\" data-title=\"Autor\/a: Josep Lluis Soucheiron\" title=\"Autor\/a: Josep Lluis Soucheiron\" rel=\"noreferrer\" data-rel=\"iLightbox[gallery_image_1]\" class=\"fusion-lightbox\" target=\"_self\"><img decoding=\"async\" src=\"https:\/\/afc.cat\/wp-content\/uploads\/2022\/02\/Josep-Lluis-Soucheiron-1.jpg\" width=\"532\" height=\"800\" alt=\"\" title=\"Autor\/a: Josep Lluis Soucheiron\" aria-label=\"Autor\/a: Josep Lluis Soucheiron\" class=\"img-responsive wp-image-26103\" srcset=\"https:\/\/afc.cat\/wp-content\/uploads\/2022\/02\/Josep-Lluis-Soucheiron-1-200x301.jpg 200w, https:\/\/afc.cat\/wp-content\/uploads\/2022\/02\/Josep-Lluis-Soucheiron-1-400x602.jpg 400w, https:\/\/afc.cat\/wp-content\/uploads\/2022\/02\/Josep-Lluis-Soucheiron-1.jpg 532w\" sizes=\"(min-width: 2200px) 100vw, (min-width: 832px) 413px, (min-width: 736px) 620px, (min-width: 640px) 736px, \" \/><\/a><\/div><\/div><div style=\"padding:5px;\" class=\"fusion-grid-column fusion-gallery-column fusion-gallery-column-3 hover-type-zoomin\"><div class=\"fusion-gallery-image\"><a href=\"https:\/\/afc.cat\/wp-content\/uploads\/2022\/02\/La-Cala-dels-Frares-1.jpg\" data-title=\"Autor\/a: Antoni Torres\" title=\"Autor\/a: Antoni Torres\" rel=\"noreferrer\" data-rel=\"iLightbox[gallery_image_1]\" class=\"fusion-lightbox\" target=\"_self\"><img decoding=\"async\" src=\"https:\/\/afc.cat\/wp-content\/uploads\/2022\/02\/La-Cala-dels-Frares-1.jpg\" width=\"1422\" height=\"800\" alt=\"\" title=\"Autor\/a: Antoni Torres\" aria-label=\"Autor\/a: Antoni Torres\" class=\"img-responsive wp-image-26105\" srcset=\"https:\/\/afc.cat\/wp-content\/uploads\/2022\/02\/La-Cala-dels-Frares-1-200x113.jpg 200w, https:\/\/afc.cat\/wp-content\/uploads\/2022\/02\/La-Cala-dels-Frares-1-400x225.jpg 400w, https:\/\/afc.cat\/wp-content\/uploads\/2022\/02\/La-Cala-dels-Frares-1-600x338.jpg 600w, https:\/\/afc.cat\/wp-content\/uploads\/2022\/02\/La-Cala-dels-Frares-1-800x450.jpg 800w, https:\/\/afc.cat\/wp-content\/uploads\/2022\/02\/La-Cala-dels-Frares-1-1200x675.jpg 1200w, https:\/\/afc.cat\/wp-content\/uploads\/2022\/02\/La-Cala-dels-Frares-1.jpg 1422w\" sizes=\"(min-width: 2200px) 100vw, (min-width: 832px) 413px, (min-width: 736px) 620px, (min-width: 640px) 736px, \" \/><\/a><\/div><\/div><div class=\"clearfix\"><\/div><div style=\"padding:5px;\" class=\"fusion-grid-column fusion-gallery-column fusion-gallery-column-3 hover-type-zoomin\"><div class=\"fusion-gallery-image\"><a href=\"https:\/\/afc.cat\/wp-content\/uploads\/2022\/02\/Moviment-interior-1-1.jpg\" data-title=\"Autor\/a: I. Mante\" title=\"Autor\/a: I. Mante\" rel=\"noreferrer\" data-rel=\"iLightbox[gallery_image_1]\" class=\"fusion-lightbox\" target=\"_self\"><img decoding=\"async\" src=\"https:\/\/afc.cat\/wp-content\/uploads\/2022\/02\/Moviment-interior-1-1.jpg\" width=\"800\" height=\"800\" alt=\"\" title=\"Autor\/a: I. Mante\" aria-label=\"Autor\/a: I. Mante\" class=\"img-responsive wp-image-26107\" srcset=\"https:\/\/afc.cat\/wp-content\/uploads\/2022\/02\/Moviment-interior-1-1-200x200.jpg 200w, https:\/\/afc.cat\/wp-content\/uploads\/2022\/02\/Moviment-interior-1-1-400x400.jpg 400w, https:\/\/afc.cat\/wp-content\/uploads\/2022\/02\/Moviment-interior-1-1-600x600.jpg 600w, https:\/\/afc.cat\/wp-content\/uploads\/2022\/02\/Moviment-interior-1-1.jpg 800w\" sizes=\"(min-width: 2200px) 100vw, (min-width: 832px) 413px, (min-width: 736px) 620px, (min-width: 640px) 736px, \" \/><\/a><\/div><\/div><\/div><\/div><style type=\"text\/css\">.fusion-body .fusion-builder-column-0{width:100% !important;margin-top : 0px;margin-bottom : 20px;}.fusion-builder-column-0 > .fusion-column-wrapper {padding-top : 0px !important;padding-right : 0px !important;margin-right : 1.92%;padding-bottom : 0px !important;padding-left : 0px !important;margin-left : 1.92%;}@media only screen and (max-width:1024px) {.fusion-body .fusion-builder-column-0{width:100% !important;order : 0;}.fusion-builder-column-0 > .fusion-column-wrapper {margin-right : 1.92%;margin-left : 1.92%;}}@media only screen and (max-width:640px) {.fusion-body .fusion-builder-column-0{width:100% !important;order : 0;}.fusion-builder-column-0 > .fusion-column-wrapper {margin-right : 1.92%;margin-left : 1.92%;}}<\/style><\/div><\/div><style type=\"text\/css\">.fusion-body .fusion-flex-container.fusion-builder-row-1{ padding-top : 0px;margin-top : 0px;padding-right : 0px;padding-bottom : 0px;margin-bottom : 0px;padding-left : 0px;}<\/style><\/div>\n","protected":false},"excerpt":{"rendered":"","protected":false},"author":33,"featured_media":0,"parent":0,"menu_order":0,"comment_status":"closed","ping_status":"closed","template":"100-width.php","meta":{"_acf_changed":false,"footnotes":""},"class_list":["post-26158","page","type-page","status-publish","hentry"],"acf":[],"yoast_head":"<!-- This site is optimized with the Yoast SEO plugin v27.2 - https:\/\/yoast.com\/product\/yoast-seo-wordpress\/ -->\n<title>Galer\u00eda de im\u00e1genes AFC - Agrupaci\u00f3 Fotogr\u00e0fica de Catalunya<\/title>\n<meta name=\"robots\" content=\"index, follow, max-snippet:-1, max-image-preview:large, max-video-preview:-1\" \/>\n<link rel=\"canonical\" href=\"https:\/\/afc.cat\/es\/exposicio-de-fotografies\/\" \/>\n<meta property=\"og:locale\" content=\"es_ES\" \/>\n<meta property=\"og:type\" content=\"article\" \/>\n<meta property=\"og:title\" content=\"Galer\u00eda de im\u00e1genes AFC - Agrupaci\u00f3 Fotogr\u00e0fica de Catalunya\" \/>\n<meta property=\"og:url\" content=\"https:\/\/afc.cat\/es\/exposicio-de-fotografies\/\" \/>\n<meta property=\"og:site_name\" content=\"Agrupaci\u00f3 Fotogr\u00e0fica de Catalunya\" \/>\n<meta property=\"article:modified_time\" content=\"2023-01-30T15:04:10+00:00\" \/>\n<meta name=\"twitter:card\" content=\"summary_large_image\" \/>\n<meta name=\"twitter:label1\" content=\"Tiempo de lectura\" \/>\n\t<meta name=\"twitter:data1\" content=\"3 minutos\" \/>\n<script type=\"application\/ld+json\" class=\"yoast-schema-graph\">{\"@context\":\"https:\/\/schema.org\",\"@graph\":[{\"@type\":\"WebPage\",\"@id\":\"https:\/\/afc.cat\/es\/exposicio-de-fotografies\/\",\"url\":\"https:\/\/afc.cat\/es\/exposicio-de-fotografies\/\",\"name\":\"Galer\u00eda de im\u00e1genes AFC - Agrupaci\u00f3 Fotogr\u00e0fica de Catalunya\",\"isPartOf\":{\"@id\":\"https:\/\/afc.cat\/es\/#website\"},\"datePublished\":\"2022-02-11T13:03:54+00:00\",\"dateModified\":\"2023-01-30T15:04:10+00:00\",\"breadcrumb\":{\"@id\":\"https:\/\/afc.cat\/es\/exposicio-de-fotografies\/#breadcrumb\"},\"inLanguage\":\"es\",\"potentialAction\":[{\"@type\":\"ReadAction\",\"target\":[\"https:\/\/afc.cat\/es\/exposicio-de-fotografies\/\"]}]},{\"@type\":\"BreadcrumbList\",\"@id\":\"https:\/\/afc.cat\/es\/exposicio-de-fotografies\/#breadcrumb\",\"itemListElement\":[{\"@type\":\"ListItem\",\"position\":1,\"name\":\"Inicio\",\"item\":\"https:\/\/afc.cat\/es\/\"},{\"@type\":\"ListItem\",\"position\":2,\"name\":\"Galer\u00eda de im\u00e1genes AFC\"}]},{\"@type\":\"WebSite\",\"@id\":\"https:\/\/afc.cat\/es\/#website\",\"url\":\"https:\/\/afc.cat\/es\/\",\"name\":\"Agrupaci\u00f3 Fotogr\u00e0fica de Catalunya\",\"description\":\"Fomento y divulgaci\u00f3n de la fotograf\u00eda en todas sus variedades\",\"potentialAction\":[{\"@type\":\"SearchAction\",\"target\":{\"@type\":\"EntryPoint\",\"urlTemplate\":\"https:\/\/afc.cat\/es\/?s={search_term_string}\"},\"query-input\":{\"@type\":\"PropertyValueSpecification\",\"valueRequired\":true,\"valueName\":\"search_term_string\"}}],\"inLanguage\":\"es\"}]}<\/script>\n<!-- \/ Yoast SEO plugin. -->","yoast_head_json":{"title":"Galer\u00eda de im\u00e1genes AFC - Agrupaci\u00f3 Fotogr\u00e0fica de Catalunya","robots":{"index":"index","follow":"follow","max-snippet":"max-snippet:-1","max-image-preview":"max-image-preview:large","max-video-preview":"max-video-preview:-1"},"canonical":"https:\/\/afc.cat\/es\/exposicio-de-fotografies\/","og_locale":"es_ES","og_type":"article","og_title":"Galer\u00eda de im\u00e1genes AFC - Agrupaci\u00f3 Fotogr\u00e0fica de Catalunya","og_url":"https:\/\/afc.cat\/es\/exposicio-de-fotografies\/","og_site_name":"Agrupaci\u00f3 Fotogr\u00e0fica de Catalunya","article_modified_time":"2023-01-30T15:04:10+00:00","twitter_card":"summary_large_image","twitter_misc":{"Tiempo de lectura":"3 minutos"},"schema":{"@context":"https:\/\/schema.org","@graph":[{"@type":"WebPage","@id":"https:\/\/afc.cat\/es\/exposicio-de-fotografies\/","url":"https:\/\/afc.cat\/es\/exposicio-de-fotografies\/","name":"Galer\u00eda de im\u00e1genes AFC - Agrupaci\u00f3 Fotogr\u00e0fica de Catalunya","isPartOf":{"@id":"https:\/\/afc.cat\/es\/#website"},"datePublished":"2022-02-11T13:03:54+00:00","dateModified":"2023-01-30T15:04:10+00:00","breadcrumb":{"@id":"https:\/\/afc.cat\/es\/exposicio-de-fotografies\/#breadcrumb"},"inLanguage":"es","potentialAction":[{"@type":"ReadAction","target":["https:\/\/afc.cat\/es\/exposicio-de-fotografies\/"]}]},{"@type":"BreadcrumbList","@id":"https:\/\/afc.cat\/es\/exposicio-de-fotografies\/#breadcrumb","itemListElement":[{"@type":"ListItem","position":1,"name":"Inicio","item":"https:\/\/afc.cat\/es\/"},{"@type":"ListItem","position":2,"name":"Galer\u00eda de im\u00e1genes AFC"}]},{"@type":"WebSite","@id":"https:\/\/afc.cat\/es\/#website","url":"https:\/\/afc.cat\/es\/","name":"Agrupaci\u00f3 Fotogr\u00e0fica de Catalunya","description":"Fomento y divulgaci\u00f3n de la fotograf\u00eda en todas sus variedades","potentialAction":[{"@type":"SearchAction","target":{"@type":"EntryPoint","urlTemplate":"https:\/\/afc.cat\/es\/?s={search_term_string}"},"query-input":{"@type":"PropertyValueSpecification","valueRequired":true,"valueName":"search_term_string"}}],"inLanguage":"es"}]}},"_links":{"self":[{"href":"https:\/\/afc.cat\/es\/wp-json\/wp\/v2\/pages\/26158","targetHints":{"allow":["GET"]}}],"collection":[{"href":"https:\/\/afc.cat\/es\/wp-json\/wp\/v2\/pages"}],"about":[{"href":"https:\/\/afc.cat\/es\/wp-json\/wp\/v2\/types\/page"}],"author":[{"embeddable":true,"href":"https:\/\/afc.cat\/es\/wp-json\/wp\/v2\/users\/33"}],"replies":[{"embeddable":true,"href":"https:\/\/afc.cat\/es\/wp-json\/wp\/v2\/comments?post=26158"}],"version-history":[{"count":16,"href":"https:\/\/afc.cat\/es\/wp-json\/wp\/v2\/pages\/26158\/revisions"}],"predecessor-version":[{"id":30588,"href":"https:\/\/afc.cat\/es\/wp-json\/wp\/v2\/pages\/26158\/revisions\/30588"}],"wp:attachment":[{"href":"https:\/\/afc.cat\/es\/wp-json\/wp\/v2\/media?parent=26158"}],"curies":[{"name":"wp","href":"https:\/\/api.w.org\/{rel}","templated":true}]}}