{"id":28522,"date":"2022-07-07T00:31:56","date_gmt":"2022-07-06T22:31:56","guid":{"rendered":"https:\/\/afc.cat\/laboratori-analogic\/"},"modified":"2022-07-07T17:47:39","modified_gmt":"2022-07-07T15:47:39","slug":"laboratori-analogic","status":"publish","type":"page","link":"https:\/\/afc.cat\/es\/laboratori-analogic\/","title":{"rendered":"Laboratorio para fotograf\u00eda anal\u00f3gica"},"content":{"rendered":"<div class=\"fusion-fullwidth fullwidth-box fusion-builder-row-1 fusion-flex-container nonhundred-percent-fullwidth non-hundred-percent-height-scrolling\" style=\"background-color: rgba(255,255,255,0);background-position: center center;background-repeat: no-repeat;border-width: 0px 0px 0px 0px;border-color:#ffffff;border-style:solid;\" ><div class=\"fusion-builder-row fusion-row fusion-flex-align-items-flex-start\" style=\"max-width:1300px;margin-left: calc(-4% \/ 2 );margin-right: calc(-4% \/ 2 );\"><div class=\"fusion-layout-column fusion_builder_column fusion-builder-column-0 fusion_builder_column_1_1 1_1 fusion-flex-column\"><div class=\"fusion-column-wrapper fusion-flex-justify-content-flex-start fusion-content-layout-column\" style=\"background-position:left top;background-repeat:no-repeat;-webkit-background-size:cover;-moz-background-size:cover;-o-background-size:cover;background-size:cover;padding: 0px 0px 0px 0px;\"><div class=\"fusion-text fusion-text-1\"><h2>Nuevo Servicio<\/h2>\n<p>Te presento el nuevo servicio de la Agrupaci\u00f3n Fotogr\u00e1fica de Catalunya: el laboratorio para fotograf\u00eda anal\u00f3gica.<\/p>\n<p>En este nuevo espacio dispondr\u00e1s de todo el equipo necesario para que puedas experimentar la magia que supone pasar del carrete de fotograf\u00edas al papel.<\/p>\n<h2>El Zen y el laboratorio para fotograf\u00eda anal\u00f3gica<\/h2>\n<p>Ahora que todos llevamos una estupenda c\u00e1mara digital en el bolsillo capaz de hacer maravillosas tomas y, lo que no es poco, compartirlas al instante con el mundo, resulta que un grupo cada vez m\u00e1s numeroso de \u201clocos\u201d han vuelto a la fotograf\u00eda que se hac\u00eda a\u00f1os atr\u00e1s y que supon\u00eda que, entre la toma y su visualizaci\u00f3n en papel, y solo papel, pod\u00edan pasar d\u00edas o incluso semanas am\u00e9n de un complicado proceso de revelado.<\/p>\n<p>La fotograf\u00eda anal\u00f3gica ha vuelto y es mas que una moda porqu\u00e9 supone la vuelta a la reflexi\u00f3n y a la consciencia del aqu\u00ed y ahora, que, deseng\u00e1\u00f1ate, es lo \u00fanico que existe.<\/p>\n<p>Desde el momento de la toma hasta el positivado la fotograf\u00eda anal\u00f3gica nos hace tomar consciencia de la importancia del momento. Esto es Zen.<\/p>\n<p>No es solo una forma de comunicar tu visi\u00f3n del mundo, sino que es toda una toma posici\u00f3n ante un mundo que a menudo parece que va demasiado deprisa. Esto tambi\u00e9n es Zen.<\/p>\n<h2>La magia del laboratorio para fotograf\u00eda anal\u00f3gica<\/h2>\n<p>La fotograf\u00eda anal\u00f3gica o qu\u00edmica, no representa la nostalgia otros tiempos, no es un paso atr\u00e1s, no tenemos que decidir entre esta o la digital, no tenemos que comparar, no tenemos que renunciar a ninguno de las dos.<\/p>\n<p>\u00a1Tenemos que disfrutar de sus posibilidades y caracter\u00edsticas \u00fanicas!<\/p>\n<p>Experimentar con la mec\u00e1nica, los aparatos, las sensaciones, los olores son vivencias que ninguna otra t\u00e9cnica fotogr\u00e1fica nos puede ofrecer.<\/p>\n<p>Intervenir en el proceso fotogr\u00e1fico desde el principio, eligiendo el carrete, hasta el final con el milagro del positivado en el \u201ccuarto oscuro\u201d es una experiencia que todo amante de la fotograf\u00eda debe experimentar.<\/p>\n<h2>Ven al laboratorio para fotograf\u00eda anal\u00f3gica<\/h2>\n<p>Si eres uno de esos \u201clocos\u201d, tienes carretes anal\u00f3gicos y deseas revelarlos en nuestro nuevo laboratorio, escr\u00edbeme a <a href=\"mailto:analogic@afc.cat\" target=\"_blank\" rel=\"noopener\">analogic@afc.cat<\/a>.<\/p>\n<p>Te recuerdo que el uso del laboratorio para fotograf\u00eda anal\u00f3gica es para uso exclusivo de socios. Si no lo eres todav\u00eda, <a href=\"https:\/\/afc.cat\/es\/associat\/\" target=\"_blank\" rel=\"noopener\">aqu\u00ed te dejo el enlace<\/a> donde tendr\u00e1s toda la informaci\u00f3n para mejorar, compartir y, sobre todo, disfrutar de tu afici\u00f3n por la fotograf\u00eda.<\/p>\n<p>Francesc Soldevila, Cultura<br \/>\nToni Torras, Comunicaci\u00f3.<\/p>\n<\/div><div class=\"fusion-separator fusion-full-width-sep\" style=\"align-self: center;margin-left: auto;margin-right: auto;margin-top:20px;margin-bottom:20px;width:100%;\"><div class=\"fusion-separator-border sep-single sep-solid\" style=\"border-color:#3ec0bf;border-top-width:1px;\"><\/div><\/div><\/div><style type=\"text\/css\">.fusion-body .fusion-builder-column-0{width:100% !important;margin-top : 0px;margin-bottom : 20px;}.fusion-builder-column-0 > .fusion-column-wrapper {padding-top : 0px !important;padding-right : 0px !important;margin-right : 1.92%;padding-bottom : 0px !important;padding-left : 0px !important;margin-left : 1.92%;}@media only screen and (max-width:1024px) {.fusion-body .fusion-builder-column-0{width:100% !important;order : 0;}.fusion-builder-column-0 > .fusion-column-wrapper {margin-right : 1.92%;margin-left : 1.92%;}}@media only screen and (max-width:640px) {.fusion-body .fusion-builder-column-0{width:100% !important;order : 0;}.fusion-builder-column-0 > .fusion-column-wrapper {margin-right : 1.92%;margin-left : 1.92%;}}<\/style><\/div><div class=\"fusion-layout-column fusion_builder_column fusion-builder-column-1 fusion_builder_column_1_5 1_5 fusion-flex-column\"><div class=\"fusion-column-wrapper fusion-flex-justify-content-flex-start fusion-content-layout-column\" style=\"background-position:left top;background-repeat:no-repeat;-webkit-background-size:cover;-moz-background-size:cover;-o-background-size:cover;background-size:cover;padding: 0px 0px 0px 0px;\"><div ><span class=\" fusion-imageframe imageframe-none imageframe-1 hover-type-zoomin\"><img decoding=\"async\" width=\"480\" height=\"640\" alt=\"AFC - Laboratori Anal\u00f2gic \" title=\"AFC &#8211; Laboratori Analogic 5\" src=\"https:\/\/afc.cat\/wp-content\/uploads\/2022\/07\/AFC-Laboratori-Analogic-5.jpg\" class=\"img-responsive wp-image-28509\" srcset=\"https:\/\/afc.cat\/wp-content\/uploads\/2022\/07\/AFC-Laboratori-Analogic-5-200x267.jpg 200w, https:\/\/afc.cat\/wp-content\/uploads\/2022\/07\/AFC-Laboratori-Analogic-5-400x533.jpg 400w, https:\/\/afc.cat\/wp-content\/uploads\/2022\/07\/AFC-Laboratori-Analogic-5.jpg 480w\" sizes=\"(max-width: 640px) 100vw, 400px\" \/><\/span><\/div><div class=\"fusion-text fusion-text-2\" style=\"font-size:13px;\"><p>Foto: Francesc Soldevila<\/p>\n<\/div><\/div><style type=\"text\/css\">.fusion-body .fusion-builder-column-1{width:20% !important;margin-top : 0px;margin-bottom : 20px;}.fusion-builder-column-1 > .fusion-column-wrapper {padding-top : 0px !important;padding-right : 0px !important;margin-right : 9.6%;padding-bottom : 0px !important;padding-left : 0px !important;margin-left : 9.6%;}@media only screen and (max-width:1024px) {.fusion-body .fusion-builder-column-1{width:20% !important;order : 0;}.fusion-builder-column-1 > .fusion-column-wrapper {margin-right : 9.6%;margin-left : 9.6%;}}@media only screen and (max-width:640px) {.fusion-body .fusion-builder-column-1{width:100% !important;order : 0;}.fusion-builder-column-1 > .fusion-column-wrapper {margin-right : 1.92%;margin-left : 1.92%;}}<\/style><\/div><div class=\"fusion-layout-column fusion_builder_column fusion-builder-column-2 fusion_builder_column_1_5 1_5 fusion-flex-column\"><div class=\"fusion-column-wrapper fusion-flex-justify-content-flex-start fusion-content-layout-column\" style=\"background-position:left top;background-repeat:no-repeat;-webkit-background-size:cover;-moz-background-size:cover;-o-background-size:cover;background-size:cover;padding: 0px 0px 0px 0px;\"><div ><span class=\" fusion-imageframe imageframe-none imageframe-2 hover-type-zoomin\"><img decoding=\"async\" width=\"640\" height=\"480\" alt=\"AFC - Laboratori Anal\u00f2gic \" title=\"AFC &#8211; Laboratori Analogic 4\" src=\"https:\/\/afc.cat\/wp-content\/uploads\/2022\/07\/AFC-Laboratori-Analogic-4.jpg\" class=\"img-responsive wp-image-28507\" srcset=\"https:\/\/afc.cat\/wp-content\/uploads\/2022\/07\/AFC-Laboratori-Analogic-4-200x150.jpg 200w, https:\/\/afc.cat\/wp-content\/uploads\/2022\/07\/AFC-Laboratori-Analogic-4-400x300.jpg 400w, https:\/\/afc.cat\/wp-content\/uploads\/2022\/07\/AFC-Laboratori-Analogic-4-600x450.jpg 600w, https:\/\/afc.cat\/wp-content\/uploads\/2022\/07\/AFC-Laboratori-Analogic-4.jpg 640w\" sizes=\"(max-width: 640px) 100vw, 400px\" \/><\/span><\/div><div class=\"fusion-text fusion-text-3\" style=\"font-size:13px;\"><p>Foto: Francesc Soldevila<\/p>\n<\/div><\/div><style type=\"text\/css\">.fusion-body .fusion-builder-column-2{width:20% !important;margin-top : 0px;margin-bottom : 20px;}.fusion-builder-column-2 > .fusion-column-wrapper {padding-top : 0px !important;padding-right : 0px !important;margin-right : 9.6%;padding-bottom : 0px !important;padding-left : 0px !important;margin-left : 9.6%;}@media only screen and (max-width:1024px) {.fusion-body .fusion-builder-column-2{width:20% !important;order : 0;}.fusion-builder-column-2 > .fusion-column-wrapper {margin-right : 9.6%;margin-left : 9.6%;}}@media only screen and (max-width:640px) {.fusion-body .fusion-builder-column-2{width:100% !important;order : 0;}.fusion-builder-column-2 > .fusion-column-wrapper {margin-right : 1.92%;margin-left : 1.92%;}}<\/style><\/div><div class=\"fusion-layout-column fusion_builder_column fusion-builder-column-3 fusion_builder_column_1_5 1_5 fusion-flex-column\"><div class=\"fusion-column-wrapper fusion-flex-justify-content-flex-start fusion-content-layout-column\" style=\"background-position:left top;background-repeat:no-repeat;-webkit-background-size:cover;-moz-background-size:cover;-o-background-size:cover;background-size:cover;padding: 0px 0px 0px 0px;\"><div ><span class=\" fusion-imageframe imageframe-none imageframe-3 hover-type-zoomin\"><img decoding=\"async\" width=\"640\" height=\"480\" alt=\"AFC - Laboratori Anal\u00f2gic \" title=\"AFC &#8211; Laboratori Analogic 3\" src=\"https:\/\/afc.cat\/wp-content\/uploads\/2022\/07\/AFC-Laboratori-Analogic-3.jpg\" class=\"img-responsive wp-image-28505\" srcset=\"https:\/\/afc.cat\/wp-content\/uploads\/2022\/07\/AFC-Laboratori-Analogic-3-200x150.jpg 200w, https:\/\/afc.cat\/wp-content\/uploads\/2022\/07\/AFC-Laboratori-Analogic-3-400x300.jpg 400w, https:\/\/afc.cat\/wp-content\/uploads\/2022\/07\/AFC-Laboratori-Analogic-3-600x450.jpg 600w, https:\/\/afc.cat\/wp-content\/uploads\/2022\/07\/AFC-Laboratori-Analogic-3.jpg 640w\" sizes=\"(max-width: 640px) 100vw, 400px\" \/><\/span><\/div><div class=\"fusion-text fusion-text-4\" style=\"font-size:13px;\"><p>Foto: Francesc Soldevila<\/p>\n<\/div><\/div><style type=\"text\/css\">.fusion-body .fusion-builder-column-3{width:20% !important;margin-top : 0px;margin-bottom : 20px;}.fusion-builder-column-3 > .fusion-column-wrapper {padding-top : 0px !important;padding-right : 0px !important;margin-right : 9.6%;padding-bottom : 0px !important;padding-left : 0px !important;margin-left : 9.6%;}@media only screen and (max-width:1024px) {.fusion-body .fusion-builder-column-3{width:20% !important;order : 0;}.fusion-builder-column-3 > .fusion-column-wrapper {margin-right : 9.6%;margin-left : 9.6%;}}@media only screen and (max-width:640px) {.fusion-body .fusion-builder-column-3{width:100% !important;order : 0;}.fusion-builder-column-3 > .fusion-column-wrapper {margin-right : 1.92%;margin-left : 1.92%;}}<\/style><\/div><div class=\"fusion-layout-column fusion_builder_column fusion-builder-column-4 fusion_builder_column_1_5 1_5 fusion-flex-column\"><div class=\"fusion-column-wrapper fusion-flex-justify-content-flex-start fusion-content-layout-column\" style=\"background-position:left top;background-repeat:no-repeat;-webkit-background-size:cover;-moz-background-size:cover;-o-background-size:cover;background-size:cover;padding: 0px 0px 0px 0px;\"><div ><span class=\" fusion-imageframe imageframe-none imageframe-4 hover-type-zoomin\"><img decoding=\"async\" width=\"640\" height=\"397\" alt=\"AFC - Laboratori Anal\u00f2gic \" title=\"AFC &#8211; Laboratori Analogic 2\" src=\"https:\/\/afc.cat\/wp-content\/uploads\/2022\/07\/AFC-Laboratori-Analogic-2.jpg\" class=\"img-responsive wp-image-28503\" srcset=\"https:\/\/afc.cat\/wp-content\/uploads\/2022\/07\/AFC-Laboratori-Analogic-2-200x124.jpg 200w, https:\/\/afc.cat\/wp-content\/uploads\/2022\/07\/AFC-Laboratori-Analogic-2-400x248.jpg 400w, https:\/\/afc.cat\/wp-content\/uploads\/2022\/07\/AFC-Laboratori-Analogic-2-600x372.jpg 600w, https:\/\/afc.cat\/wp-content\/uploads\/2022\/07\/AFC-Laboratori-Analogic-2.jpg 640w\" sizes=\"(max-width: 640px) 100vw, 400px\" \/><\/span><\/div><div class=\"fusion-text fusion-text-5\" style=\"font-size:13px;\"><p>Foto: Francesc Soldevila<\/p>\n<\/div><\/div><style type=\"text\/css\">.fusion-body .fusion-builder-column-4{width:20% !important;margin-top : 0px;margin-bottom : 20px;}.fusion-builder-column-4 > .fusion-column-wrapper {padding-top : 0px !important;padding-right : 0px !important;margin-right : 9.6%;padding-bottom : 0px !important;padding-left : 0px !important;margin-left : 9.6%;}@media only screen and (max-width:1024px) {.fusion-body .fusion-builder-column-4{width:20% !important;order : 0;}.fusion-builder-column-4 > .fusion-column-wrapper {margin-right : 9.6%;margin-left : 9.6%;}}@media only screen and (max-width:640px) {.fusion-body .fusion-builder-column-4{width:100% !important;order : 0;}.fusion-builder-column-4 > .fusion-column-wrapper {margin-right : 1.92%;margin-left : 1.92%;}}<\/style><\/div><div class=\"fusion-layout-column fusion_builder_column fusion-builder-column-5 fusion_builder_column_1_5 1_5 fusion-flex-column\"><div class=\"fusion-column-wrapper fusion-flex-justify-content-flex-start fusion-content-layout-column\" style=\"background-position:left top;background-repeat:no-repeat;-webkit-background-size:cover;-moz-background-size:cover;-o-background-size:cover;background-size:cover;padding: 0px 0px 0px 0px;\"><div ><span class=\" fusion-imageframe imageframe-none imageframe-5 hover-type-zoomin\"><img decoding=\"async\" width=\"640\" height=\"480\" alt=\"AFC - Laboratori Anal\u00f2gic \" title=\"AFC &#8211; Laboratori Analogic 1\" src=\"https:\/\/afc.cat\/wp-content\/uploads\/2022\/07\/AFC-Laboratori-Analogic-1.jpg\" class=\"img-responsive wp-image-28501\" srcset=\"https:\/\/afc.cat\/wp-content\/uploads\/2022\/07\/AFC-Laboratori-Analogic-1-200x150.jpg 200w, https:\/\/afc.cat\/wp-content\/uploads\/2022\/07\/AFC-Laboratori-Analogic-1-400x300.jpg 400w, https:\/\/afc.cat\/wp-content\/uploads\/2022\/07\/AFC-Laboratori-Analogic-1-600x450.jpg 600w, https:\/\/afc.cat\/wp-content\/uploads\/2022\/07\/AFC-Laboratori-Analogic-1.jpg 640w\" sizes=\"(max-width: 640px) 100vw, 400px\" \/><\/span><\/div><div class=\"fusion-text fusion-text-6\" style=\"font-size:13px;\"><p>Foto: Francesc Soldevila<\/p>\n<\/div><\/div><style type=\"text\/css\">.fusion-body .fusion-builder-column-5{width:20% !important;margin-top : 0px;margin-bottom : 20px;}.fusion-builder-column-5 > .fusion-column-wrapper {padding-top : 0px !important;padding-right : 0px !important;margin-right : 9.6%;padding-bottom : 0px !important;padding-left : 0px !important;margin-left : 9.6%;}@media only screen and (max-width:1024px) {.fusion-body .fusion-builder-column-5{width:20% !important;order : 0;}.fusion-builder-column-5 > .fusion-column-wrapper {margin-right : 9.6%;margin-left : 9.6%;}}@media only screen and (max-width:640px) {.fusion-body .fusion-builder-column-5{width:100% !important;order : 0;}.fusion-builder-column-5 > .fusion-column-wrapper {margin-right : 1.92%;margin-left : 1.92%;}}<\/style><\/div><\/div><style type=\"text\/css\">.fusion-body .fusion-flex-container.fusion-builder-row-1{ padding-top : 0px;margin-top : 0px;padding-right : 0px;padding-bottom : 0px;margin-bottom : 0px;padding-left : 0px;}<\/style><\/div>\n","protected":false},"excerpt":{"rendered":"","protected":false},"author":33,"featured_media":0,"parent":0,"menu_order":0,"comment_status":"closed","ping_status":"closed","template":"","meta":{"_acf_changed":false,"footnotes":""},"class_list":["post-28522","page","type-page","status-publish","hentry"],"acf":[],"yoast_head":"<!-- This site is optimized with the Yoast SEO plugin v27.2 - https:\/\/yoast.com\/product\/yoast-seo-wordpress\/ -->\n<title>Laboratorio para fotograf\u00eda anal\u00f3gica<\/title>\n<meta name=\"description\" content=\"Et presento el nou servei exclusiu per socis: el laboratori per a fotografia analogica.\" \/>\n<meta name=\"robots\" content=\"index, follow, max-snippet:-1, max-image-preview:large, max-video-preview:-1\" \/>\n<link rel=\"canonical\" href=\"https:\/\/afc.cat\/es\/laboratori-analogic\/\" \/>\n<meta property=\"og:locale\" content=\"es_ES\" \/>\n<meta property=\"og:type\" content=\"article\" \/>\n<meta property=\"og:title\" content=\"Laboratorio para fotograf\u00eda anal\u00f3gica\" \/>\n<meta property=\"og:description\" content=\"Et presento el nou servei exclusiu per socis: el laboratori per a fotografia analogica.\" \/>\n<meta property=\"og:url\" content=\"https:\/\/afc.cat\/es\/laboratori-analogic\/\" \/>\n<meta property=\"og:site_name\" content=\"Agrupaci\u00f3 Fotogr\u00e0fica de Catalunya\" \/>\n<meta property=\"article:modified_time\" content=\"2022-07-07T15:47:39+00:00\" \/>\n<meta name=\"twitter:card\" content=\"summary_large_image\" \/>\n<meta name=\"twitter:label1\" content=\"Tiempo de lectura\" \/>\n\t<meta name=\"twitter:data1\" content=\"10 minutos\" \/>\n<script type=\"application\/ld+json\" class=\"yoast-schema-graph\">{\"@context\":\"https:\/\/schema.org\",\"@graph\":[{\"@type\":\"WebPage\",\"@id\":\"https:\/\/afc.cat\/es\/laboratori-analogic\/\",\"url\":\"https:\/\/afc.cat\/es\/laboratori-analogic\/\",\"name\":\"Laboratorio para fotograf\u00eda anal\u00f3gica\",\"isPartOf\":{\"@id\":\"https:\/\/afc.cat\/es\/#website\"},\"datePublished\":\"2022-07-06T22:31:56+00:00\",\"dateModified\":\"2022-07-07T15:47:39+00:00\",\"description\":\"Et presento el nou servei exclusiu per socis: el laboratori per a fotografia analogica.\",\"breadcrumb\":{\"@id\":\"https:\/\/afc.cat\/es\/laboratori-analogic\/#breadcrumb\"},\"inLanguage\":\"es\",\"potentialAction\":[{\"@type\":\"ReadAction\",\"target\":[\"https:\/\/afc.cat\/es\/laboratori-analogic\/\"]}]},{\"@type\":\"BreadcrumbList\",\"@id\":\"https:\/\/afc.cat\/es\/laboratori-analogic\/#breadcrumb\",\"itemListElement\":[{\"@type\":\"ListItem\",\"position\":1,\"name\":\"Inicio\",\"item\":\"https:\/\/afc.cat\/es\/\"},{\"@type\":\"ListItem\",\"position\":2,\"name\":\"Laboratorio para fotograf\u00eda anal\u00f3gica\"}]},{\"@type\":\"WebSite\",\"@id\":\"https:\/\/afc.cat\/es\/#website\",\"url\":\"https:\/\/afc.cat\/es\/\",\"name\":\"Agrupaci\u00f3 Fotogr\u00e0fica de Catalunya\",\"description\":\"Fomento y divulgaci\u00f3n de la fotograf\u00eda en todas sus variedades\",\"potentialAction\":[{\"@type\":\"SearchAction\",\"target\":{\"@type\":\"EntryPoint\",\"urlTemplate\":\"https:\/\/afc.cat\/es\/?s={search_term_string}\"},\"query-input\":{\"@type\":\"PropertyValueSpecification\",\"valueRequired\":true,\"valueName\":\"search_term_string\"}}],\"inLanguage\":\"es\"}]}<\/script>\n<!-- \/ Yoast SEO plugin. -->","yoast_head_json":{"title":"Laboratorio para fotograf\u00eda anal\u00f3gica","description":"Et presento el nou servei exclusiu per socis: el laboratori per a fotografia analogica.","robots":{"index":"index","follow":"follow","max-snippet":"max-snippet:-1","max-image-preview":"max-image-preview:large","max-video-preview":"max-video-preview:-1"},"canonical":"https:\/\/afc.cat\/es\/laboratori-analogic\/","og_locale":"es_ES","og_type":"article","og_title":"Laboratorio para fotograf\u00eda anal\u00f3gica","og_description":"Et presento el nou servei exclusiu per socis: el laboratori per a fotografia analogica.","og_url":"https:\/\/afc.cat\/es\/laboratori-analogic\/","og_site_name":"Agrupaci\u00f3 Fotogr\u00e0fica de Catalunya","article_modified_time":"2022-07-07T15:47:39+00:00","twitter_card":"summary_large_image","twitter_misc":{"Tiempo de lectura":"10 minutos"},"schema":{"@context":"https:\/\/schema.org","@graph":[{"@type":"WebPage","@id":"https:\/\/afc.cat\/es\/laboratori-analogic\/","url":"https:\/\/afc.cat\/es\/laboratori-analogic\/","name":"Laboratorio para fotograf\u00eda anal\u00f3gica","isPartOf":{"@id":"https:\/\/afc.cat\/es\/#website"},"datePublished":"2022-07-06T22:31:56+00:00","dateModified":"2022-07-07T15:47:39+00:00","description":"Et presento el nou servei exclusiu per socis: el laboratori per a fotografia analogica.","breadcrumb":{"@id":"https:\/\/afc.cat\/es\/laboratori-analogic\/#breadcrumb"},"inLanguage":"es","potentialAction":[{"@type":"ReadAction","target":["https:\/\/afc.cat\/es\/laboratori-analogic\/"]}]},{"@type":"BreadcrumbList","@id":"https:\/\/afc.cat\/es\/laboratori-analogic\/#breadcrumb","itemListElement":[{"@type":"ListItem","position":1,"name":"Inicio","item":"https:\/\/afc.cat\/es\/"},{"@type":"ListItem","position":2,"name":"Laboratorio para fotograf\u00eda anal\u00f3gica"}]},{"@type":"WebSite","@id":"https:\/\/afc.cat\/es\/#website","url":"https:\/\/afc.cat\/es\/","name":"Agrupaci\u00f3 Fotogr\u00e0fica de Catalunya","description":"Fomento y divulgaci\u00f3n de la fotograf\u00eda en todas sus variedades","potentialAction":[{"@type":"SearchAction","target":{"@type":"EntryPoint","urlTemplate":"https:\/\/afc.cat\/es\/?s={search_term_string}"},"query-input":{"@type":"PropertyValueSpecification","valueRequired":true,"valueName":"search_term_string"}}],"inLanguage":"es"}]}},"_links":{"self":[{"href":"https:\/\/afc.cat\/es\/wp-json\/wp\/v2\/pages\/28522","targetHints":{"allow":["GET"]}}],"collection":[{"href":"https:\/\/afc.cat\/es\/wp-json\/wp\/v2\/pages"}],"about":[{"href":"https:\/\/afc.cat\/es\/wp-json\/wp\/v2\/types\/page"}],"author":[{"embeddable":true,"href":"https:\/\/afc.cat\/es\/wp-json\/wp\/v2\/users\/33"}],"replies":[{"embeddable":true,"href":"https:\/\/afc.cat\/es\/wp-json\/wp\/v2\/comments?post=28522"}],"version-history":[{"count":0,"href":"https:\/\/afc.cat\/es\/wp-json\/wp\/v2\/pages\/28522\/revisions"}],"wp:attachment":[{"href":"https:\/\/afc.cat\/es\/wp-json\/wp\/v2\/media?parent=28522"}],"curies":[{"name":"wp","href":"https:\/\/api.w.org\/{rel}","templated":true}]}}