{"id":30803,"date":"2023-02-05T23:45:31","date_gmt":"2023-02-05T21:45:31","guid":{"rendered":"https:\/\/afc.cat\/?page_id=30803"},"modified":"2023-02-05T23:46:13","modified_gmt":"2023-02-05T21:46:13","slug":"galerias-de-imagenes-del-centenario-de-la-afc","status":"publish","type":"page","link":"https:\/\/afc.cat\/es\/galerias-de-imagenes-del-centenario-de-la-afc\/","title":{"rendered":"Galer\u00edas de im\u00e1genes del centenario de la AFC"},"content":{"rendered":"<div class=\"fusion-fullwidth fullwidth-box fusion-builder-row-1 fusion-flex-container nonhundred-percent-fullwidth non-hundred-percent-height-scrolling\" style=\"background-color: rgba(255,255,255,0);background-position: center center;background-repeat: no-repeat;border-width: 0px 0px 0px 0px;border-color:#ffffff;border-style:solid;\" ><div class=\"fusion-builder-row fusion-row fusion-flex-align-items-flex-start\" style=\"max-width:1300px;margin-left: calc(-4% \/ 2 );margin-right: calc(-4% \/ 2 );\"><div class=\"fusion-layout-column fusion_builder_column fusion-builder-column-0 fusion_builder_column_1_1 1_1 fusion-flex-column\"><div class=\"fusion-column-wrapper fusion-flex-justify-content-flex-start fusion-content-layout-column\" style=\"background-position:left top;background-repeat:no-repeat;-webkit-background-size:cover;-moz-background-size:cover;-o-background-size:cover;background-size:cover;padding: 0px 0px 0px 0px;\"><style type=\"text\/css\">.fusion-portfolio-wrapper#fusion-portfolio-1 .fusion-portfolio-content{ padding: 25px 25px 25px 25px; text-align: left; }<\/style><div class=\"fusion-recent-works fusion-portfolio-element fusion-portfolio fusion-portfolio-1 fusion-portfolio-grid fusion-portfolio-paging-infinite fusion-portfolio-three fusion-portfolio-boxed fusion-portfolio-text fusion-portfolio-equal-heights fusion-portfolio-rollover\" data-id=\"-rw-1\" data-columns=\"three\"><div role=\"menubar\"><ul class=\"fusion-filters\" role=\"menu\" aria-label=\"filters\"><li role=\"menuitem\" class=\"fusion-filter fusion-filter-all fusion-active\"><a href=\"#\" data-filter=\"*\">All<\/a><\/li><li role=\"menuitem\" class=\"fusion-filter fusion-hidden\"><a href=\"#\" data-filter=\".centenari-es\">Centenari<\/a><\/li><\/ul><\/div><style type=\"text\/css\">.fusion-portfolio-1 .fusion-portfolio-wrapper .fusion-col-spacing{padding:15px;}<\/style><div class=\"fusion-portfolio-wrapper\" id=\"fusion-portfolio-1\" data-picturesize=\"auto\" data-pages=\"1\" style=\"margin:-15px;\"><article id=\"portfolio-1-post-37229\" class=\"fusion-portfolio-post centenari-es fusion-col-spacing post-37229\"><div class=\"fusion-portfolio-content-wrapper\" style=\"border:1px solid #ffffff;border-bottom-width:3px;background-color:rgba(252,252,252,1);\"><span class=\"vcard rich-snippet-hidden\"><span class=\"fn\"><a href=\"https:\/\/afc.cat\/es\/author\/albertf2021\/\" title=\"Entradas de Albert Folch Naval\u00f3n\" rel=\"author\">Albert Folch Naval\u00f3n<\/a><\/span><\/span><span class=\"updated rich-snippet-hidden\">2024-03-02T20:26:38+02:00<\/span><div  class=\"fusion-image-wrapper\" aria-haspopup=\"true\">\n\t\t\t\t<img decoding=\"async\" width=\"400\" height=\"267\" src=\"https:\/\/afc.cat\/wp-content\/uploads\/2024\/03\/Entitats-centenaries-00.jpg\" class=\"attachment-full size-full wp-post-image\" alt=\"\" srcset=\"https:\/\/afc.cat\/wp-content\/uploads\/2024\/03\/Entitats-centenaries-00-200x134.jpg 200w, https:\/\/afc.cat\/wp-content\/uploads\/2024\/03\/Entitats-centenaries-00.jpg 400w\" sizes=\"(min-width: 2200px) 100vw, (min-width: 832px) 397px, (min-width: 736px) 595px, (min-width: 640px) 736px, \" \/><div class=\"fusion-rollover\">\n\t<div class=\"fusion-rollover-content\">\n\n\t\t\t\t\t\t\t\t\t\t\t\t\t\t<a class=\"fusion-rollover-link\" href=\"https:\/\/afc.cat\/es\/galeria\/la-agrupacio-distinguida-por-el-ajuntament-de-barcelona-por-su-centenario\/?portfolioCats=443\">La Agrupaci\u00f3 distinguida por el Ajuntament de Barcelona por su centenario<\/a>\n\t\t\t\n\t\t\t\t\t\t\t\t\n\t\t\n\t\t\t\t\t\t\t\t\t\t\t\t<h4 class=\"fusion-rollover-title\">\n\t\t\t\t\t<a class=\"fusion-rollover-title-link\" href=\"https:\/\/afc.cat\/es\/galeria\/la-agrupacio-distinguida-por-el-ajuntament-de-barcelona-por-su-centenario\/?portfolioCats=443\">\n\t\t\t\t\t\tLa Agrupaci\u00f3 distinguida por el Ajuntament de Barcelona por su centenario\t\t\t\t\t<\/a>\n\t\t\t\t<\/h4>\n\t\t\t\n\t\t\t\t\t\t\t\t\n\t\t\n\t\t\t\t\t\t<a class=\"fusion-link-wrapper\" href=\"https:\/\/afc.cat\/es\/galeria\/la-agrupacio-distinguida-por-el-ajuntament-de-barcelona-por-su-centenario\/?portfolioCats=443\" aria-label=\"La Agrupaci\u00f3 distinguida por el Ajuntament de Barcelona por su centenario\"><\/a>\n\t<\/div>\n<\/div>\n<\/div>\n<div class=\"fusion-portfolio-content\" style=\"background-color:rgba(252,252,252,1);\"><h2 class=\"entry-title fusion-post-title\"><a href=\"https:\/\/afc.cat\/es\/galeria\/la-agrupacio-distinguida-por-el-ajuntament-de-barcelona-por-su-centenario\/?portfolioCats=443\">La Agrupaci\u00f3 distinguida por el Ajuntament de Barcelona por su centenario<\/a><\/h2><div class=\"fusion-post-content\"><\/div><\/div><\/div><\/article><article id=\"portfolio-1-post-35709\" class=\"fusion-portfolio-post centenari-es fusion-col-spacing post-35709\"><div class=\"fusion-portfolio-content-wrapper\" style=\"border:1px solid #ffffff;border-bottom-width:3px;background-color:rgba(252,252,252,1);\"><span class=\"vcard rich-snippet-hidden\"><span class=\"fn\"><a href=\"https:\/\/afc.cat\/es\/author\/albertf2021\/\" title=\"Entradas de Albert Folch Naval\u00f3n\" rel=\"author\">Albert Folch Naval\u00f3n<\/a><\/span><\/span><span class=\"updated rich-snippet-hidden\">2023-12-18T14:02:47+02:00<\/span><div  class=\"fusion-image-wrapper\" aria-haspopup=\"true\">\n\t\t\t\t<img decoding=\"async\" width=\"400\" height=\"267\" src=\"https:\/\/afc.cat\/wp-content\/uploads\/2023\/12\/Inauguracio-expo-Port-i-fotografia-.jpg\" class=\"attachment-full size-full wp-post-image\" alt=\"\" srcset=\"https:\/\/afc.cat\/wp-content\/uploads\/2023\/12\/Inauguracio-expo-Port-i-fotografia--200x134.jpg 200w, https:\/\/afc.cat\/wp-content\/uploads\/2023\/12\/Inauguracio-expo-Port-i-fotografia-.jpg 400w\" sizes=\"(min-width: 2200px) 100vw, (min-width: 832px) 397px, (min-width: 736px) 595px, (min-width: 640px) 736px, \" \/><div class=\"fusion-rollover\">\n\t<div class=\"fusion-rollover-content\">\n\n\t\t\t\t\t\t\t\t\t\t\t\t\t\t<a class=\"fusion-rollover-link\" href=\"https:\/\/afc.cat\/es\/galeria\/inauguracio-de-lexposicio-port-i-fotografia-a-lafc\/?portfolioCats=443\">Inauguraci\u00f3n de la exposici\u00f3n \u00abPort i Fotografia\u00bb en la AFC<\/a>\n\t\t\t\n\t\t\t\t\t\t\t\t\n\t\t\n\t\t\t\t\t\t\t\t\t\t\t\t<h4 class=\"fusion-rollover-title\">\n\t\t\t\t\t<a class=\"fusion-rollover-title-link\" href=\"https:\/\/afc.cat\/es\/galeria\/inauguracio-de-lexposicio-port-i-fotografia-a-lafc\/?portfolioCats=443\">\n\t\t\t\t\t\tInauguraci\u00f3n de la exposici\u00f3n \u00abPort i Fotografia\u00bb en la AFC\t\t\t\t\t<\/a>\n\t\t\t\t<\/h4>\n\t\t\t\n\t\t\t\t\t\t\t\t\n\t\t\n\t\t\t\t\t\t<a class=\"fusion-link-wrapper\" href=\"https:\/\/afc.cat\/es\/galeria\/inauguracio-de-lexposicio-port-i-fotografia-a-lafc\/?portfolioCats=443\" aria-label=\"Inauguraci\u00f3n de la exposici\u00f3n \u00abPort i Fotografia\u00bb en la AFC\"><\/a>\n\t<\/div>\n<\/div>\n<\/div>\n<div class=\"fusion-portfolio-content\" style=\"background-color:rgba(252,252,252,1);\"><h2 class=\"entry-title fusion-post-title\"><a href=\"https:\/\/afc.cat\/es\/galeria\/inauguracio-de-lexposicio-port-i-fotografia-a-lafc\/?portfolioCats=443\">Inauguraci\u00f3n de la exposici\u00f3n \u00abPort i Fotografia\u00bb en la AFC<\/a><\/h2><div class=\"fusion-post-content\"><\/div><\/div><\/div><\/article><article id=\"portfolio-1-post-35171\" class=\"fusion-portfolio-post centenari-es fusion-col-spacing post-35171\"><div class=\"fusion-portfolio-content-wrapper\" style=\"border:1px solid #ffffff;border-bottom-width:3px;background-color:rgba(252,252,252,1);\"><span class=\"vcard rich-snippet-hidden\"><span class=\"fn\"><a href=\"https:\/\/afc.cat\/es\/author\/albertf2021\/\" title=\"Entradas de Albert Folch Naval\u00f3n\" rel=\"author\">Albert Folch Naval\u00f3n<\/a><\/span><\/span><span class=\"updated rich-snippet-hidden\">2023-12-22T19:49:21+02:00<\/span><div  class=\"fusion-image-wrapper\" aria-haspopup=\"true\">\n\t\t\t\t<img decoding=\"async\" width=\"400\" height=\"267\" src=\"https:\/\/afc.cat\/wp-content\/uploads\/2023\/11\/destacada-Nou-Barris-a-Can-Baste.jpg\" class=\"attachment-full size-full wp-post-image\" alt=\"\" srcset=\"https:\/\/afc.cat\/wp-content\/uploads\/2023\/11\/destacada-Nou-Barris-a-Can-Baste-200x134.jpg 200w, https:\/\/afc.cat\/wp-content\/uploads\/2023\/11\/destacada-Nou-Barris-a-Can-Baste.jpg 400w\" sizes=\"(min-width: 2200px) 100vw, (min-width: 832px) 397px, (min-width: 736px) 595px, (min-width: 640px) 736px, \" \/><div class=\"fusion-rollover\">\n\t<div class=\"fusion-rollover-content\">\n\n\t\t\t\t\t\t\t\t\t\t\t\t\t\t<a class=\"fusion-rollover-link\" href=\"https:\/\/afc.cat\/es\/galeria\/inauguracion-exposicion-lahir-i-lavui-de-nou-barris-en-el-cc-can-baste\/?portfolioCats=443\">Inauguraci\u00f3n exposici\u00f3n \u00abL&#8217;ahir i l&#8217;avui de Nou Barris\u00bb en el CC Can Bast\u00e9<\/a>\n\t\t\t\n\t\t\t\t\t\t\t\t\n\t\t\n\t\t\t\t\t\t\t\t\t\t\t\t<h4 class=\"fusion-rollover-title\">\n\t\t\t\t\t<a class=\"fusion-rollover-title-link\" href=\"https:\/\/afc.cat\/es\/galeria\/inauguracion-exposicion-lahir-i-lavui-de-nou-barris-en-el-cc-can-baste\/?portfolioCats=443\">\n\t\t\t\t\t\tInauguraci\u00f3n exposici\u00f3n \u00abL&#8217;ahir i l&#8217;avui de Nou Barris\u00bb en el CC Can Bast\u00e9\t\t\t\t\t<\/a>\n\t\t\t\t<\/h4>\n\t\t\t\n\t\t\t\t\t\t\t\t\n\t\t\n\t\t\t\t\t\t<a class=\"fusion-link-wrapper\" href=\"https:\/\/afc.cat\/es\/galeria\/inauguracion-exposicion-lahir-i-lavui-de-nou-barris-en-el-cc-can-baste\/?portfolioCats=443\" aria-label=\"Inauguraci\u00f3n exposici\u00f3n \u00abL&#8217;ahir i l&#8217;avui de Nou Barris\u00bb en el CC Can Bast\u00e9\"><\/a>\n\t<\/div>\n<\/div>\n<\/div>\n<div class=\"fusion-portfolio-content\" style=\"background-color:rgba(252,252,252,1);\"><h2 class=\"entry-title fusion-post-title\"><a href=\"https:\/\/afc.cat\/es\/galeria\/inauguracion-exposicion-lahir-i-lavui-de-nou-barris-en-el-cc-can-baste\/?portfolioCats=443\">Inauguraci\u00f3n exposici\u00f3n \u00abL&#8217;ahir i l&#8217;avui de Nou Barris\u00bb en el CC Can Bast\u00e9<\/a><\/h2><div class=\"fusion-post-content\"><\/div><\/div><\/div><\/article><article id=\"portfolio-1-post-35067\" class=\"fusion-portfolio-post centenari-es fusion-col-spacing post-35067\"><div class=\"fusion-portfolio-content-wrapper\" style=\"border:1px solid #ffffff;border-bottom-width:3px;background-color:rgba(252,252,252,1);\"><span class=\"vcard rich-snippet-hidden\"><span class=\"fn\"><a href=\"https:\/\/afc.cat\/es\/author\/albertf2021\/\" title=\"Entradas de Albert Folch Naval\u00f3n\" rel=\"author\">Albert Folch Naval\u00f3n<\/a><\/span><\/span><span class=\"updated rich-snippet-hidden\">2023-12-22T19:57:00+02:00<\/span><div  class=\"fusion-image-wrapper\" aria-haspopup=\"true\">\n\t\t\t\t<img decoding=\"async\" width=\"400\" height=\"267\" src=\"https:\/\/afc.cat\/wp-content\/uploads\/2023\/10\/Expo-Pati-Llimona-0.jpg\" class=\"attachment-full size-full wp-post-image\" alt=\"\" srcset=\"https:\/\/afc.cat\/wp-content\/uploads\/2023\/10\/Expo-Pati-Llimona-0-200x134.jpg 200w, https:\/\/afc.cat\/wp-content\/uploads\/2023\/10\/Expo-Pati-Llimona-0.jpg 400w\" sizes=\"(min-width: 2200px) 100vw, (min-width: 832px) 397px, (min-width: 736px) 595px, (min-width: 640px) 736px, \" \/><div class=\"fusion-rollover\">\n\t<div class=\"fusion-rollover-content\">\n\n\t\t\t\t\t\t\t\t\t\t\t\t\t\t<a class=\"fusion-rollover-link\" href=\"https:\/\/afc.cat\/es\/galeria\/inauguracion-exposicion-lahir-i-lavui-del-barri-gotic-en-pati-llimona\/?portfolioCats=443\">Inauguraci\u00f3n exposici\u00f3n \u00abL&#8217;ahir i l&#8217;avui del Barri Gotic\u00bb en Pati Llimona<\/a>\n\t\t\t\n\t\t\t\t\t\t\t\t\n\t\t\n\t\t\t\t\t\t\t\t\t\t\t\t<h4 class=\"fusion-rollover-title\">\n\t\t\t\t\t<a class=\"fusion-rollover-title-link\" href=\"https:\/\/afc.cat\/es\/galeria\/inauguracion-exposicion-lahir-i-lavui-del-barri-gotic-en-pati-llimona\/?portfolioCats=443\">\n\t\t\t\t\t\tInauguraci\u00f3n exposici\u00f3n \u00abL&#8217;ahir i l&#8217;avui del Barri Gotic\u00bb en Pati Llimona\t\t\t\t\t<\/a>\n\t\t\t\t<\/h4>\n\t\t\t\n\t\t\t\t\t\t\t\t\n\t\t\n\t\t\t\t\t\t<a class=\"fusion-link-wrapper\" href=\"https:\/\/afc.cat\/es\/galeria\/inauguracion-exposicion-lahir-i-lavui-del-barri-gotic-en-pati-llimona\/?portfolioCats=443\" aria-label=\"Inauguraci\u00f3n exposici\u00f3n \u00abL&#8217;ahir i l&#8217;avui del Barri Gotic\u00bb en Pati Llimona\"><\/a>\n\t<\/div>\n<\/div>\n<\/div>\n<div class=\"fusion-portfolio-content\" style=\"background-color:rgba(252,252,252,1);\"><h2 class=\"entry-title fusion-post-title\"><a href=\"https:\/\/afc.cat\/es\/galeria\/inauguracion-exposicion-lahir-i-lavui-del-barri-gotic-en-pati-llimona\/?portfolioCats=443\">Inauguraci\u00f3n exposici\u00f3n \u00abL&#8217;ahir i l&#8217;avui del Barri Gotic\u00bb en Pati Llimona<\/a><\/h2><div class=\"fusion-post-content\"><\/div><\/div><\/div><\/article><article id=\"portfolio-1-post-35167\" class=\"fusion-portfolio-post centenari-es fusion-col-spacing post-35167\"><div class=\"fusion-portfolio-content-wrapper\" style=\"border:1px solid #ffffff;border-bottom-width:3px;background-color:rgba(252,252,252,1);\"><span class=\"vcard rich-snippet-hidden\"><span class=\"fn\"><a href=\"https:\/\/afc.cat\/es\/author\/albertf2021\/\" title=\"Entradas de Albert Folch Naval\u00f3n\" rel=\"author\">Albert Folch Naval\u00f3n<\/a><\/span><\/span><span class=\"updated rich-snippet-hidden\">2023-11-06T19:34:09+02:00<\/span><div  class=\"fusion-image-wrapper\" aria-haspopup=\"true\">\n\t\t\t\t<img decoding=\"async\" width=\"400\" height=\"267\" src=\"https:\/\/afc.cat\/wp-content\/uploads\/2023\/10\/Centenari-AFC-Port-de-Barcelona.jpg\" class=\"attachment-full size-full wp-post-image\" alt=\"\" srcset=\"https:\/\/afc.cat\/wp-content\/uploads\/2023\/10\/Centenari-AFC-Port-de-Barcelona-200x134.jpg 200w, https:\/\/afc.cat\/wp-content\/uploads\/2023\/10\/Centenari-AFC-Port-de-Barcelona.jpg 400w\" sizes=\"(min-width: 2200px) 100vw, (min-width: 832px) 397px, (min-width: 736px) 595px, (min-width: 640px) 736px, \" \/><div class=\"fusion-rollover\">\n\t<div class=\"fusion-rollover-content\">\n\n\t\t\t\t\t\t\t\t\t\t\t\t\t\t<a class=\"fusion-rollover-link\" href=\"https:\/\/afc.cat\/es\/galeria\/centenari-de-lafc-del-consolat-de-mar-del-port-de-barcelona\/?portfolioCats=443\">Centenario de la AFC a bordo del Consolat de Mar del Puerto de Barcelona<\/a>\n\t\t\t\n\t\t\t\t\t\t\t\t\n\t\t\n\t\t\t\t\t\t\t\t\t\t\t\t<h4 class=\"fusion-rollover-title\">\n\t\t\t\t\t<a class=\"fusion-rollover-title-link\" href=\"https:\/\/afc.cat\/es\/galeria\/centenari-de-lafc-del-consolat-de-mar-del-port-de-barcelona\/?portfolioCats=443\">\n\t\t\t\t\t\tCentenario de la AFC a bordo del Consolat de Mar del Puerto de Barcelona\t\t\t\t\t<\/a>\n\t\t\t\t<\/h4>\n\t\t\t\n\t\t\t\t\t\t\t\t\n\t\t\n\t\t\t\t\t\t<a class=\"fusion-link-wrapper\" href=\"https:\/\/afc.cat\/es\/galeria\/centenari-de-lafc-del-consolat-de-mar-del-port-de-barcelona\/?portfolioCats=443\" aria-label=\"Centenario de la AFC a bordo del Consolat de Mar del Puerto de Barcelona\"><\/a>\n\t<\/div>\n<\/div>\n<\/div>\n<div class=\"fusion-portfolio-content\" style=\"background-color:rgba(252,252,252,1);\"><h2 class=\"entry-title fusion-post-title\"><a href=\"https:\/\/afc.cat\/es\/galeria\/centenari-de-lafc-del-consolat-de-mar-del-port-de-barcelona\/?portfolioCats=443\">Centenario de la AFC a bordo del Consolat de Mar del Puerto de Barcelona<\/a><\/h2><div class=\"fusion-post-content\"><\/div><\/div><\/div><\/article><article id=\"portfolio-1-post-34578\" class=\"fusion-portfolio-post centenari-es fusion-col-spacing post-34578\"><div class=\"fusion-portfolio-content-wrapper\" style=\"border:1px solid #ffffff;border-bottom-width:3px;background-color:rgba(252,252,252,1);\"><span class=\"vcard rich-snippet-hidden\"><span class=\"fn\"><a href=\"https:\/\/afc.cat\/es\/author\/albertf2021\/\" title=\"Entradas de Albert Folch Naval\u00f3n\" rel=\"author\">Albert Folch Naval\u00f3n<\/a><\/span><\/span><span class=\"updated rich-snippet-hidden\">2026-03-12T11:25:49+02:00<\/span><div  class=\"fusion-image-wrapper\" aria-haspopup=\"true\">\n\t\t\t\t<img decoding=\"async\" width=\"400\" height=\"267\" src=\"https:\/\/afc.cat\/wp-content\/uploads\/2023\/10\/presentacio-video-centenari-img-destacada-1.jpg\" class=\"attachment-full size-full wp-post-image\" alt=\"\" srcset=\"https:\/\/afc.cat\/wp-content\/uploads\/2023\/10\/presentacio-video-centenari-img-destacada-1-200x134.jpg 200w, https:\/\/afc.cat\/wp-content\/uploads\/2023\/10\/presentacio-video-centenari-img-destacada-1.jpg 400w\" sizes=\"(min-width: 2200px) 100vw, (min-width: 832px) 397px, (min-width: 736px) 595px, (min-width: 640px) 736px, \" \/><div class=\"fusion-rollover\">\n\t<div class=\"fusion-rollover-content\">\n\n\t\t\t\t\t\t\t\t\t\t\t\t\t\t<a class=\"fusion-rollover-link\" href=\"https:\/\/afc.cat\/es\/galeria\/presentacio-del-video-del-centenri-a-lateneu-barcelones\/?portfolioCats=443\">Presentaci\u00f3n del video del Centenari en el Ateneu Barcelon\u00e8s<\/a>\n\t\t\t\n\t\t\t\t\t\t\t\t\n\t\t\n\t\t\t\t\t\t\t\t\t\t\t\t<h4 class=\"fusion-rollover-title\">\n\t\t\t\t\t<a class=\"fusion-rollover-title-link\" href=\"https:\/\/afc.cat\/es\/galeria\/presentacio-del-video-del-centenri-a-lateneu-barcelones\/?portfolioCats=443\">\n\t\t\t\t\t\tPresentaci\u00f3n del video del Centenari en el Ateneu Barcelon\u00e8s\t\t\t\t\t<\/a>\n\t\t\t\t<\/h4>\n\t\t\t\n\t\t\t\t\t\t\t\t\n\t\t\n\t\t\t\t\t\t<a class=\"fusion-link-wrapper\" href=\"https:\/\/afc.cat\/es\/galeria\/presentacio-del-video-del-centenri-a-lateneu-barcelones\/?portfolioCats=443\" aria-label=\"Presentaci\u00f3n del video del Centenari en el Ateneu Barcelon\u00e8s\"><\/a>\n\t<\/div>\n<\/div>\n<\/div>\n<div class=\"fusion-portfolio-content\" style=\"background-color:rgba(252,252,252,1);\"><h2 class=\"entry-title fusion-post-title\"><a href=\"https:\/\/afc.cat\/es\/galeria\/presentacio-del-video-del-centenri-a-lateneu-barcelones\/?portfolioCats=443\">Presentaci\u00f3n del video del Centenari en el Ateneu Barcelon\u00e8s<\/a><\/h2><div class=\"fusion-post-content\"><\/div><\/div><\/div><\/article><article id=\"portfolio-1-post-34178\" class=\"fusion-portfolio-post centenari-es fusion-col-spacing post-34178\"><div class=\"fusion-portfolio-content-wrapper\" style=\"border:1px solid #ffffff;border-bottom-width:3px;background-color:rgba(252,252,252,1);\"><span class=\"vcard rich-snippet-hidden\"><span class=\"fn\"><a href=\"https:\/\/afc.cat\/es\/author\/albertf2021\/\" title=\"Entradas de Albert Folch Naval\u00f3n\" rel=\"author\">Albert Folch Naval\u00f3n<\/a><\/span><\/span><span class=\"updated rich-snippet-hidden\">2023-09-11T14:33:41+02:00<\/span><div  class=\"fusion-image-wrapper\" aria-haspopup=\"true\">\n\t\t\t\t<img decoding=\"async\" width=\"400\" height=\"267\" src=\"https:\/\/afc.cat\/wp-content\/uploads\/2023\/09\/visita-consellera-i-directora.jpg\" class=\"attachment-full size-full wp-post-image\" alt=\"\" srcset=\"https:\/\/afc.cat\/wp-content\/uploads\/2023\/09\/visita-consellera-i-directora-200x134.jpg 200w, https:\/\/afc.cat\/wp-content\/uploads\/2023\/09\/visita-consellera-i-directora.jpg 400w\" sizes=\"(min-width: 2200px) 100vw, (min-width: 832px) 397px, (min-width: 736px) 595px, (min-width: 640px) 736px, \" \/><div class=\"fusion-rollover\">\n\t<div class=\"fusion-rollover-content\">\n\n\t\t\t\t\t\t\t\t\t\t\t\t\t\t<a class=\"fusion-rollover-link\" href=\"https:\/\/afc.cat\/es\/galeria\/nos-visitan-la-consejera-de-cultura-natalia-garriga-y-la-dir-del-patrimonio-cultural-sonia-hernandez\/?portfolioCats=443\">Nos visitan la consejera de Cultura Nat\u00e0lia Garriga y la dir. del Patrimonio Cultural S\u00f2nia Hern\u00e1ndez<\/a>\n\t\t\t\n\t\t\t\t\t\t\t\t\n\t\t\n\t\t\t\t\t\t\t\t\t\t\t\t<h4 class=\"fusion-rollover-title\">\n\t\t\t\t\t<a class=\"fusion-rollover-title-link\" href=\"https:\/\/afc.cat\/es\/galeria\/nos-visitan-la-consejera-de-cultura-natalia-garriga-y-la-dir-del-patrimonio-cultural-sonia-hernandez\/?portfolioCats=443\">\n\t\t\t\t\t\tNos visitan la consejera de Cultura Nat\u00e0lia Garriga y la dir. del Patrimonio Cultural S\u00f2nia Hern\u00e1ndez\t\t\t\t\t<\/a>\n\t\t\t\t<\/h4>\n\t\t\t\n\t\t\t\t\t\t\t\t\n\t\t\n\t\t\t\t\t\t<a class=\"fusion-link-wrapper\" href=\"https:\/\/afc.cat\/es\/galeria\/nos-visitan-la-consejera-de-cultura-natalia-garriga-y-la-dir-del-patrimonio-cultural-sonia-hernandez\/?portfolioCats=443\" aria-label=\"Nos visitan la consejera de Cultura Nat\u00e0lia Garriga y la dir. del Patrimonio Cultural S\u00f2nia Hern\u00e1ndez\"><\/a>\n\t<\/div>\n<\/div>\n<\/div>\n<div class=\"fusion-portfolio-content\" style=\"background-color:rgba(252,252,252,1);\"><h2 class=\"entry-title fusion-post-title\"><a href=\"https:\/\/afc.cat\/es\/galeria\/nos-visitan-la-consejera-de-cultura-natalia-garriga-y-la-dir-del-patrimonio-cultural-sonia-hernandez\/?portfolioCats=443\">Nos visitan la consejera de Cultura Nat\u00e0lia Garriga y la dir. del Patrimonio Cultural S\u00f2nia Hern\u00e1ndez<\/a><\/h2><div class=\"fusion-post-content\"><\/div><\/div><\/div><\/article><article id=\"portfolio-1-post-33936\" class=\"fusion-portfolio-post centenari-es fusion-col-spacing post-33936\"><div class=\"fusion-portfolio-content-wrapper\" style=\"border:1px solid #ffffff;border-bottom-width:3px;background-color:rgba(252,252,252,1);\"><span class=\"vcard rich-snippet-hidden\"><span class=\"fn\"><a href=\"https:\/\/afc.cat\/es\/author\/albertf2021\/\" title=\"Entradas de Albert Folch Naval\u00f3n\" rel=\"author\">Albert Folch Naval\u00f3n<\/a><\/span><\/span><span class=\"updated rich-snippet-hidden\">2023-07-22T19:51:31+02:00<\/span><div  class=\"fusion-image-wrapper\" aria-haspopup=\"true\">\n\t\t\t\t<img decoding=\"async\" width=\"400\" height=\"265\" src=\"https:\/\/afc.cat\/wp-content\/uploads\/2023\/07\/Casa-Golferich-Kirowa_foto-portada.jpg\" class=\"attachment-full size-full wp-post-image\" alt=\"\" srcset=\"https:\/\/afc.cat\/wp-content\/uploads\/2023\/07\/Casa-Golferich-Kirowa_foto-portada-200x133.jpg 200w, https:\/\/afc.cat\/wp-content\/uploads\/2023\/07\/Casa-Golferich-Kirowa_foto-portada.jpg 400w\" sizes=\"(min-width: 2200px) 100vw, (min-width: 832px) 397px, (min-width: 736px) 595px, (min-width: 640px) 736px, \" \/><div class=\"fusion-rollover\">\n\t<div class=\"fusion-rollover-content\">\n\n\t\t\t\t\t\t\t\t\t\t\t\t\t\t<a class=\"fusion-rollover-link\" href=\"https:\/\/afc.cat\/es\/galeria\/inauguracio-de-lexposicio-imatges-discordants-a-la-casa-golferichs\/?portfolioCats=443\">Inauguraci\u00f3n de la exposici\u00f3n \u00abIMATGES DISCORDANTS\u00bb en Casa Golferichs<\/a>\n\t\t\t\n\t\t\t\t\t\t\t\t\n\t\t\n\t\t\t\t\t\t\t\t\t\t\t\t<h4 class=\"fusion-rollover-title\">\n\t\t\t\t\t<a class=\"fusion-rollover-title-link\" href=\"https:\/\/afc.cat\/es\/galeria\/inauguracio-de-lexposicio-imatges-discordants-a-la-casa-golferichs\/?portfolioCats=443\">\n\t\t\t\t\t\tInauguraci\u00f3n de la exposici\u00f3n \u00abIMATGES DISCORDANTS\u00bb en Casa Golferichs\t\t\t\t\t<\/a>\n\t\t\t\t<\/h4>\n\t\t\t\n\t\t\t\t\t\t\t\t\n\t\t\n\t\t\t\t\t\t<a class=\"fusion-link-wrapper\" href=\"https:\/\/afc.cat\/es\/galeria\/inauguracio-de-lexposicio-imatges-discordants-a-la-casa-golferichs\/?portfolioCats=443\" aria-label=\"Inauguraci\u00f3n de la exposici\u00f3n \u00abIMATGES DISCORDANTS\u00bb en Casa Golferichs\"><\/a>\n\t<\/div>\n<\/div>\n<\/div>\n<div class=\"fusion-portfolio-content\" style=\"background-color:rgba(252,252,252,1);\"><h2 class=\"entry-title fusion-post-title\"><a href=\"https:\/\/afc.cat\/es\/galeria\/inauguracio-de-lexposicio-imatges-discordants-a-la-casa-golferichs\/?portfolioCats=443\">Inauguraci\u00f3n de la exposici\u00f3n \u00abIMATGES DISCORDANTS\u00bb en Casa Golferichs<\/a><\/h2><div class=\"fusion-post-content\"><\/div><\/div><\/div><\/article><article id=\"portfolio-1-post-33071\" class=\"fusion-portfolio-post centenari-es fusion-col-spacing post-33071\"><div class=\"fusion-portfolio-content-wrapper\" style=\"border:1px solid #ffffff;border-bottom-width:3px;background-color:rgba(252,252,252,1);\"><span class=\"vcard rich-snippet-hidden\"><span class=\"fn\"><a href=\"https:\/\/afc.cat\/es\/author\/albertf2021\/\" title=\"Entradas de Albert Folch Naval\u00f3n\" rel=\"author\">Albert Folch Naval\u00f3n<\/a><\/span><\/span><span class=\"updated rich-snippet-hidden\">2023-07-03T00:11:56+02:00<\/span><div  class=\"fusion-image-wrapper\" aria-haspopup=\"true\">\n\t\t\t\t<img decoding=\"async\" width=\"1350\" height=\"900\" src=\"https:\/\/afc.cat\/wp-content\/uploads\/2023\/07\/Pres-Llibre-AFC-llibreria-Ona-2.jpg\" class=\"attachment-full size-full wp-post-image\" alt=\"\" srcset=\"https:\/\/afc.cat\/wp-content\/uploads\/2023\/07\/Pres-Llibre-AFC-llibreria-Ona-2-200x133.jpg 200w, https:\/\/afc.cat\/wp-content\/uploads\/2023\/07\/Pres-Llibre-AFC-llibreria-Ona-2-400x267.jpg 400w, https:\/\/afc.cat\/wp-content\/uploads\/2023\/07\/Pres-Llibre-AFC-llibreria-Ona-2-600x400.jpg 600w, https:\/\/afc.cat\/wp-content\/uploads\/2023\/07\/Pres-Llibre-AFC-llibreria-Ona-2-800x533.jpg 800w, https:\/\/afc.cat\/wp-content\/uploads\/2023\/07\/Pres-Llibre-AFC-llibreria-Ona-2-1200x800.jpg 1200w, https:\/\/afc.cat\/wp-content\/uploads\/2023\/07\/Pres-Llibre-AFC-llibreria-Ona-2.jpg 1350w\" sizes=\"(min-width: 2200px) 100vw, (min-width: 832px) 397px, (min-width: 736px) 595px, (min-width: 640px) 736px, \" \/><div class=\"fusion-rollover\">\n\t<div class=\"fusion-rollover-content\">\n\n\t\t\t\t\t\t\t\t\t\t\t\t\t\t<a class=\"fusion-rollover-link\" href=\"https:\/\/afc.cat\/es\/galeria\/presentacio-del-llibre-del-centenari-de-lafc-a-la-llibreria-ona\/?portfolioCats=443\">Presentaci\u00f3n del Llibre del Centenari de la AFC en la libreria Ona<\/a>\n\t\t\t\n\t\t\t\t\t\t\t\t\n\t\t\n\t\t\t\t\t\t\t\t\t\t\t\t<h4 class=\"fusion-rollover-title\">\n\t\t\t\t\t<a class=\"fusion-rollover-title-link\" href=\"https:\/\/afc.cat\/es\/galeria\/presentacio-del-llibre-del-centenari-de-lafc-a-la-llibreria-ona\/?portfolioCats=443\">\n\t\t\t\t\t\tPresentaci\u00f3n del Llibre del Centenari de la AFC en la libreria Ona\t\t\t\t\t<\/a>\n\t\t\t\t<\/h4>\n\t\t\t\n\t\t\t\t\t\t\t\t\n\t\t\n\t\t\t\t\t\t<a class=\"fusion-link-wrapper\" href=\"https:\/\/afc.cat\/es\/galeria\/presentacio-del-llibre-del-centenari-de-lafc-a-la-llibreria-ona\/?portfolioCats=443\" aria-label=\"Presentaci\u00f3n del Llibre del Centenari de la AFC en la libreria Ona\"><\/a>\n\t<\/div>\n<\/div>\n<\/div>\n<div class=\"fusion-portfolio-content\" style=\"background-color:rgba(252,252,252,1);\"><h2 class=\"entry-title fusion-post-title\"><a href=\"https:\/\/afc.cat\/es\/galeria\/presentacio-del-llibre-del-centenari-de-lafc-a-la-llibreria-ona\/?portfolioCats=443\">Presentaci\u00f3n del Llibre del Centenari de la AFC en la libreria Ona<\/a><\/h2><div class=\"fusion-post-content\"><\/div><\/div><\/div><\/article><article id=\"portfolio-1-post-32881\" class=\"fusion-portfolio-post centenari-es fusion-col-spacing post-32881\"><div class=\"fusion-portfolio-content-wrapper\" style=\"border:1px solid #ffffff;border-bottom-width:3px;background-color:rgba(252,252,252,1);\"><span class=\"vcard rich-snippet-hidden\"><span class=\"fn\"><a href=\"https:\/\/afc.cat\/es\/author\/albertf2021\/\" title=\"Entradas de Albert Folch Naval\u00f3n\" rel=\"author\">Albert Folch Naval\u00f3n<\/a><\/span><\/span><span class=\"updated rich-snippet-hidden\">2023-06-19T00:00:50+02:00<\/span><div  class=\"fusion-image-wrapper\" aria-haspopup=\"true\">\n\t\t\t\t<img decoding=\"async\" width=\"1350\" height=\"900\" src=\"https:\/\/afc.cat\/wp-content\/uploads\/2023\/06\/Inauguracio-Expo-Centenari-AFC-Kirowa_foto-7.jpg\" class=\"attachment-full size-full wp-post-image\" alt=\"\" srcset=\"https:\/\/afc.cat\/wp-content\/uploads\/2023\/06\/Inauguracio-Expo-Centenari-AFC-Kirowa_foto-7-200x133.jpg 200w, https:\/\/afc.cat\/wp-content\/uploads\/2023\/06\/Inauguracio-Expo-Centenari-AFC-Kirowa_foto-7-400x267.jpg 400w, https:\/\/afc.cat\/wp-content\/uploads\/2023\/06\/Inauguracio-Expo-Centenari-AFC-Kirowa_foto-7-600x400.jpg 600w, https:\/\/afc.cat\/wp-content\/uploads\/2023\/06\/Inauguracio-Expo-Centenari-AFC-Kirowa_foto-7-800x533.jpg 800w, https:\/\/afc.cat\/wp-content\/uploads\/2023\/06\/Inauguracio-Expo-Centenari-AFC-Kirowa_foto-7-1200x800.jpg 1200w, https:\/\/afc.cat\/wp-content\/uploads\/2023\/06\/Inauguracio-Expo-Centenari-AFC-Kirowa_foto-7.jpg 1350w\" sizes=\"(min-width: 2200px) 100vw, (min-width: 832px) 397px, (min-width: 736px) 595px, (min-width: 640px) 736px, \" \/><div class=\"fusion-rollover\">\n\t<div class=\"fusion-rollover-content\">\n\n\t\t\t\t\t\t\t\t\t\t\t\t\t\t<a class=\"fusion-rollover-link\" href=\"https:\/\/afc.cat\/es\/galeria\/celebracio-del-dia-del-centenari-1923-2023-exposicio-commemorativa\/?portfolioCats=443\">Celebraci\u00f3n del d\u00eda del Centenari (1923-2023) &#8211; Exposici\u00f3n conmemorativa<\/a>\n\t\t\t\n\t\t\t\t\t\t\t\t\n\t\t\n\t\t\t\t\t\t\t\t\t\t\t\t<h4 class=\"fusion-rollover-title\">\n\t\t\t\t\t<a class=\"fusion-rollover-title-link\" href=\"https:\/\/afc.cat\/es\/galeria\/celebracio-del-dia-del-centenari-1923-2023-exposicio-commemorativa\/?portfolioCats=443\">\n\t\t\t\t\t\tCelebraci\u00f3n del d\u00eda del Centenari (1923-2023) &#8211; Exposici\u00f3n conmemorativa\t\t\t\t\t<\/a>\n\t\t\t\t<\/h4>\n\t\t\t\n\t\t\t\t\t\t\t\t\n\t\t\n\t\t\t\t\t\t<a class=\"fusion-link-wrapper\" href=\"https:\/\/afc.cat\/es\/galeria\/celebracio-del-dia-del-centenari-1923-2023-exposicio-commemorativa\/?portfolioCats=443\" aria-label=\"Celebraci\u00f3n del d\u00eda del Centenari (1923-2023) &#8211; Exposici\u00f3n conmemorativa\"><\/a>\n\t<\/div>\n<\/div>\n<\/div>\n<div class=\"fusion-portfolio-content\" style=\"background-color:rgba(252,252,252,1);\"><h2 class=\"entry-title fusion-post-title\"><a href=\"https:\/\/afc.cat\/es\/galeria\/celebracio-del-dia-del-centenari-1923-2023-exposicio-commemorativa\/?portfolioCats=443\">Celebraci\u00f3n del d\u00eda del Centenari (1923-2023) &#8211; Exposici\u00f3n conmemorativa<\/a><\/h2><div class=\"fusion-post-content\"><\/div><\/div><\/div><\/article><article id=\"portfolio-1-post-32931\" class=\"fusion-portfolio-post centenari-es fusion-col-spacing post-32931\"><div class=\"fusion-portfolio-content-wrapper\" style=\"border:1px solid #ffffff;border-bottom-width:3px;background-color:rgba(252,252,252,1);\"><span class=\"vcard rich-snippet-hidden\"><span class=\"fn\"><a href=\"https:\/\/afc.cat\/es\/author\/albertf2021\/\" title=\"Entradas de Albert Folch Naval\u00f3n\" rel=\"author\">Albert Folch Naval\u00f3n<\/a><\/span><\/span><span class=\"updated rich-snippet-hidden\">2023-06-21T13:24:12+02:00<\/span><div  class=\"fusion-image-wrapper\" aria-haspopup=\"true\">\n\t\t\t\t<img decoding=\"async\" width=\"400\" height=\"267\" src=\"https:\/\/afc.cat\/wp-content\/uploads\/2023\/06\/Expo-AFB-presentacio.jpg\" class=\"attachment-full size-full wp-post-image\" alt=\"\" srcset=\"https:\/\/afc.cat\/wp-content\/uploads\/2023\/06\/Expo-AFB-presentacio-200x134.jpg 200w, https:\/\/afc.cat\/wp-content\/uploads\/2023\/06\/Expo-AFB-presentacio.jpg 400w\" sizes=\"(min-width: 2200px) 100vw, (min-width: 832px) 397px, (min-width: 736px) 595px, (min-width: 640px) 736px, \" \/><div class=\"fusion-rollover\">\n\t<div class=\"fusion-rollover-content\">\n\n\t\t\t\t\t\t\t\t\t\t\t\t\t\t<a class=\"fusion-rollover-link\" href=\"https:\/\/afc.cat\/es\/galeria\/exposicio-del-pictorialisme-a-la-modernitat-a-larxiu-fotografic-de-barcelona\/?portfolioCats=443\">Exposici\u00f3n \u00abDel pictorialisme a la modernitat\u00bb en el Arxiu Fotogr\u00e0fic de Barcelona<\/a>\n\t\t\t\n\t\t\t\t\t\t\t\t\n\t\t\n\t\t\t\t\t\t\t\t\t\t\t\t<h4 class=\"fusion-rollover-title\">\n\t\t\t\t\t<a class=\"fusion-rollover-title-link\" href=\"https:\/\/afc.cat\/es\/galeria\/exposicio-del-pictorialisme-a-la-modernitat-a-larxiu-fotografic-de-barcelona\/?portfolioCats=443\">\n\t\t\t\t\t\tExposici\u00f3n \u00abDel pictorialisme a la modernitat\u00bb en el Arxiu Fotogr\u00e0fic de Barcelona\t\t\t\t\t<\/a>\n\t\t\t\t<\/h4>\n\t\t\t\n\t\t\t\t\t\t\t\t\n\t\t\n\t\t\t\t\t\t<a class=\"fusion-link-wrapper\" href=\"https:\/\/afc.cat\/es\/galeria\/exposicio-del-pictorialisme-a-la-modernitat-a-larxiu-fotografic-de-barcelona\/?portfolioCats=443\" aria-label=\"Exposici\u00f3n \u00abDel pictorialisme a la modernitat\u00bb en el Arxiu Fotogr\u00e0fic de Barcelona\"><\/a>\n\t<\/div>\n<\/div>\n<\/div>\n<div class=\"fusion-portfolio-content\" style=\"background-color:rgba(252,252,252,1);\"><h2 class=\"entry-title fusion-post-title\"><a href=\"https:\/\/afc.cat\/es\/galeria\/exposicio-del-pictorialisme-a-la-modernitat-a-larxiu-fotografic-de-barcelona\/?portfolioCats=443\">Exposici\u00f3n \u00abDel pictorialisme a la modernitat\u00bb en el Arxiu Fotogr\u00e0fic de Barcelona<\/a><\/h2><div class=\"fusion-post-content\"><\/div><\/div><\/div><\/article><article id=\"portfolio-1-post-31875\" class=\"fusion-portfolio-post centenari-es fusion-col-spacing post-31875\"><div class=\"fusion-portfolio-content-wrapper\" style=\"border:1px solid #ffffff;border-bottom-width:3px;background-color:rgba(252,252,252,1);\"><span class=\"vcard rich-snippet-hidden\"><span class=\"fn\"><a href=\"https:\/\/afc.cat\/es\/author\/albertf2021\/\" title=\"Entradas de Albert Folch Naval\u00f3n\" rel=\"author\">Albert Folch Naval\u00f3n<\/a><\/span><\/span><span class=\"updated rich-snippet-hidden\">2023-03-20T17:22:17+02:00<\/span><div  class=\"fusion-image-wrapper\" aria-haspopup=\"true\">\n\t\t\t\t<img decoding=\"async\" width=\"400\" height=\"267\" src=\"https:\/\/afc.cat\/wp-content\/uploads\/2023\/03\/Enfocades.jpg\" class=\"attachment-full size-full wp-post-image\" alt=\"\" srcset=\"https:\/\/afc.cat\/wp-content\/uploads\/2023\/03\/Enfocades-200x134.jpg 200w, https:\/\/afc.cat\/wp-content\/uploads\/2023\/03\/Enfocades.jpg 400w\" sizes=\"(min-width: 2200px) 100vw, (min-width: 832px) 397px, (min-width: 736px) 595px, (min-width: 640px) 736px, \" \/><div class=\"fusion-rollover\">\n\t<div class=\"fusion-rollover-content\">\n\n\t\t\t\t\t\t\t\t\t\t\t\t\t\t<a class=\"fusion-rollover-link\" href=\"https:\/\/afc.cat\/es\/galeria\/inauguracio-de-lexposicio-enfocades-la-presencia-femenina-a-lafc-1923-1970\/?portfolioCats=443\">Inauguraci\u00f3n de la exposici\u00f3n \u00abEnfocades! La pres\u00e8ncia femenina a l\u2019AFC (1923-1970)\u00bb<\/a>\n\t\t\t\n\t\t\t\t\t\t\t\t\n\t\t\n\t\t\t\t\t\t\t\t\t\t\t\t<h4 class=\"fusion-rollover-title\">\n\t\t\t\t\t<a class=\"fusion-rollover-title-link\" href=\"https:\/\/afc.cat\/es\/galeria\/inauguracio-de-lexposicio-enfocades-la-presencia-femenina-a-lafc-1923-1970\/?portfolioCats=443\">\n\t\t\t\t\t\tInauguraci\u00f3n de la exposici\u00f3n \u00abEnfocades! La pres\u00e8ncia femenina a l\u2019AFC (1923-1970)\u00bb\t\t\t\t\t<\/a>\n\t\t\t\t<\/h4>\n\t\t\t\n\t\t\t\t\t\t\t\t\n\t\t\n\t\t\t\t\t\t<a class=\"fusion-link-wrapper\" href=\"https:\/\/afc.cat\/es\/galeria\/inauguracio-de-lexposicio-enfocades-la-presencia-femenina-a-lafc-1923-1970\/?portfolioCats=443\" aria-label=\"Inauguraci\u00f3n de la exposici\u00f3n \u00abEnfocades! La pres\u00e8ncia femenina a l\u2019AFC (1923-1970)\u00bb\"><\/a>\n\t<\/div>\n<\/div>\n<\/div>\n<div class=\"fusion-portfolio-content\" style=\"background-color:rgba(252,252,252,1);\"><h2 class=\"entry-title fusion-post-title\"><a href=\"https:\/\/afc.cat\/es\/galeria\/inauguracio-de-lexposicio-enfocades-la-presencia-femenina-a-lafc-1923-1970\/?portfolioCats=443\">Inauguraci\u00f3n de la exposici\u00f3n \u00abEnfocades! La pres\u00e8ncia femenina a l\u2019AFC (1923-1970)\u00bb<\/a><\/h2><div class=\"fusion-post-content\"><\/div><\/div><\/div><\/article><article id=\"portfolio-1-post-31221\" class=\"fusion-portfolio-post centenari-es fusion-col-spacing post-31221\"><div class=\"fusion-portfolio-content-wrapper\" style=\"border:1px solid #ffffff;border-bottom-width:3px;background-color:rgba(252,252,252,1);\"><span class=\"vcard rich-snippet-hidden\"><span class=\"fn\"><a href=\"https:\/\/afc.cat\/es\/author\/albertf2021\/\" title=\"Entradas de Albert Folch Naval\u00f3n\" rel=\"author\">Albert Folch Naval\u00f3n<\/a><\/span><\/span><span class=\"updated rich-snippet-hidden\">2023-02-24T18:29:02+02:00<\/span><div  class=\"fusion-image-wrapper\" aria-haspopup=\"true\">\n\t\t\t\t<img decoding=\"async\" width=\"400\" height=\"267\" src=\"https:\/\/afc.cat\/wp-content\/uploads\/2023\/02\/Centenari-llibre.jpg\" class=\"attachment-full size-full wp-post-image\" alt=\"\" srcset=\"https:\/\/afc.cat\/wp-content\/uploads\/2023\/02\/Centenari-llibre-200x134.jpg 200w, https:\/\/afc.cat\/wp-content\/uploads\/2023\/02\/Centenari-llibre.jpg 400w\" sizes=\"(min-width: 2200px) 100vw, (min-width: 832px) 397px, (min-width: 736px) 595px, (min-width: 640px) 736px, \" \/><div class=\"fusion-rollover\">\n\t<div class=\"fusion-rollover-content\">\n\n\t\t\t\t\t\t\t\t\t\t\t\t\t\t<a class=\"fusion-rollover-link\" href=\"https:\/\/afc.cat\/es\/galeria\/presentacio-del-llibre-del-centenari-a-la-biblioteca-de-catalunya\/?portfolioCats=443\">Presentaci\u00f3n del libro del Centenario en la Biblioteca de Catalunya<\/a>\n\t\t\t\n\t\t\t\t\t\t\t\t\n\t\t\n\t\t\t\t\t\t\t\t\t\t\t\t<h4 class=\"fusion-rollover-title\">\n\t\t\t\t\t<a class=\"fusion-rollover-title-link\" href=\"https:\/\/afc.cat\/es\/galeria\/presentacio-del-llibre-del-centenari-a-la-biblioteca-de-catalunya\/?portfolioCats=443\">\n\t\t\t\t\t\tPresentaci\u00f3n del libro del Centenario en la Biblioteca de Catalunya\t\t\t\t\t<\/a>\n\t\t\t\t<\/h4>\n\t\t\t\n\t\t\t\t\t\t\t\t\n\t\t\n\t\t\t\t\t\t<a class=\"fusion-link-wrapper\" href=\"https:\/\/afc.cat\/es\/galeria\/presentacio-del-llibre-del-centenari-a-la-biblioteca-de-catalunya\/?portfolioCats=443\" aria-label=\"Presentaci\u00f3n del libro del Centenario en la Biblioteca de Catalunya\"><\/a>\n\t<\/div>\n<\/div>\n<\/div>\n<div class=\"fusion-portfolio-content\" style=\"background-color:rgba(252,252,252,1);\"><h2 class=\"entry-title fusion-post-title\"><a href=\"https:\/\/afc.cat\/es\/galeria\/presentacio-del-llibre-del-centenari-a-la-biblioteca-de-catalunya\/?portfolioCats=443\">Presentaci\u00f3n del libro del Centenario en la Biblioteca de Catalunya<\/a><\/h2><div class=\"fusion-post-content\"><\/div><\/div><\/div><\/article><article id=\"portfolio-1-post-30811\" class=\"fusion-portfolio-post centenari-es fusion-col-spacing post-30811\"><div class=\"fusion-portfolio-content-wrapper\" style=\"border:1px solid #ffffff;border-bottom-width:3px;background-color:rgba(252,252,252,1);\"><span class=\"vcard rich-snippet-hidden\"><span class=\"fn\"><a href=\"https:\/\/afc.cat\/es\/author\/albertf2021\/\" title=\"Entradas de Albert Folch Naval\u00f3n\" rel=\"author\">Albert Folch Naval\u00f3n<\/a><\/span><\/span><span class=\"updated rich-snippet-hidden\">2023-02-10T18:47:05+02:00<\/span><div  class=\"fusion-image-wrapper\" aria-haspopup=\"true\">\n\t\t\t\t<img decoding=\"async\" width=\"420\" height=\"267\" src=\"https:\/\/afc.cat\/wp-content\/uploads\/2023\/02\/Acte-inaugural-Centenari-AFC-Presidancia.jpg\" class=\"attachment-full size-full wp-post-image\" alt=\"\" srcset=\"https:\/\/afc.cat\/wp-content\/uploads\/2023\/02\/Acte-inaugural-Centenari-AFC-Presidancia-200x127.jpg 200w, https:\/\/afc.cat\/wp-content\/uploads\/2023\/02\/Acte-inaugural-Centenari-AFC-Presidancia-400x254.jpg 400w, https:\/\/afc.cat\/wp-content\/uploads\/2023\/02\/Acte-inaugural-Centenari-AFC-Presidancia.jpg 420w\" sizes=\"(min-width: 2200px) 100vw, (min-width: 832px) 397px, (min-width: 736px) 595px, (min-width: 640px) 736px, \" \/><div class=\"fusion-rollover\">\n\t<div class=\"fusion-rollover-content\">\n\n\t\t\t\t\t\t\t\t\t\t\t\t\t\t<a class=\"fusion-rollover-link\" href=\"https:\/\/afc.cat\/es\/galeria\/acte-inaugural-del-centenari-al-mnac\/?portfolioCats=443\">Acto inaugural del centenario en el MNAC<\/a>\n\t\t\t\n\t\t\t\t\t\t\t\t\n\t\t\n\t\t\t\t\t\t\t\t\t\t\t\t<h4 class=\"fusion-rollover-title\">\n\t\t\t\t\t<a class=\"fusion-rollover-title-link\" href=\"https:\/\/afc.cat\/es\/galeria\/acte-inaugural-del-centenari-al-mnac\/?portfolioCats=443\">\n\t\t\t\t\t\tActo inaugural del centenario en el MNAC\t\t\t\t\t<\/a>\n\t\t\t\t<\/h4>\n\t\t\t\n\t\t\t\t\t\t\t\t\n\t\t\n\t\t\t\t\t\t<a class=\"fusion-link-wrapper\" href=\"https:\/\/afc.cat\/es\/galeria\/acte-inaugural-del-centenari-al-mnac\/?portfolioCats=443\" aria-label=\"Acto inaugural del centenario en el MNAC\"><\/a>\n\t<\/div>\n<\/div>\n<\/div>\n<div class=\"fusion-portfolio-content\" style=\"background-color:rgba(252,252,252,1);\"><h2 class=\"entry-title fusion-post-title\"><a href=\"https:\/\/afc.cat\/es\/galeria\/acte-inaugural-del-centenari-al-mnac\/?portfolioCats=443\">Acto inaugural del centenario en el MNAC<\/a><\/h2><div class=\"fusion-post-content\"><\/div><\/div><\/div><\/article><\/div><\/div><\/div><style type=\"text\/css\">.fusion-body .fusion-builder-column-0{width:100% !important;margin-top : 0px;margin-bottom : 20px;}.fusion-builder-column-0 > .fusion-column-wrapper {padding-top : 0px !important;padding-right : 0px !important;margin-right : 1.92%;padding-bottom : 0px !important;padding-left : 0px !important;margin-left : 1.92%;}@media only screen and (max-width:1024px) {.fusion-body .fusion-builder-column-0{width:100% !important;order : 0;}.fusion-builder-column-0 > .fusion-column-wrapper {margin-right : 1.92%;margin-left : 1.92%;}}@media only screen and (max-width:640px) {.fusion-body .fusion-builder-column-0{width:100% !important;order : 0;}.fusion-builder-column-0 > .fusion-column-wrapper {margin-right : 1.92%;margin-left : 1.92%;}}<\/style><\/div><\/div><style type=\"text\/css\">.fusion-body .fusion-flex-container.fusion-builder-row-1{ padding-top : 0px;margin-top : 0px;padding-right : 0px;padding-bottom : 0px;margin-bottom : 0px;padding-left : 0px;}<\/style><\/div>\n","protected":false},"excerpt":{"rendered":"","protected":false},"author":33,"featured_media":0,"parent":0,"menu_order":0,"comment_status":"closed","ping_status":"closed","template":"","meta":{"_acf_changed":false,"footnotes":""},"class_list":["post-30803","page","type-page","status-publish","hentry"],"acf":[],"yoast_head":"<!-- This site is optimized with the Yoast SEO plugin v27.2 - https:\/\/yoast.com\/product\/yoast-seo-wordpress\/ -->\n<title>Galer\u00edas de im\u00e1genes del centenario de la AFC - Agrupaci\u00f3 Fotogr\u00e0fica de Catalunya<\/title>\n<meta name=\"robots\" content=\"index, follow, max-snippet:-1, max-image-preview:large, max-video-preview:-1\" \/>\n<link rel=\"canonical\" href=\"https:\/\/afc.cat\/es\/galerias-de-imagenes-del-centenario-de-la-afc\/\" \/>\n<meta property=\"og:locale\" content=\"es_ES\" \/>\n<meta property=\"og:type\" content=\"article\" \/>\n<meta property=\"og:title\" content=\"Galer\u00edas de im\u00e1genes del centenario de la AFC - Agrupaci\u00f3 Fotogr\u00e0fica de Catalunya\" \/>\n<meta property=\"og:url\" content=\"https:\/\/afc.cat\/es\/galerias-de-imagenes-del-centenario-de-la-afc\/\" \/>\n<meta property=\"og:site_name\" content=\"Agrupaci\u00f3 Fotogr\u00e0fica de Catalunya\" \/>\n<meta property=\"article:modified_time\" content=\"2023-02-05T21:46:13+00:00\" \/>\n<meta name=\"twitter:card\" content=\"summary_large_image\" \/>\n<meta name=\"twitter:label1\" content=\"Tiempo de lectura\" \/>\n\t<meta name=\"twitter:data1\" content=\"1 minuto\" \/>\n<script type=\"application\/ld+json\" class=\"yoast-schema-graph\">{\"@context\":\"https:\/\/schema.org\",\"@graph\":[{\"@type\":\"WebPage\",\"@id\":\"https:\/\/afc.cat\/es\/galerias-de-imagenes-del-centenario-de-la-afc\/\",\"url\":\"https:\/\/afc.cat\/es\/galerias-de-imagenes-del-centenario-de-la-afc\/\",\"name\":\"Galer\u00edas de im\u00e1genes del centenario de la AFC - Agrupaci\u00f3 Fotogr\u00e0fica de Catalunya\",\"isPartOf\":{\"@id\":\"https:\/\/afc.cat\/es\/#website\"},\"datePublished\":\"2023-02-05T21:45:31+00:00\",\"dateModified\":\"2023-02-05T21:46:13+00:00\",\"breadcrumb\":{\"@id\":\"https:\/\/afc.cat\/es\/galerias-de-imagenes-del-centenario-de-la-afc\/#breadcrumb\"},\"inLanguage\":\"es\",\"potentialAction\":[{\"@type\":\"ReadAction\",\"target\":[\"https:\/\/afc.cat\/es\/galerias-de-imagenes-del-centenario-de-la-afc\/\"]}]},{\"@type\":\"BreadcrumbList\",\"@id\":\"https:\/\/afc.cat\/es\/galerias-de-imagenes-del-centenario-de-la-afc\/#breadcrumb\",\"itemListElement\":[{\"@type\":\"ListItem\",\"position\":1,\"name\":\"Inicio\",\"item\":\"https:\/\/afc.cat\/es\/\"},{\"@type\":\"ListItem\",\"position\":2,\"name\":\"Galer\u00edas de im\u00e1genes del centenario de la AFC\"}]},{\"@type\":\"WebSite\",\"@id\":\"https:\/\/afc.cat\/es\/#website\",\"url\":\"https:\/\/afc.cat\/es\/\",\"name\":\"Agrupaci\u00f3 Fotogr\u00e0fica de Catalunya\",\"description\":\"Fomento y divulgaci\u00f3n de la fotograf\u00eda en todas sus variedades\",\"potentialAction\":[{\"@type\":\"SearchAction\",\"target\":{\"@type\":\"EntryPoint\",\"urlTemplate\":\"https:\/\/afc.cat\/es\/?s={search_term_string}\"},\"query-input\":{\"@type\":\"PropertyValueSpecification\",\"valueRequired\":true,\"valueName\":\"search_term_string\"}}],\"inLanguage\":\"es\"}]}<\/script>\n<!-- \/ Yoast SEO plugin. -->","yoast_head_json":{"title":"Galer\u00edas de im\u00e1genes del centenario de la AFC - Agrupaci\u00f3 Fotogr\u00e0fica de Catalunya","robots":{"index":"index","follow":"follow","max-snippet":"max-snippet:-1","max-image-preview":"max-image-preview:large","max-video-preview":"max-video-preview:-1"},"canonical":"https:\/\/afc.cat\/es\/galerias-de-imagenes-del-centenario-de-la-afc\/","og_locale":"es_ES","og_type":"article","og_title":"Galer\u00edas de im\u00e1genes del centenario de la AFC - Agrupaci\u00f3 Fotogr\u00e0fica de Catalunya","og_url":"https:\/\/afc.cat\/es\/galerias-de-imagenes-del-centenario-de-la-afc\/","og_site_name":"Agrupaci\u00f3 Fotogr\u00e0fica de Catalunya","article_modified_time":"2023-02-05T21:46:13+00:00","twitter_card":"summary_large_image","twitter_misc":{"Tiempo de lectura":"1 minuto"},"schema":{"@context":"https:\/\/schema.org","@graph":[{"@type":"WebPage","@id":"https:\/\/afc.cat\/es\/galerias-de-imagenes-del-centenario-de-la-afc\/","url":"https:\/\/afc.cat\/es\/galerias-de-imagenes-del-centenario-de-la-afc\/","name":"Galer\u00edas de im\u00e1genes del centenario de la AFC - Agrupaci\u00f3 Fotogr\u00e0fica de Catalunya","isPartOf":{"@id":"https:\/\/afc.cat\/es\/#website"},"datePublished":"2023-02-05T21:45:31+00:00","dateModified":"2023-02-05T21:46:13+00:00","breadcrumb":{"@id":"https:\/\/afc.cat\/es\/galerias-de-imagenes-del-centenario-de-la-afc\/#breadcrumb"},"inLanguage":"es","potentialAction":[{"@type":"ReadAction","target":["https:\/\/afc.cat\/es\/galerias-de-imagenes-del-centenario-de-la-afc\/"]}]},{"@type":"BreadcrumbList","@id":"https:\/\/afc.cat\/es\/galerias-de-imagenes-del-centenario-de-la-afc\/#breadcrumb","itemListElement":[{"@type":"ListItem","position":1,"name":"Inicio","item":"https:\/\/afc.cat\/es\/"},{"@type":"ListItem","position":2,"name":"Galer\u00edas de im\u00e1genes del centenario de la AFC"}]},{"@type":"WebSite","@id":"https:\/\/afc.cat\/es\/#website","url":"https:\/\/afc.cat\/es\/","name":"Agrupaci\u00f3 Fotogr\u00e0fica de Catalunya","description":"Fomento y divulgaci\u00f3n de la fotograf\u00eda en todas sus variedades","potentialAction":[{"@type":"SearchAction","target":{"@type":"EntryPoint","urlTemplate":"https:\/\/afc.cat\/es\/?s={search_term_string}"},"query-input":{"@type":"PropertyValueSpecification","valueRequired":true,"valueName":"search_term_string"}}],"inLanguage":"es"}]}},"_links":{"self":[{"href":"https:\/\/afc.cat\/es\/wp-json\/wp\/v2\/pages\/30803","targetHints":{"allow":["GET"]}}],"collection":[{"href":"https:\/\/afc.cat\/es\/wp-json\/wp\/v2\/pages"}],"about":[{"href":"https:\/\/afc.cat\/es\/wp-json\/wp\/v2\/types\/page"}],"author":[{"embeddable":true,"href":"https:\/\/afc.cat\/es\/wp-json\/wp\/v2\/users\/33"}],"replies":[{"embeddable":true,"href":"https:\/\/afc.cat\/es\/wp-json\/wp\/v2\/comments?post=30803"}],"version-history":[{"count":2,"href":"https:\/\/afc.cat\/es\/wp-json\/wp\/v2\/pages\/30803\/revisions"}],"predecessor-version":[{"id":30814,"href":"https:\/\/afc.cat\/es\/wp-json\/wp\/v2\/pages\/30803\/revisions\/30814"}],"wp:attachment":[{"href":"https:\/\/afc.cat\/es\/wp-json\/wp\/v2\/media?parent=30803"}],"curies":[{"name":"wp","href":"https:\/\/api.w.org\/{rel}","templated":true}]}}