{"id":44009,"date":"2025-04-27T19:48:18","date_gmt":"2025-04-27T17:48:18","guid":{"rendered":"https:\/\/afc.cat\/fes-te-soci-a\/"},"modified":"2026-03-05T01:04:52","modified_gmt":"2026-03-04T23:04:52","slug":"fes-te-soci-a","status":"publish","type":"page","link":"https:\/\/afc.cat\/es\/fes-te-soci-a\/","title":{"rendered":"Hazte socio\/a"},"content":{"rendered":"<p><div class=\"fusion-fullwidth fullwidth-box fusion-builder-row-1 fusion-flex-container nonhundred-percent-fullwidth non-hundred-percent-height-scrolling\" style=\"background-color: rgba(255,255,255,0);background-position: center center;background-repeat: no-repeat;border-width: 0px 0px 0px 0px;border-color:#ffffff;border-style:solid;\" ><div class=\"fusion-builder-row fusion-row fusion-flex-align-items-flex-start\" style=\"max-width:1300px;margin-left: calc(-4% \/ 2 );margin-right: calc(-4% \/ 2 );\"><div class=\"fusion-layout-column fusion_builder_column fusion-builder-column-0 fusion_builder_column_1_1 1_1 fusion-flex-column\"><div class=\"fusion-column-wrapper fusion-flex-justify-content-flex-start fusion-content-layout-column\" style=\"background-position:left top;background-repeat:no-repeat;-webkit-background-size:cover;-moz-background-size:cover;-o-background-size:cover;background-size:cover;padding: 0px 0px 0px 0px;\"><div class=\"fusion-text fusion-text-1\"><h2>Hazte socio o socia y mira las ventajas para hacerlo<\/h2>\n<p><a href=\"https:\/\/afc.cat\/wp-content\/uploads\/2025\/04\/Fes-te-soci-socia-de-lAFC.pdf\">Accede al documento en pdf<\/a><\/p>\n<\/div><div class=\"fusion-text fusion-text-2\"><h3>Cuotas sociales AFC 2026<\/h3>\n<p>Tienen una <strong>deducci\u00f3n<\/strong> de entre el <strong>40% y el 80%<\/strong> al ser la AFC <strong>Entidad de Utilidad P\u00fablica<\/strong>.<\/p>\n<h4><strong>Cuotas 2026 Aprobada Asamblea 4\/2\/26<\/strong><\/h4>\n<ul>\n<li><strong>Socio\/a Anual: <\/strong>153 \u20ac<\/li>\n<li><strong>Socio\/a Semestral:<\/strong> 77,50 \u20ac<\/li>\n<li><strong>Anual familiar:<\/strong> 80,50 \u20ac<\/li>\n<li><strong>Semestre familiar:<\/strong> 40,50 \u20ac<\/li>\n<li><strong>Socio\/a Joven 14-25:<\/strong> Anual 42 \u20ac<\/li>\n<li><strong>Socio\/a Joven 26-35:<\/strong> Anual 60 \u20ac<\/li>\n<li><strong>Anual del IEF:<\/strong> 36 \u20ac<\/li>\n<\/ul>\n<h4><strong>Otras cuotas especiales<\/strong><\/h4>\n<p><strong>Consultar con Tesorer\u00eda:<\/strong> tresorer@afc.cat<\/p>\n<\/div><\/div><style type=\"text\/css\">.fusion-body .fusion-builder-column-0{width:100% !important;margin-top : 0px;margin-bottom : 20px;}.fusion-builder-column-0 > .fusion-column-wrapper {padding-top : 0px !important;padding-right : 0px !important;margin-right : 1.92%;padding-bottom : 0px !important;padding-left : 0px !important;margin-left : 1.92%;}@media only screen and (max-width:1024px) {.fusion-body .fusion-builder-column-0{width:100% !important;order : 0;}.fusion-builder-column-0 > .fusion-column-wrapper {margin-right : 1.92%;margin-left : 1.92%;}}@media only screen and (max-width:640px) {.fusion-body .fusion-builder-column-0{width:100% !important;order : 0;}.fusion-builder-column-0 > .fusion-column-wrapper {margin-right : 1.92%;margin-left : 1.92%;}}<\/style><\/div><\/div><style type=\"text\/css\">.fusion-body .fusion-flex-container.fusion-builder-row-1{ padding-top : 0px;margin-top : 0px;padding-right : 0px;padding-bottom : 0px;margin-bottom : 0px;padding-left : 0px;}<\/style><\/div><div class=\"fusion-fullwidth fullwidth-box fusion-builder-row-2 fusion-flex-container nonhundred-percent-fullwidth non-hundred-percent-height-scrolling\" style=\"background-color: rgba(255,255,255,0);background-position: center center;background-repeat: no-repeat;border-width: 0px 0px 0px 0px;border-color:#ffffff;border-style:solid;\" ><div class=\"fusion-builder-row fusion-row fusion-flex-align-items-flex-start\" style=\"max-width:1300px;margin-left: calc(-4% \/ 2 );margin-right: calc(-4% \/ 2 );\"><div class=\"fusion-layout-column fusion_builder_column fusion-builder-column-1 fusion_builder_column_1_1 1_1 fusion-flex-column\"><div class=\"fusion-column-wrapper fusion-flex-justify-content-flex-start fusion-content-layout-column\" style=\"background-position:left top;background-repeat:no-repeat;-webkit-background-size:cover;-moz-background-size:cover;-o-background-size:cover;background-size:cover;padding: 0px 0px 0px 0px;\"><div class=\"fusion-separator fusion-full-width-sep\" style=\"align-self: center;margin-left: auto;margin-right: auto;margin-bottom:20px;width:100%;\"><div class=\"fusion-separator-border sep-single sep-solid\" style=\"border-color:#3ec0bf;border-top-width:1px;\"><\/div><\/div><div class=\"fusion-text fusion-text-3\"><p><strong>Pasos para hacerte socio\/a<\/strong><\/p>\n<ol>\n<li>Rellenar el formulario con tus datos.<\/li>\n<li>Una vez recibamos el formulario con tus datos y la cuota seleccionada nos pondremos en contacto contigo para explicarte con detalle la forma de pago.<\/li>\n<\/ol>\n<p>Si necesitas m\u00e1s informaci\u00f3n puedes rellenar el formulario de contacto o llamar a los <strong>tel\u00e9fonos 933 016 581<\/strong> o <strong>682 825 893<\/strong> de 17:30 h a 20:30 h (lunes a viernes) o de 10:00 h a 13:00 h s\u00e1bados o pasar por nuestra sede en la <strong>calle del Duc, 14 pral. de Barcelona<\/strong> en el horario anteriormente indicado..<\/p>\n<\/div><div class=\"fusion-text fusion-text-4\"><h3><\/h3>\n<h3 style=\"text-align: center;\">RELLENA EL FORMULARIO PARA DARTE DE ALTA<\/h3>\n<\/div><div class=\"fusion-text fusion-text-5\">\n<div class=\"wpcf7 no-js\" id=\"wpcf7-f22171-o1\" lang=\"ca\" dir=\"ltr\" data-wpcf7-id=\"22171\">\n<div class=\"screen-reader-response\"><p role=\"status\" aria-live=\"polite\" aria-atomic=\"true\"><\/p> <ul><\/ul><\/div>\n<form action=\"\/es\/wp-json\/wp\/v2\/pages\/44009#wpcf7-f22171-o1\" method=\"post\" class=\"wpcf7-form init\" aria-label=\"Formulari de contacte\" novalidate=\"novalidate\" data-status=\"init\">\n<fieldset class=\"hidden-fields-container\"><input type=\"hidden\" name=\"_wpcf7\" value=\"22171\" \/><input type=\"hidden\" name=\"_wpcf7_version\" value=\"6.1.5\" \/><input type=\"hidden\" name=\"_wpcf7_locale\" value=\"ca\" \/><input type=\"hidden\" name=\"_wpcf7_unit_tag\" value=\"wpcf7-f22171-o1\" \/><input type=\"hidden\" name=\"_wpcf7_container_post\" value=\"0\" \/><input type=\"hidden\" name=\"_wpcf7_posted_data_hash\" value=\"\" \/><input type=\"hidden\" name=\"_wpcf7_recaptcha_response\" value=\"\" \/>\n<\/fieldset>\n<p><label> <b> ALTA DE SOCIO <\/b> <\/label>\n<\/p>\n<p><label> <b> Nombre y apellidos<\/b><br \/>\n<span class=\"wpcf7-form-control-wrap\" data-name=\"your-name\"><input size=\"40\" maxlength=\"400\" class=\"wpcf7-form-control wpcf7-text wpcf7-validates-as-required\" aria-required=\"true\" aria-invalid=\"false\" placeholder=\"Nombre y apellidos\" value=\"\" type=\"text\" name=\"your-name\" \/><\/span> <\/label>\n<\/p>\n<p><label> <b> Direcci\u00f3n <\/b><br \/>\n<span class=\"wpcf7-form-control-wrap\" data-name=\"your-address\"><input size=\"40\" maxlength=\"400\" class=\"wpcf7-form-control wpcf7-text wpcf7-validates-as-required\" aria-required=\"true\" aria-invalid=\"false\" placeholder=\"Direcci\u00f3n\" value=\"\" type=\"text\" name=\"your-address\" \/><\/span> <\/label>\n<\/p>\n<p><label> <b> C\u00f3digo postal <\/b><br \/>\n<span class=\"wpcf7-form-control-wrap\" data-name=\"your-codpost\"><input size=\"40\" maxlength=\"400\" class=\"wpcf7-form-control wpcf7-text wpcf7-validates-as-required\" aria-required=\"true\" aria-invalid=\"false\" placeholder=\"C\u00f3digo postal\" value=\"\" type=\"text\" name=\"your-codpost\" \/><\/span> <\/label>\n<\/p>\n<p><label> <b> Poblaci\u00f3n <\/b><br \/>\n<span class=\"wpcf7-form-control-wrap\" data-name=\"your-city\"><input size=\"40\" maxlength=\"400\" class=\"wpcf7-form-control wpcf7-text wpcf7-validates-as-required\" aria-required=\"true\" aria-invalid=\"false\" placeholder=\"Poblaci\u00f3n\" value=\"\" type=\"text\" name=\"your-city\" \/><\/span> <\/label>\n<\/p>\n<p><label> <b> Pa\u00eds <\/b><br \/>\n<span class=\"wpcf7-form-control-wrap\" data-name=\"your-Country\"><input size=\"40\" maxlength=\"400\" class=\"wpcf7-form-control wpcf7-text wpcf7-validates-as-required\" aria-required=\"true\" aria-invalid=\"false\" placeholder=\"Pa\u00eds\" value=\"\" type=\"text\" name=\"your-Country\" \/><\/span> <\/label>\n<\/p>\n<p><label> <b> Tel\u00e9fono m\u00f3vil <\/b><br \/>\n<span class=\"wpcf7-form-control-wrap\" data-name=\"your-telephon\"><input size=\"40\" maxlength=\"400\" class=\"wpcf7-form-control wpcf7-tel wpcf7-validates-as-required wpcf7-text wpcf7-validates-as-tel\" aria-required=\"true\" aria-invalid=\"false\" placeholder=\"Tel\u00e9fono m\u00f3vil\" value=\"\" type=\"tel\" name=\"your-telephon\" \/><\/span> <\/label>\n<\/p>\n<p><label> <b> Tel\u00e9fono fijo <\/b><br \/>\n<span class=\"wpcf7-form-control-wrap\" data-name=\"your-telephon2\"><input size=\"40\" maxlength=\"400\" class=\"wpcf7-form-control wpcf7-tel wpcf7-validates-as-required wpcf7-text wpcf7-validates-as-tel\" aria-required=\"true\" aria-invalid=\"false\" placeholder=\"Tel\u00e9fono fijo\" value=\"\" type=\"tel\" name=\"your-telephon2\" \/><\/span> <\/label>\n<\/p>\n<p><label> <b> Correo electr\u00f3nico <\/b><br \/>\n<span class=\"wpcf7-form-control-wrap\" data-name=\"your-email\"><input size=\"40\" maxlength=\"400\" class=\"wpcf7-form-control wpcf7-email wpcf7-validates-as-required wpcf7-text wpcf7-validates-as-email\" aria-required=\"true\" aria-invalid=\"false\" placeholder=\"Correo electr\u00f3nico\" value=\"\" type=\"email\" name=\"your-email\" \/><\/span> <\/label>\n<\/p>\n<p><label> <b>Selecciona una cuota <\/b> <\/label><br \/>\n<span class=\"wpcf7-form-control-wrap\" data-name=\"Quotes\"><span class=\"wpcf7-form-control wpcf7-radio\"><span class=\"wpcf7-list-item first\"><label><input type=\"radio\" name=\"Quotes\" value=\"Anual Individual.\" checked=\"checked\" \/><span class=\"wpcf7-list-item-label\">Anual Individual.<\/span><\/label><\/span><span class=\"wpcf7-list-item\"><label><input type=\"radio\" name=\"Quotes\" value=\"Semestral Individual.\" \/><span class=\"wpcf7-list-item-label\">Semestral Individual.<\/span><\/label><\/span><span class=\"wpcf7-list-item\"><label><input type=\"radio\" name=\"Quotes\" value=\"Anual Familiar.\" \/><span class=\"wpcf7-list-item-label\">Anual Familiar.<\/span><\/label><\/span><span class=\"wpcf7-list-item\"><label><input type=\"radio\" name=\"Quotes\" value=\"Semestral Familiar.\" \/><span class=\"wpcf7-list-item-label\">Semestral Familiar.<\/span><\/label><\/span><span class=\"wpcf7-list-item\"><label><input type=\"radio\" name=\"Quotes\" value=\"Socio joven 14-25 a\u00f1os anual.\" \/><span class=\"wpcf7-list-item-label\">Socio joven 14-25 a\u00f1os anual.<\/span><\/label><\/span><span class=\"wpcf7-list-item\"><label><input type=\"radio\" name=\"Quotes\" value=\"Socio joven 26-35 a\u00f1os anual.\" \/><span class=\"wpcf7-list-item-label\">Socio joven 26-35 a\u00f1os anual.<\/span><\/label><\/span><span class=\"wpcf7-list-item last\"><label><input type=\"radio\" name=\"Quotes\" value=\"Anual del &#039;IEF.\" \/><span class=\"wpcf7-list-item-label\">Anual del &#039;IEF.<\/span><\/label><\/span><\/span><\/span>\n<\/p>\n<p><span class=\"wpcf7-form-control-wrap\" data-name=\"Privacitat\"><span class=\"wpcf7-form-control wpcf7-acceptance\"><span class=\"wpcf7-list-item\"><label><input type=\"checkbox\" name=\"Privacitat\" value=\"1\" aria-invalid=\"false\" \/><span class=\"wpcf7-list-item-label\">He leido y acepto la <a rel=\"nofollow\" href=\"\/es\/politica-de-privacidad\/\">Pol\u00edtica de Privacidad<\/a>.<\/span><\/label><\/span><\/span><\/span>\n<\/p>\n<p><input class=\"wpcf7-form-control wpcf7-submit has-spinner\" type=\"submit\" value=\"Env\u00eda\" \/>\n<\/p><div class=\"fusion-alert alert custom alert-custom fusion-alert-center wpcf7-response-output alert-dismissable\" style=\"border-width:1px;\"><button type=\"button\" class=\"close toggle-alert\" data-dismiss=\"alert\" aria-label=\"Close\">&times;<\/button><div class=\"fusion-alert-content-wrapper\"><span class=\"fusion-alert-content\"><\/span><\/div><\/div>\n<\/form>\n<\/div>\n\n<\/div><div class=\"fusion-text fusion-text-6\" style=\"font-size:13px;\"><p>La Associaci\u00f3 Agrupaci\u00f3 Fotogr\u00e0fica de Catalunya, con NIF G58329152, es la responsable del tratamiento de sus datos personales reunidos en este formulario con el fin de realizar la gesti\u00f3n de su solicitud de ingreso y los tratamientos posteriores derivados de su futura condici\u00f3n de socio. En ning\u00fan supuesto, fuera de las obligaciones legales, est\u00e1 prevista la cesi\u00f3n de sus datos a terceros, salvo que sea conveniente por el cumplimiento de las referidas finalidades. Cualquier duda, aclaraci\u00f3n o ejercicio de los derechos de acceso, de rectificaci\u00f3n, de olvido, de limitaci\u00f3n y de portabilidad y cualquier otro que corresponda, los puede ejercer con el env\u00edo de un correo a la direcci\u00f3n <strong>rgpd@afc.cat<\/strong><\/p>\n<\/div><\/div><style type=\"text\/css\">.fusion-body .fusion-builder-column-1{width:100% !important;margin-top : 0px;margin-bottom : 20px;}.fusion-builder-column-1 > .fusion-column-wrapper {padding-top : 0px !important;padding-right : 0px !important;margin-right : 1.92%;padding-bottom : 0px !important;padding-left : 0px !important;margin-left : 1.92%;}@media only screen and (max-width:1024px) {.fusion-body .fusion-builder-column-1{width:100% !important;order : 0;}.fusion-builder-column-1 > .fusion-column-wrapper {margin-right : 1.92%;margin-left : 1.92%;}}@media only screen and (max-width:640px) {.fusion-body .fusion-builder-column-1{width:100% !important;order : 0;}.fusion-builder-column-1 > .fusion-column-wrapper {margin-right : 1.92%;margin-left : 1.92%;}}<\/style><\/div><\/div><style type=\"text\/css\">.fusion-body .fusion-flex-container.fusion-builder-row-2{ padding-top : 0px;margin-top : 0px;padding-right : 0px;padding-bottom : 0px;margin-bottom : 0px;padding-left : 0px;}<\/style><\/div><\/p>\n","protected":false},"excerpt":{"rendered":"","protected":false},"author":33,"featured_media":0,"parent":0,"menu_order":0,"comment_status":"closed","ping_status":"closed","template":"","meta":{"_acf_changed":false,"footnotes":""},"class_list":["post-44009","page","type-page","status-publish","hentry"],"acf":[],"yoast_head":"<!-- This site is optimized with the Yoast SEO plugin v27.5 - https:\/\/yoast.com\/product\/yoast-seo-wordpress\/ -->\n<title>Hazte socio\/a - Agrupaci\u00f3 Fotogr\u00e0fica de Catalunya<\/title>\n<meta name=\"robots\" content=\"index, follow, max-snippet:-1, max-image-preview:large, max-video-preview:-1\" \/>\n<link rel=\"canonical\" href=\"https:\/\/afc.cat\/es\/fes-te-soci-a\/\" \/>\n<meta property=\"og:locale\" content=\"es_ES\" \/>\n<meta property=\"og:type\" content=\"article\" \/>\n<meta property=\"og:title\" content=\"Hazte socio\/a - Agrupaci\u00f3 Fotogr\u00e0fica de Catalunya\" \/>\n<meta property=\"og:url\" content=\"https:\/\/afc.cat\/es\/fes-te-soci-a\/\" \/>\n<meta property=\"og:site_name\" content=\"Agrupaci\u00f3 Fotogr\u00e0fica de Catalunya\" \/>\n<meta property=\"article:modified_time\" content=\"2026-03-04T23:04:52+00:00\" \/>\n<meta name=\"twitter:card\" content=\"summary_large_image\" \/>\n<meta name=\"twitter:label1\" content=\"Tiempo de lectura\" \/>\n\t<meta name=\"twitter:data1\" content=\"9 minutos\" \/>\n<script type=\"application\/ld+json\" class=\"yoast-schema-graph\">{\"@context\":\"https:\\\/\\\/schema.org\",\"@graph\":[{\"@type\":\"WebPage\",\"@id\":\"https:\\\/\\\/afc.cat\\\/es\\\/fes-te-soci-a\\\/\",\"url\":\"https:\\\/\\\/afc.cat\\\/es\\\/fes-te-soci-a\\\/\",\"name\":\"Hazte socio\\\/a - Agrupaci\u00f3 Fotogr\u00e0fica de Catalunya\",\"isPartOf\":{\"@id\":\"https:\\\/\\\/afc.cat\\\/es\\\/#website\"},\"datePublished\":\"2025-04-27T17:48:18+00:00\",\"dateModified\":\"2026-03-04T23:04:52+00:00\",\"breadcrumb\":{\"@id\":\"https:\\\/\\\/afc.cat\\\/es\\\/fes-te-soci-a\\\/#breadcrumb\"},\"inLanguage\":\"es\",\"potentialAction\":[{\"@type\":\"ReadAction\",\"target\":[\"https:\\\/\\\/afc.cat\\\/es\\\/fes-te-soci-a\\\/\"]}]},{\"@type\":\"BreadcrumbList\",\"@id\":\"https:\\\/\\\/afc.cat\\\/es\\\/fes-te-soci-a\\\/#breadcrumb\",\"itemListElement\":[{\"@type\":\"ListItem\",\"position\":1,\"name\":\"Inicio\",\"item\":\"https:\\\/\\\/afc.cat\\\/es\\\/\"},{\"@type\":\"ListItem\",\"position\":2,\"name\":\"Hazte socio\\\/a\"}]},{\"@type\":\"WebSite\",\"@id\":\"https:\\\/\\\/afc.cat\\\/es\\\/#website\",\"url\":\"https:\\\/\\\/afc.cat\\\/es\\\/\",\"name\":\"Agrupaci\u00f3 Fotogr\u00e0fica de Catalunya\",\"description\":\"Fomento y divulgaci\u00f3n de la fotograf\u00eda en todas sus variedades\",\"potentialAction\":[{\"@type\":\"SearchAction\",\"target\":{\"@type\":\"EntryPoint\",\"urlTemplate\":\"https:\\\/\\\/afc.cat\\\/es\\\/?s={search_term_string}\"},\"query-input\":{\"@type\":\"PropertyValueSpecification\",\"valueRequired\":true,\"valueName\":\"search_term_string\"}}],\"inLanguage\":\"es\"}]}<\/script>\n<!-- \/ Yoast SEO plugin. -->","yoast_head_json":{"title":"Hazte socio\/a - Agrupaci\u00f3 Fotogr\u00e0fica de Catalunya","robots":{"index":"index","follow":"follow","max-snippet":"max-snippet:-1","max-image-preview":"max-image-preview:large","max-video-preview":"max-video-preview:-1"},"canonical":"https:\/\/afc.cat\/es\/fes-te-soci-a\/","og_locale":"es_ES","og_type":"article","og_title":"Hazte socio\/a - Agrupaci\u00f3 Fotogr\u00e0fica de Catalunya","og_url":"https:\/\/afc.cat\/es\/fes-te-soci-a\/","og_site_name":"Agrupaci\u00f3 Fotogr\u00e0fica de Catalunya","article_modified_time":"2026-03-04T23:04:52+00:00","twitter_card":"summary_large_image","twitter_misc":{"Tiempo de lectura":"9 minutos"},"schema":{"@context":"https:\/\/schema.org","@graph":[{"@type":"WebPage","@id":"https:\/\/afc.cat\/es\/fes-te-soci-a\/","url":"https:\/\/afc.cat\/es\/fes-te-soci-a\/","name":"Hazte socio\/a - Agrupaci\u00f3 Fotogr\u00e0fica de Catalunya","isPartOf":{"@id":"https:\/\/afc.cat\/es\/#website"},"datePublished":"2025-04-27T17:48:18+00:00","dateModified":"2026-03-04T23:04:52+00:00","breadcrumb":{"@id":"https:\/\/afc.cat\/es\/fes-te-soci-a\/#breadcrumb"},"inLanguage":"es","potentialAction":[{"@type":"ReadAction","target":["https:\/\/afc.cat\/es\/fes-te-soci-a\/"]}]},{"@type":"BreadcrumbList","@id":"https:\/\/afc.cat\/es\/fes-te-soci-a\/#breadcrumb","itemListElement":[{"@type":"ListItem","position":1,"name":"Inicio","item":"https:\/\/afc.cat\/es\/"},{"@type":"ListItem","position":2,"name":"Hazte socio\/a"}]},{"@type":"WebSite","@id":"https:\/\/afc.cat\/es\/#website","url":"https:\/\/afc.cat\/es\/","name":"Agrupaci\u00f3 Fotogr\u00e0fica de Catalunya","description":"Fomento y divulgaci\u00f3n de la fotograf\u00eda en todas sus variedades","potentialAction":[{"@type":"SearchAction","target":{"@type":"EntryPoint","urlTemplate":"https:\/\/afc.cat\/es\/?s={search_term_string}"},"query-input":{"@type":"PropertyValueSpecification","valueRequired":true,"valueName":"search_term_string"}}],"inLanguage":"es"}]}},"_links":{"self":[{"href":"https:\/\/afc.cat\/es\/wp-json\/wp\/v2\/pages\/44009","targetHints":{"allow":["GET"]}}],"collection":[{"href":"https:\/\/afc.cat\/es\/wp-json\/wp\/v2\/pages"}],"about":[{"href":"https:\/\/afc.cat\/es\/wp-json\/wp\/v2\/types\/page"}],"author":[{"embeddable":true,"href":"https:\/\/afc.cat\/es\/wp-json\/wp\/v2\/users\/33"}],"replies":[{"embeddable":true,"href":"https:\/\/afc.cat\/es\/wp-json\/wp\/v2\/comments?post=44009"}],"version-history":[{"count":9,"href":"https:\/\/afc.cat\/es\/wp-json\/wp\/v2\/pages\/44009\/revisions"}],"predecessor-version":[{"id":46489,"href":"https:\/\/afc.cat\/es\/wp-json\/wp\/v2\/pages\/44009\/revisions\/46489"}],"wp:attachment":[{"href":"https:\/\/afc.cat\/es\/wp-json\/wp\/v2\/media?parent=44009"}],"curies":[{"name":"wp","href":"https:\/\/api.w.org\/{rel}","templated":true}]}}